{"id":1366,"date":"2025-04-01T16:52:24","date_gmt":"2025-04-01T16:52:24","guid":{"rendered":"https:\/\/unifacp.edu.br\/?page_id=1366"},"modified":"2025-09-03T19:55:39","modified_gmt":"2025-09-03T19:55:39","slug":"fisioterapia-presencial","status":"publish","type":"page","link":"https:\/\/unifacp.edu.br\/Home-page\/fisioterapia-presencial\/","title":{"rendered":"Fisioterapia Presencial"},"content":{"rendered":"\t\t<div data-elementor-type=\"wp-page\" data-elementor-id=\"1366\" class=\"elementor elementor-1366\" data-elementor-post-type=\"page\">\n\t\t\t\t<div class=\"elementor-element elementor-element-f589be6 e-flex e-con-boxed e-con e-parent\" data-id=\"f589be6\" data-element_type=\"container\" data-e-type=\"container\">\n\t\t\t\t\t<div class=\"e-con-inner\">\n\t\t<div class=\"elementor-element elementor-element-a4e3b1d e-con-full e-flex e-con e-child\" data-id=\"a4e3b1d\" data-element_type=\"container\" data-e-type=\"container\">\n\t\t\t\t<div class=\"elementor-element elementor-element-32194cc elementor-widget elementor-widget-image\" data-id=\"32194cc\" data-element_type=\"widget\" data-e-type=\"widget\" data-widget_type=\"image.default\">\n\t\t\t\t<div class=\"elementor-widget-container\">\n\t\t\t\t\t\t\t\t\t\t\t\t\t\t\t<img fetchpriority=\"high\" decoding=\"async\" width=\"1920\" height=\"675\" src=\"https:\/\/unifacp.edu.br\/wp-content\/uploads\/2025\/03\/12-1.png\" class=\"attachment-full size-full wp-image-1183\" alt=\"Fisioterapia Banner\" srcset=\"https:\/\/unifacp.edu.br\/wp-content\/uploads\/2025\/03\/12-1.png 1920w, https:\/\/unifacp.edu.br\/wp-content\/uploads\/2025\/03\/12-1-300x105.png 300w, https:\/\/unifacp.edu.br\/wp-content\/uploads\/2025\/03\/12-1-1024x360.png 1024w, https:\/\/unifacp.edu.br\/wp-content\/uploads\/2025\/03\/12-1-768x270.png 768w, https:\/\/unifacp.edu.br\/wp-content\/uploads\/2025\/03\/12-1-1536x540.png 1536w\" sizes=\"(max-width: 1920px) 100vw, 1920px\" \/>\t\t\t\t\t\t\t\t\t\t\t\t\t\t\t<\/div>\n\t\t\t\t<\/div>\n\t\t\t\t<\/div>\n\t\t<div class=\"elementor-element elementor-element-3b37155 e-con-full e-flex e-con e-child\" data-id=\"3b37155\" data-element_type=\"container\" data-e-type=\"container\">\n\t\t<div class=\"elementor-element elementor-element-25b0f65 e-con-full e-flex e-con e-child\" data-id=\"25b0f65\" data-element_type=\"container\" data-e-type=\"container\" data-settings=\"{&quot;background_background&quot;:&quot;classic&quot;}\">\n\t\t\t\t<div class=\"elementor-element elementor-element-69dda8e elementor-widget elementor-widget-heading\" data-id=\"69dda8e\" data-element_type=\"widget\" data-e-type=\"widget\" data-widget_type=\"heading.default\">\n\t\t\t\t<div class=\"elementor-widget-container\">\n\t\t\t\t\t<h2 class=\"elementor-heading-title elementor-size-default\">FISIOTERAPIA<\/h2>\t\t\t\t<\/div>\n\t\t\t\t<\/div>\n\t\t\t\t<\/div>\n\t\t<div class=\"elementor-element elementor-element-1aedc4a e-con-full e-flex e-con e-child\" data-id=\"1aedc4a\" data-element_type=\"container\" data-e-type=\"container\">\n\t\t\t\t<div class=\"elementor-element elementor-element-3b9a229 elementor-widget elementor-widget-elementskit-simple-tab\" data-id=\"3b9a229\" data-element_type=\"widget\" data-e-type=\"widget\" data-widget_type=\"elementskit-simple-tab.default\">\n\t\t\t\t<div class=\"elementor-widget-container\">\n\t\t\t\t\t<div class=\"ekit-wid-con\" >        <div class=\"elementkit-tab-wraper vertical  elementskit-fitcontent-tab \">\n            <ul class=\"nav nav-tabs elementkit-tab-nav  tab-nav-fluid\">\n                                    <li class=\"elementkit-nav-item elementor-repeater-item-08b6856\">\n                        <a class=\"elementkit-nav-link  active show left-pos\" id=\"content-08b685669f4e3a254ba4-tab\" data-ekit-handler-id=\"sobre-o-curso\" data-ekit-toggle=\"tab\" data-target=\"#content-08b685669f4e3a254ba4\" href=\"#Content-08b685669f4e3a254ba4\"\n                            data-ekit-toggle-trigger=\"click\"\n                            aria-describedby=\"Content-08b685669f4e3a254ba4\">\n                            <span class=\"elementskit-tab-icon\"><i class=\"icon icon-file-2\"><\/i><\/span>                            <span class=\"elementskit-tab-title\">SOBRE O CURSO<\/span>\n                        <\/a>\n                    <\/li>\n                                        <li class=\"elementkit-nav-item elementor-repeater-item-6451664\">\n                        <a class=\"elementkit-nav-link  left-pos\" id=\"content-645166469f4e3a254ba4-tab\" data-ekit-handler-id=\"perfil-do-egresso\" data-ekit-toggle=\"tab\" data-target=\"#content-645166469f4e3a254ba4\" href=\"#Content-645166469f4e3a254ba4\"\n                            data-ekit-toggle-trigger=\"click\"\n                            aria-describedby=\"Content-645166469f4e3a254ba4\">\n                            <span class=\"elementskit-tab-icon\"><i class=\"icon icon-id-card-1\"><\/i><\/span>                            <span class=\"elementskit-tab-title\">PERFIL DO EGRESSO<\/span>\n                        <\/a>\n                    <\/li>\n                                        <li class=\"elementkit-nav-item elementor-repeater-item-6e5479c\">\n                        <a class=\"elementkit-nav-link  left-pos\" id=\"content-6e5479c69f4e3a254ba4-tab\" data-ekit-handler-id=\"mercado-de-trabalho\" data-ekit-toggle=\"tab\" data-target=\"#content-6e5479c69f4e3a254ba4\" href=\"#Content-6e5479c69f4e3a254ba4\"\n                            data-ekit-toggle-trigger=\"click\"\n                            aria-describedby=\"Content-6e5479c69f4e3a254ba4\">\n                            <span class=\"elementskit-tab-icon\"><i class=\"icon icon-smart\"><\/i><\/span>                            <span class=\"elementskit-tab-title\">MERCADO DE TRABALHO<\/span>\n                        <\/a>\n                    <\/li>\n                                        <li class=\"elementkit-nav-item elementor-repeater-item-8501b50\">\n                        <a class=\"elementkit-nav-link  left-pos\" id=\"content-8501b5069f4e3a254ba4-tab\" data-ekit-handler-id=\"estrutura-curricular\" data-ekit-toggle=\"tab\" data-target=\"#content-8501b5069f4e3a254ba4\" href=\"#Content-8501b5069f4e3a254ba4\"\n                            data-ekit-toggle-trigger=\"click\"\n                            aria-describedby=\"Content-8501b5069f4e3a254ba4\">\n                            <span class=\"elementskit-tab-icon\"><i class=\"icon icon-contract\"><\/i><\/span>                            <span class=\"elementskit-tab-title\">ESTRUTURA CURRICULAR<\/span>\n                        <\/a>\n                    <\/li>\n                                        <li class=\"elementkit-nav-item elementor-repeater-item-27cacb9\">\n                        <a class=\"elementkit-nav-link  left-pos\" id=\"content-27cacb969f4e3a254ba4-tab\" data-ekit-handler-id=\"downloads\" data-ekit-toggle=\"tab\" data-target=\"#content-27cacb969f4e3a254ba4\" href=\"#Content-27cacb969f4e3a254ba4\"\n                            data-ekit-toggle-trigger=\"click\"\n                            aria-describedby=\"Content-27cacb969f4e3a254ba4\">\n                            <span class=\"elementskit-tab-icon\"><i class=\"icon icon-download\"><\/i><\/span>                            <span class=\"elementskit-tab-title\">DOWNLOADS<\/span>\n                        <\/a>\n                    <\/li>\n                                <\/ul>\n\n            <div class=\"tab-content elementkit-tab-content\">\n                                    <div class=\"tab-pane elementkit-tab-pane elementor-repeater-item-08b6856  active show\" id=\"content-08b685669f4e3a254ba4\" role=\"tabpanel\"\n                         aria-labelledby=\"content-08b685669f4e3a254ba4-tab\">\n                        <div class=\"animated fadeIn\">\n                            <p><strong>SOBRE O CURSO<\/strong><br \/>O Curso de Fisioterapia do Centro Universit\u00e1rio de Paul\u00ednia \u2013 UNIFACP foi criado em 2019, a partir de uma<br \/>ideia inovadora e com objetivo de formar profissionais qualificados na promo\u00e7\u00e3o de sa\u00fade, conforme as<br \/>necessidades da popula\u00e7\u00e3o da cidade de Paul\u00ednia e regi\u00e3o. Para isso, o curso funciona de maneira<br \/>din\u00e2mica, buscando o que \u00e9 de mais atual para o ensino e forma\u00e7\u00e3o da Fisioterapia.<br \/>O Curso de Fisioterapia da UNIFACP apresenta uma estrutura curricular moderna, constru\u00edda para a<br \/>forma\u00e7\u00e3o de profissionais com as reais necessidades do mercado de trabalho. A integra\u00e7\u00e3o do<br \/>conhecimento te\u00f3rico e pr\u00e1tico se faz desde o in\u00edcio do curso e proporciona ao aluno o desenvolvimento do<br \/>racioc\u00ednio cl\u00ednico e suas condutas terap\u00eauticas, sejam elas corretivas e\/ou preventivas e baseadas em<br \/>evid\u00eancias cient\u00edficas.<br \/>Este curso inovador se tornou poss\u00edvel por contar com uma equipe de docentes Mestres e Doutores<br \/>altamente qualificados, dotados de experi\u00eancia acad\u00eamica, cl\u00ednica e principalmente, motivados para a<br \/>forma\u00e7\u00e3o de novos profissionais. A facilidade de acesso dos alunos com os docentes, tutorando-os durante<br \/>os estudos, permite que juntos construam, al\u00e9m de conhecimento, motiva\u00e7\u00e3o para crescer na profiss\u00e3o,<br \/>autoconfian\u00e7a e uma imagem de credibilidade.<br \/>Outro diferencial \u00e9 a parceria com a Secretaria Municipal de Sa\u00fade de Paul\u00ednia, onde nossos alunos<br \/>realizam o est\u00e1gio obrigat\u00f3rio no Hospital Municipal de Paul\u00ednia, Unidades B\u00e1sicas de Sa\u00fade, Centro de<br \/>Reabilita\u00e7\u00e3o Maria da Gl\u00f3ria e em cl\u00ednicas de reabilita\u00e7\u00e3o da cidade. Nessas parcerias, o aluno ter\u00e1 a<br \/>oportunidade de aprender num ambiente profissional de reconhecida excel\u00eancia na qualidade dos servi\u00e7os<br \/>prestados aos pacientes.<br \/>Nas atividades de extens\u00e3o, os alunos do curso de Fisioterapia colocam em pr\u00e1tica o conhecimento<br \/>adquirido em sala de aula em eventos na sa\u00fade, culturais e esportivos, promovendo a intera\u00e7\u00e3o entre a<br \/>universidade e a comunidade, que contribui para a forma\u00e7\u00e3o profissional e cidad\u00e3 dos alunos.<br \/>Dentro da UNIFACP diversas oportunidades para desenvolvimento acad\u00eamico dos alunos tamb\u00e9m s\u00e3o<br \/>oferecidas, tais como liga de educa\u00e7\u00e3o em sa\u00fade, semana de cursos, programa institucional de inicia\u00e7\u00e3o<br \/>cient\u00edfica e atendimentos gratuitos \u00e0 comunidade nos programas de est\u00e1gio supervisionado da Fisioterapia.<br \/>Hor\u00e1rio:<br \/>das 18:10 \u00e0s 22:30, de segunda a sexta-feira.<\/p>                        <\/div>\n                    <\/div>\n                                    <div class=\"tab-pane elementkit-tab-pane elementor-repeater-item-6451664 \" id=\"content-645166469f4e3a254ba4\" role=\"tabpanel\"\n                         aria-labelledby=\"content-645166469f4e3a254ba4-tab\">\n                        <div class=\"animated fadeIn\">\n                            <p><strong>PERFIL DO EGRESSO<\/strong><br \/>Conclu\u00edda a gradua\u00e7\u00e3o e ap\u00f3s o registro no Conselho Regional de Fisioterapia e Terapia Ocupacional \u2013 3\u00aa<br \/>Regi\u00e3o (CREFITO-3), o Fisioterapeuta poder\u00e1 se especializar nas seguintes especialidades da Fisioterapia<br \/>reconhecidas pelo Conselho Federal de Fisioterapia e Terapia Ocupacional (COFFITO):<br \/>Fisioterapia Aqu\u00e1tica &#8211; Resolu\u00e7\u00e3o Coffito n\u00ba 443\/2014<br \/>Fisioterapia Cardiovascular &#8211; Resolu\u00e7\u00e3o Coffito n\u00ba 454\/2015<br \/>Acupuntura &#8211; Resolu\u00e7\u00e3o Coffito n\u00ba 580\/2023<br \/>Fisioterapia Dermato-Funcional &#8211; Resolu\u00e7\u00e3o Coffito n\u00ba 362\/2009<br \/>Fisioterapia Esportiva &#8211; Resolu\u00e7\u00e3o Coffito n\u00ba 337\/2007<br \/>Fisioterapia em Gerontologia &#8211; Resolu\u00e7\u00e3o Coffito n\u00ba 476\/2016<br \/>Fisioterapia do Trabalho &#8211; Resolu\u00e7\u00e3o Coffito n\u00ba 351\/2008<br \/>Fisioterapia Neuro Funcional\u00a0&#8211; Resolu\u00e7\u00e3o Coffito n\u00ba 189\/1998<\/p><p>Fisioterapia Onco-Funcional &#8211; Resolu\u00e7\u00e3o Coffito n\u00ba 364\/2009<br \/>Fisioterapia em Reumatologia &#8211; Resolu\u00e7\u00e3o Coffito n\u00ba 550\/2022<br \/>Fisioterapia Respirat\u00f3ria \u2013 Resolu\u00e7\u00f5es Coffito n\u00ba 318\/2006 e 225\/2001<br \/>Fisioterapia Traumato-Ortop\u00e9dica Funcional &#8211; Resolu\u00e7\u00e3o Coffito n\u00ba 260\/2004\u00a0<br \/>Quiropraxia e da Osteopatia &#8211; Resolu\u00e7\u00e3o Coffito n\u00ba 220\/2001\u00a0<br \/>Fisioterapia na Sa\u00fade da Mulher &#8211; Resolu\u00e7\u00e3o Coffito n\u00ba 372\/2009<br \/>Fisioterapia em Terapia Intensiva &#8211; Resolu\u00e7\u00e3o Coffito n\u00b0 392\/2011<\/p>                        <\/div>\n                    <\/div>\n                                    <div class=\"tab-pane elementkit-tab-pane elementor-repeater-item-6e5479c \" id=\"content-6e5479c69f4e3a254ba4\" role=\"tabpanel\"\n                         aria-labelledby=\"content-6e5479c69f4e3a254ba4-tab\">\n                        <div class=\"animated fadeIn\">\n                            <p><span style=\"color: #000000;\">O exerc\u00edcio profissional da Fisioterapia se pauta nos determinantes da sa\u00fade individual e coletiva, com base no perfil epidemiol\u00f3gico da popula\u00e7\u00e3o e da Legisla\u00e7\u00e3o Profissional vigente no pa\u00eds.<\/span><\/p><p><span style=\"color: #000000;\">NA \u00c1REA DA ASSIST\u00caNCIA:\u00a0Uma vez formado, poder\u00e1 atuar nos diversos locais, como: Estrat\u00e9gia de<\/span><br \/><span style=\"color: #000000;\">Sa\u00fade da Fam\u00edlia; Hospitais, Postos de Sa\u00fade e outras Unidades B\u00e1sicas de Sa\u00fade; Cl\u00ednicas e Consult\u00f3rios<\/span><br \/><span style=\"color: #000000;\">particulares; Casas de repouso e institui\u00e7\u00f5es de longa perman\u00eancia; Clubes Esportivos, Balne\u00e1rios; Centros<\/span><br \/><span style=\"color: #000000;\">de Reabilita\u00e7\u00e3o, outras empresas p\u00fablicas, privadas e filantr\u00f3picas, promovendo a sa\u00fade e a qualidade de<\/span><br \/><span style=\"color: #000000;\">vida, prevenindo e tratando das altera\u00e7\u00f5es patol\u00f3gicas, cin\u00e9tico-funcionais.<\/span><\/p><p><span style=\"color: #000000;\">NA \u00c1REA DA PESQUISA: Elabora e executa projetos de pesquisa e ou extens\u00e3o, individual ou em parceria com outros profissionais.<\/span><\/p><p><span style=\"color: #000000;\">NA \u00c1REA DA ADMINISTRA\u00c7\u00c3O: Coordena o processo de trabalho da equipe de Fisioterapia. Participa do planejamento, organiza\u00e7\u00e3o, coordena\u00e7\u00e3o, execu\u00e7\u00e3o e avalia\u00e7\u00e3o dos servi\u00e7os de Fisioterapia. Gerencia \u00f3rg\u00e3os de sa\u00fade integrantes da estrutura b\u00e1sica de institui\u00e7\u00e3o p\u00fablica ou privada. Assessora equipes de trabalho em assuntos de sa\u00fade e de fisioterapia. Participa de consultoria, auditoria e emiss\u00e3o de parecer sobre mat\u00e9ria de fisioterapia.<\/span><\/p><p><span style=\"color: #000000;\">NA \u00c1REA DO ENSINO:\u00a0Ministra programas de sa\u00fade a n\u00edvel de 1\u00ba e 2\u00ba graus. Exerce doc\u00eancia no 3\u00ba grau em qualquer disciplina constante do curr\u00edculo de sua forma\u00e7\u00e3o profissional. Participa de programas de p\u00f3s-gradua\u00e7\u00e3o. Elabora, executa programas de educa\u00e7\u00e3o continuada. Promove treinamento em servi\u00e7o para equipe de Fisioterapia e profissionais de sa\u00fade.<\/span><\/p>                        <\/div>\n                    <\/div>\n                                    <div class=\"tab-pane elementkit-tab-pane elementor-repeater-item-8501b50 \" id=\"content-8501b5069f4e3a254ba4\" role=\"tabpanel\"\n                         aria-labelledby=\"content-8501b5069f4e3a254ba4-tab\">\n                        <div class=\"animated fadeIn\">\n                            <table style=\"height: 3558px;\" width=\"494\"><tbody><tr><td width=\"110\"><strong><span style=\"color: #000000;\">Disciplina<\/span><\/strong><\/td><td width=\"110\"><strong><span style=\"color: #000000;\">Carga Hor\u00e1ria Te\u00f3rica\/Pr\u00e1tica<\/span><\/strong><\/td><td width=\"100\"><strong><span style=\"color: #000000;\">Total<\/span><\/strong><\/td><\/tr><tr><td width=\"110\"><span style=\"color: #000000;\">MORFOLOGIA HUMANA I<\/span><\/td><td width=\"110\"><span style=\"color: #000000;\">40\/40<\/span><\/td><td width=\"100\"><span style=\"color: #000000;\">80<\/span><\/td><\/tr><tr><td width=\"110\"><span style=\"color: #000000;\">MICROBIOLOGIA<\/span><\/td><td width=\"110\"><span style=\"color: #000000;\">60\/0<\/span><\/td><td width=\"100\"><span style=\"color: #000000;\">80<\/span><\/td><\/tr><tr><td width=\"110\"><span style=\"color: #000000;\">BIOLOGIA<\/span><\/td><td width=\"110\"><span style=\"color: #000000;\">40\/0<\/span><\/td><td width=\"100\"><span style=\"color: #000000;\">40<\/span><\/td><\/tr><tr><td width=\"110\"><span style=\"color: #000000;\">REDES DE ATEN\u00c7\u00c3O \u00c0 SA\u00daDE<\/span><\/td><td width=\"110\"><span style=\"color: #000000;\">40\/0<\/span><\/td><td width=\"100\"><span style=\"color: #000000;\">60<\/span><\/td><\/tr><tr><td width=\"110\"><span style=\"color: #000000;\">SOCIOLOGIA E POL\u00cdTICAS DE SA\u00daDE<\/span><\/td><td width=\"110\"><span style=\"color: #000000;\">40\/0<\/span><\/td><td width=\"100\"><span style=\"color: #000000;\">40<\/span><\/td><\/tr><tr><td width=\"110\"><span style=\"color: #000000;\">\u00c9TICA MORAL<\/span><\/td><td width=\"110\"><span style=\"color: #000000;\">40\/0<\/span><\/td><td width=\"100\"><span style=\"color: #000000;\">60<\/span><\/td><\/tr><tr><td width=\"110\"><span style=\"color: #000000;\">HIST\u00d3RIA E EXERC\u00cdCIO PROFISSIONAL DA FISIOTERAPIA<\/span><\/td><td width=\"110\"><span style=\"color: #000000;\">40\/0<\/span><\/td><td width=\"100\"><span style=\"color: #000000;\">60<\/span><\/td><\/tr><tr><td width=\"110\"><span style=\"color: #000000;\">PRIMEIROS SOCORROS<\/span><\/td><td width=\"110\"><span style=\"color: #000000;\">60\/20<\/span><\/td><td width=\"100\"><span style=\"color: #000000;\">80<\/span><\/td><\/tr><tr><td width=\"110\"><span style=\"color: #000000;\">MORFOLOGIA HUMANA II<\/span><\/td><td width=\"110\"><span style=\"color: #000000;\">40\/40<\/span><\/td><td width=\"100\"><span style=\"color: #000000;\">80<\/span><\/td><\/tr><tr><td width=\"110\"><span style=\"color: #000000;\">HISTOLOGIA, CITOLOGIA E EMBRIOLOGIA HUMANA<\/span><\/td><td width=\"110\"><span style=\"color: #000000;\">64\/16<\/span><\/td><td width=\"100\"><span style=\"color: #000000;\">80<\/span><\/td><\/tr><tr><td width=\"110\"><span style=\"color: #000000;\">PATOLOGIA GERAL<\/span><\/td><td width=\"110\"><span style=\"color: #000000;\">60\/0<\/span><\/td><td width=\"100\"><span style=\"color: #000000;\">80<\/span><\/td><\/tr><tr><td width=\"110\"><span style=\"color: #000000;\">BIOQU\u00cdMICA<\/span><\/td><td width=\"110\"><span style=\"color: #000000;\">60\/0<\/span><\/td><td width=\"100\"><span style=\"color: #000000;\">80<\/span><\/td><\/tr><tr><td width=\"110\"><span style=\"color: #000000;\">FISIOLOGIA GERAL I<\/span><\/td><td width=\"110\"><span style=\"color: #000000;\">64\/16<\/span><\/td><td width=\"100\"><span style=\"color: #000000;\">80<\/span><\/td><\/tr><tr><td width=\"110\"><span style=\"color: #000000;\">INTRODU\u00c7\u00c3O A METODOLOGIA DA PESQUISA<\/span><\/td><td width=\"110\"><span style=\"color: #000000;\">40\/0<\/span><\/td><td width=\"100\"><span style=\"color: #000000;\">60<\/span><\/td><\/tr><tr><td width=\"110\"><span style=\"color: #000000;\">PSICOLOGIA APLICADA \u00c0 SA\u00daDE<\/span><\/td><td width=\"110\"><span style=\"color: #000000;\">40\/0<\/span><\/td><td width=\"100\"><span style=\"color: #000000;\">40<\/span><\/td><\/tr><tr><td width=\"110\"><span style=\"color: #000000;\">BIOMEC\u00c2NICA<\/span><\/td><td width=\"110\"><span style=\"color: #000000;\">40\/0<\/span><\/td><td width=\"100\"><span style=\"color: #000000;\">40<\/span><\/td><\/tr><tr><td width=\"110\"><span style=\"color: #000000;\">IMUNOLOGIA B\u00c1SICA<\/span><\/td><td width=\"110\"><span style=\"color: #000000;\">40\/0<\/span><\/td><td width=\"100\"><span style=\"color: #000000;\">40<\/span><\/td><\/tr><tr><td width=\"110\"><span style=\"color: #000000;\">CINESIOLOGIA<\/span><\/td><td width=\"110\"><span style=\"color: #000000;\">60\/20<\/span><\/td><td width=\"100\"><span style=\"color: #000000;\">80<\/span><\/td><\/tr><tr><td width=\"110\"><span style=\"color: #000000;\">M\u00c9TODOS E T\u00c9CNICAS DE AVALIA\u00c7\u00c3O EM FISIOTERAPIA<\/span><\/td><td width=\"110\"><span style=\"color: #000000;\">40\/20<\/span><\/td><td width=\"100\"><span style=\"color: #000000;\">80<\/span><\/td><\/tr><tr><td width=\"110\"><span style=\"color: #000000;\">GEST\u00c3O DE SERVI\u00c7OS E RECURSOS HUMANOS<\/span><\/td><td width=\"110\"><span style=\"color: #000000;\">40\/0<\/span><\/td><td width=\"100\"><span style=\"color: #000000;\">40<\/span><\/td><\/tr><tr><td width=\"110\"><span style=\"color: #000000;\">FISIOLOGIA GERAL II<\/span><\/td><td width=\"110\"><span style=\"color: #000000;\">40\/20<\/span><\/td><td width=\"100\"><span style=\"color: #000000;\">80<\/span><\/td><\/tr><tr><td width=\"110\"><span style=\"color: #000000;\">FISIOLOGIA DO EXERC\u00cdCIO<\/span><\/td><td width=\"110\"><span style=\"color: #000000;\">40\/20<\/span><\/td><td width=\"100\"><span style=\"color: #000000;\">80<\/span><\/td><\/tr><tr><td width=\"110\"><span style=\"color: #000000;\">NEUROANATOMOFISIOLOGIA E CONTROLE MOTOR<\/span><\/td><td width=\"110\"><span style=\"color: #000000;\">40\/0<\/span><\/td><td width=\"100\"><span style=\"color: #000000;\">40<\/span><\/td><\/tr><tr><td width=\"110\"><span style=\"color: #000000;\">ATIVIDADE COMPLEMENTAR I<\/span><\/td><td width=\"110\"><span style=\"color: #000000;\">20<\/span><\/td><td width=\"100\"><span style=\"color: #000000;\">20<\/span><\/td><\/tr><tr><td width=\"110\"><span style=\"color: #000000;\">FARMACOLOGIA GERAL<\/span><\/td><td width=\"110\"><span style=\"color: #000000;\">80\/0<\/span><\/td><td width=\"100\"><span style=\"color: #000000;\">80<\/span><\/td><\/tr><tr><td width=\"110\"><span style=\"color: #000000;\">SEMIOLOGIA E SEMIOT\u00c9CNICA<\/span><\/td><td width=\"110\"><span style=\"color: #000000;\">28\/dez<\/span><\/td><td width=\"100\"><span style=\"color: #000000;\">40<\/span><\/td><\/tr><tr><td width=\"110\"><span style=\"color: #000000;\">CINESIOTERAPIA E MECANOTERAPIA<\/span><\/td><td width=\"110\"><span style=\"color: #000000;\">16\/64<\/span><\/td><td width=\"100\"><span style=\"color: #000000;\">80<\/span><\/td><\/tr><tr><td width=\"110\"><span style=\"color: #000000;\">ELETROTERMOFOTOTERAPIA<\/span><\/td><td width=\"110\"><span style=\"color: #000000;\">40\/20<\/span><\/td><td width=\"100\"><span style=\"color: #000000;\">80<\/span><\/td><\/tr><tr><td width=\"110\"><span style=\"color: #000000;\">PSICOMOTR. E DESENVOLVIMENTO NEUROPSICOMOTOR<\/span><\/td><td width=\"110\"><span style=\"color: #000000;\">40\/0<\/span><\/td><td width=\"100\"><span style=\"color: #000000;\">40<\/span><\/td><\/tr><tr><td width=\"110\"><span style=\"color: #000000;\">BIOESTAT\u00cdSTICA<\/span><\/td><td width=\"110\"><span style=\"color: #000000;\">40\/0<\/span><\/td><td width=\"100\"><span style=\"color: #000000;\">40<\/span><\/td><\/tr><tr><td width=\"110\"><span style=\"color: #000000;\">HIDROTERAPIA<\/span><\/td><td width=\"110\"><span style=\"color: #000000;\">44\/36<\/span><\/td><td width=\"100\"><span style=\"color: #000000;\">80<\/span><\/td><\/tr><tr><td width=\"110\"><span style=\"color: #000000;\">PR\u00d3TESE, \u00d3RTESE E ACESSIBILIDADE.<\/span><\/td><td width=\"110\"><span style=\"color: #000000;\">32\/8<\/span><\/td><td width=\"100\"><span style=\"color: #000000;\">40<\/span><\/td><\/tr><tr><td width=\"110\"><span style=\"color: #000000;\">ATIVIDADE COMPLEMENTAR II<\/span><\/td><td width=\"110\"><span style=\"color: #000000;\">20<\/span><\/td><td width=\"100\"><span style=\"color: #000000;\">20<\/span><\/td><\/tr><tr><td width=\"110\"><span style=\"color: #000000;\">DIAGN\u00d3STICO POR IMAGEM<\/span><\/td><td width=\"110\"><span style=\"color: #000000;\">40\/0<\/span><\/td><td width=\"100\"><span style=\"color: #000000;\">40<\/span><\/td><\/tr><tr><td width=\"110\"><span style=\"color: #000000;\">FISIOTERAPIA NA SA\u00daDE DA MULHER<\/span><\/td><td width=\"110\"><span style=\"color: #000000;\">40\/0<\/span><\/td><td width=\"100\"><span style=\"color: #000000;\">40<\/span><\/td><\/tr><tr><td width=\"110\"><span style=\"color: #000000;\">RECURSOS TERAP\u00caUTICOS MANUAIS<\/span><\/td><td width=\"110\"><span style=\"color: #000000;\">20\/20<\/span><\/td><td width=\"100\"><span style=\"color: #000000;\">40<\/span><\/td><\/tr><tr><td width=\"110\"><span style=\"color: #000000;\">BIO\u00c9TICA E DEONTOLOGIA<\/span><\/td><td width=\"110\"><span style=\"color: #000000;\">40\/0<\/span><\/td><td width=\"100\"><span style=\"color: #000000;\">40<\/span><\/td><\/tr><tr><td width=\"110\"><span style=\"color: #000000;\">FISIOTERAPIA DERMATOFUNCIONAL<\/span><\/td><td width=\"110\"><span style=\"color: #000000;\">44\/16<\/span><\/td><td width=\"100\"><span style=\"color: #000000;\">80<\/span><\/td><\/tr><tr><td width=\"110\"><span style=\"color: #000000;\">FISIOTERAPIA DESPORTIVA<\/span><\/td><td width=\"110\"><span style=\"color: #000000;\">40\/0<\/span><\/td><td width=\"100\"><span style=\"color: #000000;\">40<\/span><\/td><\/tr><tr><td width=\"110\"><span style=\"color: #000000;\">FISIOTERAPIA EM GERONTOLOGIA<\/span><\/td><td width=\"110\"><span style=\"color: #000000;\">40\/0<\/span><\/td><td width=\"100\"><span style=\"color: #000000;\">40<\/span><\/td><\/tr><tr><td width=\"110\"><span style=\"color: #000000;\">FISIOTERAPIA NA SA\u00daDE COLETIVA, PREVENTIVA E LABORAL<\/span><\/td><td width=\"110\"><span style=\"color: #000000;\">60\/0<\/span><\/td><td width=\"100\"><span style=\"color: #000000;\">80<\/span><\/td><\/tr><tr><td width=\"110\"><span style=\"color: #000000;\">FISIOTERAPIA NA REEDUCA\u00c7\u00c3O PERI E P\u00d3S NATAL<\/span><\/td><td width=\"110\"><span style=\"color: #000000;\">32\/8<\/span><\/td><td width=\"100\"><span style=\"color: #000000;\">40<\/span><\/td><\/tr><tr><td width=\"110\"><span style=\"color: #000000;\">INICIA\u00c7\u00c3O CIENT\u00cdFICA E PESQUISA<\/span><\/td><td width=\"110\"><span style=\"color: #000000;\">40\/0<\/span><\/td><td width=\"100\"><span style=\"color: #000000;\">40<\/span><\/td><\/tr><tr><td width=\"110\"><span style=\"color: #000000;\">ATIVIDADE COMPLEMENTAR III<\/span><\/td><td width=\"110\"><span style=\"color: #000000;\">20<\/span><\/td><td width=\"100\"><span style=\"color: #000000;\">20<\/span><\/td><\/tr><tr><td width=\"110\"><span style=\"color: #000000;\">FISIOTERAPIA NAS DISFUN\u00c7\u00d5ES OSTEOMIOARTICULARES<\/span><\/td><td width=\"110\"><span style=\"color: #000000;\">64\/16<\/span><\/td><td width=\"100\"><span style=\"color: #000000;\">80<\/span><\/td><\/tr><tr><td width=\"110\"><span style=\"color: #000000;\">FISIOTERAPIA NAS DISFUN\u00c7\u00d5ES PNEUMOL\u00d3GICAS<\/span><\/td><td width=\"110\"><span style=\"color: #000000;\">64\/16<\/span><\/td><td width=\"100\"><span style=\"color: #000000;\">80<\/span><\/td><\/tr><tr><td width=\"110\"><span style=\"color: #000000;\">FISIOTERAPIA EM NEONATOLOGIA E PEDIATRIA<\/span><\/td><td width=\"110\"><span style=\"color: #000000;\">40\/0<\/span><\/td><td width=\"100\"><span style=\"color: #000000;\">40<\/span><\/td><\/tr><tr><td width=\"110\"><span style=\"color: #000000;\">FISIOTERAPIA NAS DISFUN\u00c7\u00d5ES CARDIOVASCULARES<\/span><\/td><td width=\"110\"><span style=\"color: #000000;\">32\/8<\/span><\/td><td width=\"100\"><span style=\"color: #000000;\">40<\/span><\/td><\/tr><tr><td width=\"110\"><span style=\"color: #000000;\">FISIOTERAPIA NAS DISFUN\u00c7\u00d5ES NEUROMOTORAS DO ADULTO<\/span><\/td><td width=\"110\"><span style=\"color: #000000;\">52\/8<\/span><\/td><td width=\"100\"><span style=\"color: #000000;\">80<\/span><\/td><\/tr><tr><td width=\"110\"><span style=\"color: #000000;\">FISIOTERAPIA NAS DISFUN\u00c7\u00d5ES NEUROMOTORAS PEDI\u00c1TRICAS<\/span><\/td><td width=\"110\"><span style=\"color: #000000;\">40\/0<\/span><\/td><td width=\"100\"><span style=\"color: #000000;\">40<\/span><\/td><\/tr><tr><td width=\"110\"><span style=\"color: #000000;\">PR\u00c1TICAS CL\u00cdNICAS EM FISIOTERAPIA<\/span><\/td><td width=\"110\"><span style=\"color: #000000;\">16\/44<\/span><\/td><td width=\"100\"><span style=\"color: #000000;\">80<\/span><\/td><\/tr><tr><td width=\"110\"><span style=\"color: #000000;\">TRABALHO DE CONCLUS\u00c3O DE CURSO I<\/span><\/td><td width=\"110\"><span style=\"color: #000000;\">40\/0<\/span><\/td><td width=\"100\"><span style=\"color: #000000;\">40<\/span><\/td><\/tr><tr><td width=\"110\"><span style=\"color: #000000;\">ATIVIDADE COMPLEMENTAR IV<\/span><\/td><td width=\"110\"><span style=\"color: #000000;\">20<\/span><\/td><td width=\"100\"><span style=\"color: #000000;\">20<\/span><\/td><\/tr><tr><td width=\"110\"><span style=\"color: #000000;\">EST\u00c1GIO CURRICULAR SUPERVISIONADO EM FISIOTERAPIA I<\/span><\/td><td width=\"110\"><span style=\"color: #000000;\">0\/400<\/span><\/td><td width=\"100\"><span style=\"color: #000000;\">400<\/span><\/td><\/tr><tr><td width=\"110\"><span style=\"color: #000000;\">TRABALHO DE CONCLUS\u00c3O DE CURSO II<\/span><\/td><td width=\"110\"><span style=\"color: #000000;\">40\/0<\/span><\/td><td width=\"100\"><span style=\"color: #000000;\">40<\/span><\/td><\/tr><tr><td width=\"110\"><span style=\"color: #000000;\">ESTUDOS CL\u00cdNICOS DIRIGIDOS I<\/span><\/td><td width=\"110\"><span style=\"color: #000000;\">40\/0<\/span><\/td><td width=\"100\"><span style=\"color: #000000;\">40<\/span><\/td><\/tr><tr><td width=\"110\"><span style=\"color: #000000;\">PR\u00c1TICAS ASSISTENCIAIS I<\/span><\/td><td width=\"110\"><span style=\"color: #000000;\">0\/20<\/span><\/td><td width=\"100\"><span style=\"color: #000000;\">20<\/span><\/td><\/tr><tr><td width=\"110\"><span style=\"color: #000000;\">EST\u00c1GIO CURRICULAR SUPERVISIONADO EM FISIOTERAPIA II<\/span><\/td><td width=\"110\"><span style=\"color: #000000;\">0\/400<\/span><\/td><td width=\"100\"><span style=\"color: #000000;\">400<\/span><\/td><\/tr><tr><td width=\"110\"><span style=\"color: #000000;\">TRABALHO DE CONCLUS\u00c3O DE CURSO III<\/span><\/td><td width=\"110\"><span style=\"color: #000000;\">40\/0<\/span><\/td><td width=\"100\"><span style=\"color: #000000;\">40<\/span><\/td><\/tr><tr><td width=\"110\"><span style=\"color: #000000;\">ESTUDOS CL\u00cdNICOS DIRIGIDOS II<\/span><\/td><td width=\"110\"><span style=\"color: #000000;\">40\/0<\/span><\/td><td width=\"100\"><span style=\"color: #000000;\">40<\/span><\/td><\/tr><tr><td width=\"110\"><span style=\"color: #000000;\">PR\u00c1TICAS ASSISTENCIAIS II<\/span><\/td><td width=\"110\"><span style=\"color: #000000;\">0\/20<\/span><\/td><td width=\"100\"><span style=\"color: #000000;\">20<\/span><\/td><\/tr><tr><td width=\"110\"><span style=\"color: #000000;\">RESUMO<\/span><\/td><td width=\"110\"><span style=\"color: #000000;\">HORAS<\/span><\/td><td>\u00a0<\/td><\/tr><tr><td width=\"110\"><span style=\"color: #000000;\">TOTAL DE HORAS DAS DISCIPLINAS<\/span><\/td><td width=\"110\"><span style=\"color: #000000;\">3000<\/span><\/td><td>\u00a0<\/td><\/tr><tr><td width=\"110\"><span style=\"color: #000000;\">EST\u00c1GIO SUPERVISIONADO<\/span><\/td><td width=\"110\"><span style=\"color: #000000;\">800<\/span><\/td><td>\u00a0<\/td><\/tr><tr><td width=\"110\"><span style=\"color: #000000;\">TRABALHO DE CONCLUS\u00c3O DE CURSO<\/span><\/td><td width=\"110\"><span style=\"color: #000000;\">120<\/span><\/td><td>\u00a0<\/td><\/tr><tr><td width=\"110\"><span style=\"color: #000000;\">ATIVIDADES COMPLEMENTARES<\/span><\/td><td width=\"110\"><span style=\"color: #000000;\">80<\/span><\/td><td>\u00a0<\/td><\/tr><tr><td width=\"110\"><span style=\"color: #000000;\">TOTAL DE HORAS DO CURSO DE FISIOTERAPIA<\/span><\/td><td width=\"110\"><span style=\"color: #000000;\">4000<\/span><\/td><td>\u00a0<\/td><\/tr><tr><td width=\"110\"><span style=\"color: #000000;\">ATIVIDADES PR\u00c1TICAS SUPERVISIONADAS (APS)<\/span><\/td><td width=\"110\"><span style=\"color: #000000;\">-667<\/span><\/td><td>\u00a0<\/td><\/tr><tr><td width=\"110\"><span style=\"color: #000000;\">LIBRAS (OPCIONAL)<\/span><\/td><td width=\"110\"><span style=\"color: #000000;\">-40<\/span><\/td><td>\u00a0<\/td><\/tr><tr><td colspan=\"2\" width=\"220\"><span style=\"color: #000000;\">Demonstrativo em horas rel\u00f3gio: Total = 4000 \u00f7 60 x 50 = 3.333 + 667 (atividade pr\u00e1tica supervisionada \u2013 APS) = 4.000 horas rel\u00f3gio<\/span><\/td><td>\u00a0<\/td><\/tr><\/tbody><\/table>                        <\/div>\n                    <\/div>\n                                    <div class=\"tab-pane elementkit-tab-pane elementor-repeater-item-27cacb9 \" id=\"content-27cacb969f4e3a254ba4\" role=\"tabpanel\"\n                         aria-labelledby=\"content-27cacb969f4e3a254ba4-tab\">\n                        <div class=\"animated fadeIn\">\n                            <p><strong><a href=\"https:\/\/drive.google.com\/file\/d\/17vxNrGsjC_XnB2sUwMI3vaV9TZTH_bNe\/view?usp=sharing\" target=\"_blank\" rel=\"noopener\">Atividade-Complementar-Normas<\/a><\/strong><\/p><p><strong><a href=\"https:\/\/docs.google.com\/document\/d\/1jbV_-o2r3J2PFROYmCNRt0hc5H0Q5hSL\/edit?usp=sharing&amp;ouid=109651551327594069963&amp;rtpof=true&amp;sd=true\" target=\"_blank\" rel=\"noopener\">Formulario-de-Atividade-Complementar<\/a><\/strong><\/p><p><strong><a data-e-Disable-Page-Transition=\"true\" class=\"download-link\" title=\"\" href=\"https:\/\/unifacp.edu.br\/Home-page\/download\/3502\/?tmstv=1777656738\" rel=\"nofollow\" id=\"download-link-3502\" data-redirect=\"false\">\n\tMANUAL-DO-ESTAGIO-SUPERVISIONADO\t(726 downloads\t)\n<\/a>\n<\/strong><\/p>                        <\/div>\n                    <\/div>\n                                \n            <\/div>\n                    <\/div>\n    <\/div>\t\t\t\t<\/div>\n\t\t\t\t<\/div>\n\t\t\t\t<\/div>\n\t\t\t\t<\/div>\n\t\t<div class=\"elementor-element elementor-element-d8d45bf e-con-full e-flex e-con e-child\" data-id=\"d8d45bf\" data-element_type=\"container\" data-e-type=\"container\">\n\t\t<div class=\"elementor-element elementor-element-5a8fa57 e-con-full e-flex e-con e-child\" data-id=\"5a8fa57\" data-element_type=\"container\" data-e-type=\"container\" data-settings=\"{&quot;background_background&quot;:&quot;classic&quot;}\">\n\t\t\t\t<div class=\"elementor-element elementor-element-02ee650 elementor-widget elementor-widget-heading\" data-id=\"02ee650\" data-element_type=\"widget\" data-e-type=\"widget\" data-widget_type=\"heading.default\">\n\t\t\t\t<div class=\"elementor-widget-container\">\n\t\t\t\t\t<h2 class=\"elementor-heading-title elementor-size-default\">RELACIONADOS<\/h2>\t\t\t\t<\/div>\n\t\t\t\t<\/div>\n\t\t\t\t<\/div>\n\t\t<div class=\"elementor-element elementor-element-e0b6077 e-flex e-con-boxed e-con e-child\" data-id=\"e0b6077\" data-element_type=\"container\" data-e-type=\"container\">\n\t\t\t\t\t<div class=\"e-con-inner\">\n\t\t\t\t<div class=\"elementor-element elementor-element-7fd47b3 elementor-grid-4 elementor-grid-tablet-2 elementor-grid-mobile-1 elementor-posts--thumbnail-top elementor-card-shadow-yes elementor-posts__hover-gradient elementor-widget elementor-widget-posts\" data-id=\"7fd47b3\" data-element_type=\"widget\" data-e-type=\"widget\" data-settings=\"{&quot;cards_columns&quot;:&quot;4&quot;,&quot;cards_columns_tablet&quot;:&quot;2&quot;,&quot;cards_columns_mobile&quot;:&quot;1&quot;,&quot;cards_row_gap&quot;:{&quot;unit&quot;:&quot;px&quot;,&quot;size&quot;:35,&quot;sizes&quot;:[]},&quot;cards_row_gap_tablet&quot;:{&quot;unit&quot;:&quot;px&quot;,&quot;size&quot;:&quot;&quot;,&quot;sizes&quot;:[]},&quot;cards_row_gap_mobile&quot;:{&quot;unit&quot;:&quot;px&quot;,&quot;size&quot;:&quot;&quot;,&quot;sizes&quot;:[]}}\" data-widget_type=\"posts.cards\">\n\t\t\t\t<div class=\"elementor-widget-container\">\n\t\t\t\t\t\t\t<div class=\"elementor-posts-container elementor-posts elementor-posts--skin-cards elementor-grid\" role=\"list\">\n\t\t\t\t<article class=\"elementor-post elementor-grid-item post-4833 post type-post status-publish format-standard has-post-thumbnail hentry category-eventos category-fisioterapia\" role=\"listitem\">\n\t\t\t<div class=\"elementor-post__card\">\n\t\t\t\t<a class=\"elementor-post__thumbnail__link\" href=\"https:\/\/unifacp.edu.br\/Home-page\/acao-semana-da-mulher-marco-lilas\/\" tabindex=\"-1\"><div class=\"elementor-post__thumbnail\"><img decoding=\"async\" width=\"300\" height=\"250\" src=\"https:\/\/unifacp.edu.br\/wp-content\/uploads\/2026\/03\/WhatsApp-Image-2026-03-09-at-13.04.37-300x250.jpeg\" class=\"attachment-medium size-medium wp-image-4834\" alt=\"A\u00c7\u00c3O SEMANA DA MULHER &amp; MAR\u00c7O LIL\u00c1S Post\" srcset=\"https:\/\/unifacp.edu.br\/wp-content\/uploads\/2026\/03\/WhatsApp-Image-2026-03-09-at-13.04.37-300x250.jpeg 300w, https:\/\/unifacp.edu.br\/wp-content\/uploads\/2026\/03\/WhatsApp-Image-2026-03-09-at-13.04.37-1024x853.jpeg 1024w, https:\/\/unifacp.edu.br\/wp-content\/uploads\/2026\/03\/WhatsApp-Image-2026-03-09-at-13.04.37-768x640.jpeg 768w, https:\/\/unifacp.edu.br\/wp-content\/uploads\/2026\/03\/WhatsApp-Image-2026-03-09-at-13.04.37.jpeg 1080w\" sizes=\"(max-width: 300px) 100vw, 300px\" \/><\/div><\/a>\n\t\t\t\t<div class=\"elementor-post__text\">\n\t\t\t\t<h3 class=\"elementor-post__title\">\n\t\t\t<a href=\"https:\/\/unifacp.edu.br\/Home-page\/acao-semana-da-mulher-marco-lilas\/\">\n\t\t\t\tA\u00c7\u00c3O SEMANA DA MULHER &amp; MAR\u00c7O LIL\u00c1S\t\t\t<\/a>\n\t\t<\/h3>\n\t\t\t\t<\/div>\n\t\t\t\t<div class=\"elementor-post__meta-data\">\n\t\t\t\t\t<span class=\"elementor-post-date\">\n\t\t\t09\/03\/2026\t\t<\/span>\n\t\t\t\t<\/div>\n\t\t\t\t\t<\/div>\n\t\t<\/article>\n\t\t\t\t<article class=\"elementor-post elementor-grid-item post-3656 post type-post status-publish format-standard has-post-thumbnail hentry category-fisioterapia category-eventos\" role=\"listitem\">\n\t\t\t<div class=\"elementor-post__card\">\n\t\t\t\t<a class=\"elementor-post__thumbnail__link\" href=\"https:\/\/unifacp.edu.br\/Home-page\/fisioterapia-da-unifacp-em-acao-na-corrida-sest-senat-de-paulinia\/\" tabindex=\"-1\"><div class=\"elementor-post__thumbnail\"><img decoding=\"async\" width=\"300\" height=\"250\" src=\"https:\/\/unifacp.edu.br\/wp-content\/uploads\/2025\/10\/noticia-site-post-11-300x250.png\" class=\"attachment-medium size-medium wp-image-3657\" alt=\"Fisioterapia da UNIFACP em A\u00e7\u00e3o na Corrida SEST\/SENAT de Paul\u00ednia POST\" srcset=\"https:\/\/unifacp.edu.br\/wp-content\/uploads\/2025\/10\/noticia-site-post-11-300x250.png 300w, https:\/\/unifacp.edu.br\/wp-content\/uploads\/2025\/10\/noticia-site-post-11-1024x853.png 1024w, https:\/\/unifacp.edu.br\/wp-content\/uploads\/2025\/10\/noticia-site-post-11-768x640.png 768w, https:\/\/unifacp.edu.br\/wp-content\/uploads\/2025\/10\/noticia-site-post-11.png 1080w\" sizes=\"(max-width: 300px) 100vw, 300px\" \/><\/div><\/a>\n\t\t\t\t<div class=\"elementor-post__text\">\n\t\t\t\t<h3 class=\"elementor-post__title\">\n\t\t\t<a href=\"https:\/\/unifacp.edu.br\/Home-page\/fisioterapia-da-unifacp-em-acao-na-corrida-sest-senat-de-paulinia\/\">\n\t\t\t\tFisioterapia da UNIFACP em A\u00e7\u00e3o na Corrida SEST\/SENAT de Paul\u00ednia\t\t\t<\/a>\n\t\t<\/h3>\n\t\t\t\t<\/div>\n\t\t\t\t<div class=\"elementor-post__meta-data\">\n\t\t\t\t\t<span class=\"elementor-post-date\">\n\t\t\t07\/10\/2025\t\t<\/span>\n\t\t\t\t<\/div>\n\t\t\t\t\t<\/div>\n\t\t<\/article>\n\t\t\t\t<article class=\"elementor-post elementor-grid-item post-3594 post type-post status-publish format-standard has-post-thumbnail hentry category-eventos category-fisioterapia\" role=\"listitem\">\n\t\t\t<div class=\"elementor-post__card\">\n\t\t\t\t<a class=\"elementor-post__thumbnail__link\" href=\"https:\/\/unifacp.edu.br\/Home-page\/alunos-de-fisioterapia-da-unifacp-apresentam-tcc-em-simposio-da-unicamp\/\" tabindex=\"-1\"><div class=\"elementor-post__thumbnail\"><img loading=\"lazy\" decoding=\"async\" width=\"300\" height=\"250\" src=\"https:\/\/unifacp.edu.br\/wp-content\/uploads\/2025\/09\/noticia-site-post-8-300x250.png\" class=\"attachment-medium size-medium wp-image-3595\" alt=\"Alunos de Fisioterapia da UNIFACP apresentam TCC em Simp\u00f3sio da Unicamp\" srcset=\"https:\/\/unifacp.edu.br\/wp-content\/uploads\/2025\/09\/noticia-site-post-8-300x250.png 300w, https:\/\/unifacp.edu.br\/wp-content\/uploads\/2025\/09\/noticia-site-post-8-1024x853.png 1024w, https:\/\/unifacp.edu.br\/wp-content\/uploads\/2025\/09\/noticia-site-post-8-768x640.png 768w, https:\/\/unifacp.edu.br\/wp-content\/uploads\/2025\/09\/noticia-site-post-8.png 1080w\" sizes=\"(max-width: 300px) 100vw, 300px\" \/><\/div><\/a>\n\t\t\t\t<div class=\"elementor-post__text\">\n\t\t\t\t<h3 class=\"elementor-post__title\">\n\t\t\t<a href=\"https:\/\/unifacp.edu.br\/Home-page\/alunos-de-fisioterapia-da-unifacp-apresentam-tcc-em-simposio-da-unicamp\/\">\n\t\t\t\tAlunos de Fisioterapia da UNIFACP apresentam TCC em Simp\u00f3sio da Unicamp\t\t\t<\/a>\n\t\t<\/h3>\n\t\t\t\t<\/div>\n\t\t\t\t<div class=\"elementor-post__meta-data\">\n\t\t\t\t\t<span class=\"elementor-post-date\">\n\t\t\t22\/09\/2025\t\t<\/span>\n\t\t\t\t<\/div>\n\t\t\t\t\t<\/div>\n\t\t<\/article>\n\t\t\t\t<article class=\"elementor-post elementor-grid-item post-3456 post type-post status-publish format-standard has-post-thumbnail hentry category-eventos category-educacao-fisica category-enfermagem category-farmacia category-fisioterapia category-nutricao category-psicologia\" role=\"listitem\">\n\t\t\t<div class=\"elementor-post__card\">\n\t\t\t\t<a class=\"elementor-post__thumbnail__link\" href=\"https:\/\/unifacp.edu.br\/Home-page\/unifacp-e-prefeitura-de-paulinia-formalizam-parceria-estrategica-para-integracao-ensino-saude-com-a-assinatura-do-coapes\/\" tabindex=\"-1\"><div class=\"elementor-post__thumbnail\"><img loading=\"lazy\" decoding=\"async\" width=\"300\" height=\"250\" src=\"https:\/\/unifacp.edu.br\/wp-content\/uploads\/2025\/08\/noticia-site-post-2-300x250.png\" class=\"attachment-medium size-medium wp-image-3457\" alt=\"UNIFACP e Prefeitura de Paul\u00ednia formalizam parceria estrat\u00e9gica para integra\u00e7\u00e3o Ensino-Sa\u00fade com a assinatura do COAPES post\" srcset=\"https:\/\/unifacp.edu.br\/wp-content\/uploads\/2025\/08\/noticia-site-post-2-300x250.png 300w, https:\/\/unifacp.edu.br\/wp-content\/uploads\/2025\/08\/noticia-site-post-2-1024x853.png 1024w, https:\/\/unifacp.edu.br\/wp-content\/uploads\/2025\/08\/noticia-site-post-2-768x640.png 768w, https:\/\/unifacp.edu.br\/wp-content\/uploads\/2025\/08\/noticia-site-post-2.png 1080w\" sizes=\"(max-width: 300px) 100vw, 300px\" \/><\/div><\/a>\n\t\t\t\t<div class=\"elementor-post__text\">\n\t\t\t\t<h3 class=\"elementor-post__title\">\n\t\t\t<a href=\"https:\/\/unifacp.edu.br\/Home-page\/unifacp-e-prefeitura-de-paulinia-formalizam-parceria-estrategica-para-integracao-ensino-saude-com-a-assinatura-do-coapes\/\">\n\t\t\t\tUNIFACP e Prefeitura de Paul\u00ednia formalizam parceria estrat\u00e9gica para integra\u00e7\u00e3o Ensino-Sa\u00fade com a assinatura do COAPES\t\t\t<\/a>\n\t\t<\/h3>\n\t\t\t\t<\/div>\n\t\t\t\t<div class=\"elementor-post__meta-data\">\n\t\t\t\t\t<span class=\"elementor-post-date\">\n\t\t\t27\/08\/2025\t\t<\/span>\n\t\t\t\t<\/div>\n\t\t\t\t\t<\/div>\n\t\t<\/article>\n\t\t\t\t<\/div>\n\t\t\n\t\t\t\t\t\t<\/div>\n\t\t\t\t<\/div>\n\t\t\t\t\t<\/div>\n\t\t\t\t<\/div>\n\t\t\t\t<\/div>\n\t\t\t\t\t<\/div>\n\t\t\t\t<\/div>\n\t\t\t\t<\/div>\n\t\t","protected":false},"excerpt":{"rendered":"<p>FISIOTERAPIA SOBRE O CURSO PERFIL DO EGRESSO MERCADO DE TRABALHO ESTRUTURA CURRICULAR DOWNLOADS SOBRE O CURSOO Curso de Fisioterapia do Centro Universit\u00e1rio de Paul\u00ednia \u2013<\/p>\n","protected":false},"author":1,"featured_media":0,"parent":0,"menu_order":0,"comment_status":"closed","ping_status":"closed","template":"","meta":{"footnotes":""},"class_list":["post-1366","page","type-page","status-publish","hentry"],"_links":{"self":[{"href":"https:\/\/unifacp.edu.br\/Home-page\/wp-json\/wp\/v2\/pages\/1366","targetHints":{"allow":["GET"]}}],"collection":[{"href":"https:\/\/unifacp.edu.br\/Home-page\/wp-json\/wp\/v2\/pages"}],"about":[{"href":"https:\/\/unifacp.edu.br\/Home-page\/wp-json\/wp\/v2\/types\/page"}],"author":[{"embeddable":true,"href":"https:\/\/unifacp.edu.br\/Home-page\/wp-json\/wp\/v2\/users\/1"}],"replies":[{"embeddable":true,"href":"https:\/\/unifacp.edu.br\/Home-page\/wp-json\/wp\/v2\/comments?post=1366"}],"version-history":[{"count":0,"href":"https:\/\/unifacp.edu.br\/Home-page\/wp-json\/wp\/v2\/pages\/1366\/revisions"}],"wp:attachment":[{"href":"https:\/\/unifacp.edu.br\/Home-page\/wp-json\/wp\/v2\/media?parent=1366"}],"curies":[{"name":"wp","href":"https:\/\/api.w.org\/{rel}","templated":true}]}}