{"id":2615,"date":"2025-05-26T11:59:57","date_gmt":"2025-05-26T11:59:57","guid":{"rendered":"https:\/\/unifacp.edu.br\/Home-page\/?page_id=2615"},"modified":"2025-12-16T15:00:21","modified_gmt":"2025-12-16T15:00:21","slug":"historico-de-postagens","status":"publish","type":"page","link":"https:\/\/unifacp.edu.br\/Home-page\/historico-de-postagens\/","title":{"rendered":"Hist\u00f3rico de Postagens"},"content":{"rendered":"\t\t<div data-elementor-type=\"wp-page\" data-elementor-id=\"2615\" class=\"elementor elementor-2615\" data-elementor-post-type=\"page\">\n\t\t\t\t<div class=\"elementor-element elementor-element-16bc595 e-con-full e-flex e-con e-child\" data-id=\"16bc595\" data-element_type=\"container\" data-e-type=\"container\">\n\t\t<div class=\"elementor-element elementor-element-d832ed3 e-flex e-con-boxed e-con e-child\" data-id=\"d832ed3\" data-element_type=\"container\" data-e-type=\"container\">\n\t\t\t\t\t<div class=\"e-con-inner\">\n\t\t\t\t<div class=\"elementor-element elementor-element-0049e99 elementor-grid-4 elementor-grid-tablet-2 elementor-grid-mobile-1 elementor-posts--thumbnail-top elementor-card-shadow-yes elementor-posts__hover-gradient load-more-align-center elementor-widget elementor-widget-posts\" data-id=\"0049e99\" data-element_type=\"widget\" data-e-type=\"widget\" data-settings=\"{&quot;cards_columns&quot;:&quot;4&quot;,&quot;pagination_type&quot;:&quot;load_more_on_click&quot;,&quot;cards_columns_tablet&quot;:&quot;2&quot;,&quot;cards_columns_mobile&quot;:&quot;1&quot;,&quot;cards_row_gap&quot;:{&quot;unit&quot;:&quot;px&quot;,&quot;size&quot;:35,&quot;sizes&quot;:[]},&quot;cards_row_gap_tablet&quot;:{&quot;unit&quot;:&quot;px&quot;,&quot;size&quot;:&quot;&quot;,&quot;sizes&quot;:[]},&quot;cards_row_gap_mobile&quot;:{&quot;unit&quot;:&quot;px&quot;,&quot;size&quot;:&quot;&quot;,&quot;sizes&quot;:[]},&quot;load_more_spinner&quot;:{&quot;value&quot;:&quot;fas fa-spinner&quot;,&quot;library&quot;:&quot;fa-solid&quot;}}\" data-widget_type=\"posts.cards\">\n\t\t\t\t<div class=\"elementor-widget-container\">\n\t\t\t\t\t\t\t<div class=\"elementor-posts-container elementor-posts elementor-posts--skin-cards elementor-grid\" role=\"list\">\n\t\t\t\t<article class=\"elementor-post elementor-grid-item post-4897 post type-post status-publish format-standard has-post-thumbnail hentry category-eventos category-psicologia\" role=\"listitem\">\n\t\t\t<div class=\"elementor-post__card\">\n\t\t\t\t<a class=\"elementor-post__thumbnail__link\" href=\"https:\/\/unifacp.edu.br\/Home-page\/o-projeto-ressignificando-vidas\/\" tabindex=\"-1\" ><div class=\"elementor-post__thumbnail\"><img fetchpriority=\"high\" decoding=\"async\" width=\"300\" height=\"250\" src=\"https:\/\/unifacp.edu.br\/wp-content\/uploads\/2026\/03\/ressignifi-300x250.png\" class=\"attachment-medium size-medium wp-image-4898\" alt=\"A viol\u00eancia contra a mulher \u00e9 uma grave viola\u00e7\u00e3o dos direitos humanos e precisa ser enfrentada com acolhimento, preven\u00e7\u00e3o e a\u00e7\u00e3o. card\" srcset=\"https:\/\/unifacp.edu.br\/wp-content\/uploads\/2026\/03\/ressignifi-300x250.png 300w, https:\/\/unifacp.edu.br\/wp-content\/uploads\/2026\/03\/ressignifi-1024x853.png 1024w, https:\/\/unifacp.edu.br\/wp-content\/uploads\/2026\/03\/ressignifi-768x640.png 768w, https:\/\/unifacp.edu.br\/wp-content\/uploads\/2026\/03\/ressignifi.png 1080w\" sizes=\"(max-width: 300px) 100vw, 300px\" \/><\/div><\/a>\n\t\t\t\t<div class=\"elementor-post__text\">\n\t\t\t\t<h3 class=\"elementor-post__title\">\n\t\t\t<a href=\"https:\/\/unifacp.edu.br\/Home-page\/o-projeto-ressignificando-vidas\/\" >\n\t\t\t\tO projeto Ressignificando Vidas\t\t\t<\/a>\n\t\t<\/h3>\n\t\t\t\t<\/div>\n\t\t\t\t<div class=\"elementor-post__meta-data\">\n\t\t\t\t\t<span class=\"elementor-post-date\">\n\t\t\t27\/03\/2026\t\t<\/span>\n\t\t\t\t<\/div>\n\t\t\t\t\t<\/div>\n\t\t<\/article>\n\t\t\t\t<article class=\"elementor-post elementor-grid-item post-4833 post type-post status-publish format-standard has-post-thumbnail hentry category-eventos category-fisioterapia\" role=\"listitem\">\n\t\t\t<div class=\"elementor-post__card\">\n\t\t\t\t<a class=\"elementor-post__thumbnail__link\" href=\"https:\/\/unifacp.edu.br\/Home-page\/acao-semana-da-mulher-marco-lilas\/\" tabindex=\"-1\" ><div class=\"elementor-post__thumbnail\"><img decoding=\"async\" width=\"300\" height=\"250\" src=\"https:\/\/unifacp.edu.br\/wp-content\/uploads\/2026\/03\/WhatsApp-Image-2026-03-09-at-13.04.37-300x250.jpeg\" class=\"attachment-medium size-medium wp-image-4834\" alt=\"A\u00c7\u00c3O SEMANA DA MULHER &amp; MAR\u00c7O LIL\u00c1S Post\" srcset=\"https:\/\/unifacp.edu.br\/wp-content\/uploads\/2026\/03\/WhatsApp-Image-2026-03-09-at-13.04.37-300x250.jpeg 300w, https:\/\/unifacp.edu.br\/wp-content\/uploads\/2026\/03\/WhatsApp-Image-2026-03-09-at-13.04.37-1024x853.jpeg 1024w, https:\/\/unifacp.edu.br\/wp-content\/uploads\/2026\/03\/WhatsApp-Image-2026-03-09-at-13.04.37-768x640.jpeg 768w, https:\/\/unifacp.edu.br\/wp-content\/uploads\/2026\/03\/WhatsApp-Image-2026-03-09-at-13.04.37.jpeg 1080w\" sizes=\"(max-width: 300px) 100vw, 300px\" \/><\/div><\/a>\n\t\t\t\t<div class=\"elementor-post__text\">\n\t\t\t\t<h3 class=\"elementor-post__title\">\n\t\t\t<a href=\"https:\/\/unifacp.edu.br\/Home-page\/acao-semana-da-mulher-marco-lilas\/\" >\n\t\t\t\tA\u00c7\u00c3O SEMANA DA MULHER &amp; MAR\u00c7O LIL\u00c1S\t\t\t<\/a>\n\t\t<\/h3>\n\t\t\t\t<\/div>\n\t\t\t\t<div class=\"elementor-post__meta-data\">\n\t\t\t\t\t<span class=\"elementor-post-date\">\n\t\t\t09\/03\/2026\t\t<\/span>\n\t\t\t\t<\/div>\n\t\t\t\t\t<\/div>\n\t\t<\/article>\n\t\t\t\t<article class=\"elementor-post elementor-grid-item post-4526 post type-post status-publish format-standard has-post-thumbnail hentry category-geral category-informacoes\" role=\"listitem\">\n\t\t\t<div class=\"elementor-post__card\">\n\t\t\t\t<a class=\"elementor-post__thumbnail__link\" href=\"https:\/\/unifacp.edu.br\/Home-page\/%f0%9f%8c%88-plantao-da-brinquedoteca-unifacp\/\" tabindex=\"-1\" ><div class=\"elementor-post__thumbnail\"><img decoding=\"async\" width=\"300\" height=\"250\" src=\"https:\/\/unifacp.edu.br\/wp-content\/uploads\/2026\/01\/brinq-300x250.png\" class=\"attachment-medium size-medium wp-image-4527\" alt=\"BRINQUEDOTECA\" srcset=\"https:\/\/unifacp.edu.br\/wp-content\/uploads\/2026\/01\/brinq-300x250.png 300w, https:\/\/unifacp.edu.br\/wp-content\/uploads\/2026\/01\/brinq-1024x853.png 1024w, https:\/\/unifacp.edu.br\/wp-content\/uploads\/2026\/01\/brinq-768x640.png 768w, https:\/\/unifacp.edu.br\/wp-content\/uploads\/2026\/01\/brinq.png 1080w\" sizes=\"(max-width: 300px) 100vw, 300px\" \/><\/div><\/a>\n\t\t\t\t<div class=\"elementor-post__text\">\n\t\t\t\t<h3 class=\"elementor-post__title\">\n\t\t\t<a href=\"https:\/\/unifacp.edu.br\/Home-page\/%f0%9f%8c%88-plantao-da-brinquedoteca-unifacp\/\" >\n\t\t\t\t\ud83c\udf1f\u00a0PLANT\u00c3O DA BRINQUEDOTECA UNIFACP\t\t\t<\/a>\n\t\t<\/h3>\n\t\t\t\t<\/div>\n\t\t\t\t<div class=\"elementor-post__meta-data\">\n\t\t\t\t\t<span class=\"elementor-post-date\">\n\t\t\t20\/01\/2026\t\t<\/span>\n\t\t\t\t<\/div>\n\t\t\t\t\t<\/div>\n\t\t<\/article>\n\t\t\t\t<article class=\"elementor-post elementor-grid-item post-4132 post type-post status-publish format-standard has-post-thumbnail hentry category-eventos category-cursos-ead category-cursos-presenciais\" role=\"listitem\">\n\t\t\t<div class=\"elementor-post__card\">\n\t\t\t\t<a class=\"elementor-post__thumbnail__link\" href=\"https:\/\/unifacp.edu.br\/Home-page\/apresentacao-das-aps-reune-alunos-do-presencial-e-ead-na-unifacp\/\" tabindex=\"-1\" ><div class=\"elementor-post__thumbnail\"><img loading=\"lazy\" decoding=\"async\" width=\"300\" height=\"250\" src=\"https:\/\/unifacp.edu.br\/wp-content\/uploads\/2025\/12\/aps-1080-x-900-px-300x250.png\" class=\"attachment-medium size-medium wp-image-4133\" alt=\"Apresenta\u00e7\u00e3o das APS re\u00fane alunos do Presencial e EAD na UniFACP\" srcset=\"https:\/\/unifacp.edu.br\/wp-content\/uploads\/2025\/12\/aps-1080-x-900-px-300x250.png 300w, https:\/\/unifacp.edu.br\/wp-content\/uploads\/2025\/12\/aps-1080-x-900-px-1024x853.png 1024w, https:\/\/unifacp.edu.br\/wp-content\/uploads\/2025\/12\/aps-1080-x-900-px-768x640.png 768w, https:\/\/unifacp.edu.br\/wp-content\/uploads\/2025\/12\/aps-1080-x-900-px.png 1080w\" sizes=\"(max-width: 300px) 100vw, 300px\" \/><\/div><\/a>\n\t\t\t\t<div class=\"elementor-post__text\">\n\t\t\t\t<h3 class=\"elementor-post__title\">\n\t\t\t<a href=\"https:\/\/unifacp.edu.br\/Home-page\/apresentacao-das-aps-reune-alunos-do-presencial-e-ead-na-unifacp\/\" >\n\t\t\t\tApresenta\u00e7\u00e3o das Atividades de Extens\u00e3o &#8211; A.P.S.\t\t\t<\/a>\n\t\t<\/h3>\n\t\t\t\t<\/div>\n\t\t\t\t<div class=\"elementor-post__meta-data\">\n\t\t\t\t\t<span class=\"elementor-post-date\">\n\t\t\t17\/12\/2025\t\t<\/span>\n\t\t\t\t<\/div>\n\t\t\t\t\t<\/div>\n\t\t<\/article>\n\t\t\t\t<article class=\"elementor-post elementor-grid-item post-3859 post type-post status-publish format-standard has-post-thumbnail hentry category-eventos\" role=\"listitem\">\n\t\t\t<div class=\"elementor-post__card\">\n\t\t\t\t<a class=\"elementor-post__thumbnail__link\" href=\"https:\/\/unifacp.edu.br\/Home-page\/conexao-academica-unifacp\/\" tabindex=\"-1\" ><div class=\"elementor-post__thumbnail\"><img loading=\"lazy\" decoding=\"async\" width=\"300\" height=\"250\" src=\"https:\/\/unifacp.edu.br\/wp-content\/uploads\/2025\/10\/Conexao-Academica-UNIFACP-2025-post-300x250.png\" class=\"attachment-medium size-medium wp-image-3860\" alt=\"Conex\u00e3o Acad\u00eamica UNIFACP 2025 post\" srcset=\"https:\/\/unifacp.edu.br\/wp-content\/uploads\/2025\/10\/Conexao-Academica-UNIFACP-2025-post-300x250.png 300w, https:\/\/unifacp.edu.br\/wp-content\/uploads\/2025\/10\/Conexao-Academica-UNIFACP-2025-post-1024x853.png 1024w, https:\/\/unifacp.edu.br\/wp-content\/uploads\/2025\/10\/Conexao-Academica-UNIFACP-2025-post-768x640.png 768w, https:\/\/unifacp.edu.br\/wp-content\/uploads\/2025\/10\/Conexao-Academica-UNIFACP-2025-post.png 1080w\" sizes=\"(max-width: 300px) 100vw, 300px\" \/><\/div><\/a>\n\t\t\t\t<div class=\"elementor-post__text\">\n\t\t\t\t<h3 class=\"elementor-post__title\">\n\t\t\t<a href=\"https:\/\/unifacp.edu.br\/Home-page\/conexao-academica-unifacp\/\" >\n\t\t\t\tCONEX\u00c3O ACAD\u00caMICA UNIFACP\t\t\t<\/a>\n\t\t<\/h3>\n\t\t\t\t<\/div>\n\t\t\t\t<div class=\"elementor-post__meta-data\">\n\t\t\t\t\t<span class=\"elementor-post-date\">\n\t\t\t27\/10\/2025\t\t<\/span>\n\t\t\t\t<\/div>\n\t\t\t\t\t<\/div>\n\t\t<\/article>\n\t\t\t\t<article class=\"elementor-post elementor-grid-item post-3678 post type-post status-publish format-standard has-post-thumbnail hentry category-administracao category-administracao-ead category-eventos\" role=\"listitem\">\n\t\t\t<div class=\"elementor-post__card\">\n\t\t\t\t<a class=\"elementor-post__thumbnail__link\" href=\"https:\/\/unifacp.edu.br\/Home-page\/palestra-os-desafios-da-administracao-reune-alunos-e-profissionais-na-unifacp\/\" tabindex=\"-1\" ><div class=\"elementor-post__thumbnail\"><img loading=\"lazy\" decoding=\"async\" width=\"300\" height=\"250\" src=\"https:\/\/unifacp.edu.br\/wp-content\/uploads\/2025\/10\/noticia-site-post-300x250.png\" class=\"attachment-medium size-medium wp-image-3679\" alt=\"not\u00edcia site post\" srcset=\"https:\/\/unifacp.edu.br\/wp-content\/uploads\/2025\/10\/noticia-site-post-300x250.png 300w, https:\/\/unifacp.edu.br\/wp-content\/uploads\/2025\/10\/noticia-site-post-1024x853.png 1024w, https:\/\/unifacp.edu.br\/wp-content\/uploads\/2025\/10\/noticia-site-post-768x640.png 768w, https:\/\/unifacp.edu.br\/wp-content\/uploads\/2025\/10\/noticia-site-post.png 1080w\" sizes=\"(max-width: 300px) 100vw, 300px\" \/><\/div><\/a>\n\t\t\t\t<div class=\"elementor-post__text\">\n\t\t\t\t<h3 class=\"elementor-post__title\">\n\t\t\t<a href=\"https:\/\/unifacp.edu.br\/Home-page\/palestra-os-desafios-da-administracao-reune-alunos-e-profissionais-na-unifacp\/\" >\n\t\t\t\tPalestra \u201cOs Desafios da Administra\u00e7\u00e3o\u201d re\u00fane alunos e profissionais na UNIFACP\t\t\t<\/a>\n\t\t<\/h3>\n\t\t\t\t<\/div>\n\t\t\t\t<div class=\"elementor-post__meta-data\">\n\t\t\t\t\t<span class=\"elementor-post-date\">\n\t\t\t10\/10\/2025\t\t<\/span>\n\t\t\t\t<\/div>\n\t\t\t\t\t<\/div>\n\t\t<\/article>\n\t\t\t\t<article class=\"elementor-post elementor-grid-item post-3666 post type-post status-publish format-standard has-post-thumbnail hentry category-eventos\" role=\"listitem\">\n\t\t\t<div class=\"elementor-post__card\">\n\t\t\t\t<a class=\"elementor-post__thumbnail__link\" href=\"https:\/\/unifacp.edu.br\/Home-page\/programacao-oficial-do-intercursos-unifacp-2025\/\" tabindex=\"-1\" ><div class=\"elementor-post__thumbnail\"><img loading=\"lazy\" decoding=\"async\" width=\"300\" height=\"250\" src=\"https:\/\/unifacp.edu.br\/wp-content\/uploads\/2025\/10\/noticia-post-300x250.png\" class=\"attachment-medium size-medium wp-image-3667\" alt=\"Programa\u00e7\u00e3o Oficial do Intercursos UNIFACP 2025 POST\" srcset=\"https:\/\/unifacp.edu.br\/wp-content\/uploads\/2025\/10\/noticia-post-300x250.png 300w, https:\/\/unifacp.edu.br\/wp-content\/uploads\/2025\/10\/noticia-post-1024x853.png 1024w, https:\/\/unifacp.edu.br\/wp-content\/uploads\/2025\/10\/noticia-post.png 1080w\" sizes=\"(max-width: 300px) 100vw, 300px\" \/><\/div><\/a>\n\t\t\t\t<div class=\"elementor-post__text\">\n\t\t\t\t<h3 class=\"elementor-post__title\">\n\t\t\t<a href=\"https:\/\/unifacp.edu.br\/Home-page\/programacao-oficial-do-intercursos-unifacp-2025\/\" >\n\t\t\t\tPrograma\u00e7\u00e3o Oficial do Intercursos UNIFACP 2025\t\t\t<\/a>\n\t\t<\/h3>\n\t\t\t\t<\/div>\n\t\t\t\t<div class=\"elementor-post__meta-data\">\n\t\t\t\t\t<span class=\"elementor-post-date\">\n\t\t\t09\/10\/2025\t\t<\/span>\n\t\t\t\t<\/div>\n\t\t\t\t\t<\/div>\n\t\t<\/article>\n\t\t\t\t<article class=\"elementor-post elementor-grid-item post-3656 post type-post status-publish format-standard has-post-thumbnail hentry category-fisioterapia category-eventos\" role=\"listitem\">\n\t\t\t<div class=\"elementor-post__card\">\n\t\t\t\t<a class=\"elementor-post__thumbnail__link\" href=\"https:\/\/unifacp.edu.br\/Home-page\/fisioterapia-da-unifacp-em-acao-na-corrida-sest-senat-de-paulinia\/\" tabindex=\"-1\" ><div class=\"elementor-post__thumbnail\"><img loading=\"lazy\" decoding=\"async\" width=\"300\" height=\"250\" src=\"https:\/\/unifacp.edu.br\/wp-content\/uploads\/2025\/10\/noticia-site-post-11-300x250.png\" class=\"attachment-medium size-medium wp-image-3657\" alt=\"Fisioterapia da UNIFACP em A\u00e7\u00e3o na Corrida SEST\/SENAT de Paul\u00ednia POST\" srcset=\"https:\/\/unifacp.edu.br\/wp-content\/uploads\/2025\/10\/noticia-site-post-11-300x250.png 300w, https:\/\/unifacp.edu.br\/wp-content\/uploads\/2025\/10\/noticia-site-post-11-1024x853.png 1024w, https:\/\/unifacp.edu.br\/wp-content\/uploads\/2025\/10\/noticia-site-post-11-768x640.png 768w, https:\/\/unifacp.edu.br\/wp-content\/uploads\/2025\/10\/noticia-site-post-11.png 1080w\" sizes=\"(max-width: 300px) 100vw, 300px\" \/><\/div><\/a>\n\t\t\t\t<div class=\"elementor-post__text\">\n\t\t\t\t<h3 class=\"elementor-post__title\">\n\t\t\t<a href=\"https:\/\/unifacp.edu.br\/Home-page\/fisioterapia-da-unifacp-em-acao-na-corrida-sest-senat-de-paulinia\/\" >\n\t\t\t\tFisioterapia da UNIFACP em A\u00e7\u00e3o na Corrida SEST\/SENAT de Paul\u00ednia\t\t\t<\/a>\n\t\t<\/h3>\n\t\t\t\t<\/div>\n\t\t\t\t<div class=\"elementor-post__meta-data\">\n\t\t\t\t\t<span class=\"elementor-post-date\">\n\t\t\t07\/10\/2025\t\t<\/span>\n\t\t\t\t<\/div>\n\t\t\t\t\t<\/div>\n\t\t<\/article>\n\t\t\t\t<\/div>\n\t\t\t\t\t<span class=\"e-load-more-spinner\">\n\t\t\t\t<svg aria-hidden=\"true\" class=\"e-font-icon-svg e-fas-spinner\" viewBox=\"0 0 512 512\" xmlns=\"http:\/\/www.w3.org\/2000\/svg\"><path d=\"M304 48c0 26.51-21.49 48-48 48s-48-21.49-48-48 21.49-48 48-48 48 21.49 48 48zm-48 368c-26.51 0-48 21.49-48 48s21.49 48 48 48 48-21.49 48-48-21.49-48-48-48zm208-208c-26.51 0-48 21.49-48 48s21.49 48 48 48 48-21.49 48-48-21.49-48-48-48zM96 256c0-26.51-21.49-48-48-48S0 229.49 0 256s21.49 48 48 48 48-21.49 48-48zm12.922 99.078c-26.51 0-48 21.49-48 48s21.49 48 48 48 48-21.49 48-48c0-26.509-21.491-48-48-48zm294.156 0c-26.51 0-48 21.49-48 48s21.49 48 48 48 48-21.49 48-48c0-26.509-21.49-48-48-48zM108.922 60.922c-26.51 0-48 21.49-48 48s21.49 48 48 48 48-21.49 48-48-21.491-48-48-48z\"><\/path><\/svg>\t\t\t<\/span>\n\t\t\n\t\t\t\t<div class=\"e-load-more-anchor\" data-page=\"1\" data-max-page=\"8\" data-next-page=\"https:\/\/unifacp.edu.br\/Home-page\/wp-json\/wp\/v2\/pages\/2615\/page\/2\/\"><\/div>\n\t\t\t\t<div class=\"elementor-button-wrapper\">\n\t\t\t<a class=\"elementor-button elementor-size-sm\" role=\"button\">\n\t\t\t\t\t\t<span class=\"elementor-button-content-wrapper\">\n\t\t\t\t\t\t\t\t\t<span class=\"elementor-button-text\">Ver mais +<\/span>\n\t\t\t\t\t<\/span>\n\t\t\t\t\t<\/a>\n\t\t<\/div>\n\t\t\t\t<div class=\"e-load-more-message\"><\/div>\n\t\t\t\t\t\t<\/div>\n\t\t\t\t<\/div>\n\t\t\t\t\t<\/div>\n\t\t\t\t<\/div>\n\t\t<div class=\"elementor-element elementor-element-4f8c5fa e-con-full e-flex e-con e-child\" data-id=\"4f8c5fa\" data-element_type=\"container\" data-e-type=\"container\">\n\t\t\t\t<div class=\"elementor-element elementor-element-985de7a elementor-widget elementor-widget-image\" data-id=\"985de7a\" data-element_type=\"widget\" data-e-type=\"widget\" data-widget_type=\"image.default\">\n\t\t\t\t<div class=\"elementor-widget-container\">\n\t\t\t\t\t\t\t\t\t\t\t\t\t\t\t<img loading=\"lazy\" decoding=\"async\" width=\"1280\" height=\"250\" src=\"https:\/\/unifacp.edu.br\/wp-content\/uploads\/2025\/05\/ultimas-noticias-e-eventos.png\" class=\"attachment-full size-full wp-image-2631\" alt=\"\u00faltimas not\u00edcias e eventos\" srcset=\"https:\/\/unifacp.edu.br\/wp-content\/uploads\/2025\/05\/ultimas-noticias-e-eventos.png 1280w, https:\/\/unifacp.edu.br\/wp-content\/uploads\/2025\/05\/ultimas-noticias-e-eventos-300x59.png 300w, https:\/\/unifacp.edu.br\/wp-content\/uploads\/2025\/05\/ultimas-noticias-e-eventos-1024x200.png 1024w, https:\/\/unifacp.edu.br\/wp-content\/uploads\/2025\/05\/ultimas-noticias-e-eventos-768x150.png 768w\" sizes=\"(max-width: 1280px) 100vw, 1280px\" \/>\t\t\t\t\t\t\t\t\t\t\t\t\t\t\t<\/div>\n\t\t\t\t<\/div>\n\t\t\t\t<\/div>\n\t\t<div class=\"elementor-element elementor-element-be3e70c e-con-full e-flex e-con e-child\" data-id=\"be3e70c\" data-element_type=\"container\" data-e-type=\"container\" data-settings=\"{&quot;background_background&quot;:&quot;classic&quot;}\">\n\t\t\t\t<div class=\"elementor-element elementor-element-55707bd elementor-widget elementor-widget-heading\" data-id=\"55707bd\" data-element_type=\"widget\" data-e-type=\"widget\" data-widget_type=\"heading.default\">\n\t\t\t\t<div class=\"elementor-widget-container\">\n\t\t\t\t\t<h2 class=\"elementor-heading-title elementor-size-default\">\u00faltimas not\u00edcias e eventos<\/h2>\t\t\t\t<\/div>\n\t\t\t\t<\/div>\n\t\t\t\t<\/div>\n\t\t\t\t<\/div>\n\t\t\t\t<\/div>\n\t\t","protected":false},"excerpt":{"rendered":"<p>\u00faltimas not\u00edcias e eventos<\/p>\n","protected":false},"author":1,"featured_media":0,"parent":0,"menu_order":0,"comment_status":"closed","ping_status":"closed","template":"","meta":{"footnotes":""},"class_list":["post-2615","page","type-page","status-publish","hentry"],"_links":{"self":[{"href":"https:\/\/unifacp.edu.br\/Home-page\/wp-json\/wp\/v2\/pages\/2615","targetHints":{"allow":["GET"]}}],"collection":[{"href":"https:\/\/unifacp.edu.br\/Home-page\/wp-json\/wp\/v2\/pages"}],"about":[{"href":"https:\/\/unifacp.edu.br\/Home-page\/wp-json\/wp\/v2\/types\/page"}],"author":[{"embeddable":true,"href":"https:\/\/unifacp.edu.br\/Home-page\/wp-json\/wp\/v2\/users\/1"}],"replies":[{"embeddable":true,"href":"https:\/\/unifacp.edu.br\/Home-page\/wp-json\/wp\/v2\/comments?post=2615"}],"version-history":[{"count":0,"href":"https:\/\/unifacp.edu.br\/Home-page\/wp-json\/wp\/v2\/pages\/2615\/revisions"}],"wp:attachment":[{"href":"https:\/\/unifacp.edu.br\/Home-page\/wp-json\/wp\/v2\/media?parent=2615"}],"curies":[{"name":"wp","href":"https:\/\/api.w.org\/{rel}","templated":true}]}}