{"id":3041,"date":"2025-07-22T19:05:35","date_gmt":"2025-07-22T19:05:35","guid":{"rendered":"https:\/\/unifacp.edu.br\/Home-page\/?page_id=3041"},"modified":"2025-10-21T18:15:42","modified_gmt":"2025-10-21T18:15:42","slug":"direito-tributario","status":"publish","type":"page","link":"https:\/\/unifacp.edu.br\/Home-page\/direito-tributario\/","title":{"rendered":"Direito Tribut\u00e1rio P\u00f3s"},"content":{"rendered":"\t\t<div data-elementor-type=\"wp-page\" data-elementor-id=\"3041\" class=\"elementor elementor-3041\" data-elementor-post-type=\"page\">\n\t\t\t\t<div class=\"elementor-element elementor-element-8933741 e-flex e-con-boxed e-con e-parent\" data-id=\"8933741\" data-element_type=\"container\" data-e-type=\"container\">\n\t\t\t\t\t<div class=\"e-con-inner\">\n\t\t<div class=\"elementor-element elementor-element-55760f9 e-con-full e-flex e-con e-child\" data-id=\"55760f9\" data-element_type=\"container\" data-e-type=\"container\">\n\t\t\t\t<div class=\"elementor-element elementor-element-f5c05a5 elementor-widget elementor-widget-image\" data-id=\"f5c05a5\" data-element_type=\"widget\" data-e-type=\"widget\" data-widget_type=\"image.default\">\n\t\t\t\t<div class=\"elementor-widget-container\">\n\t\t\t\t\t\t\t\t\t\t\t\t\t\t\t<img fetchpriority=\"high\" decoding=\"async\" width=\"1280\" height=\"450\" src=\"https:\/\/unifacp.edu.br\/wp-content\/uploads\/2025\/07\/Direito-Tributario-Pos-Banner.png\" class=\"attachment-full size-full wp-image-3109\" alt=\"Direito Tribut\u00e1rio P\u00f3s Banner\" srcset=\"https:\/\/unifacp.edu.br\/wp-content\/uploads\/2025\/07\/Direito-Tributario-Pos-Banner.png 1280w, https:\/\/unifacp.edu.br\/wp-content\/uploads\/2025\/07\/Direito-Tributario-Pos-Banner-300x105.png 300w, https:\/\/unifacp.edu.br\/wp-content\/uploads\/2025\/07\/Direito-Tributario-Pos-Banner-1024x360.png 1024w, https:\/\/unifacp.edu.br\/wp-content\/uploads\/2025\/07\/Direito-Tributario-Pos-Banner-768x270.png 768w\" sizes=\"(max-width: 1280px) 100vw, 1280px\" \/>\t\t\t\t\t\t\t\t\t\t\t\t\t\t\t<\/div>\n\t\t\t\t<\/div>\n\t\t\t\t<\/div>\n\t\t<div class=\"elementor-element elementor-element-c84ce2d e-con-full e-flex e-con e-child\" data-id=\"c84ce2d\" data-element_type=\"container\" data-e-type=\"container\">\n\t\t<div class=\"elementor-element elementor-element-b6b78f1 e-con-full e-flex e-con e-child\" data-id=\"b6b78f1\" data-element_type=\"container\" data-e-type=\"container\" data-settings=\"{&quot;background_background&quot;:&quot;classic&quot;}\">\n\t\t\t\t<div class=\"elementor-element elementor-element-3ac2088 elementor-widget elementor-widget-heading\" data-id=\"3ac2088\" data-element_type=\"widget\" data-e-type=\"widget\" data-widget_type=\"heading.default\">\n\t\t\t\t<div class=\"elementor-widget-container\">\n\t\t\t\t\t<h2 class=\"elementor-heading-title elementor-size-default\">Direito Tribut\u00e1rio - P\u00f3s<\/h2>\t\t\t\t<\/div>\n\t\t\t\t<\/div>\n\t\t\t\t<\/div>\n\t\t<div class=\"elementor-element elementor-element-24d0d95 e-con-full e-flex e-con e-child\" data-id=\"24d0d95\" data-element_type=\"container\" data-e-type=\"container\">\n\t\t\t\t<div class=\"elementor-element elementor-element-b9b9f14 elementor-widget elementor-widget-elementskit-simple-tab\" data-id=\"b9b9f14\" data-element_type=\"widget\" data-e-type=\"widget\" data-widget_type=\"elementskit-simple-tab.default\">\n\t\t\t\t<div class=\"elementor-widget-container\">\n\t\t\t\t\t<div class=\"ekit-wid-con\" >        <div class=\"elementkit-tab-wraper vertical  elementskit-fitcontent-tab \">\n            <ul class=\"nav nav-tabs elementkit-tab-nav  tab-nav-fluid\">\n                                    <li class=\"elementkit-nav-item elementor-repeater-item-08b6856\">\n                        <a class=\"elementkit-nav-link  active show left-pos\" id=\"content-08b685669ef03159235a-tab\" data-ekit-handler-id=\"sobre-o-curso\" data-ekit-toggle=\"tab\" data-target=\"#content-08b685669ef03159235a\" href=\"#Content-08b685669ef03159235a\"\n                            data-ekit-toggle-trigger=\"click\"\n                            aria-describedby=\"Content-08b685669ef03159235a\">\n                            <span class=\"elementskit-tab-icon\"><i class=\"icon icon-file-2\"><\/i><\/span>                            <span class=\"elementskit-tab-title\">SOBRE O CURSO<\/span>\n                        <\/a>\n                    <\/li>\n                                        <li class=\"elementkit-nav-item elementor-repeater-item-6451664\">\n                        <a class=\"elementkit-nav-link  left-pos\" id=\"content-645166469ef03159235a-tab\" data-ekit-handler-id=\"perfil-do-egresso\" data-ekit-toggle=\"tab\" data-target=\"#content-645166469ef03159235a\" href=\"#Content-645166469ef03159235a\"\n                            data-ekit-toggle-trigger=\"click\"\n                            aria-describedby=\"Content-645166469ef03159235a\">\n                            <span class=\"elementskit-tab-icon\"><i class=\"icon icon-id-card-1\"><\/i><\/span>                            <span class=\"elementskit-tab-title\">PERFIL DO EGRESSO<\/span>\n                        <\/a>\n                    <\/li>\n                                        <li class=\"elementkit-nav-item elementor-repeater-item-6e5479c\">\n                        <a class=\"elementkit-nav-link  left-pos\" id=\"content-6e5479c69ef03159235a-tab\" data-ekit-handler-id=\"objetivos\" data-ekit-toggle=\"tab\" data-target=\"#content-6e5479c69ef03159235a\" href=\"#Content-6e5479c69ef03159235a\"\n                            data-ekit-toggle-trigger=\"click\"\n                            aria-describedby=\"Content-6e5479c69ef03159235a\">\n                            <span class=\"elementskit-tab-icon\"><i class=\"icon icon-smart\"><\/i><\/span>                            <span class=\"elementskit-tab-title\">OBJETIVOS<\/span>\n                        <\/a>\n                    <\/li>\n                                        <li class=\"elementkit-nav-item elementor-repeater-item-c33a7a1\">\n                        <a class=\"elementkit-nav-link  left-pos\" id=\"content-c33a7a169ef03159235a-tab\" data-ekit-handler-id=\"conte-do-do-curso\" data-ekit-toggle=\"tab\" data-target=\"#content-c33a7a169ef03159235a\" href=\"#Content-c33a7a169ef03159235a\"\n                            data-ekit-toggle-trigger=\"click\"\n                            aria-describedby=\"Content-c33a7a169ef03159235a\">\n                            <span class=\"elementskit-tab-icon\"><i class=\"icon icon-contract\"><\/i><\/span>                            <span class=\"elementskit-tab-title\">CONTE\u00daDO DO CURSO<\/span>\n                        <\/a>\n                    <\/li>\n                                        <li class=\"elementkit-nav-item elementor-repeater-item-27cacb9\">\n                        <a class=\"elementkit-nav-link  left-pos\" id=\"content-27cacb969ef03159235a-tab\" data-ekit-handler-id=\"downloads\" data-ekit-toggle=\"tab\" data-target=\"#content-27cacb969ef03159235a\" href=\"#Content-27cacb969ef03159235a\"\n                            data-ekit-toggle-trigger=\"click\"\n                            aria-describedby=\"Content-27cacb969ef03159235a\">\n                            <span class=\"elementskit-tab-icon\"><i class=\"icon icon-download\"><\/i><\/span>                            <span class=\"elementskit-tab-title\">DOWNLOADS<\/span>\n                        <\/a>\n                    <\/li>\n                                <\/ul>\n\n            <div class=\"tab-content elementkit-tab-content\">\n                                    <div class=\"tab-pane elementkit-tab-pane elementor-repeater-item-08b6856  active show\" id=\"content-08b685669ef03159235a\" role=\"tabpanel\"\n                         aria-labelledby=\"content-08b685669ef03159235a-tab\">\n                        <div class=\"animated fadeIn\">\n                            <h4><b>Sobre o curso<\/b><\/h4><p>Em um cen\u00e1rio de profundas transforma\u00e7\u00f5es na legisla\u00e7\u00e3o, dominar a \u00e1rea tribut\u00e1ria \u00e9 mais que um diferencial: \u00e9 uma necessidade. A recente Reforma Tribut\u00e1ria (EC 132\/2023) exige profissionais com qualifica\u00e7\u00e3o pr\u00e1tica e estrat\u00e9gica, e \u00e9 exatamente isso que nossa P\u00f3s-Gradua\u00e7\u00e3o Lato Sensu em Direito Tribut\u00e1rio oferece em um formato 100% online (EAD).<\/p><p>Sob a coordena\u00e7\u00e3o da Profa. Dra. Juliana Giovanetti, o curso \u00e9 destinado a advogados, consultores, administradores, auditores fiscais e outros graduados em Direito ou \u00e1reas afins que atuam com tributa\u00e7\u00e3o. Com aulas ao vivo \u00e0s segundas e quartas-feiras, nossa metodologia inovadora une teoria e realidade atrav\u00e9s de estudos de caso aplicados em todas as disciplinas, aproximando o aprendizado da sua atua\u00e7\u00e3o profissional di\u00e1ria.<\/p><p>Nosso principal objetivo \u00e9 que voc\u00ea domine os fundamentos do sistema tribut\u00e1rio, analise criticamente a jurisprud\u00eancia dos tribunais superiores e desenvolva habilidades argumentativas para atuar com seguran\u00e7a em processos administrativos e judiciais. Alinhado a uma abordagem moderna e focada em sua carreira, o curso n\u00e3o exige Trabalho de Conclus\u00e3o de Curso (TCC) para a certifica\u00e7\u00e3o.<\/p><hr \/><h4><b>Destaques do curso:<\/b><\/h4><ul><li><p><b>Curso:<\/b>\u00a0P\u00f3s-Gradua\u00e7\u00e3o Lato Sensu em Direito Tribut\u00e1rio<\/p><\/li><li><p><b>Coordena\u00e7\u00e3o:<\/b>\u00a0Profa. Dra. Juliana Giovanetti Pereira da Silva<\/p><\/li><li><p><b>Modalidade:<\/b>\u00a0100% online (EAD)<\/p><\/li><li><p><b>Aulas ao vivo:<\/b>\u00a0Segundas e quartas-feiras<\/p><\/li><li><p><b>P\u00fablico-alvo:<\/b>\u00a0Graduados em Direito e profissionais de outras \u00e1reas que atuam com tributa\u00e7\u00e3o (advogados, consultores, administradores, auditores fiscais).<\/p><\/li><li><p><b>Metodologia:<\/b>\u00a0Foco pr\u00e1tico com estudos de caso aplicados em todas as disciplinas.<\/p><\/li><\/ul>                        <\/div>\n                    <\/div>\n                                    <div class=\"tab-pane elementkit-tab-pane elementor-repeater-item-6451664 \" id=\"content-645166469ef03159235a\" role=\"tabpanel\"\n                         aria-labelledby=\"content-645166469ef03159235a-tab\">\n                        <div class=\"animated fadeIn\">\n                            <p><span style=\"color: #000000;\">Ao concluir nossa P\u00f3s-Gradua\u00e7\u00e3o e receber o t\u00edtulo de Especialista em Direito Tribut\u00e1rio, voc\u00ea ser\u00e1 um profissional com vis\u00e3o estrat\u00e9gica e conhecimento aprofundado, capaz de:<\/span><\/p><p><span style=\"color: #000000;\">&#8211; Analisar criticamente o Sistema Tribut\u00e1rio Nacional, aplicando os princ\u00edpios constitucionais em situa\u00e7\u00f5es pr\u00e1ticas.<\/span><\/p><p><span style=\"color: #000000;\">&#8211; Atuar com seguran\u00e7a em processos administrativos e judiciais, utilizando a jurisprud\u00eancia dos tribunais superiores e desenvolvendo argumenta\u00e7\u00e3o jur\u00eddica s\u00f3lida.<\/span><\/p><p><span style=\"color: #000000;\">&#8211; Estruturar planejamentos tribut\u00e1rios l\u00edcitos e estrat\u00e9gias de compliance fiscal para otimizar a carga tribut\u00e1ria e mitigar riscos.<\/span><\/p><p><span style=\"color: #000000;\">&#8211; Interpretar e aplicar as novas regras da Reforma Tribut\u00e1ria (EC 132\/2023), incluindo os novos tributos como IBS, CBS e o Imposto Seletivo.<\/span><\/p><p><span style=\"color: #000000;\">&#8211; Compreender a rela\u00e7\u00e3o entre a contabilidade e o direito tribut\u00e1rio para uma an\u00e1lise fiscal completa e integrada.<\/span><\/p>                        <\/div>\n                    <\/div>\n                                    <div class=\"tab-pane elementkit-tab-pane elementor-repeater-item-6e5479c \" id=\"content-6e5479c69ef03159235a\" role=\"tabpanel\"\n                         aria-labelledby=\"content-6e5479c69ef03159235a-tab\">\n                        <div class=\"animated fadeIn\">\n                            <h4><strong><span style=\"color: #000000;\">Objetivos do Curso<\/span><\/strong><\/h4><p><span style=\"color: #000000;\">Nosso principal objetivo \u00e9 que, ao final da P\u00f3s-Gradua\u00e7\u00e3o, voc\u00ea esteja plenamente capacitado para os desafios da \u00e1rea tribut\u00e1ria. Para isso, buscamos garantir que voc\u00ea possa:<\/span><\/p><p><span style=\"color: #000000;\">&#8211; Dominar os fundamentos te\u00f3ricos do sistema tribut\u00e1rio nacional e do C\u00f3digo Tribut\u00e1rio Nacional (CTN).<\/span><\/p><p><span style=\"color: #000000;\">&#8211; Entender os princ\u00edpios constitucionais que regem a tributa\u00e7\u00e3o, como legalidade, isonomia e capacidade contributiva.<\/span><\/p><p><span style=\"color: #000000;\">&#8211; Interpretar e analisar a jurisprud\u00eancia dos tribunais superiores sobre mat\u00e9ria tribut\u00e1ria.<\/span><\/p><p><span style=\"color: #000000;\">&#8211; Desenvolver habilidades argumentativas para uma atua\u00e7\u00e3o de excel\u00eancia em processos administrativos e judiciais.<\/span><\/p>                        <\/div>\n                    <\/div>\n                                    <div class=\"tab-pane elementkit-tab-pane elementor-repeater-item-c33a7a1 \" id=\"content-c33a7a169ef03159235a\" role=\"tabpanel\"\n                         aria-labelledby=\"content-c33a7a169ef03159235a-tab\">\n                        <div class=\"animated fadeIn\">\n                            <h4><span style=\"font-weight: 400;\">COMPONENTE CURRICULAR P\u00d3S-GRADUA\u00c7\u00c3O EM DIREITO TRIBUT\u00c1RIO<\/span><\/h4><p><span style=\"font-weight: 400;\">M\u00f3dulo 1. <\/span><b><i>FUNDAMENTOS E ESTRUTURA DO SISTEMA TRIBUT\u00c1RIO<\/i><\/b><\/p><ul><li style=\"font-weight: 400;\" aria-level=\"1\"><span style=\"font-weight: 400;\">Sistema Tribut\u00e1rio Nacional: princ\u00edpios, compet\u00eancias e limita\u00e7\u00f5es\u00a0 (15h)<\/span><\/li><li style=\"font-weight: 400;\" aria-level=\"1\"><span style=\"font-weight: 400;\">Princ\u00edpios constitucionais do Direito Tribut\u00e1rio e autonomia: legalidade, anterioridade, isonomia, capacidade contributiva.<\/span> <span style=\"font-weight: 400;\">(15h)<\/span><\/li><li style=\"font-weight: 400;\" aria-level=\"1\"><span style=\"font-weight: 400;\">Classifica\u00e7\u00e3o dos tributos e sujei\u00e7\u00e3o passiva: impostos, taxas, contribui\u00e7\u00f5es e empr\u00e9stimos compuls\u00f3rios.<\/span> <span style=\"font-weight: 400;\">(15h)<\/span><\/li><li style=\"font-weight: 400;\" aria-level=\"1\"><span style=\"font-weight: 400;\">Reforma Tribut\u00e1ria (EC 132\/2023): fundamentos, estrutura e impactos<\/span> <span style=\"font-weight: 400;\"> (15h)<\/span><\/li><\/ul><p><span style=\"font-weight: 400;\">M\u00f3dulo 2. <\/span><b><i>TRIBUTOS ESPEC\u00cdFICOS E REGIMES DE INCID\u00caNCIA<\/i><\/b><\/p><ul><li style=\"font-weight: 400;\" aria-level=\"1\"><span style=\"font-weight: 400;\">Tributos sobre a renda: IRPF, IRPJ e planejamento fiscal<\/span> <span style=\"font-weight: 400;\">(15h)<\/span><\/li><li style=\"font-weight: 400;\" aria-level=\"1\"><span style=\"font-weight: 400;\">Tributos sobre receita e consumo: ICMS, ISS, IPI, PIS\/COFINS<\/span> <span style=\"font-weight: 400;\">(15h)<\/span><\/li><li style=\"font-weight: 400;\" aria-level=\"1\"><span style=\"font-weight: 400;\">Tributa\u00e7\u00e3o setorial e com\u00e9rcio exterior<\/span> <span style=\"font-weight: 400;\">(15h)<\/span><\/li><li style=\"font-weight: 400;\" aria-level=\"1\"><span style=\"font-weight: 400;\">Novos Tributos: IBS, CBS, IS e regime de transi\u00e7\u00e3o (15h)<\/span><\/li><\/ul><p><span style=\"font-weight: 400;\">M\u00f3dulo 3. <\/span><b><i>TRIBUTA\u00c7\u00c3O E CONTABILIDADE APLICADA<\/i><\/b><\/p><ul><li style=\"font-weight: 400;\" aria-level=\"1\"><span style=\"font-weight: 400;\">Contabilidade aplicada ao Direito Tribut\u00e1rio: balan\u00e7o patrimonial, DRE e an\u00e1lise fiscal.<\/span> <span style=\"font-weight: 400;\">(20h)<\/span><\/li><li style=\"font-weight: 400;\" aria-level=\"1\"><span style=\"font-weight: 400;\">Finan\u00e7as p\u00fablicas e or\u00e7amento (LRF): rela\u00e7\u00e3o entre tributa\u00e7\u00e3o e atividade financeira do Estado. (20h)<\/span><\/li><li style=\"font-weight: 400;\" aria-level=\"1\"><span style=\"font-weight: 400;\">Compliance tribut\u00e1rio e governan\u00e7a fiscal: integridade fiscal, riscos e conformidade. (20h)<\/span><\/li><\/ul><p><span style=\"font-weight: 400;\">M\u00f3dulo 4. <\/span><b><i>TRIBUTA\u00c7\u00c3O INTERNACIONAL E PLANEJAMENTO TRIBUT\u00c1RIO<\/i><\/b><\/p><ul><li style=\"font-weight: 400;\" aria-level=\"1\"><span style=\"font-weight: 400;\">Tributa\u00e7\u00e3o de neg\u00f3cios internacionais, tratados e conven\u00e7\u00f5es: bitributa\u00e7\u00e3o, tratados e planejamento tribut\u00e1rio global. (20h)<\/span><\/li><li style=\"font-weight: 400;\" aria-level=\"1\"><span style=\"font-weight: 400;\">Planejamento tribut\u00e1rio: elis\u00e3o, evas\u00e3o, compliance e estruturas l\u00edcitas. (20h)<\/span><\/li><\/ul>                        <\/div>\n                    <\/div>\n                                    <div class=\"tab-pane elementkit-tab-pane elementor-repeater-item-27cacb9 \" id=\"content-27cacb969ef03159235a\" role=\"tabpanel\"\n                         aria-labelledby=\"content-27cacb969ef03159235a-tab\">\n                        <div class=\"animated fadeIn\">\n                            <p>Em Breve<\/p>                        <\/div>\n                    <\/div>\n                                \n            <\/div>\n                    <\/div>\n    <\/div>\t\t\t\t<\/div>\n\t\t\t\t<\/div>\n\t\t\t\t<\/div>\n\t\t\t\t<\/div>\n\t\t\t\t\t<\/div>\n\t\t\t\t<\/div>\n\t\t\t\t<\/div>\n\t\t","protected":false},"excerpt":{"rendered":"<p>Direito Tribut\u00e1rio &#8211; P\u00f3s SOBRE O CURSO PERFIL DO EGRESSO OBJETIVOS CONTE\u00daDO DO CURSO DOWNLOADS Sobre o curso Em um cen\u00e1rio de profundas transforma\u00e7\u00f5es na legisla\u00e7\u00e3o, dominar a \u00e1rea tribut\u00e1ria \u00e9 mais que um diferencial: \u00e9 uma necessidade. A recente Reforma Tribut\u00e1ria (EC 132\/2023) exige profissionais com qualifica\u00e7\u00e3o pr\u00e1tica e estrat\u00e9gica, e \u00e9 exatamente isso [&hellip;]<\/p>\n","protected":false},"author":1,"featured_media":0,"parent":0,"menu_order":0,"comment_status":"closed","ping_status":"closed","template":"","meta":{"footnotes":""},"class_list":["post-3041","page","type-page","status-publish","hentry"],"_links":{"self":[{"href":"https:\/\/unifacp.edu.br\/Home-page\/wp-json\/wp\/v2\/pages\/3041","targetHints":{"allow":["GET"]}}],"collection":[{"href":"https:\/\/unifacp.edu.br\/Home-page\/wp-json\/wp\/v2\/pages"}],"about":[{"href":"https:\/\/unifacp.edu.br\/Home-page\/wp-json\/wp\/v2\/types\/page"}],"author":[{"embeddable":true,"href":"https:\/\/unifacp.edu.br\/Home-page\/wp-json\/wp\/v2\/users\/1"}],"replies":[{"embeddable":true,"href":"https:\/\/unifacp.edu.br\/Home-page\/wp-json\/wp\/v2\/comments?post=3041"}],"version-history":[{"count":0,"href":"https:\/\/unifacp.edu.br\/Home-page\/wp-json\/wp\/v2\/pages\/3041\/revisions"}],"wp:attachment":[{"href":"https:\/\/unifacp.edu.br\/Home-page\/wp-json\/wp\/v2\/media?parent=3041"}],"curies":[{"name":"wp","href":"https:\/\/api.w.org\/{rel}","templated":true}]}}