{"id":414,"date":"2025-03-13T13:11:38","date_gmt":"2025-03-13T13:11:38","guid":{"rendered":"https:\/\/unifacp.edu.br\/?page_id=414"},"modified":"2026-02-25T13:20:45","modified_gmt":"2026-02-25T13:20:45","slug":"biblioteca","status":"publish","type":"page","link":"https:\/\/unifacp.edu.br\/Home-page\/biblioteca\/","title":{"rendered":"Biblioteca"},"content":{"rendered":"\t\t<div data-elementor-type=\"wp-page\" data-elementor-id=\"414\" class=\"elementor elementor-414\" data-elementor-post-type=\"page\">\n\t\t\t\t<div class=\"elementor-element elementor-element-d393857 e-flex e-con-boxed e-con e-parent\" data-id=\"d393857\" data-element_type=\"container\" data-e-type=\"container\">\n\t\t\t\t\t<div class=\"e-con-inner\">\n\t\t<div class=\"elementor-element elementor-element-7bfe1ad e-con-full e-flex e-con e-child\" data-id=\"7bfe1ad\" data-element_type=\"container\" data-e-type=\"container\">\n\t\t\t\t<div class=\"elementor-element elementor-element-6bea497 elementor-widget elementor-widget-image\" data-id=\"6bea497\" data-element_type=\"widget\" data-e-type=\"widget\" data-widget_type=\"image.default\">\n\t\t\t\t<div class=\"elementor-widget-container\">\n\t\t\t\t\t\t\t\t\t\t\t\t\t\t\t<img fetchpriority=\"high\" decoding=\"async\" width=\"1280\" height=\"450\" src=\"https:\/\/unifacp.edu.br\/wp-content\/uploads\/2025\/03\/1-2.png\" class=\"attachment-full size-full wp-image-418\" alt=\"Banner Biblioteca\" srcset=\"https:\/\/unifacp.edu.br\/wp-content\/uploads\/2025\/03\/1-2.png 1280w, https:\/\/unifacp.edu.br\/wp-content\/uploads\/2025\/03\/1-2-300x105.png 300w, https:\/\/unifacp.edu.br\/wp-content\/uploads\/2025\/03\/1-2-1024x360.png 1024w, https:\/\/unifacp.edu.br\/wp-content\/uploads\/2025\/03\/1-2-768x270.png 768w\" sizes=\"(max-width: 1280px) 100vw, 1280px\" \/>\t\t\t\t\t\t\t\t\t\t\t\t\t\t\t<\/div>\n\t\t\t\t<\/div>\n\t\t\t\t<\/div>\n\t\t<div class=\"elementor-element elementor-element-dae681a e-con-full e-flex e-con e-child\" data-id=\"dae681a\" data-element_type=\"container\" data-e-type=\"container\">\n\t\t<div class=\"elementor-element elementor-element-e5bd479 e-con-full e-flex e-con e-child\" data-id=\"e5bd479\" data-element_type=\"container\" data-e-type=\"container\" data-settings=\"{&quot;background_background&quot;:&quot;classic&quot;}\">\n\t\t\t\t<div class=\"elementor-element elementor-element-ecdd71a elementor-widget elementor-widget-heading\" data-id=\"ecdd71a\" data-element_type=\"widget\" data-e-type=\"widget\" data-widget_type=\"heading.default\">\n\t\t\t\t<div class=\"elementor-widget-container\">\n\t\t\t\t\t<h2 class=\"elementor-heading-title elementor-size-default\">Sobre a biblioteca<\/h2>\t\t\t\t<\/div>\n\t\t\t\t<\/div>\n\t\t\t\t<\/div>\n\t\t<div class=\"elementor-element elementor-element-6543f8d e-con-full e-flex e-con e-child\" data-id=\"6543f8d\" data-element_type=\"container\" data-e-type=\"container\">\n\t\t<div class=\"elementor-element elementor-element-cdb73a8 e-flex e-con-boxed e-con e-child\" data-id=\"cdb73a8\" data-element_type=\"container\" data-e-type=\"container\">\n\t\t\t\t\t<div class=\"e-con-inner\">\n\t\t\t\t<div class=\"elementor-element elementor-element-8afc8a4 elementor-widget elementor-widget-text-editor\" data-id=\"8afc8a4\" data-element_type=\"widget\" data-e-type=\"widget\" data-widget_type=\"text-editor.default\">\n\t\t\t\t<div class=\"elementor-widget-container\">\n\t\t\t\t\t\t\t\t\t<ul><li>A Biblioteca do Centro Universit\u00e1rio Paul\u00ednia \u2013 UNIFACP tem na sua raz\u00e3o de exist\u00eancia atender a todos os alunos e consulentes dos cursos de gradua\u00e7\u00e3o, assim tamb\u00e9m no atendimento ao seu corpo docente, discente e t\u00e9cnico-administrativo.<\/li><li>A biblioteca conta com uma \u00e1rea de 105 m\u00b2 e um acervo que se adequa as necessidades da Institui\u00e7\u00e3o.<\/li><li>O acervo da Biblioteca \u00e9 formado pelas bibliografias b\u00e1sicas e complementar estabelecidas juntamente com a ementa das disciplinas ofertadas pelos cursos.<\/li><li>Contamos com um acervo de 26.338 livros e assinaturas de jornais.<\/li><\/ul>\t\t\t\t\t\t\t\t<\/div>\n\t\t\t\t<\/div>\n\t\t\t\t\t<\/div>\n\t\t\t\t<\/div>\n\t\t\t\t<\/div>\n\t\t\t\t<\/div>\n\t\t<div class=\"elementor-element elementor-element-d9d2bff e-con-full e-flex e-con e-child\" data-id=\"d9d2bff\" data-element_type=\"container\" data-e-type=\"container\">\n\t\t<div class=\"elementor-element elementor-element-5464946 e-con-full e-flex e-con e-child\" data-id=\"5464946\" data-element_type=\"container\" data-e-type=\"container\" data-settings=\"{&quot;background_background&quot;:&quot;classic&quot;}\">\n\t\t\t\t<div class=\"elementor-element elementor-element-fc6fc78 elementor-widget elementor-widget-heading\" data-id=\"fc6fc78\" data-element_type=\"widget\" data-e-type=\"widget\" data-widget_type=\"heading.default\">\n\t\t\t\t<div class=\"elementor-widget-container\">\n\t\t\t\t\t<h2 class=\"elementor-heading-title elementor-size-default\">Tutoriais Biblioteca Digital<\/h2>\t\t\t\t<\/div>\n\t\t\t\t<\/div>\n\t\t\t\t<\/div>\n\t\t<div class=\"elementor-element elementor-element-80748ce e-con-full e-flex e-con e-child\" data-id=\"80748ce\" data-element_type=\"container\" data-e-type=\"container\">\n\t\t<div class=\"elementor-element elementor-element-b440113 e-con-full e-flex e-con e-child\" data-id=\"b440113\" data-element_type=\"container\" data-e-type=\"container\">\n\t\t\t\t<div class=\"elementor-element elementor-element-6fd9f28 elementor-widget elementor-widget-video\" data-id=\"6fd9f28\" data-element_type=\"widget\" data-e-type=\"widget\" data-settings=\"{&quot;youtube_url&quot;:&quot;https:\\\/\\\/youtu.be\\\/ErQvK0y2diA?si=L4olukA97pR5SuA0&quot;,&quot;video_type&quot;:&quot;youtube&quot;,&quot;controls&quot;:&quot;yes&quot;}\" data-widget_type=\"video.default\">\n\t\t\t\t<div class=\"elementor-widget-container\">\n\t\t\t\t\t\t\t<div class=\"elementor-wrapper elementor-open-inline\">\n\t\t\t<div class=\"elementor-video\"><\/div>\t\t<\/div>\n\t\t\t\t\t\t<\/div>\n\t\t\t\t<\/div>\n\t\t\t\t<\/div>\n\t\t<div class=\"elementor-element elementor-element-9f203a7 e-con-full e-flex e-con e-child\" data-id=\"9f203a7\" data-element_type=\"container\" data-e-type=\"container\">\n\t\t\t\t<div class=\"elementor-element elementor-element-ceba914 elementor-widget elementor-widget-video\" data-id=\"ceba914\" data-element_type=\"widget\" data-e-type=\"widget\" data-settings=\"{&quot;youtube_url&quot;:&quot;https:\\\/\\\/youtu.be\\\/z07qE7KN5KA?si=iMcTwked4ZeiPhm5&quot;,&quot;video_type&quot;:&quot;youtube&quot;,&quot;controls&quot;:&quot;yes&quot;}\" data-widget_type=\"video.default\">\n\t\t\t\t<div class=\"elementor-widget-container\">\n\t\t\t\t\t\t\t<div class=\"elementor-wrapper elementor-open-inline\">\n\t\t\t<div class=\"elementor-video\"><\/div>\t\t<\/div>\n\t\t\t\t\t\t<\/div>\n\t\t\t\t<\/div>\n\t\t\t\t<\/div>\n\t\t\t\t<\/div>\n\t\t\t\t<\/div>\n\t\t<div class=\"elementor-element elementor-element-3608d1a e-con-full e-flex e-con e-child\" data-id=\"3608d1a\" data-element_type=\"container\" data-e-type=\"container\">\n\t\t<div class=\"elementor-element elementor-element-8e01773 e-con-full e-flex e-con e-child\" data-id=\"8e01773\" data-element_type=\"container\" data-e-type=\"container\" data-settings=\"{&quot;background_background&quot;:&quot;classic&quot;}\">\n\t\t\t\t<div class=\"elementor-element elementor-element-25e9b53 elementor-widget elementor-widget-heading\" data-id=\"25e9b53\" data-element_type=\"widget\" data-e-type=\"widget\" data-widget_type=\"heading.default\">\n\t\t\t\t<div class=\"elementor-widget-container\">\n\t\t\t\t\t<h2 class=\"elementor-heading-title elementor-size-default\">mais informa\u00e7\u00f5es<\/h2>\t\t\t\t<\/div>\n\t\t\t\t<\/div>\n\t\t\t\t<\/div>\n\t\t<div class=\"elementor-element elementor-element-a979093 e-con-full e-flex e-con e-child\" data-id=\"a979093\" data-element_type=\"container\" data-e-type=\"container\">\n\t\t\t\t<div class=\"elementor-element elementor-element-3ad708f elementor-widget elementor-widget-elementskit-accordion\" data-id=\"3ad708f\" data-element_type=\"widget\" data-e-type=\"widget\" data-widget_type=\"elementskit-accordion.default\">\n\t\t\t\t<div class=\"elementor-widget-container\">\n\t\t\t\t\t<div class=\"ekit-wid-con\" >\n        <div class=\"elementskit-accordion floating-style\" id=\"accordion-69f344e6d5e0d\">\n\n            \n                <div class=\"elementskit-card \">\n                    <div class=\"elementskit-card-header\" id=\"primaryHeading-0-3ad708f\">\n                        <a href=\"#collapse-3d7957b69f344e6d5e0d\" class=\"ekit-accordion--toggler elementskit-btn-link collapsed\" data-ekit-toggle=\"collapse\" data-target=\"#Collapse-3d7957b69f344e6d5e0d\" aria-expanded=\"false\" aria-controls=\"Collapse-3d7957b69f344e6d5e0d\">\n                            \n                            <span class=\"ekit-accordion-title\">Vis\u00e3o e Valores<\/span>\n\n                            \n                                <div class=\"ekit_accordion_icon_group\">\n                                    <div class=\"ekit_accordion_normal_icon\">\n                                        <!-- Normal Icon -->\n\t\t\t\t\t\t\t\t\t\t<i class=\"icon icon-down-arrow1\"><\/i>                                    <\/div>\n\n                                    <div class=\"ekit_accordion_active_icon\">\n                                        <!-- Active Icon -->\n\t\t\t\t\t\t\t\t\t\t<i class=\"icon icon-up-arrow\"><\/i>                                    <\/div>\n                                <\/div>\n\n                            \n                                                    <\/a>\n                    <\/div>\n\n                    <div id=\"Collapse-3d7957b69f344e6d5e0d\" class=\" collapse\" aria-labelledby=\"primaryHeading-0-3ad708f\" data-parent=\"#accordion-69f344e6d5e0d\">\n\n                        <div class=\"elementskit-card-body ekit-accordion--content\">\n                            <p><strong>VIS\u00c3O<\/strong><\/p><p>\u201cOferecer, como diferencial, excel\u00eancia no atendimento aos seus usu\u00e1rios\u201d.<\/p><p><strong>VALORES<\/strong><\/p><p>\u2022 A excel\u00eancia no atendimento \u00e9 o principal alvo;<br \/>\u2022 O usu\u00e1rio n\u00e3o deve ficar sem retorno;<br \/>\u2022 Consulta local de livre acesso;<br \/>\u2022 A Biblioteca faz parte do processo educativo;<br \/>\u2022 A Biblioteca \u00e9 um organismo em constante crescimento;<br \/>\u2022 A equipe deve buscar atrav\u00e9s de uma rela\u00e7\u00e3o solid\u00e1ria, transparente e \u00e9tica que promova o acesso aos materiais do acervo da biblioteca a todos os usu\u00e1rios.<\/p>                        <\/div>\n\n                    <\/div>\n\n                <\/div><!-- .elementskit-card END -->\n\n                \n                <div class=\"elementskit-card \">\n                    <div class=\"elementskit-card-header\" id=\"primaryHeading-1-3ad708f\">\n                        <a href=\"#collapse-d5aa8fb69f344e6d5e0d\" class=\"ekit-accordion--toggler elementskit-btn-link collapsed\" data-ekit-toggle=\"collapse\" data-target=\"#Collapse-d5aa8fb69f344e6d5e0d\" aria-expanded=\"false\" aria-controls=\"Collapse-d5aa8fb69f344e6d5e0d\">\n                            \n                            <span class=\"ekit-accordion-title\">\u00c1reas de Abrang\u00eancia<\/span>\n\n                            \n                                <div class=\"ekit_accordion_icon_group\">\n                                    <div class=\"ekit_accordion_normal_icon\">\n                                        <!-- Normal Icon -->\n\t\t\t\t\t\t\t\t\t\t<i class=\"icon icon-down-arrow1\"><\/i>                                    <\/div>\n\n                                    <div class=\"ekit_accordion_active_icon\">\n                                        <!-- Active Icon -->\n\t\t\t\t\t\t\t\t\t\t<i class=\"icon icon-up-arrow\"><\/i>                                    <\/div>\n                                <\/div>\n\n                            \n                                                    <\/a>\n                    <\/div>\n\n                    <div id=\"Collapse-d5aa8fb69f344e6d5e0d\" class=\" collapse\" aria-labelledby=\"primaryHeading-1-3ad708f\" data-parent=\"#accordion-69f344e6d5e0d\">\n\n                        <div class=\"elementskit-card-body ekit-accordion--content\">\n                            <p>Os materiais dispon\u00edveis est\u00e3o correlatados \u00e0s \u00e1reas de atua\u00e7\u00e3o da Faculdade, \u00e0s \u00e1reas inter-relacionadas ou de assuntos gerais. Visando como objetivo principal o apoio \u00e0s atividades de estudo de ensino e pesquisa. S\u00e3o estas:<\/p><p>\u2022 Administra\u00e7\u00e3o;<br \/>\u2022 Direito;<br \/>\u2022 Pedagogia;<br \/>\u2022 Ci\u00eancias Cont\u00e1beis;<br \/>\u2022 Enfermagem;<br \/>\u2022 Educa\u00e7\u00e3o F\u00edsica;<br \/>\u2022 Engenharia da Produ\u00e7\u00e3o;<br \/>\u2022 Engenharia Mec\u00e2nica;<br \/>\u2022 Engenharia Civil;<br \/>\u2022 Engenharia de Controle e Automa\u00e7\u00e3o;<br \/>\u2022 Engenharia Qu\u00edmica;<br \/>\u2022 Psicologia;<br \/>\u2022 Qu\u00edmica;<br \/>\u2022 Farm\u00e1cia;<br \/>\u2022 Medicina Veterin\u00e1ria;<br \/>\u2022 Tecnologia em Gest\u00e3o Ambiental;<br \/>\u2022 Tecnologia em Log\u00edstica;<br \/>\u2022 Tecnologia em Recursos Humanos;<br \/>\u2022 Tecnologia da Gest\u00e3o da Qualidade;<br \/>\u2022 Tecnologia em Processos Gerenciais<br \/>\u2022 Tecnologia em Gest\u00e3o Financeira.<\/p>                        <\/div>\n\n                    <\/div>\n\n                <\/div><!-- .elementskit-card END -->\n\n                \n                <div class=\"elementskit-card \">\n                    <div class=\"elementskit-card-header\" id=\"primaryHeading-2-3ad708f\">\n                        <a href=\"#collapse-4327f9569f344e6d5e0d\" class=\"ekit-accordion--toggler elementskit-btn-link collapsed\" data-ekit-toggle=\"collapse\" data-target=\"#Collapse-4327f9569f344e6d5e0d\" aria-expanded=\"false\" aria-controls=\"Collapse-4327f9569f344e6d5e0d\">\n                            \n                            <span class=\"ekit-accordion-title\">Acervo<\/span>\n\n                            \n                                <div class=\"ekit_accordion_icon_group\">\n                                    <div class=\"ekit_accordion_normal_icon\">\n                                        <!-- Normal Icon -->\n\t\t\t\t\t\t\t\t\t\t<i class=\"icon icon-down-arrow1\"><\/i>                                    <\/div>\n\n                                    <div class=\"ekit_accordion_active_icon\">\n                                        <!-- Active Icon -->\n\t\t\t\t\t\t\t\t\t\t<i class=\"icon icon-up-arrow\"><\/i>                                    <\/div>\n                                <\/div>\n\n                            \n                                                    <\/a>\n                    <\/div>\n\n                    <div id=\"Collapse-4327f9569f344e6d5e0d\" class=\" collapse\" aria-labelledby=\"primaryHeading-2-3ad708f\" data-parent=\"#accordion-69f344e6d5e0d\">\n\n                        <div class=\"elementskit-card-body ekit-accordion--content\">\n                            <p>O acervo da Biblioteca \u00e9 composto, dentre outros, pelos seguintes tipos de materiais bibliogr\u00e1ficos:<\/p><p>\u2022 obras de refer\u00eancia;<br \/>\u2022 livros;<br \/>\u2022 publica\u00e7\u00f5es dos professores da UNIFACP;<br \/>\u2022 trabalhos acad\u00eamicos (teses, disserta\u00e7\u00f5es e monografias) Reposit\u00f3rio Institucional e bases de dados.<\/p><p>A consulta ao acervo poder\u00e1 ser feita atrav\u00e9s de cat\u00e1logos no portal acad\u00eamico \u00e1rea do aluno por (autor, t\u00edtulo e assuntos) ou no balc\u00e3o de atendimento.<\/p>                        <\/div>\n\n                    <\/div>\n\n                <\/div><!-- .elementskit-card END -->\n\n                \n                <div class=\"elementskit-card \">\n                    <div class=\"elementskit-card-header\" id=\"primaryHeading-3-3ad708f\">\n                        <a href=\"#collapse-824549569f344e6d5e0d\" class=\"ekit-accordion--toggler elementskit-btn-link collapsed\" data-ekit-toggle=\"collapse\" data-target=\"#Collapse-824549569f344e6d5e0d\" aria-expanded=\"false\" aria-controls=\"Collapse-824549569f344e6d5e0d\">\n                            \n                            <span class=\"ekit-accordion-title\">Servi\u00e7os<\/span>\n\n                            \n                                <div class=\"ekit_accordion_icon_group\">\n                                    <div class=\"ekit_accordion_normal_icon\">\n                                        <!-- Normal Icon -->\n\t\t\t\t\t\t\t\t\t\t<i class=\"icon icon-down-arrow1\"><\/i>                                    <\/div>\n\n                                    <div class=\"ekit_accordion_active_icon\">\n                                        <!-- Active Icon -->\n\t\t\t\t\t\t\t\t\t\t<i class=\"icon icon-up-arrow\"><\/i>                                    <\/div>\n                                <\/div>\n\n                            \n                                                    <\/a>\n                    <\/div>\n\n                    <div id=\"Collapse-824549569f344e6d5e0d\" class=\" collapse\" aria-labelledby=\"primaryHeading-3-3ad708f\" data-parent=\"#accordion-69f344e6d5e0d\">\n\n                        <div class=\"elementskit-card-body ekit-accordion--content\">\n                            <p>Entre os diferentes servi\u00e7os oferecidos, destaca-se:<br \/>\u2022 a pesquisa bibliogr\u00e1fica local;<br \/>\u2022 o levantamento em bases de dados especiais;<br \/>\u2022 o apoio metodol\u00f3gico \u00e0 pesquisa;<br \/>\u2022 o espa\u00e7o para consulta local;<br \/>\u2022 o empr\u00e9stimo domiciliar de materiais bibliogr\u00e1ficos;<br \/>\u2022 o interc\u00e2mbio bibliogr\u00e1fico com outras bibliotecas;<\/p>                        <\/div>\n\n                    <\/div>\n\n                <\/div><!-- .elementskit-card END -->\n\n                \n                <div class=\"elementskit-card \">\n                    <div class=\"elementskit-card-header\" id=\"primaryHeading-4-3ad708f\">\n                        <a href=\"#collapse-3aa9af569f344e6d5e0d\" class=\"ekit-accordion--toggler elementskit-btn-link collapsed\" data-ekit-toggle=\"collapse\" data-target=\"#Collapse-3aa9af569f344e6d5e0d\" aria-expanded=\"false\" aria-controls=\"Collapse-3aa9af569f344e6d5e0d\">\n                            \n                            <span class=\"ekit-accordion-title\">Inscri\u00e7\u00e3o<\/span>\n\n                            \n                                <div class=\"ekit_accordion_icon_group\">\n                                    <div class=\"ekit_accordion_normal_icon\">\n                                        <!-- Normal Icon -->\n\t\t\t\t\t\t\t\t\t\t<i class=\"icon icon-down-arrow1\"><\/i>                                    <\/div>\n\n                                    <div class=\"ekit_accordion_active_icon\">\n                                        <!-- Active Icon -->\n\t\t\t\t\t\t\t\t\t\t<i class=\"icon icon-up-arrow\"><\/i>                                    <\/div>\n                                <\/div>\n\n                            \n                                                    <\/a>\n                    <\/div>\n\n                    <div id=\"Collapse-3aa9af569f344e6d5e0d\" class=\" collapse\" aria-labelledby=\"primaryHeading-4-3ad708f\" data-parent=\"#accordion-69f344e6d5e0d\">\n\n                        <div class=\"elementskit-card-body ekit-accordion--content\">\n                            <p>O corpo docente, os discentes e os funcion\u00e1rios est\u00e3o inscritos na biblioteca e dever\u00e3o realizar os empr\u00e9stimos pessoalmente (no caso dos discentes, \u00e9 imprescind\u00edvel o RA e um documento de identidade.<\/p>                        <\/div>\n\n                    <\/div>\n\n                <\/div><!-- .elementskit-card END -->\n\n                \n                <div class=\"elementskit-card \">\n                    <div class=\"elementskit-card-header\" id=\"primaryHeading-5-3ad708f\">\n                        <a href=\"#collapse-b1eba8369f344e6d5e0d\" class=\"ekit-accordion--toggler elementskit-btn-link collapsed\" data-ekit-toggle=\"collapse\" data-target=\"#Collapse-b1eba8369f344e6d5e0d\" aria-expanded=\"false\" aria-controls=\"Collapse-b1eba8369f344e6d5e0d\">\n                            \n                            <span class=\"ekit-accordion-title\">Consulta<\/span>\n\n                            \n                                <div class=\"ekit_accordion_icon_group\">\n                                    <div class=\"ekit_accordion_normal_icon\">\n                                        <!-- Normal Icon -->\n\t\t\t\t\t\t\t\t\t\t<i class=\"icon icon-down-arrow1\"><\/i>                                    <\/div>\n\n                                    <div class=\"ekit_accordion_active_icon\">\n                                        <!-- Active Icon -->\n\t\t\t\t\t\t\t\t\t\t<i class=\"icon icon-up-arrow\"><\/i>                                    <\/div>\n                                <\/div>\n\n                            \n                                                    <\/a>\n                    <\/div>\n\n                    <div id=\"Collapse-b1eba8369f344e6d5e0d\" class=\" collapse\" aria-labelledby=\"primaryHeading-5-3ad708f\" data-parent=\"#accordion-69f344e6d5e0d\">\n\n                        <div class=\"elementskit-card-body ekit-accordion--content\">\n                            <p>O usu\u00e1rio tem acesso ao acervo ap\u00f3s a libera\u00e7\u00e3o no balc\u00e3o de atendimento.<\/p>                        <\/div>\n\n                    <\/div>\n\n                <\/div><!-- .elementskit-card END -->\n\n                \n                <div class=\"elementskit-card \">\n                    <div class=\"elementskit-card-header\" id=\"primaryHeading-6-3ad708f\">\n                        <a href=\"#collapse-ef1819969f344e6d5e0d\" class=\"ekit-accordion--toggler elementskit-btn-link collapsed\" data-ekit-toggle=\"collapse\" data-target=\"#Collapse-ef1819969f344e6d5e0d\" aria-expanded=\"false\" aria-controls=\"Collapse-ef1819969f344e6d5e0d\">\n                            \n                            <span class=\"ekit-accordion-title\">Empr\u00e9stimo<\/span>\n\n                            \n                                <div class=\"ekit_accordion_icon_group\">\n                                    <div class=\"ekit_accordion_normal_icon\">\n                                        <!-- Normal Icon -->\n\t\t\t\t\t\t\t\t\t\t<i class=\"icon icon-down-arrow1\"><\/i>                                    <\/div>\n\n                                    <div class=\"ekit_accordion_active_icon\">\n                                        <!-- Active Icon -->\n\t\t\t\t\t\t\t\t\t\t<i class=\"icon icon-up-arrow\"><\/i>                                    <\/div>\n                                <\/div>\n\n                            \n                                                    <\/a>\n                    <\/div>\n\n                    <div id=\"Collapse-ef1819969f344e6d5e0d\" class=\" collapse\" aria-labelledby=\"primaryHeading-6-3ad708f\" data-parent=\"#accordion-69f344e6d5e0d\">\n\n                        <div class=\"elementskit-card-body ekit-accordion--content\">\n                            <p>Para a retirada ou devolu\u00e7\u00e3o de qualquer material, o usu\u00e1rio deve comparecer ao balc\u00e3o de atendimento, estar com sua situa\u00e7\u00e3o regularizada junto \u00e0 Institui\u00e7\u00e3o, n\u00e3o deve possuir material em atraso e multas na biblioteca.<\/p><p>Os alunos em d\u00e9bito e\/ou pend\u00eancias com a Biblioteca ficar\u00e3o impedidos de retirar\/renovar e\/ou reservar qualquer tipo de material. As pend\u00eancias de multas devem ser quitadas no setor da institui\u00e7\u00e3o (Tesouraria) portando do recibo emitido pela biblioteca e o comprovante de pagamento deve ser entregue na biblioteca para baixa no sistema.<\/p><p><strong>Empr\u00e9stimo m\u00e1ximo por usu\u00e1rio<\/strong><\/p><p>O empr\u00e9stimo \u00e9 pessoal e intransfer\u00edvel direcionado aos alunos, professores e funcion\u00e1rios.<\/p><p>\u00c9 facultado o empr\u00e9stimo de at\u00e9 03 (tr\u00eas) volumes de cada vez, com o prazo de 07 (sete) dias corridos, sendo que a renova\u00e7\u00e3o dar-se-\u00e1 desde que n\u00e3o haja procura pelo mesmo t\u00edtulo por parte de outro usu\u00e1rio, cuja devolu\u00e7\u00e3o deve ser feita somente na biblioteca e dentro do prazo estipulado.<\/p><p>A devolu\u00e7\u00e3o dos livros deve ser feita no balc\u00e3o de empr\u00e9stimo e nunca nas estantes.<\/p><p>Materiais com atraso na devolu\u00e7\u00e3o, somente ser\u00e3o recebidos mediante o pagamento da respectiva multa na tesouraria.<\/p><p>Obras de refer\u00eancia como enciclop\u00e9dia e dicion\u00e1rios, s\u00f3 poder\u00e3o ser retirados nos seguintes casos:<br \/>1. Utiliza\u00e7\u00e3o durante as provas;<br \/>2. Empr\u00e9stimo para fotoc\u00f3pias;<br \/>3. Nestes casos a devolu\u00e7\u00e3o dever\u00e1 ser feita no mesmo dia da retirada.<\/p><p>\u00a0<strong>Renova\u00e7\u00e3o<\/strong><\/p><p>A renova\u00e7\u00e3o poder\u00e1 ser feita somente se o usu\u00e1rio n\u00e3o estiver com pend\u00eancia de entrega de livros ou com multas.<br \/>Podendo ser feita atrav\u00e9s do portal acad\u00eamico no sistema de biblioteca ou no balc\u00e3o de atendimento com as obras em m\u00e3os, sabendo que a renova\u00e7\u00e3o n\u00e3o ser\u00e1 efetuada caso o usu\u00e1rio tenha qualquer pend\u00eancia junto \u00e0 Faculdade ou livros em atrasos.<\/p><p><strong>EMPR\u00c9STIMO M\u00c1XIMO POR USU\u00c1RIO:<\/strong><br \/>\u2022 Professores: 3 t\u00edtulos por 30 dias;<br \/>\u2022 Alunos de Gradua\u00e7\u00e3o: 3 t\u00edtulos por 7 dias;<br \/>\u2022 Alunos de P\u00f3s-Gradua\u00e7\u00e3o:\u00a03 t\u00edtulos por 7 dias;<\/p><p>Para o empr\u00e9stimo de material \u00e9 necess\u00e1rio ter v\u00ednculo acad\u00eamico na institui\u00e7\u00e3o.<\/p><p><strong>N\u00e3o ser\u00e3o emprestados<\/strong><\/p><p>Obras destinadas apenas para consulta (com a identifica\u00e7\u00e3o azul) e dois t\u00edtulos iguais com edi\u00e7\u00f5es volume e ano;<br \/>O material retirado para consulta local, dever\u00e1 ser devolvido \u00e0 Biblioteca no mesmo dia da consulta. (Este material \u00e9 indicado por uma etiqueta azul, na lombada da obra ou informado pelo atendente que \u00e9 destinado somente para consulta);<\/p>                        <\/div>\n\n                    <\/div>\n\n                <\/div><!-- .elementskit-card END -->\n\n                \n                <div class=\"elementskit-card \">\n                    <div class=\"elementskit-card-header\" id=\"primaryHeading-7-3ad708f\">\n                        <a href=\"#collapse-7b4d97269f344e6d5e0d\" class=\"ekit-accordion--toggler elementskit-btn-link collapsed\" data-ekit-toggle=\"collapse\" data-target=\"#Collapse-7b4d97269f344e6d5e0d\" aria-expanded=\"false\" aria-controls=\"Collapse-7b4d97269f344e6d5e0d\">\n                            \n                            <span class=\"ekit-accordion-title\">Reserva<\/span>\n\n                            \n                                <div class=\"ekit_accordion_icon_group\">\n                                    <div class=\"ekit_accordion_normal_icon\">\n                                        <!-- Normal Icon -->\n\t\t\t\t\t\t\t\t\t\t<i class=\"icon icon-down-arrow1\"><\/i>                                    <\/div>\n\n                                    <div class=\"ekit_accordion_active_icon\">\n                                        <!-- Active Icon -->\n\t\t\t\t\t\t\t\t\t\t<i class=\"icon icon-up-arrow\"><\/i>                                    <\/div>\n                                <\/div>\n\n                            \n                                                    <\/a>\n                    <\/div>\n\n                    <div id=\"Collapse-7b4d97269f344e6d5e0d\" class=\" collapse\" aria-labelledby=\"primaryHeading-7-3ad708f\" data-parent=\"#accordion-69f344e6d5e0d\">\n\n                        <div class=\"elementskit-card-body ekit-accordion--content\">\n                            <p>As obras que estiverem emprestadas podem ser reservadas, devendo o usu\u00e1rio, ciente da data de devolu\u00e7\u00e3o, retir\u00e1-las no prazo de 2 dias. Ap\u00f3s esta data o livro passar\u00e1 automaticamente para o seguinte na listagem da Reserva (a ordem \u00e9 cronol\u00f3gica). Expirado o prazo, a obra entrar\u00e1 automaticamente em circula\u00e7\u00e3o, ficando dispon\u00edvel para o empr\u00e9stimo imediato a quem a solicitar. As reservas podem ser feitas no sistema da biblioteca no portal acad\u00eamico.<\/p>                        <\/div>\n\n                    <\/div>\n\n                <\/div><!-- .elementskit-card END -->\n\n                \n                <div class=\"elementskit-card \">\n                    <div class=\"elementskit-card-header\" id=\"primaryHeading-8-3ad708f\">\n                        <a href=\"#collapse-9aa076969f344e6d5e0d\" class=\"ekit-accordion--toggler elementskit-btn-link collapsed\" data-ekit-toggle=\"collapse\" data-target=\"#Collapse-9aa076969f344e6d5e0d\" aria-expanded=\"false\" aria-controls=\"Collapse-9aa076969f344e6d5e0d\">\n                            \n                            <span class=\"ekit-accordion-title\">Renova\u00e7\u00e3o<\/span>\n\n                            \n                                <div class=\"ekit_accordion_icon_group\">\n                                    <div class=\"ekit_accordion_normal_icon\">\n                                        <!-- Normal Icon -->\n\t\t\t\t\t\t\t\t\t\t<i class=\"icon icon-down-arrow1\"><\/i>                                    <\/div>\n\n                                    <div class=\"ekit_accordion_active_icon\">\n                                        <!-- Active Icon -->\n\t\t\t\t\t\t\t\t\t\t<i class=\"icon icon-up-arrow\"><\/i>                                    <\/div>\n                                <\/div>\n\n                            \n                                                    <\/a>\n                    <\/div>\n\n                    <div id=\"Collapse-9aa076969f344e6d5e0d\" class=\" collapse\" aria-labelledby=\"primaryHeading-8-3ad708f\" data-parent=\"#accordion-69f344e6d5e0d\">\n\n                        <div class=\"elementskit-card-body ekit-accordion--content\">\n                            <p>Os empr\u00e9stimos podem ser renovados consecutivamente desde que n\u00e3o tenha sido reservada por outro leitor.<\/p><p>A renova\u00e7\u00e3o n\u00e3o ser\u00e1 aceita se o material tiver lista de espera ou estiver com atraso na devolu\u00e7\u00e3o.<\/p><p>Em caso de atrasos da obra n\u00e3o ser\u00e1 realizado a renova\u00e7\u00e3o no sistema de biblioteca e nem no balc\u00e3o, precisa devolver a obra, regularizar a situa\u00e7\u00e3o e o pagamento da multa e somente ent\u00e3o poder\u00e1 ser realizada no balc\u00e3o de atendimento um novo empr\u00e9stimo. <br \/>qualquer d\u00favida atrav\u00e9s do e-mail\u00a0biblioteca@facp.com.br\u00a0ou telefone (19) 3874-4035.<\/p>                        <\/div>\n\n                    <\/div>\n\n                <\/div><!-- .elementskit-card END -->\n\n                \n                <div class=\"elementskit-card \">\n                    <div class=\"elementskit-card-header\" id=\"primaryHeading-9-3ad708f\">\n                        <a href=\"#collapse-bfda8eb69f344e6d5e0d\" class=\"ekit-accordion--toggler elementskit-btn-link collapsed\" data-ekit-toggle=\"collapse\" data-target=\"#Collapse-bfda8eb69f344e6d5e0d\" aria-expanded=\"false\" aria-controls=\"Collapse-bfda8eb69f344e6d5e0d\">\n                            \n                            <span class=\"ekit-accordion-title\">Cobran\u00e7a dos Materiais<\/span>\n\n                            \n                                <div class=\"ekit_accordion_icon_group\">\n                                    <div class=\"ekit_accordion_normal_icon\">\n                                        <!-- Normal Icon -->\n\t\t\t\t\t\t\t\t\t\t<i class=\"icon icon-down-arrow1\"><\/i>                                    <\/div>\n\n                                    <div class=\"ekit_accordion_active_icon\">\n                                        <!-- Active Icon -->\n\t\t\t\t\t\t\t\t\t\t<i class=\"icon icon-up-arrow\"><\/i>                                    <\/div>\n                                <\/div>\n\n                            \n                                                    <\/a>\n                    <\/div>\n\n                    <div id=\"Collapse-bfda8eb69f344e6d5e0d\" class=\" collapse\" aria-labelledby=\"primaryHeading-9-3ad708f\" data-parent=\"#accordion-69f344e6d5e0d\">\n\n                        <div class=\"elementskit-card-body ekit-accordion--content\">\n                            <p>O usu\u00e1rio que n\u00e3o devolver os materiais emprestados dentro do prazo estipulado receber\u00e1 uma correspond\u00eancia e\/ou e-mail, que tem por finalidade lembr\u00e1-lo de seu compromisso.<\/p>                        <\/div>\n\n                    <\/div>\n\n                <\/div><!-- .elementskit-card END -->\n\n                \n                <div class=\"elementskit-card \">\n                    <div class=\"elementskit-card-header\" id=\"primaryHeading-10-3ad708f\">\n                        <a href=\"#collapse-f1d4df469f344e6d5e0d\" class=\"ekit-accordion--toggler elementskit-btn-link collapsed\" data-ekit-toggle=\"collapse\" data-target=\"#Collapse-f1d4df469f344e6d5e0d\" aria-expanded=\"false\" aria-controls=\"Collapse-f1d4df469f344e6d5e0d\">\n                            \n                            <span class=\"ekit-accordion-title\">Penalidades<\/span>\n\n                            \n                                <div class=\"ekit_accordion_icon_group\">\n                                    <div class=\"ekit_accordion_normal_icon\">\n                                        <!-- Normal Icon -->\n\t\t\t\t\t\t\t\t\t\t<i class=\"icon icon-down-arrow1\"><\/i>                                    <\/div>\n\n                                    <div class=\"ekit_accordion_active_icon\">\n                                        <!-- Active Icon -->\n\t\t\t\t\t\t\t\t\t\t<i class=\"icon icon-up-arrow\"><\/i>                                    <\/div>\n                                <\/div>\n\n                            \n                                                    <\/a>\n                    <\/div>\n\n                    <div id=\"Collapse-f1d4df469f344e6d5e0d\" class=\" collapse\" aria-labelledby=\"primaryHeading-10-3ad708f\" data-parent=\"#accordion-69f344e6d5e0d\">\n\n                        <div class=\"elementskit-card-body ekit-accordion--content\">\n                            <p><strong>Multa di\u00e1ria de R$ 2,00<\/strong> (dois reais) por exemplar em atraso, ser\u00e1 cobrada dos usu\u00e1rios que ultrapassem o prazo de devolu\u00e7\u00e3o, considerando dias corridos.<\/p><p>Caso o aluno n\u00e3o acertar as multas, ficar\u00e1 suspenso para retirada de livros na Biblioteca.<\/p><p>Extravio ou qualquer dano ao material caber\u00e1 ao usu\u00e1rio providenciar a reposi\u00e7\u00e3o ou indeniza\u00e7\u00e3o \u00e0 biblioteca.<br \/>Os exemplares extraviados ou danificados ser\u00e3o repostos pelos respons\u00e1veis, que ter\u00e3o o prazo de 30 (trinta) dias para tal reposi\u00e7\u00e3o. Decorrido este prazo e n\u00e3o solucionada sua pend\u00eancia, o usu\u00e1rio estar\u00e1 suspenso de todas as modalidades de utiliza\u00e7\u00e3o da Biblioteca, at\u00e9 que sua situa\u00e7\u00e3o seja regularizada.\u00a0<\/p>                        <\/div>\n\n                    <\/div>\n\n                <\/div><!-- .elementskit-card END -->\n\n                \n                <div class=\"elementskit-card \">\n                    <div class=\"elementskit-card-header\" id=\"primaryHeading-11-3ad708f\">\n                        <a href=\"#collapse-31a4b2969f344e6d5e0d\" class=\"ekit-accordion--toggler elementskit-btn-link collapsed\" data-ekit-toggle=\"collapse\" data-target=\"#Collapse-31a4b2969f344e6d5e0d\" aria-expanded=\"false\" aria-controls=\"Collapse-31a4b2969f344e6d5e0d\">\n                            \n                            <span class=\"ekit-accordion-title\">Deveres do Usu\u00e1rio<\/span>\n\n                            \n                                <div class=\"ekit_accordion_icon_group\">\n                                    <div class=\"ekit_accordion_normal_icon\">\n                                        <!-- Normal Icon -->\n\t\t\t\t\t\t\t\t\t\t<i class=\"icon icon-down-arrow1\"><\/i>                                    <\/div>\n\n                                    <div class=\"ekit_accordion_active_icon\">\n                                        <!-- Active Icon -->\n\t\t\t\t\t\t\t\t\t\t<i class=\"icon icon-up-arrow\"><\/i>                                    <\/div>\n                                <\/div>\n\n                            \n                                                    <\/a>\n                    <\/div>\n\n                    <div id=\"Collapse-31a4b2969f344e6d5e0d\" class=\" collapse\" aria-labelledby=\"primaryHeading-11-3ad708f\" data-parent=\"#accordion-69f344e6d5e0d\">\n\n                        <div class=\"elementskit-card-body ekit-accordion--content\">\n                            <p>CONSTITUEM DEVERES DO USU\u00c1RIO, AL\u00c9M DOS J\u00c1 CITADOS NESTE REGULAMENTO:<br \/>\u2022 Observar as instru\u00e7\u00f5es gerais e os avisos afixados nos murais da Biblioteca;<br \/>\u2022 Devolver o material emprestado dentro do prazo estabelecido, pois outros usu\u00e1rios podem estar aguardando a devolu\u00e7\u00e3o;<br \/>\u2022 N\u00e3o recolocar os livros nas estantes ap\u00f3s a utiliza\u00e7\u00e3o;<br \/>\u2022 Respeitar a ordem, a disciplina e o sil\u00eancio em todo recinto;<br \/>\u2022 Preservar o patrim\u00f4nio e o acervo da Institui\u00e7\u00e3o;<br \/>\u2022 Tratar com polidez e respeito os funcion\u00e1rios e demais<br \/>usu\u00e1rios da biblioteca;<br \/>\u2022 N\u00e3o emprestar livros com o RA de outrem;<br \/>\u2022 N\u00e3o manipular os livros de forma inadequada: abertura<br \/>excessiva, n\u00e3o coloc\u00e1-los no ch\u00e3o, n\u00e3o sublinh\u00e1-los, n\u00e3o<br \/>utilizar clips;<br \/>\u2022 N\u00e3o danificar p\u00e1ginas nem arranc\u00e1-las.<\/p>                        <\/div>\n\n                    <\/div>\n\n                <\/div><!-- .elementskit-card END -->\n\n                \n                <div class=\"elementskit-card \">\n                    <div class=\"elementskit-card-header\" id=\"primaryHeading-12-3ad708f\">\n                        <a href=\"#collapse-36900de69f344e6d5e0d\" class=\"ekit-accordion--toggler elementskit-btn-link collapsed\" data-ekit-toggle=\"collapse\" data-target=\"#Collapse-36900de69f344e6d5e0d\" aria-expanded=\"false\" aria-controls=\"Collapse-36900de69f344e6d5e0d\">\n                            \n                            <span class=\"ekit-accordion-title\">Disciplina<\/span>\n\n                            \n                                <div class=\"ekit_accordion_icon_group\">\n                                    <div class=\"ekit_accordion_normal_icon\">\n                                        <!-- Normal Icon -->\n\t\t\t\t\t\t\t\t\t\t<i class=\"icon icon-down-arrow1\"><\/i>                                    <\/div>\n\n                                    <div class=\"ekit_accordion_active_icon\">\n                                        <!-- Active Icon -->\n\t\t\t\t\t\t\t\t\t\t<i class=\"icon icon-up-arrow\"><\/i>                                    <\/div>\n                                <\/div>\n\n                            \n                                                    <\/a>\n                    <\/div>\n\n                    <div id=\"Collapse-36900de69f344e6d5e0d\" class=\" collapse\" aria-labelledby=\"primaryHeading-12-3ad708f\" data-parent=\"#accordion-69f344e6d5e0d\">\n\n                        <div class=\"elementskit-card-body ekit-accordion--content\">\n                            <p>Cabe ressaltar que todos os crit\u00e9rios acima descritos foram elaborados visando um bom relacionamento entre funcion\u00e1rios e usu\u00e1rios.<\/p><p>Existem direitos e deveres, cabendo a cada um de n\u00f3s saber respeit\u00e1-los.<\/p><p>Destacamos que na biblioteca \u00e9 proibido conversar em voz alta, usar o celular e\/ou MP3, fumar, comer, beber, ou fazer ru\u00eddos que atrapalhem a pesquisa de outros usu\u00e1rios.<br \/>Ser\u00e3o mantidas atitudes amigas, por\u00e9m, firmes, para que se conserve um ambiente prop\u00edcio e agrad\u00e1vel \u00e0 leitura.<\/p>                        <\/div>\n\n                    <\/div>\n\n                <\/div><!-- .elementskit-card END -->\n\n                \n                <div class=\"elementskit-card \">\n                    <div class=\"elementskit-card-header\" id=\"primaryHeading-13-3ad708f\">\n                        <a href=\"#collapse-d38f33169f344e6d5e0d\" class=\"ekit-accordion--toggler elementskit-btn-link collapsed\" data-ekit-toggle=\"collapse\" data-target=\"#Collapse-d38f33169f344e6d5e0d\" aria-expanded=\"false\" aria-controls=\"Collapse-d38f33169f344e6d5e0d\">\n                            \n                            <span class=\"ekit-accordion-title\">Arm\u00e1rios e guarda-volumes<\/span>\n\n                            \n                                <div class=\"ekit_accordion_icon_group\">\n                                    <div class=\"ekit_accordion_normal_icon\">\n                                        <!-- Normal Icon -->\n\t\t\t\t\t\t\t\t\t\t<i class=\"icon icon-down-arrow1\"><\/i>                                    <\/div>\n\n                                    <div class=\"ekit_accordion_active_icon\">\n                                        <!-- Active Icon -->\n\t\t\t\t\t\t\t\t\t\t<i class=\"icon icon-up-arrow\"><\/i>                                    <\/div>\n                                <\/div>\n\n                            \n                                                    <\/a>\n                    <\/div>\n\n                    <div id=\"Collapse-d38f33169f344e6d5e0d\" class=\" collapse\" aria-labelledby=\"primaryHeading-13-3ad708f\" data-parent=\"#accordion-69f344e6d5e0d\">\n\n                        <div class=\"elementskit-card-body ekit-accordion--content\">\n                            <p>A biblioteca disponibiliza aos usu\u00e1rios, um arm\u00e1rio guarda-volumes com chave para guardar seus pertences: pastas, bolsas, mochilas, sacolas, fich\u00e1rios, etc.<\/p><ol><li>Os arm\u00e1rios s\u00e3o de uso exclusivo dos usu\u00e1rios somente no per\u00edodo em que se encontrarem na biblioteca;<\/li><li>Para os alunos solicitarem a chave, \u00e9 obrigat\u00f3rio informar o RA e apresentar documento com foto. J\u00e1 os visitantes (ex-alunos e comunidade em geral), dever\u00e3o apresentar um documento de identifica\u00e7\u00e3o com foto;<\/li><li>As chaves ficar\u00e3o em poder dos usu\u00e1rios e ser\u00e3o de sua inteira responsabilidade;<\/li><li>Ao deixar a biblioteca, o usu\u00e1rio dever\u00e1 retirar seu material do arm\u00e1rio e devolver a chave \u00e0 pessoa respons\u00e1vel no balc\u00e3o para a efetiva baixa no sistema;<\/li><li>Em caso de perda da chave, o usu\u00e1rio ser\u00e1 bloqueado no sistema da biblioteca, impossibilitando-o de efetuar empr\u00e9stimos at\u00e9 que sua situa\u00e7\u00e3o seja regularizada. Al\u00e9m disso, dever\u00e1 pagar uma multa de R$20,00 (vinte reais) para a substitui\u00e7\u00e3o do cadeado;<\/li><li>A biblioteca n\u00e3o se responsabiliza pelos objetos deixados nos arm\u00e1rios;<\/li><li>N\u00e3o nos responsabilizamos por objetos deixados no interior dos arm\u00e1rios, e nem por chaves, e objetos pessoais esquecidos no interior da biblioteca;<\/li><li>O uso do estacionamento \u00e9 restrito a funcion\u00e1rios e professores da UNIFACP.<\/li><\/ol>                        <\/div>\n\n                    <\/div>\n\n                <\/div><!-- .elementskit-card END -->\n\n                \n                <div class=\"elementskit-card \">\n                    <div class=\"elementskit-card-header\" id=\"primaryHeading-14-3ad708f\">\n                        <a href=\"#collapse-14106ec69f344e6d5e0d\" class=\"ekit-accordion--toggler elementskit-btn-link collapsed\" data-ekit-toggle=\"collapse\" data-target=\"#Collapse-14106ec69f344e6d5e0d\" aria-expanded=\"false\" aria-controls=\"Collapse-14106ec69f344e6d5e0d\">\n                            \n                            <span class=\"ekit-accordion-title\">Disposi\u00e7\u00f5es Finais<\/span>\n\n                            \n                                <div class=\"ekit_accordion_icon_group\">\n                                    <div class=\"ekit_accordion_normal_icon\">\n                                        <!-- Normal Icon -->\n\t\t\t\t\t\t\t\t\t\t<i class=\"icon icon-down-arrow1\"><\/i>                                    <\/div>\n\n                                    <div class=\"ekit_accordion_active_icon\">\n                                        <!-- Active Icon -->\n\t\t\t\t\t\t\t\t\t\t<i class=\"icon icon-up-arrow\"><\/i>                                    <\/div>\n                                <\/div>\n\n                            \n                                                    <\/a>\n                    <\/div>\n\n                    <div id=\"Collapse-14106ec69f344e6d5e0d\" class=\" collapse\" aria-labelledby=\"primaryHeading-14-3ad708f\" data-parent=\"#accordion-69f344e6d5e0d\">\n\n                        <div class=\"elementskit-card-body ekit-accordion--content\">\n                            <p>\u00a0\u00c9 compromisso da Biblioteca manter o acervo atualizado facilitando o acesso aos usu\u00e1rios.<\/p><p>As sugest\u00f5es sobre os servi\u00e7os prestados ser\u00e3o sempre bem recebidas.<\/p><p>Em caso de d\u00favida ou dificuldade na utiliza\u00e7\u00e3o da Biblioteca recorra aos respons\u00e1veis pelo atendimento, que sempre estar\u00e3o \u00e0 disposi\u00e7\u00e3o para auxili\u00e1-lo.<\/p><p>Lembramos que os livros da Biblioteca s\u00e3o compartilhados por muitos, a expectativa \u00e9 de que os usu\u00e1rios colaborem no sentido de n\u00e3o rasurar, riscar ou fazer anota\u00e7\u00f5es pr\u00f3prias nos livros, bem como observar a data de devolu\u00e7\u00e3o.<\/p>                        <\/div>\n\n                    <\/div>\n\n                <\/div><!-- .elementskit-card END -->\n\n                                        <\/div>\n    <\/div>\t\t\t\t<\/div>\n\t\t\t\t<\/div>\n\t\t\t\t<\/div>\n\t\t\t\t<\/div>\n\t\t<div class=\"elementor-element elementor-element-322210d e-con-full e-flex e-con e-child\" data-id=\"322210d\" data-element_type=\"container\" data-e-type=\"container\">\n\t\t<div class=\"elementor-element elementor-element-e2233b1 e-con-full e-flex e-con e-child\" data-id=\"e2233b1\" data-element_type=\"container\" data-e-type=\"container\" data-settings=\"{&quot;background_background&quot;:&quot;classic&quot;}\">\n\t\t\t\t<div class=\"elementor-element elementor-element-ea7e487 elementor-widget elementor-widget-heading\" data-id=\"ea7e487\" data-element_type=\"widget\" data-e-type=\"widget\" data-widget_type=\"heading.default\">\n\t\t\t\t<div class=\"elementor-widget-container\">\n\t\t\t\t\t<h2 class=\"elementor-heading-title elementor-size-default\">downloads<\/h2>\t\t\t\t<\/div>\n\t\t\t\t<\/div>\n\t\t\t\t<\/div>\n\t\t<div class=\"elementor-element elementor-element-e45261d e-con-full e-flex e-con e-child\" data-id=\"e45261d\" data-element_type=\"container\" data-e-type=\"container\">\n\t\t<div class=\"elementor-element elementor-element-ebdc735 e-con-full e-flex e-con e-child\" data-id=\"ebdc735\" data-element_type=\"container\" data-e-type=\"container\">\n\t\t\t\t<div class=\"elementor-element elementor-element-99ca245 elementor-widget elementor-widget-button\" data-id=\"99ca245\" data-element_type=\"widget\" data-e-type=\"widget\" data-widget_type=\"button.default\">\n\t\t\t\t<div class=\"elementor-widget-container\">\n\t\t\t\t\t\t\t\t\t<div class=\"elementor-button-wrapper\">\n\t\t\t\t\t<a class=\"elementor-button elementor-button-link elementor-size-sm\" href=\"https:\/\/drive.google.com\/file\/d\/1DHxFAtPF0_wgfWOjYYqgdNeY3oGYgnuF\/view?usp=sharing\" target=\"_blank\" rel=\"noopener\">\n\t\t\t\t\t\t<span class=\"elementor-button-content-wrapper\">\n\t\t\t\t\t\t\t\t\t<span class=\"elementor-button-text\">MANUAL PARA ELABORACAO DE TRABALHO ACADEMICO - ARTIGO CIENTIFICO<\/span>\n\t\t\t\t\t<\/span>\n\t\t\t\t\t<\/a>\n\t\t\t\t<\/div>\n\t\t\t\t\t\t\t\t<\/div>\n\t\t\t\t<\/div>\n\t\t\t\t<div class=\"elementor-element elementor-element-2f88e7d elementor-widget elementor-widget-button\" data-id=\"2f88e7d\" data-element_type=\"widget\" data-e-type=\"widget\" data-widget_type=\"button.default\">\n\t\t\t\t<div class=\"elementor-widget-container\">\n\t\t\t\t\t\t\t\t\t<div class=\"elementor-button-wrapper\">\n\t\t\t\t\t<a class=\"elementor-button elementor-button-link elementor-size-sm\" href=\"https:\/\/drive.google.com\/file\/d\/1uQPgptVQ9-M2XP6_cBuK89zVEsfOPPZ_\/view?usp=sharing\" target=\"_blank\" rel=\"noopener\">\n\t\t\t\t\t\t<span class=\"elementor-button-content-wrapper\">\n\t\t\t\t\t\t\t\t\t<span class=\"elementor-button-text\">MANUAL PARA ELABORA\u00c7\u00c3O DE TRABALHO ACAD\u00caMICO- MONOGRAFIA<\/span>\n\t\t\t\t\t<\/span>\n\t\t\t\t\t<\/a>\n\t\t\t\t<\/div>\n\t\t\t\t\t\t\t\t<\/div>\n\t\t\t\t<\/div>\n\t\t\t\t<\/div>\n\t\t\t\t<\/div>\n\t\t\t\t<\/div>\n\t\t<div class=\"elementor-element elementor-element-a0660a5 e-con-full e-flex e-con e-child\" data-id=\"a0660a5\" data-element_type=\"container\" data-e-type=\"container\">\n\t\t<div class=\"elementor-element elementor-element-25b17e4 e-con-full e-flex e-con e-child\" data-id=\"25b17e4\" data-element_type=\"container\" data-e-type=\"container\" data-settings=\"{&quot;background_background&quot;:&quot;classic&quot;}\">\n\t\t\t\t<div class=\"elementor-element elementor-element-f9dbfaf elementor-widget elementor-widget-heading\" data-id=\"f9dbfaf\" data-element_type=\"widget\" data-e-type=\"widget\" data-widget_type=\"heading.default\">\n\t\t\t\t<div class=\"elementor-widget-container\">\n\t\t\t\t\t<h2 class=\"elementor-heading-title elementor-size-default\">mais informa\u00e7\u00f5es<\/h2>\t\t\t\t<\/div>\n\t\t\t\t<\/div>\n\t\t\t\t<\/div>\n\t\t<div class=\"elementor-element elementor-element-6d0f656 e-con-full e-flex e-con e-child\" data-id=\"6d0f656\" data-element_type=\"container\" data-e-type=\"container\">\n\t\t\t\t<div class=\"elementor-element elementor-element-a323569 elementor-widget elementor-widget-elementskit-accordion\" data-id=\"a323569\" data-element_type=\"widget\" data-e-type=\"widget\" data-widget_type=\"elementskit-accordion.default\">\n\t\t\t\t<div class=\"elementor-widget-container\">\n\t\t\t\t\t<div class=\"ekit-wid-con\" >\n        <div class=\"elementskit-accordion floating-style\" id=\"accordion-69f344e6d9f01\">\n\n            \n                <div class=\"elementskit-card \">\n                    <div class=\"elementskit-card-header\" id=\"primaryHeading-0-a323569\">\n                        <a href=\"#collapse-3d7957b69f344e6d9f01\" class=\"ekit-accordion--toggler elementskit-btn-link collapsed\" data-ekit-toggle=\"collapse\" data-target=\"#Collapse-3d7957b69f344e6d9f01\" aria-expanded=\"false\" aria-controls=\"Collapse-3d7957b69f344e6d9f01\">\n                            \n                            <span class=\"ekit-accordion-title\">Amplie Seus Conhecimentos!<\/span>\n\n                            \n                                <div class=\"ekit_accordion_icon_group\">\n                                    <div class=\"ekit_accordion_normal_icon\">\n                                        <!-- Normal Icon -->\n\t\t\t\t\t\t\t\t\t\t<i class=\"icon icon-down-arrow1\"><\/i>                                    <\/div>\n\n                                    <div class=\"ekit_accordion_active_icon\">\n                                        <!-- Active Icon -->\n\t\t\t\t\t\t\t\t\t\t<i class=\"icon icon-up-arrow\"><\/i>                                    <\/div>\n                                <\/div>\n\n                            \n                                                    <\/a>\n                    <\/div>\n\n                    <div id=\"Collapse-3d7957b69f344e6d9f01\" class=\" collapse\" aria-labelledby=\"primaryHeading-0-a323569\" data-parent=\"#accordion-69f344e6d9f01\">\n\n                        <div class=\"elementskit-card-body ekit-accordion--content\">\n                            <p>Para enriquecer seus trabalhos e aprimorar seu conhecimento, agora voc\u00ea pode consultar diretamente do nosso site os principais sites de busca especializados no meio acad\u00eamico, de maneira gratuita.<\/p><p>O Portal de Peri\u00f3dicos da Capes oferece acesso a textos selecionados em mais de 25.000 publica\u00e7\u00f5es peri\u00f3dicas internacionais e nacionais e \u00e0s mais renomadas publica\u00e7\u00f5es de resumos, cobrindo todas as \u00e1reas do conhecimento.<\/p><p>A base de dados do Scielo concentra publica\u00e7\u00f5es dos principais peri\u00f3dicos e revistas nacionais.<\/p><p>A base de dados internacional do Directory Open Access Journals tamb\u00e9m lista uma s\u00e9rie de publica\u00e7\u00f5es que auxiliam no desenvolvimento de suas pesquisas.<\/p><p>O portal Dom\u00ednio P\u00fablico, do Minist\u00e9rio da Educa\u00e7\u00e3o, disponibiliza obras raras, teses, disserta\u00e7\u00f5es, legisla\u00e7\u00e3o educacional e uma infinidade de outros conte\u00fados que podem ser baixados para seu equipamento ou mesmo lidos online.<\/p><p>Para o pessoal de Qu\u00edmica, s\u00e3o disponibilizados dois links: o primeiro do Conselho Regional de Qu\u00edmica (IV Regi\u00e3o) com uma s\u00e9rie de servi\u00e7os de busca e informa\u00e7\u00e3o. O segundo link \u00e9 da Chemical Education Digital Library, um dos principais sites de educa\u00e7\u00e3o eletr\u00f4nica em Qu\u00edmica.<\/p><p>Al\u00e9m disso, desenvolvemos uma lista de peri\u00f3dicos com acesso gratuito para cada curso em espec\u00edfico.<\/p><ul class=\"wp-block-list\"><li><strong><a href=\"http:\/\/www.periodicos.capes.gov.br\/\" target=\"_blank\" rel=\"noreferrer noopener\">PERIODOCOS CAPES<\/a><\/strong><strong>\u00a0<\/strong>\u2013\u00a0O Portal de Peri\u00f3dicos da Capes \u00e9 uma biblioteca virtual que re\u00fane e disponibiliza a institui\u00e7\u00f5es de ensino e pesquisa no Brasil o melhor da produ\u00e7\u00e3o cient\u00edfica internacional. Ele conta atualmente com um acervo de mais de 35 mil peri\u00f3dicos com texto completo, 130 bases referenciais, 11 bases dedicadas exclusivamente a patentes, al\u00e9m de livros, enciclop\u00e9dias e obras de refer\u00eancia, normas t\u00e9cnicas, estat\u00edsticas e conte\u00fado audiovisual.<\/li><li><strong><a href=\"http:\/\/www.scielo.br\/?lng=pt\" target=\"_blank\" rel=\"noreferrer noopener\">SCIELO<\/a><\/strong><a href=\"http:\/\/www.scielo.br\/?lng=pt\" target=\"_blank\" rel=\"noreferrer noopener\">\u00a0<\/a>\u2013\u00a0A Scientific Electronic Library Online \u2013 SciELO \u00e9 uma biblioteca eletr\u00f4nica que abrange uma cole\u00e7\u00e3o selecionada de peri\u00f3dicos cient\u00edficos brasileiros.<\/li><li><strong><a href=\"http:\/\/www.doaj.org\/doaj?func=browse&amp;uiLanguage=pt\" target=\"_blank\" rel=\"noreferrer noopener\">DOAJ<\/a><\/strong><a href=\"http:\/\/www.doaj.org\/doaj?func=browse&amp;uiLanguage=pt\" target=\"_blank\" rel=\"noreferrer noopener\">\u00a0<\/a>\u2013 Directory Of Open Access Journals<\/li><li><strong><a href=\"http:\/\/www.dominiopublico.gov.br\/pesquisa\/PesquisaObraForm.jsp\" target=\"_blank\" rel=\"noreferrer noopener\">PORTAL DOM\u00cdNIO P\u00daBLICO<\/a><\/strong>\u00a0\u2013\u00a0O \u201cPortal Dom\u00ednio P\u00fablico\u201d, lan\u00e7ado em novembro de 2004 (com um acervo inicial de 500 obras), prop\u00f5e o compartilhamento de conhecimentos de forma equ\u00e2nime, colocando \u00e0 disposi\u00e7\u00e3o de todos os usu\u00e1rios da rede mundial de computadores \u2013 Internet \u2013 uma biblioteca virtual que dever\u00e1 se constituir em refer\u00eancia para professores, alunos, pesquisadores e para a popula\u00e7\u00e3o em geral.<\/li><li><strong><a href=\"https:\/\/www.editorabonijuris.com.br\/\" target=\"_blank\" rel=\"noopener\">EDITORA BONIJURIS<\/a><\/strong><a href=\"https:\/\/www.editorabonijuris.com.br\/\" target=\"_blank\" rel=\"noopener\">\u00a0<\/a>\u2013\u00a0Desde que foi fundado, em 1989, o Instituto de Pesquisas Jur\u00eddicas Bonijuris teve como objetivo principal colocar nas m\u00e3os dos profissionais do Direito a melhor informa\u00e7\u00e3o jur\u00eddica, sempre atualizada.<\/li><li><strong><a href=\"http:\/\/www.crq4.org.br\/\" target=\"_blank\" rel=\"noreferrer noopener\">CONSELHO REGIONAL DE QU\u00cdMICA<\/a><\/strong>\u00a0\u2013\u00a0O Conselho \u00e9 uma autarquia federal criada pela Lei 2.800\/56. Atuando no estado de S\u00e3o Paulo, sua fun\u00e7\u00e3o \u00e9 fiscalizar o trabalho de profissionais e empresas da \u00e1rea da qu\u00edmica.<\/li><\/ul>                        <\/div>\n\n                    <\/div>\n\n                <\/div><!-- .elementskit-card END -->\n\n                \n                <div class=\"elementskit-card \">\n                    <div class=\"elementskit-card-header\" id=\"primaryHeading-1-a323569\">\n                        <a href=\"#collapse-d5aa8fb69f344e6d9f01\" class=\"ekit-accordion--toggler elementskit-btn-link collapsed\" data-ekit-toggle=\"collapse\" data-target=\"#Collapse-d5aa8fb69f344e6d9f01\" aria-expanded=\"false\" aria-controls=\"Collapse-d5aa8fb69f344e6d9f01\">\n                            \n                            <span class=\"ekit-accordion-title\">Ci\u00eancias Cont\u00e1beis<\/span>\n\n                            \n                                <div class=\"ekit_accordion_icon_group\">\n                                    <div class=\"ekit_accordion_normal_icon\">\n                                        <!-- Normal Icon -->\n\t\t\t\t\t\t\t\t\t\t<i class=\"icon icon-down-arrow1\"><\/i>                                    <\/div>\n\n                                    <div class=\"ekit_accordion_active_icon\">\n                                        <!-- Active Icon -->\n\t\t\t\t\t\t\t\t\t\t<i class=\"icon icon-up-arrow\"><\/i>                                    <\/div>\n                                <\/div>\n\n                            \n                                                    <\/a>\n                    <\/div>\n\n                    <div id=\"Collapse-d5aa8fb69f344e6d9f01\" class=\" collapse\" aria-labelledby=\"primaryHeading-1-a323569\" data-parent=\"#accordion-69f344e6d9f01\">\n\n                        <div class=\"elementskit-card-body ekit-accordion--content\">\n                            <ul class=\"wp-block-list\"><li><strong>REVISTA DE CONTABILIDADE &amp; FINAN\u00c7AS \u2013 USP<\/strong>\u00a0\u2013\u00a0<\/li><li><a href=\"http:\/\/www.eac.fea.usp.br\/\" target=\"_blank\" rel=\"noopener\">http:\/\/www.eac.fea.usp.br<\/a><\/li><li>\u00a0<\/li><li><strong>REVISTA DE INFORMA\u00c7\u00d5ES CONT\u00c1BEIS (RIC\/UFPE)<\/strong>\u00a0\u2013<\/li><li>\u00a0<a href=\"http:\/\/www.ufpe.br\/ricontabeis\/index.php\/contabeis\" target=\"_blank\" rel=\"noopener\">http:\/\/www.ufpe.br\/ricontabeis\/index.php\/contabeis<\/a><\/li><li>\u00a0<\/li><li><strong>CONTABILIDADE VISTA &amp; REVISTA<\/strong>\u00a0\u2013\u00a0<\/li><li><a href=\"https:\/\/revistas.face.ufmg.br\/index.php\/contabilidadevistaerevista\/\" target=\"_blank\" rel=\"noopener\">https:\/\/revistas.face.ufmg.br\/index.php\/contabilidadevistaerevista\/<\/a><\/li><li>\u00a0<\/li><li><strong>RACE \u2013 REVISTA DE ADMINISTRA\u00c7\u00c3O, CONTABILIDADE E ECONOMIA\u00a0\u2013<\/strong><\/li><li><a href=\"http:\/\/editora.unoesc.edu.br\/index.php\/race\" target=\"_blank\" rel=\"noopener\">http:\/\/editora.unoesc.edu.br\/index.php\/race<\/a><\/li><li>\u00a0<\/li><li><strong>REVISTA BRASILEIRA DE FINAN\u00c7AS<\/strong>\u00a0\u2013\u00a0<\/li><li><a href=\"http:\/\/www.spell.org.br\/periodicos\/ver\/33\/revista-brasileira-de-financas\" target=\"_blank\" rel=\"noopener\">http:\/\/www.spell.org.br\/periodicos\/ver\/33\/revista-brasileira-de-financas<\/a><\/li><li>\u00a0<\/li><li><strong>REVISTA CONJUNTURA ECON\u00d4MICA\u00a0<\/strong>\u2013<\/li><li><a href=\"http:\/\/www.docpro.com.br\/BibliotecaVirtual\/Conjuntura\/Pesquisalivre.html\" target=\"_blank\" rel=\"noopener\">http:\/\/www.docpro.com.br\/BibliotecaVirtual\/Conjuntura\/Pesquisalivre.html<\/a><\/li><li>\u00a0<\/li><li><strong>INATEL \u2013 INSTITUTO NACIONAL DE TELECOMUNICA\u00c7\u00d5ES\u00a0<\/strong>\u2013<\/li><li><a href=\"http:\/\/www.inatel.br\/home\/\" target=\"_blank\" rel=\"noopener\">http:\/\/www.inatel.br\/home\/<\/a><\/li><li>\u00a0<\/li><li><strong>CFC \u2013 CONSELHO FEDERAL DE CONTABILIDADE\u00a0<\/strong>\u2013\u00a0<\/li><li><a href=\"https:\/\/cfc.org.br\/biblioteca\/\" target=\"_blank\" rel=\"noopener\">https:\/\/cfc.org.br\/biblioteca\/<\/a><\/li><li>\u00a0<\/li><li><strong>REVISTA ERA - <\/strong><\/li><li><a href=\"https:\/\/periodicos.fgv.br\/rae\" target=\"_blank\" rel=\"noopener\">https:\/\/periodicos.fgv.br\/rae<\/a><\/li><\/ul>                        <\/div>\n\n                    <\/div>\n\n                <\/div><!-- .elementskit-card END -->\n\n                \n                <div class=\"elementskit-card \">\n                    <div class=\"elementskit-card-header\" id=\"primaryHeading-2-a323569\">\n                        <a href=\"#collapse-4327f9569f344e6d9f01\" class=\"ekit-accordion--toggler elementskit-btn-link collapsed\" data-ekit-toggle=\"collapse\" data-target=\"#Collapse-4327f9569f344e6d9f01\" aria-expanded=\"false\" aria-controls=\"Collapse-4327f9569f344e6d9f01\">\n                            \n                            <span class=\"ekit-accordion-title\">Com\u00e9rcio Exterior<\/span>\n\n                            \n                                <div class=\"ekit_accordion_icon_group\">\n                                    <div class=\"ekit_accordion_normal_icon\">\n                                        <!-- Normal Icon -->\n\t\t\t\t\t\t\t\t\t\t<i class=\"icon icon-down-arrow1\"><\/i>                                    <\/div>\n\n                                    <div class=\"ekit_accordion_active_icon\">\n                                        <!-- Active Icon -->\n\t\t\t\t\t\t\t\t\t\t<i class=\"icon icon-up-arrow\"><\/i>                                    <\/div>\n                                <\/div>\n\n                            \n                                                    <\/a>\n                    <\/div>\n\n                    <div id=\"Collapse-4327f9569f344e6d9f01\" class=\" collapse\" aria-labelledby=\"primaryHeading-2-a323569\" data-parent=\"#accordion-69f344e6d9f01\">\n\n                        <div class=\"elementskit-card-body ekit-accordion--content\">\n                            <ul class=\"wp-block-list\"><li><strong>ADUANEIRAS INFORMA\u00c7\u00c3O SEM FRONTEIRAS -<\/strong><\/li><li>\u00a0<a href=\"https:\/\/www.aduaneiras.com.br\/\" target=\"_blank\" rel=\"noopener\">https:\/\/www.aduaneiras.com.br\/<\/a><\/li><li>\u00a0<\/li><li><strong>ACAD\u00caMICO<\/strong>\u00a0\u2013\u00a0<\/li><li><a href=\"http:\/\/www.academico.com\/comercio-exterior\" target=\"_blank\" rel=\"noopener\">http:\/\/www.academico.com\/comercio-exterior<\/a><\/li><li>\u00a0<\/li><li><strong>ABTI \u2013 ASSOCIA\u00c7\u00c3O BRASILEIRA DE TRANSPORTADORES INTERNACIONAIS\u00a0\u2013<\/strong><\/li><li><a href=\"http:\/\/www.abti.org.br\/\" target=\"_blank\" rel=\"noopener\">http:\/\/www.abti.org.br\/<\/a><\/li><li>\u00a0<\/li><li><strong>REVISTA COMEX BB\u00a0\u2013\u00a0<\/strong><\/li><li><a href=\"https:\/\/www.comexdobrasil.com\/\" target=\"_blank\" rel=\"noopener\">https:\/\/www.comexdobrasil.com\/<\/a><\/li><li>\u00a0<\/li><li><strong>BANCO CENTRAL DO BRASIL<\/strong>\u00a0\u2013\u00a0<\/li><li><a href=\"https:\/\/www.bcb.gov.br\/\" target=\"_blank\" rel=\"noopener\">https:\/\/www.bcb.gov.br\/<\/a><\/li><li>\u00a0<\/li><li><strong>BOVESPA\u00a0\u2013\u00a0<\/strong><a href=\"http:\/\/www.b3.com.br\/pt_br\/\" target=\"_blank\" rel=\"noopener\">\u00a0<\/a><\/li><li><a href=\"http:\/\/www.b3.com.br\/pt_br\/\" target=\"_blank\" rel=\"noopener\">http:\/\/www.b3.com.br\/pt_br\/<\/a><\/li><li>\u00a0<\/li><li><strong>IBGE\u00a0<\/strong>\u2013\u00a0<\/li><li><a href=\"http:\/\/www.ibge.gov.br\/home\/\" target=\"_blank\" rel=\"noopener\">http:\/\/www.ibge.gov.br\/home\/<\/a><\/li><li>\u00a0<\/li><li><strong>IPEA<\/strong>\u00a0\u2013\u00a0<\/li><li><a href=\"http:\/\/www.ipea.gov.br\/\" target=\"_blank\" rel=\"noopener\">http:\/\/www.ipea.gov.br\/<\/a><\/li><li>\u00a0<\/li><li><strong>INTERNACIONAL MONETARY FUND<\/strong>\u00a0\u2013\u00a0<\/li><li><a href=\"https:\/\/www.imf.org\/external\/index.htm\" target=\"_blank\" rel=\"noopener\">http:\/\/www.imf.org\/external\/index.htm<\/a><\/li><li>\u00a0<\/li><li><strong>FUNCEX REVISTA BRASILEIRA DE COM\u00c9RCIO EXTERIOR \u2013<\/strong><\/li><li><a href=\"https:\/\/www.funcex.org.br\/publicacoes\/rbce\/rbce_publicidade.asp\" target=\"_blank\" rel=\"noopener\">https:\/\/www.funcex.org.br\/publicacoes\/rbce\/rbce_publicidade.asp<\/a><\/li><\/ul>                        <\/div>\n\n                    <\/div>\n\n                <\/div><!-- .elementskit-card END -->\n\n                \n                <div class=\"elementskit-card \">\n                    <div class=\"elementskit-card-header\" id=\"primaryHeading-3-a323569\">\n                        <a href=\"#collapse-824549569f344e6d9f01\" class=\"ekit-accordion--toggler elementskit-btn-link collapsed\" data-ekit-toggle=\"collapse\" data-target=\"#Collapse-824549569f344e6d9f01\" aria-expanded=\"false\" aria-controls=\"Collapse-824549569f344e6d9f01\">\n                            \n                            <span class=\"ekit-accordion-title\">Educa\u00e7\u00e3o F\u00edsica<\/span>\n\n                            \n                                <div class=\"ekit_accordion_icon_group\">\n                                    <div class=\"ekit_accordion_normal_icon\">\n                                        <!-- Normal Icon -->\n\t\t\t\t\t\t\t\t\t\t<i class=\"icon icon-down-arrow1\"><\/i>                                    <\/div>\n\n                                    <div class=\"ekit_accordion_active_icon\">\n                                        <!-- Active Icon -->\n\t\t\t\t\t\t\t\t\t\t<i class=\"icon icon-up-arrow\"><\/i>                                    <\/div>\n                                <\/div>\n\n                            \n                                                    <\/a>\n                    <\/div>\n\n                    <div id=\"Collapse-824549569f344e6d9f01\" class=\" collapse\" aria-labelledby=\"primaryHeading-3-a323569\" data-parent=\"#accordion-69f344e6d9f01\">\n\n                        <div class=\"elementskit-card-body ekit-accordion--content\">\n                            <ul class=\"wp-block-list\"><li><strong><a href=\"https:\/\/bvsalud.org\/\" target=\"_blank\" rel=\"noopener\">BIREME<\/a><\/strong>\u00a0\u2013 O Reposit\u00f3rio de Estrat\u00e9gias de Busca permite a consulta as pesquisas desenvolvidas pela BIREME com temas espec\u00edficos de sa\u00fade.<\/li><li><strong><a href=\"http:\/\/e-revista.unioeste.br\/index.php\/cadernoedfisica\/index#_blank\" target=\"_blank\" rel=\"noopener\">CADERNO DE EDUCA\u00c7\u00c3O F\u00cdSICA E ESPORTE<\/a><\/strong>\u00a0\u2013 \u00e9 uma publica\u00e7\u00e3o dos Colegiados de Educa\u00e7\u00e3o F\u00edsica (Bacharelado e Licenciatura) da Universidade Estadual do Oeste do Paran\u00e1 (UNIOESTE).<\/li><li><strong><a href=\"https:\/\/periodicos.uninove.br\/saude\" target=\"_blank\" rel=\"noopener\">CONSCIENTIAE SA\u00daDE<\/a><\/strong>\u00a0\u2013 Publica\u00e7\u00e3o cient\u00edfica trimestral do Departamento de Ci\u00eancias da Sa\u00fade e pelo Programa de P\u00f3s-Gradua\u00e7\u00e3o- Stricto Sensu- em Ci\u00eancias da Reabilita\u00e7\u00e3o da Universidade Nove de Julho (UNINOVE), cuja miss\u00e3o \u00e9 de car\u00e1ter multidisciplinar, atende tamb\u00e9m as \u00e1reas relevantes Sa\u00fade e Reabilita\u00e7\u00e3o.<\/li><li><strong><a href=\"http:\/\/www.periodicos.uem.br\/ojs\/index.php\/RevEducFis\/index#_blank\" target=\"_blank\" rel=\"noopener\">JOURNAL OF PHYSICAL EDUCATION<\/a><\/strong>\u00a0\u2013 \u00e9 publicada Departamento de Educa\u00e7\u00e3o F\u00edsica da Universidade Estadual de Maring\u00e1-UEM.<\/li><li><strong><a href=\"https:\/\/www.efdeportes.com\/index.php\/EFDeportes#_blank\" target=\"_blank\" rel=\"noopener\">LECTURAS, EDUCACI\u00d3N F\u00cdSICA Y DEPORTES, REVISTA DIGITAL<\/a><\/strong>\u00a0\u2013 Revista sobre temas de Educa\u00e7\u00e3o, Educa\u00e7\u00e3o F\u00edsica, Atividade F\u00edsica e Ci\u00eancias do Esporte e Sa\u00fade Integral. Inclui artigos e v\u00eddeos cient\u00edficos, did\u00e1ticos e de interesse geral em espanhol, portugu\u00eas e ingl\u00eas.<\/li><li><strong><a href=\"http:\/\/www.otseeker.com\/Search\/SearchBuilder.aspx#_blank\" target=\"_blank\" rel=\"noopener\">OSEEKER<\/a><\/strong>\u00a0\u2013 \u00c9 uma base de acesso gratuito que cont\u00e9m pesquisas baseadas em evid\u00eancias, com cobertura das seguintes \u00e1reas do conhecimento: Ci\u00eancias da Sa\u00fade e Terapia Ocupacional. Foi fundada em 2003, idealizada por um grupo de terapeutas ocupacionais na Austr\u00e1lia, com o intuito de coletar, disseminar e classificar evid\u00eancias relacionadas a pr\u00e1tica de Terapia Ocupacional.<\/li><li><strong><a href=\"https:\/\/www.revistas.ufg.br\/fef#_blank\" target=\"_blank\" rel=\"noopener\">PENSAR A PR\u00c1TICA<\/a><\/strong>\u00a0\u2013 peri\u00f3dico cient\u00edfico da Faculdade de Educa\u00e7\u00e3o F\u00edsica e Dan\u00e7a Universidade Federal de Goi\u00e1s.<\/li><li><strong><a href=\"https:\/\/pesquisa.bvsalud.org\/portal\/?lang=pt&amp;home_url=http%3A%2F%2Flilacs.bvsalud.org&amp;home_text=Pesquisa&amp;q=constitui%C3%A7%C3%A3o+subjetiva&amp;submit=#_blank\" target=\"_blank\" rel=\"noopener\">PORTAL DE REVISTAS CIENT\u00cdFICAS EM CI\u00caNCIAS DA SA\u00daDE\/ BIBLIOTECA VIRTUAL EM SA\u00daDE<\/a><\/strong><strong>\u00a0<\/strong>\u2013 A Biblioteca Virtual em Sa\u00fade (BVS) foi estabelecida em 1998 como modelo, estrat\u00e9gia e plataforma operacional de coopera\u00e7\u00e3o t\u00e9cnica da Organiza\u00e7\u00e3o Pan-Americana da Sa\u00fade (OPAS) para gest\u00e3o da informa\u00e7\u00e3o e conhecimento em sa\u00fade na Regi\u00e3o AL&amp;C. A BVS \u00e9 uma Rede constru\u00edda coletivamente e coordenada pela BIREME.<\/li><li><strong><a href=\"http:\/\/rbafs.org.br\/RBAFS\/about#_blank\" target=\"_blank\" rel=\"noopener\">REVISTA BRASILEIRA DE ATIVIDADE F\u00cdSICA &amp; SA\u00daDE<\/a><\/strong>\u00a0\u2013 (RBAFS) \u00e9 o peri\u00f3dico oficial da Sociedade Brasileira de Atividade F\u00edsica &amp; Sa\u00fade, de car\u00e1ter multidisciplinar, com fins de dissemina\u00e7\u00e3o de conte\u00fado cient\u00edfico e educacional, e aceita manuscritos nos seguintes idiomas: portugu\u00eas, espanhol e ingl\u00eas.<\/li><li><strong><a href=\"http:\/\/www.rbceonline.org.br\/#_blank\" target=\"_blank\" rel=\"noopener\">REVISTA BRASILEIRA DE CI\u00caNCIAS DOS ESPORTES (RBCE)<\/a><\/strong>\u00a0\u2013 Publicada sob a responsabilidade do Col\u00e9gio Brasileiro de Ci\u00eancias do Esporte (CBCE), atualmente editada e mantida pelo Programa de P\u00f3s-Gradua\u00e7\u00e3o em Educa\u00e7\u00e3o F\u00edsica da Universidade de Bras\u00edlia (UnB) em parceria com a Elsevier, vem contribuindo com a tarefa de divulgar, mas, tamb\u00e9m, de intervir na produ\u00e7\u00e3o de conhecimento em Educa\u00e7\u00e3o F\u00edsica\/Ci\u00eancias do Esporte.<\/li><li><strong><a href=\"http:\/\/www.rbpfex.com.br\/index.php\/rbpfex#_blank\" target=\"_blank\" rel=\"noopener\">REVISTA BRASILEIRA DE PRESCRI\u00c7\u00c3O E FISIOLOGIA DO EXERC\u00cdCIO (RBPFEX)<\/a><\/strong><strong>\u00a0<\/strong>\u2013 \u00e9 uma publica\u00e7\u00e3o do Instituto Brasileiro de Pesquisa e Ensino em Fisiologia do Exerc\u00edcio (IBPEFEX).<\/li><li><strong><a href=\"https:\/\/revista.aatd.org.ar\/#_blank\" target=\"_blank\" rel=\"noopener\">REVISTA DA ASSOCIA\u00c7\u00c3O ARGENTINA DE TRAUMATOLOGIA<\/a><\/strong>\u00a0\u2013 es una publicaci\u00f3n cient\u00edfica que, desde sus in\u00edcios, ha pretendido ser un punto de refer\u00eancia en el conocimiento dentro del \u00e1mbito de la actividad f\u00edsica y el deporte.<\/li><li><strong><a href=\"https:\/\/www.revistadeeducacaofisica.com\/#_blank\" target=\"_blank\" rel=\"noopener\">REVISTA DE EDUCA\u00c7\u00c3O F\u00cdSICA\/ JOURNAL OF PHYSICAL<\/a><\/strong>\u00a0\u2013 \u00c9 um ve\u00edculo internacional de informa\u00e7\u00f5es relevantes para as ci\u00eancias do esporte e da gest\u00e3o esportiva publicando artigos de alta qualidade. Possui car\u00e1ter multidisciplinar e seu escopo inclui: aspectos fisiol\u00f3gicos, biomec\u00e2nicos, psicol\u00f3gicos, metodol\u00f3gicos, nutricionais e epidemiol\u00f3gicos da pr\u00e1tica de atividade f\u00edsica, abrangendo esportes, exerc\u00edcio e treinamento f\u00edsico, relacionados \u00e0 sa\u00fade e ao aprimoramento da aptid\u00e3o f\u00edsica.<\/li><li><strong><a href=\"http:\/\/www.scielo.br\/scielo.php?script=sci_serial&amp;pid=1980-6574&amp;lng=en&amp;nrm=iso#_blank\" target=\"_blank\" rel=\"noopener\">REVISTA DE EDUCA\u00c7\u00c3O F\u00cdSICA UNESP<\/a><\/strong><strong>\u00a0<\/strong>\u2013 Motriz tem como miss\u00e3o o desenvolvimento de pesquisas cient\u00edficas em Ci\u00eancias do Movimento Humano e \u00e1reas afins, visando contribuir para a discuss\u00e3o e desenvolvimento do conhecimento nessas \u00e1reas. Est\u00e1 classificada na Qualis CAPES (B1).<\/li><li><strong><a href=\"https:\/\/www.rpd-online.com\/#_blank\" target=\"_blank\" rel=\"noopener\">REVISTA DE PSICOLOGIA DEL ESPORTE<\/a><\/strong>\u00a0\u2013 Foi fundada em 1992, e desde ent\u00e3o sua miss\u00e3o tem sido publicar artigos originais de natureza cient\u00edfica que seguiram m\u00e9todos rigorosos e contribuem para o campo da psicologia esportiva.<\/li><li><strong><a href=\"https:\/\/online.unisc.br\/seer\/index.php\/ripsunisc\/issue\/view\/603#_blank\" target=\"_blank\" rel=\"noopener\">REVISTA INTERDISCIPLINAR EM PROMO\u00c7\u00c3O DA SA\u00daDE (RIPS)<\/a><\/strong>\u00a0\u2013 \u00e9 a publica\u00e7\u00e3o oficial do Programa de P\u00f3s-Gradua\u00e7\u00e3o em Promo\u00e7\u00e3o da Sa\u00fade e do Departamento de Ci\u00eancias da Sa\u00fade da Universidade de Santa Cruz do Sul.<\/li><li><strong><a href=\"https:\/\/periodicos.ufsm.br\/index.php\/kinesis#_blank\" target=\"_blank\" rel=\"noopener\">REVISTA KINESIS<\/a><\/strong>\u00a0\u2013 uma publica\u00e7\u00e3o do Centro de Educa\u00e7\u00e3o F\u00edsica e Desportos da Universidade Federal de Santa Maria.<\/li><li><strong><a href=\"http:\/\/editorarevistas.mackenzie.br\/index.php\/remef\/issue\/view\/472#_blank\" target=\"_blank\" rel=\"noopener\">REVISTA MACKENZIE DE EDUCA\u00c7\u00c3O F\u00cdSICA E ESPORTE<\/a><\/strong>\u00a0\u2013 REMEFE \u2013 Revista Mackenzie de Educa\u00e7\u00e3o F\u00edsica e Esporte pretende ser um instrumento democr\u00e1tico de divulga\u00e7\u00e3o da produ\u00e7\u00e3o cient\u00edfica desta \u00e1rea nas suas diversas manifesta\u00e7\u00f5es e linhas de pesquisa, de car\u00e1ter puro ou aplicado.<\/li><li><strong><a href=\"https:\/\/periodicos.ufsc.br\/index.php\/motrivivencia\/index#_blank\" target=\"_blank\" rel=\"noopener\">REVISTA MOTRIVIV\u00caNCIA<\/a><\/strong>\u00a0\u2013 peri\u00f3dico cient\u00edfico do campo do conhecimento que engloba a Educa\u00e7\u00e3o F\u00edsica, Esporte e Lazer.<\/li><li><strong><a href=\"https:\/\/seer.ufrgs.br\/Movimento#_blank\" target=\"_blank\" rel=\"noopener\">REVISTA MOVIMENTO<\/a><\/strong><strong>\u00a0<\/strong>\u2013 \u00e9 uma publica\u00e7\u00e3o cient\u00edfica da Escola de Educa\u00e7\u00e3o F\u00edsica, Fisioterapia e Dan\u00e7a da Universidade Federal do Rio Grande do Sul.<\/li><\/ul>                        <\/div>\n\n                    <\/div>\n\n                <\/div><!-- .elementskit-card END -->\n\n                \n                <div class=\"elementskit-card \">\n                    <div class=\"elementskit-card-header\" id=\"primaryHeading-4-a323569\">\n                        <a href=\"#collapse-3aa9af569f344e6d9f01\" class=\"ekit-accordion--toggler elementskit-btn-link collapsed\" data-ekit-toggle=\"collapse\" data-target=\"#Collapse-3aa9af569f344e6d9f01\" aria-expanded=\"false\" aria-controls=\"Collapse-3aa9af569f344e6d9f01\">\n                            \n                            <span class=\"ekit-accordion-title\">Enfermagem<\/span>\n\n                            \n                                <div class=\"ekit_accordion_icon_group\">\n                                    <div class=\"ekit_accordion_normal_icon\">\n                                        <!-- Normal Icon -->\n\t\t\t\t\t\t\t\t\t\t<i class=\"icon icon-down-arrow1\"><\/i>                                    <\/div>\n\n                                    <div class=\"ekit_accordion_active_icon\">\n                                        <!-- Active Icon -->\n\t\t\t\t\t\t\t\t\t\t<i class=\"icon icon-up-arrow\"><\/i>                                    <\/div>\n                                <\/div>\n\n                            \n                                                    <\/a>\n                    <\/div>\n\n                    <div id=\"Collapse-3aa9af569f344e6d9f01\" class=\" collapse\" aria-labelledby=\"primaryHeading-4-a323569\" data-parent=\"#accordion-69f344e6d9f01\">\n\n                        <div class=\"elementskit-card-body ekit-accordion--content\">\n                            <ul class=\"wp-block-list\"><li><strong><a href=\"https:\/\/portal.coren-sp.gov.br\/links-para-pesquisa-na-area-de-enfermagem\/\" target=\"_blank\" rel=\"noopener\">PORTAL COREN<\/a><\/strong><\/li><li><strong><a href=\"https:\/\/www.scielo.br\/scielo.php?script=sci_serial&amp;pid=0102-311X\" target=\"_blank\" rel=\"noopener\">CADERNOS DE SA\u00daDE P\u00daBLICA<\/a><\/strong><\/li><li><strong><a href=\"https:\/\/periodicos.ufsc.br\/index.php\/cbsm\" target=\"_blank\" rel=\"noopener\">CADERNO BRASILEIRO DE SA\u00daDE MENTAL\/ BRASILIAN JOURNAL OF MENTAL HEALTH<\/a><\/strong><\/li><li><strong><a href=\"https:\/\/www.cienciaesaudecoletiva.com.br\/edicoes\" target=\"_blank\" rel=\"noopener\">CI\u00caNCIA E SA\u00daDE COLETIVA<\/a><\/strong><\/li><li><strong><a href=\"https:\/\/periodicos.uem.br\/ojs\/index.php\/CiencCuidSaude\" target=\"_blank\" rel=\"noopener\">CI\u00caNCIA CUIDADO E SA\u00daDE<\/a><\/strong><\/li><li><strong><a href=\"http:\/\/www.saude.ufpr.br\/portal\/revistacogitare\/\" target=\"_blank\" rel=\"noopener\">COGITARE ENFERMAGEM<\/a><\/strong><\/li><li><strong><a href=\"http:\/\/eean.edu.br\/\" target=\"_blank\" rel=\"noopener\">ESCOLA ANNA NERY REVISTA DE ENFERMAGEM<\/a><\/strong><\/li><li><strong><a href=\"https:\/\/revistas.um.es\/eglobal\/\" target=\"_blank\" rel=\"noopener\">ENFERMERI\u00c1 GLOBAL (REVISTA ESTRANGEIRA)<\/a><\/strong><\/li><li><a href=\"https:\/\/www.revistanursing.com.br\/index.php\/revistanursing\" target=\"_blank\" rel=\"noopener\"><strong>REVISTA NURSING<\/strong><\/a><\/li><li><strong><a href=\"https:\/\/acta-ape.org\/\" target=\"_blank\" rel=\"noopener\">REVISTA ACTA<\/a><\/strong><\/li><li><strong><a href=\"https:\/\/www.scielo.br\/scielo.php?script=sci_serial&amp;pid=1415-790X\" target=\"_blank\" rel=\"noopener\">EPIDEMIOLOGIA<\/a><\/strong><\/li><li><strong><a href=\"https:\/\/www.scielo.br\/scielo.php?script=sci_serial&amp;pid=0034-7167\" target=\"_blank\" rel=\"noopener\">REBEN REVISTA DE ENFERMAGEM<\/a><\/strong><\/li><li><strong><a href=\"https:\/\/rbc.inca.gov.br\/\" target=\"_blank\" rel=\"noopener\">REVISTA BRASILEIRA DE CANCEROLOGIA<\/a><\/strong><\/li><li><strong><a href=\"https:\/\/revistaseletronicas.pucrs.br\/ojs\/index.php\/faenfi\" target=\"_blank\" rel=\"noopener\">CI\u00caNCIA &amp; SA\u00daDE<\/a><\/strong><\/li><li><strong><a href=\"https:\/\/www.scielo.br\/scielo.php?script=sci_serial&amp;pid=1806-0013&amp;lng=en&amp;nrm=iso\" target=\"_blank\" rel=\"noopener\">REVISTA DOR<\/a><\/strong><\/li><li><strong><a href=\"https:\/\/www.revistas.ufg.br\/index.php\/fen\" target=\"_blank\" rel=\"noopener\">REVISTA ELETR\u00d4NICA DE ENFERMAGEM<\/a><\/strong><\/li><li><strong><a href=\"https:\/\/www.e-publicacoes.uerj.br\/index.php\/enfermagemuerj\/index\" target=\"_blank\" rel=\"noopener\">REVISTA ENFERMAGEM UERJ<\/a><\/strong><\/li><li><strong><a href=\"https:\/\/www.e-publicacoes.uerj.br\/index.php\/enfermagemuerj\/index\" target=\"_blank\" rel=\"noopener\">REVISTA ENFERMAGEM (NOVO HAMBURGO)<\/a><\/strong><\/li><li><strong><a href=\"https:\/\/www.ufpe.br\/revistaenfermagem\/index.php\/revista\/login\" target=\"_blank\" rel=\"noopener\">REVISTA ENFERMAGEM UFPE<\/a><\/strong><\/li><li><strong><a href=\"https:\/\/sbgg.org.br\/\" target=\"_blank\" rel=\"noopener\">REVISTA DE GERIATRIA &amp; GERONTOLOGIA<\/a><\/strong><\/li><li><strong><a href=\"https:\/\/revista.sobecc.org.br\/sobecc\" target=\"_blank\" rel=\"noopener\">REVISTA SOBECC<\/a><\/strong><\/li><li><strong><a href=\"https:\/\/www.recien.com.br\/index.php\/Recien\" target=\"_blank\" rel=\"noopener\">REVISTA RECIEN<\/a><\/strong><\/li><li><strong><a href=\"http:\/\/revista.uninga.br\/index.php\/uninga\/about\" target=\"_blank\" rel=\"noopener\">REVISTA UNINGU\u00c1<\/a><\/strong><\/li><li><strong><a href=\"https:\/\/periodicos.ufsc.br\/index.php\/textoecontexto\" target=\"_blank\" rel=\"noopener\">TEXTO E CONTEXTO ENFERMAGEM<\/a><\/strong><\/li><li><strong><a href=\"http:\/\/revistas.mpmcomunicacao.com.br\/index.php\/revistaferidas\/issue\/view\/125\" target=\"_blank\" rel=\"noopener\">REVISTA FERIDAS<\/a><\/strong><\/li><\/ul>                        <\/div>\n\n                    <\/div>\n\n                <\/div><!-- .elementskit-card END -->\n\n                \n                <div class=\"elementskit-card \">\n                    <div class=\"elementskit-card-header\" id=\"primaryHeading-5-a323569\">\n                        <a href=\"#collapse-b1eba8369f344e6d9f01\" class=\"ekit-accordion--toggler elementskit-btn-link collapsed\" data-ekit-toggle=\"collapse\" data-target=\"#Collapse-b1eba8369f344e6d9f01\" aria-expanded=\"false\" aria-controls=\"Collapse-b1eba8369f344e6d9f01\">\n                            \n                            <span class=\"ekit-accordion-title\">Engenharias<\/span>\n\n                            \n                                <div class=\"ekit_accordion_icon_group\">\n                                    <div class=\"ekit_accordion_normal_icon\">\n                                        <!-- Normal Icon -->\n\t\t\t\t\t\t\t\t\t\t<i class=\"icon icon-down-arrow1\"><\/i>                                    <\/div>\n\n                                    <div class=\"ekit_accordion_active_icon\">\n                                        <!-- Active Icon -->\n\t\t\t\t\t\t\t\t\t\t<i class=\"icon icon-up-arrow\"><\/i>                                    <\/div>\n                                <\/div>\n\n                            \n                                                    <\/a>\n                    <\/div>\n\n                    <div id=\"Collapse-b1eba8369f344e6d9f01\" class=\" collapse\" aria-labelledby=\"primaryHeading-5-a323569\" data-parent=\"#accordion-69f344e6d9f01\">\n\n                        <div class=\"elementskit-card-body ekit-accordion--content\">\n                            <ul class=\"wp-block-list\"><li><strong><a href=\"https:\/\/libguides.uakron.edu\/c.php?g=226391\" target=\"_blank\" rel=\"noreferrer noopener\">THE CHEMICAL DATABASE<\/a><\/strong>\u00a0\u2013 The Department of Chemistry at The University of Akron<\/li><li><strong><a href=\"http:\/\/eng.archinform.net\/index.htm\" target=\"_blank\" rel=\"noreferrer noopener\">ARCH INFORM<\/a><\/strong><strong>\u00a0<\/strong>\u2013 Internacional Architecture Database.\u00a0This database for international architecture, originally emerging from records of interesting building projects from architecture students, has meanwhile become the largest online-database about worldwide architects and buildings from past to present.<\/li><li><strong><a href=\"https:\/\/www.maa.org\/\" target=\"_blank\" rel=\"noreferrer noopener\">MATHEMATICAL SCIENCES DIGITAL LIBRARY<\/a><\/strong>\u00a0\u2013 MathDL.\u00a0The Mathematical Association of America is the largest professional society that focuses on mathematics accessible at the undergraduate level.<\/li><li><strong><a href=\"http:\/\/www.architecture.com\/Home.aspx\" target=\"_blank\" rel=\"noreferrer noopener\">RIBA<\/a><\/strong>\u00a0\u2013 Royal Institute of British Architects.\u00a0The Royal Institute of British Architects champions better buildings, communities and the environment through architecture and our members.<\/li><li><strong><a href=\"http:\/\/www.academicjournals.org\/jcect\/index.htm\" target=\"_blank\" rel=\"noreferrer noopener\">ACADEMIC JOURNALS<\/a><\/strong>\u00a0\u2013 Journal of Civil Engineering and Construction Technology.\u00a0Journal of Civil Engineering and Construction Technology (JCECT) is an open access journal that provides rapid publication (monthly) of articles in all areas of the subject such as surveying, environmental engineering, hydrology, soil mechanics, shear moments and forces etc.<\/li><li><strong><a href=\"http:\/\/ascelibrary.org\/journal\/jsendh\" target=\"_blank\" rel=\"noreferrer noopener\">ASCE LIBRARY<\/a><\/strong><strong>\u00a0<\/strong>\u2013 Journal of Structural Engineering.<\/li><\/ul>                        <\/div>\n\n                    <\/div>\n\n                <\/div><!-- .elementskit-card END -->\n\n                \n                <div class=\"elementskit-card \">\n                    <div class=\"elementskit-card-header\" id=\"primaryHeading-6-a323569\">\n                        <a href=\"#collapse-ef1819969f344e6d9f01\" class=\"ekit-accordion--toggler elementskit-btn-link collapsed\" data-ekit-toggle=\"collapse\" data-target=\"#Collapse-ef1819969f344e6d9f01\" aria-expanded=\"false\" aria-controls=\"Collapse-ef1819969f344e6d9f01\">\n                            \n                            <span class=\"ekit-accordion-title\">Engenharia Civil<\/span>\n\n                            \n                                <div class=\"ekit_accordion_icon_group\">\n                                    <div class=\"ekit_accordion_normal_icon\">\n                                        <!-- Normal Icon -->\n\t\t\t\t\t\t\t\t\t\t<i class=\"icon icon-down-arrow1\"><\/i>                                    <\/div>\n\n                                    <div class=\"ekit_accordion_active_icon\">\n                                        <!-- Active Icon -->\n\t\t\t\t\t\t\t\t\t\t<i class=\"icon icon-up-arrow\"><\/i>                                    <\/div>\n                                <\/div>\n\n                            \n                                                    <\/a>\n                    <\/div>\n\n                    <div id=\"Collapse-ef1819969f344e6d9f01\" class=\" collapse\" aria-labelledby=\"primaryHeading-6-a323569\" data-parent=\"#accordion-69f344e6d9f01\">\n\n                        <div class=\"elementskit-card-body ekit-accordion--content\">\n                            <ul class=\"wp-block-list\"><li><strong><a href=\"http:\/\/periodicos.uem.br\/ojs\/index.php\/ActaSciTechnol\/index#_blank\" target=\"_blank\" rel=\"noopener\">ACTA SCIENTIARUM TECHONOLOGY<\/a><\/strong><strong>\u00a0<\/strong>\u2013 \u00c9 publicada pela Editora da Universidade Estadual de Maring\u00e1-Eduem, na modalidade publica\u00e7\u00e3o cont\u00ednua, entre as \u00e1reas de enfoque est\u00e3o Biotecnologia; Bioenergia (enfoque tecnol\u00f3gico); Ci\u00eancias Exatas e da Terra; Engenharias; Ci\u00eancia, Tecnologia e Engenharia de Alimentos e suas sub\u00e1reas.<\/li><li><strong><a href=\"https:\/\/www.cbca-acobrasil.org.br\/site\/revistas.php\" target=\"_blank\" rel=\"noopener\">ARQUITETURA &amp; A\u00c7O<\/a><\/strong>\u00a0\u2013 Publicada pelo CBCA \u2013 Centro Brasileiro da Constru\u00e7\u00e3o em A\u00e7o \u00e9 especializada na divulga\u00e7\u00e3o de obras nacionais que utilizam estrutura de a\u00e7o em sua constru\u00e7\u00e3o, \u00e9 uma publica\u00e7\u00e3o segmentada dirigida a um p\u00fablico tomador de decis\u00e3o, formado por arquitetos, engenheiros, escrit\u00f3rios de projeto e de c\u00e1lculo, construtores, fabricantes, investidores e agentes financeiros. \u00c9 publicada semestralmente.<\/li><li><strong><a href=\"http:\/\/cadernos.set.eesc.usp.br\/index#_blank\" target=\"_blank\" rel=\"noopener\">CADERNOS DE ENGENHARIA DE ESTRUTURAS<\/a><\/strong>\u00a0\u2013 \u00c9 uma revista nacional de divulga\u00e7\u00e3o de produ\u00e7\u00e3o cient\u00edfica e tecnol\u00f3gica relativa \u00e0 engenharia de estruturas, compreendendo estruturas de concreto e alvenaria, estruturas de madeira, estruturas met\u00e1licas, materiais e mec\u00e2nica dos materiais, mec\u00e2nica das estruturas e m\u00e9todos num\u00e9ricos.<\/li><li><strong><a href=\"https:\/\/aguassubterraneas.abas.org\/asubterraneas\/issue\/archive#_blank\" target=\"_blank\" rel=\"noopener\">REVISTA \u00c1GUAS SUBTERR\u00c2NEAS<\/a><\/strong>\u00a0\u2013 \u00c9 uma publica\u00e7\u00e3o da Associa\u00e7\u00e3o Brasileira de \u00c1guas Subterr\u00e2neas \u2013 ABAS \u2013 para divulga\u00e7\u00e3o de artigos cient\u00edficos (originais e in\u00e9ditos) sobre Hidrogeologia e outros temas pertinentes. A Revista \u00c1guas Subterr\u00e2neas \u00e9 um peri\u00f3dico com classifica\u00e7\u00e3o QUALIS Nacional e Internacional.<\/li><li><strong><a href=\"http:\/\/www.seer.ufu.br\/index.php\/revistabrasileiracartografia\/about#_blank\" target=\"_blank\" rel=\"noopener\">REVISTA BRASILEIRA DE CARTOGRAFIA<\/a><\/strong>\u00a0\u2013 \u00c9 um peri\u00f3dico publicado regularmente desde 1970, com abrang\u00eancia nacional e internacional. A RBC tem como miss\u00e3o divulgar avan\u00e7os nos campos da Cartografia &amp; SIG, Cadastro Territorial, Geod\u00e9sia Hidrografia, Fotogrametria e Sensoriamento Remoto.<\/li><li><strong><a href=\"http:\/\/www.scielo.br\/scielo.php?script=sci_serial&amp;pid=0100-0683&amp;lng=en#_blank\" target=\"_blank\" rel=\"noopener\">REVISTA BRASILEIRA DE CI\u00caNCIA DO SOLO<\/a><\/strong>\u00a0\u2013 \u00c9 uma revista de revis\u00e3o por pares, editada pela SBCS para divulgar as contribui\u00e7\u00f5es originais e relevantes sobre os novos conhecimentos nas diferentes \u00e1reas da ci\u00eancia do solo.<\/li><li><strong><a href=\"https:\/\/www.periodicosdeminas.ufmg.br\/periodicos\/ciencia-engenharia-2\/\" target=\"_blank\" rel=\"noopener\">REVISTA CI\u00caNCIA E ENGENHARIA<\/a><\/strong><strong>\u00a0<\/strong>\u2013 \u00e9 publicada pela Universidade Federal de Uberl\u00e2ndia \u2013 UFU e tem como objetivo difundir trabalhos t\u00e9cnicos cient\u00edficos, do pa\u00eds e do exterior, nas \u00e1reas das engenharias: Civil, El\u00e9trica, Mec\u00e2nica e Qu\u00edmica.<\/li><li><strong><a href=\"http:\/\/ibracon.org.br\/Site_revista\/Concreto_Construcoes\/index.php#_blank\" target=\"_blank\" rel=\"noopener\">REVISTA CONCRETO &amp; CONSTRU\u00c7\u00d5ES<\/a><\/strong>\u00a0\u2013 Tem por objetivo de promover a difus\u00e3o de conhecimentos e informa\u00e7\u00f5es atualizadas sobre o bom uso do concreto, contribuindo para a sustentabilidade e para a melhoria da qualidade entre os agentes da cadeia produtiva, em benef\u00edcio do setor construtivo, da qualidade de vida da sociedade e do meio ambiente.<\/li><li><strong><a href=\"https:\/\/www.abcem.org.br\/site\/biblioteca-digital\/revista-construcao-metalica#_blank\" target=\"_blank\" rel=\"noopener\">REVISTA CONSTRU\u00c7\u00c3O MET\u00c1LICA<\/a><\/strong>\u00a0\u2013 Revista da ABCEM (Associa\u00e7\u00e3o Brasileira da Constru\u00e7\u00e3o Met\u00e1lica).<\/li><li><strong><a href=\"http:\/\/revista.fumec.br\/index.php\/construindo\" target=\"_blank\" rel=\"noopener\">REVISTA CONSTRUINDO<\/a><\/strong>\u00a0\u2013 \u00c9 uma publica\u00e7\u00e3o cient\u00edfica conjunta da FEA \u2013 Faculdade de Engenharia e Arquitetura da Universidade FUMEC, EE\/UF.<\/li><li><strong><a href=\"http:\/\/www.scielo.br\/scielo.php?script=sci_issues&amp;pid=0370-4467&amp;lng=en&amp;nrm=iso#_blank\" target=\"_blank\" rel=\"noopener\">REVISTA DA ESCOLA DE MINAS\u00a0<\/a><\/strong>\u2013 A revista escola de minas -\u00e9 uma das mais antigas revistas t\u00e9cnicas da am\u00e9rica do sul. foi fundada em janeiro de 1936, por alunos da escola de minas de ouro preto, e \u00e9 especializada na publica\u00e7\u00e3o de artigos relacionados \u00e0 engenharia civil, geologia, metalurgia e materiais e minera\u00e7\u00e3o<strong>.<\/strong><\/li><li><strong><a href=\"http:\/\/www.cbca-acobrasil.org.br\/revistacientifica\/index.php#_blank\" target=\"_blank\" rel=\"noopener\">REVISTA DA ESTRUTURA DE A\u00c7O \u2013 REA<\/a><\/strong>\u00a0\u2013 \u00c9 uma publica\u00e7\u00e3o Centro Brasileiro da Constru\u00e7\u00e3o em A\u00e7o, trata temas relacionados a estruturas de a\u00e7o e a estruturas mistas a\u00e7o-concreto, gerando assim um aumento significativo no impacto das pesquisas.<\/li><li><strong><a href=\"https:\/\/www.revistas.ufg.br\/reec#_blank\" target=\"_blank\" rel=\"noopener\">REVISTA ELETR\u00d4NICA DE ENGENHARIA CIVIL\/ REEC<\/a><\/strong>\u00a0\u2013 Revista Eletr\u00f4nica de Engenharia Civil tem como objetivo divulgar pesquisas t\u00e9cnico-cientificas desenvolvidas nas \u00e1reas de Engenharia Civil, Arquitetura e Engenharia Ambiental.<\/li><li><strong><a href=\"http:\/\/www.scielo.br\/scielo.php?script=sci_serial&amp;pid=1413-4152&amp;lng=en&amp;nrm=iso#_blank\" target=\"_blank\" rel=\"noopener\">REVISTA ENGENHARIA AMBIENTAL E SANIT\u00c1RIA<\/a><\/strong>\u00a0\u2013 Publica\u00e7\u00e3o de contribui\u00e7\u00f5es t\u00e9cnicas e cient\u00edficas originais relacionadas a \u00e1reas de saneamento e meio ambiente, bem como suas interfaces.<\/li><li><strong><a href=\"http:\/\/www.ufsm.br\/febr#_blank\" target=\"_blank\" rel=\"noopener\">REPOSIT\u00d3RIO LIVRE BRASILEIRO PARA DADOS DE SOLO ABERTO (FEBR)<\/a><\/strong>\u00a0\u2013 O Reposit\u00f3rio Brasileiro Livre para Dados Abertos do Solo, visa servir como instala\u00e7\u00e3o centralizada de armazenamento e compartilhamento de todo e qualquer tipo de dado do solo no Brasil. O Reposit\u00f3rio \u00e9 feito pelo trabalho de pessoas de v\u00e1rias classes do ensino superior e pesquisa, o seu acesso \u00e9 gratuito.<\/li><li><strong><a href=\"http:\/\/www.ibracon.org.br\/publicacoes\/revistas_ibracon\/riem\/home.asp#_blank\" target=\"_blank\" rel=\"noopener\">REVISTA IBRACON DE ESTRUTURAS E MATERIAIS<\/a><\/strong>\u00a0\u2013 A revista tem como objetivo divulgar os desenvolvimentos atuais e os avan\u00e7os nas \u00e1reas de estruturas e materiais de concreto.<\/li><li><strong><a href=\"http:\/\/www.scielo.br\/scielo.php?script=sci_serial&amp;pid=0104-1428&amp;lng=en&amp;nrm=iso#_blank\" target=\"_blank\" rel=\"noopener\">REVISTA POL\u00cdMEROS CI\u00caNCIA E TECNOLOGIA<\/a><\/strong>\u00a0\u2013 \u00c9 uma publica\u00e7\u00e3o trimestral da Associa\u00e7\u00e3o Brasileira de Pol\u00edmeros \u2013 ABPol (Associa\u00e7\u00e3o Brasileira de Pol\u00edmeros), que publica artigos de revis\u00e3o, artigos originais e comunica\u00e7\u00f5es breves, divulgando avan\u00e7os no conhecimento de Ci\u00eancia e Tecnologia de Pol\u00edmeros.<\/li><li><strong><a href=\"http:\/\/www.sambiental.com.br\/#_blank\" target=\"_blank\" rel=\"noopener\">REVISTA SANEAMENTO AMBIENTAL<\/a><\/strong>\u00a0\u2013 \u00c9 uma publica\u00e7\u00e3o especializada nas \u00e1reas de controle ambiental, saneamento b\u00e1sico, saneamento ambiental, meio ambiente, polui\u00e7\u00e3o, tratamento de res\u00edduos.<\/li><\/ul>                        <\/div>\n\n                    <\/div>\n\n                <\/div><!-- .elementskit-card END -->\n\n                \n                <div class=\"elementskit-card \">\n                    <div class=\"elementskit-card-header\" id=\"primaryHeading-7-a323569\">\n                        <a href=\"#collapse-7b4d97269f344e6d9f01\" class=\"ekit-accordion--toggler elementskit-btn-link collapsed\" data-ekit-toggle=\"collapse\" data-target=\"#Collapse-7b4d97269f344e6d9f01\" aria-expanded=\"false\" aria-controls=\"Collapse-7b4d97269f344e6d9f01\">\n                            \n                            <span class=\"ekit-accordion-title\">Engenharia da Produ\u00e7\u00e3o<\/span>\n\n                            \n                                <div class=\"ekit_accordion_icon_group\">\n                                    <div class=\"ekit_accordion_normal_icon\">\n                                        <!-- Normal Icon -->\n\t\t\t\t\t\t\t\t\t\t<i class=\"icon icon-down-arrow1\"><\/i>                                    <\/div>\n\n                                    <div class=\"ekit_accordion_active_icon\">\n                                        <!-- Active Icon -->\n\t\t\t\t\t\t\t\t\t\t<i class=\"icon icon-up-arrow\"><\/i>                                    <\/div>\n                                <\/div>\n\n                            \n                                                    <\/a>\n                    <\/div>\n\n                    <div id=\"Collapse-7b4d97269f344e6d9f01\" class=\" collapse\" aria-labelledby=\"primaryHeading-7-a323569\" data-parent=\"#accordion-69f344e6d9f01\">\n\n                        <div class=\"elementskit-card-body ekit-accordion--content\">\n                            <ul class=\"wp-block-list\"><li><strong><a href=\"http:\/\/www.revistaproducaoengenharia.org\" target=\"_blank\" rel=\"noopener\">REVISTA ELETR\u00d4NICA PRODU\u00c7\u00c3O &amp; ENGENHARIA:<\/a>\u00a0\u00a0<\/strong><a href=\"http:\/\/www.revistaproducaoengenharia.org\/\" target=\"_blank\" rel=\"noopener\">www.revistaproducaoengenharia.org<\/a><\/li><li><strong><a href=\"http:\/\/www.producaoonline.org.br\/\" target=\"_blank\" rel=\"noopener\">REVISTA CIENT\u00cdFICA ELETR\u00d4NICA DE ENGENHARIA DE PRODU\u00c7\u00c3O:\u00a0<\/a><\/strong><a href=\"http:\/\/www.producaoonline.org.br\/\" target=\"_blank\" rel=\"noopener\">www.producaoonline.org.br<\/a><\/li><li><strong><a href=\"https:\/\/www.unisociesc.com.br\/revistas-digitais\/\" target=\"_blank\" rel=\"noopener\">REVISTA ELETR\u00d4NICA PRODU\u00c7\u00c3O EM FOCO:<\/a><\/strong><a href=\"https:\/\/www.unisociesc.com.br\/revistas-digitais\/\" target=\"_blank\" rel=\"noopener\">\u00a0https:\/\/www.unisociesc.com.br\/revistas-digitais\/<\/a><\/li><li><strong><a href=\"https:\/\/unifei.edu.br\/biblioteca-campus-itabira\/periodicos\/\" target=\"_blank\" rel=\"noopener\">REVISTA PESQUISA &amp; DESENVOLVIMENTO ENGENHARIA DE PRODU\u00c7\u00c3O:<\/a><\/strong><a href=\"https:\/\/unifei.edu.br\/biblioteca-campus-itabira\/periodicos\/\" target=\"_blank\" rel=\"noopener\">\u00a0https:\/\/unifei.edu.br\/biblioteca-campus-itabira\/periodicos\/<\/a><\/li><li><strong><a href=\"http:\/\/revista.feb.unesp.br\/\" target=\"_blank\" rel=\"noopener\">REVISTA GEPROS GEST\u00c3O DA PRODU\u00c7\u00c3O, OPERA\u00c7\u00d5ES E SISTEMAS:<\/a><\/strong><a href=\"http:\/\/revista.feb.unesp.br\/\" target=\"_blank\" rel=\"noopener\">\u00a0revista.feb.unesp.br<\/a><\/li><li><strong><a href=\"http:\/\/www.uff.br\/\" target=\"_blank\" rel=\"noopener\">REVISTA SISTEMAS &amp; GEST\u00c3O:<\/a><\/strong><a href=\"http:\/\/www.uff.br\/\" target=\"_blank\" rel=\"noopener\">\u00a0www.uff.br<\/a><\/li><\/ul>                        <\/div>\n\n                    <\/div>\n\n                <\/div><!-- .elementskit-card END -->\n\n                \n                <div class=\"elementskit-card \">\n                    <div class=\"elementskit-card-header\" id=\"primaryHeading-8-a323569\">\n                        <a href=\"#collapse-9aa076969f344e6d9f01\" class=\"ekit-accordion--toggler elementskit-btn-link collapsed\" data-ekit-toggle=\"collapse\" data-target=\"#Collapse-9aa076969f344e6d9f01\" aria-expanded=\"false\" aria-controls=\"Collapse-9aa076969f344e6d9f01\">\n                            \n                            <span class=\"ekit-accordion-title\">Engenharia de Controle de Automa\u00e7\u00e3o<\/span>\n\n                            \n                                <div class=\"ekit_accordion_icon_group\">\n                                    <div class=\"ekit_accordion_normal_icon\">\n                                        <!-- Normal Icon -->\n\t\t\t\t\t\t\t\t\t\t<i class=\"icon icon-down-arrow1\"><\/i>                                    <\/div>\n\n                                    <div class=\"ekit_accordion_active_icon\">\n                                        <!-- Active Icon -->\n\t\t\t\t\t\t\t\t\t\t<i class=\"icon icon-up-arrow\"><\/i>                                    <\/div>\n                                <\/div>\n\n                            \n                                                    <\/a>\n                    <\/div>\n\n                    <div id=\"Collapse-9aa076969f344e6d9f01\" class=\" collapse\" aria-labelledby=\"primaryHeading-8-a323569\" data-parent=\"#accordion-69f344e6d9f01\">\n\n                        <div class=\"elementskit-card-body ekit-accordion--content\">\n                            <ul class=\"wp-block-list\"><li><strong><a href=\"http:\/\/www.ipme.ru\/e-journals\/RAMS\/index.html\" target=\"_blank\" rel=\"noopener\">ADVANCED MATERIALS<\/a><\/strong><\/li><li><strong><a href=\"http:\/\/www.scielo.br\/scielo.php?script=sci_issues&amp;pid=0001-3765&amp;lng=pt&amp;nrm=iso\" target=\"_blank\" rel=\"noopener\">ANAIS DA ACADEMIA BRASILEIRA DE CI\u00caNCIAS ISSN 0001-3765<\/a><\/strong><\/li><li><strong><a href=\"https:\/\/arxiv.org\/\" target=\"_blank\" rel=\"noopener\">ARXIV.ORG E-PRINTS EM: MATEM\u00c1TICA, F\u00cdSICA, CI\u00caNCIA DA COMPUTA\u00c7\u00c3O<\/a><\/strong><\/li><li><strong><a href=\"http:\/\/www.automation.com\/automation-news\/e-newsletter-archives\/automation-weekly-e-newsletter-archive\" target=\"_blank\" rel=\"noopener\">AUTOMATION<\/a><\/strong><\/li><li><strong><a href=\"http:\/\/ieeexplore.ieee.org\/xpl\/RecentIssue.jsp?punumber=7384\" target=\"_blank\" rel=\"noopener\">CIRCUITS AND SYSTEMS MAGAZINE, IEEE<\/a><\/strong><strong>.<\/strong><\/li><li><strong><a href=\"http:\/\/ieeexplore.ieee.org\/xpl\/RecentIssue.jsp?punumber=91\" target=\"_blank\" rel=\"noopener\">FUZZY SYSTEMS, IEEE TRANSACTIONS ON<\/a><\/strong><strong>.<\/strong><\/li><li><strong><a href=\"http:\/\/ieeexplore.ieee.org\/xpl\/RecentIssue.jsp?punumber=4154573\" target=\"_blank\" rel=\"noopener\">INDUSTRIAL ELECTRONICS MAGAZINE, IEEE<\/a><\/strong><strong>.<\/strong><\/li><li><strong><a href=\"http:\/\/ieeexplore.ieee.org\/xpl\/RecentIssue.jsp?punumber=41\" target=\"_blank\" rel=\"noopener\">INDUSTRIAL ELECTRONICS, IEEE TRANSACTIONS ON<\/a><\/strong><strong>.<\/strong><\/li><li><strong><a href=\"http:\/\/ieeexplore.ieee.org\/xpl\/RecentIssue.jsp?punumber=9424\" target=\"_blank\" rel=\"noopener\">INDUSTRIAL INFORMATICS, IEEE TRANSACTIONS ON<\/a><\/strong><strong>.<\/strong><\/li><li><strong><a href=\"http:\/\/ieeexplore.ieee.org\/xpl\/RecentIssue.jsp?punumber=28\" target=\"_blank\" rel=\"noopener\">INDUSTRY APPLICATIONS, IEEE TRANSACTIONS ON<\/a><\/strong><strong>.<\/strong><\/li><li><strong><a href=\"http:\/\/ieeexplore.ieee.org\/xpl\/RecentIssue.jsp?punumber=9670\" target=\"_blank\" rel=\"noopener\">INTELLIGENT SYSTEMS, IEEE<\/a><\/strong><strong>.<\/strong><\/li><li><strong><a href=\"http:\/\/journal.univagora.ro\/\" target=\"_blank\" rel=\"noopener\">INTERNACIONAL JOURNAL OF COMPUTER, COMMUNICATIONS &amp; CONTROL<\/a><\/strong><strong>.<\/strong><\/li><li><strong><a href=\"http:\/\/www.editorialmanager.com\/jcae\/\" target=\"_blank\" rel=\"noopener\">JOURNAL OF CONTROL, AUTOMATION AND ELECTRICAL SYSTEMS.<\/a><\/strong><\/li><li><strong><a href=\"http:\/\/ieeexplore.ieee.org\/xpl\/RecentIssue.jsp?punumber=69\" target=\"_blank\" rel=\"noopener\">KNOWLEDGE AND DATA ENGINEERING, IEEE TRANSACTIONS ON<\/a><\/strong><strong>.<\/strong><\/li><li><strong><a href=\"http:\/\/ieeexplore.ieee.org\/xpl\/RecentIssue.jsp?punumber=3516\" target=\"_blank\" rel=\"noopener\">MECHATRONICS, IEEE\/ASME TRANSACTIONS ON<\/a><\/strong><strong>.<\/strong><\/li><li><strong><a href=\"http:\/\/ieeexplore.ieee.org\/xpl\/RecentIssue.jsp?punumber=65\" target=\"_blank\" rel=\"noopener\">NETWORK, IEEE<\/a><\/strong><strong>.<\/strong><\/li><li><strong><a href=\"http:\/\/iopscience.iop.org\/1367-2630\/12\/4\" target=\"_blank\" rel=\"noopener\">NEW JOURNA OF PHYSICS<\/a><\/strong><\/li><li><strong><a href=\"http:\/\/ieeexplore.ieee.org\/xpl\/RecentIssue.jsp?punumber=71\" target=\"_blank\" rel=\"noopener\">PARALLEL AND DISTRIBUTED SYSTEMS, IEEE TRANSACTIONS ON<\/a><\/strong><strong>.<\/strong><\/li><li><strong><a href=\"http:\/\/link.periodicos.capes.gov.br\/sfxlcl3?url_ver=Z39.88-2004&amp;url_ctx_fmt=infofi\/fmt:kev:mtx:ctx&amp;ctx_enc=info:ofi\/enc:UTF-8&amp;ctx_ver=Z39.88-2004&amp;rfr_id=info:sid\/sfxit.com:azlist&amp;sfx.ignore_date_threshold=1&amp;rft.object_id=111006469397058&amp;rft.obj%20\" target=\"_blank\" rel=\"noopener\">REVISTA BRASILEIRA DE ECONOMIA<\/a><\/strong><strong>.<\/strong><\/li><li><strong><a href=\"http:\/\/www.controleinstrumentacao.com.br\/\" target=\"_blank\" rel=\"noopener\">REVISTA CONTROLE &amp; INSTRUMENTA\u00c7\u00c3O<\/a><\/strong><strong>.<\/strong><\/li><li><strong><a href=\"http:\/\/www.scielo.br\/scielo.php?script=sci_serial&amp;pid=0103-1759&amp;lng=en&amp;nrm=iso\" target=\"_blank\" rel=\"noopener\">REVISTA DA SOCIEDADE BRASILEIRA DE AUTOM\u00c1TICA.<\/a><\/strong><\/li><li><strong><a href=\"https:\/\/www.metodista.br\/revistas\/revistas-unimep\/index.php\/cienciatecnologia\/issue\/archive\" target=\"_blank\" rel=\"noopener\">REVISTA DE CI\u00caNCIA &amp; TECNOLOGIA ISSN 2238-1252<\/a><\/strong><\/li><li><strong><a href=\"http:\/\/revistas.utfpr.edu.br\/pb\/index.php\/revedutec-ct\/issue\/archive\" target=\"_blank\" rel=\"noopener\">REVISTA EDUCA\u00c7\u00c3O &amp; TECNOLOGIA ISSN: 2179-6122<\/a><\/strong><\/li><li><strong><a href=\"http:\/\/www.fmepro.org\/ojs\/index.php\/rpe\/issue\/archive\" target=\"_blank\" rel=\"noopener\">REVISTA ELETR\u00d4NICA PRODU\u00c7\u00c3O &amp; ENGENHARIA ISSN 1983-9952<\/a><\/strong><\/li><li><strong><a href=\"http:\/\/ieeexplore.ieee.org\/xpl\/RecentIssue.jsp?punumber=8860\" target=\"_blank\" rel=\"noopener\">ROBOTICS, IEEE TRANSACTIONS ON<\/a><\/strong><strong>.<\/strong><\/li><li><strong><a href=\"http:\/\/literature.rockwellautomation.com\/idc\/groups\/public\/documents\/webassets\/browse_category.hcst?xLanguage=PT%20-%20Portuguese\" target=\"_blank\" rel=\"noopener\">ROCKWELL AUTOMATION.<\/a><\/strong><\/li><li><strong><a href=\"http:\/\/www.popsci.com\/archives\" target=\"_blank\" rel=\"noopener\">SCIENCE.<\/a><\/strong><\/li><li><strong><a href=\"http:\/\/ieeexplore.ieee.org\/xpl\/RecentIssue.jsp?punumber=7361\" target=\"_blank\" rel=\"noopener\">SENSORS JOURNAL, IEEE<\/a><\/strong><strong>.<\/strong><\/li><\/ul>                        <\/div>\n\n                    <\/div>\n\n                <\/div><!-- .elementskit-card END -->\n\n                \n                <div class=\"elementskit-card \">\n                    <div class=\"elementskit-card-header\" id=\"primaryHeading-9-a323569\">\n                        <a href=\"#collapse-bfda8eb69f344e6d9f01\" class=\"ekit-accordion--toggler elementskit-btn-link collapsed\" data-ekit-toggle=\"collapse\" data-target=\"#Collapse-bfda8eb69f344e6d9f01\" aria-expanded=\"false\" aria-controls=\"Collapse-bfda8eb69f344e6d9f01\">\n                            \n                            <span class=\"ekit-accordion-title\">Engenharia Qu\u00edmica<\/span>\n\n                            \n                                <div class=\"ekit_accordion_icon_group\">\n                                    <div class=\"ekit_accordion_normal_icon\">\n                                        <!-- Normal Icon -->\n\t\t\t\t\t\t\t\t\t\t<i class=\"icon icon-down-arrow1\"><\/i>                                    <\/div>\n\n                                    <div class=\"ekit_accordion_active_icon\">\n                                        <!-- Active Icon -->\n\t\t\t\t\t\t\t\t\t\t<i class=\"icon icon-up-arrow\"><\/i>                                    <\/div>\n                                <\/div>\n\n                            \n                                                    <\/a>\n                    <\/div>\n\n                    <div id=\"Collapse-bfda8eb69f344e6d9f01\" class=\" collapse\" aria-labelledby=\"primaryHeading-9-a323569\" data-parent=\"#accordion-69f344e6d9f01\">\n\n                        <div class=\"elementskit-card-body ekit-accordion--content\">\n                            <ul class=\"wp-block-list\"><li><a href=\"http:\/\/qnesc.sbq.org.br\/\" target=\"_blank\" rel=\"noreferrer noopener\">\u00a0<strong>QU\u00cdMICA NOVA NA ESCOLA<\/strong><\/a><\/li><li><a href=\"http:\/\/rvq.sbq.org.br\/\" target=\"_blank\" rel=\"noreferrer noopener\">\u00a0<strong>REVISTA VIRTUAL DE QU\u00cdMICA<\/strong><\/a><\/li><li><a href=\"http:\/\/www.scielo.br\/scielo.php?script=sci_serial&amp;pid=0001-3765&amp;lng=en&amp;nrm=iso\" target=\"_blank\" rel=\"noreferrer noopener\">\u00a0<strong>ANAIS DA ACADEMIA BRASILEIRA DE CI\u00caNCIAS<\/strong><\/a><\/li><li><a href=\"http:\/\/www.scielo.br\/scielo.php?script=sci_serial&amp;pid=0104-6632&amp;lng=en&amp;nrm=iso\" target=\"_blank\" rel=\"noreferrer noopener\">\u00a0<strong>BRAZILIAN JOURNAL OF CHEMICAL ENGINEERING<\/strong><\/a><\/li><li><a href=\"http:\/\/www.scielo.br\/scielo.php?script=sci_serial&amp;pid=0103-9733&amp;lng=en&amp;nrm=iso\" target=\"_blank\" rel=\"noreferrer noopener\">\u00a0<strong>BRAZILIAN JOURNAL OF PHYSICS<\/strong><\/a><\/li><li><a href=\"http:\/\/www.scielo.br\/scielo.php?script=sci_serial&amp;pid=0366-6913&amp;lng=en&amp;nrm=iso\" target=\"_blank\" rel=\"noreferrer noopener\">\u00a0<strong>CER\u00c2MICA<\/strong><\/a><\/li><li><a href=\"http:\/\/www.scielo.br\/scielo.php?script=sci_serial&amp;pid=0100-4670&amp;lng=en&amp;nrm=iso\" target=\"_blank\" rel=\"noreferrer noopener\">\u00a0<strong>ECL\u00c9TICA QU\u00cdMICA<\/strong><\/a><\/li><li><a href=\"http:\/\/www.scielo.br\/scielo.php?script=sci_serial&amp;pid=0103-5053&amp;lng=en&amp;nrm=iso\" target=\"_blank\" rel=\"noreferrer noopener\">\u00a0<strong>JOURNAL OF THE BRAZILIAN CHEMICAL SOCIETY<\/strong><\/a><\/li><li><a href=\"http:\/\/www.scielo.br\/scielo.php?script=sci_serial&amp;pid=1516-1439&amp;lng=en&amp;nrm=iso\" target=\"_blank\" rel=\"noreferrer noopener\">\u00a0<strong>MATERIALS RESEARCH<\/strong><\/a><\/li><li><a href=\"http:\/\/www.scielo.br\/scielo.php?script=sci_serial&amp;pid=0104-1428&amp;lng=en&amp;nrm=iso\" target=\"_blank\" rel=\"noreferrer noopener\">\u00a0<strong>POL\u00cdMEROS \u2013 CI\u00caNCIA E TECNOLOGIA<\/strong><\/a><\/li><li><a href=\"http:\/\/www.scielo.br\/scielo.php?script=sci_serial&amp;pid=0100-4042&amp;lng=en&amp;nrm=iso\" target=\"_blank\" rel=\"noreferrer noopener\">\u00a0<strong>QU\u00cdMICA NOVA<\/strong><\/a><\/li><li><a href=\"http:\/\/www.scielo.br\/scielo.php?script=sci_serial&amp;pid=1516-9332&amp;lng=en&amp;nrm=iso\" target=\"_blank\" rel=\"noreferrer noopener\">\u00a0<strong>REVISTA BRASILEIRA DE CI\u00caNCIAS FARMAC\u00caUTICAS<\/strong><\/a><\/li><li><a href=\"http:\/\/www.tintasevernizes.com.br\/\" target=\"_blank\" rel=\"noreferrer noopener\">\u00a0<strong>TINTAS &amp; VERNIZES<\/strong><\/a><\/li><li><a href=\"http:\/\/www.quimica.com.br\/\" target=\"_blank\" rel=\"noreferrer noopener\">\u00a0<strong>REVISTA QU\u00cdMICA E DERIVADOS<\/strong><\/a><\/li><li>\u00a0<strong><a href=\"https:\/\/www.abq.org.br\/rqi\/edicoes-da-rqi.html\" target=\"_blank\" rel=\"noopener\">QU\u00cdMICA INDUSTRIAL | QU\u00cdMICA E PETROQU\u00cdMICA<\/a><\/strong><\/li><li><a href=\"http:\/\/periodicos.uem.br\/ojs\/index.php\/RevEducFis\" target=\"_blank\" rel=\"noreferrer noopener\">\u00a0<strong>JOURNAL OF PHYSICAL EDUCATION<\/strong><\/a><\/li><li><a href=\"http:\/\/www.scielo.br\/rbef\" target=\"_blank\" rel=\"noreferrer noopener\">\u00a0<strong>REVISTA BRASILEIRA DE ENSINO DE F\u00cdSICA \u2013 HOME PAGE \u2013 SCIELO<\/strong><\/a><\/li><\/ul>                        <\/div>\n\n                    <\/div>\n\n                <\/div><!-- .elementskit-card END -->\n\n                \n                <div class=\"elementskit-card \">\n                    <div class=\"elementskit-card-header\" id=\"primaryHeading-10-a323569\">\n                        <a href=\"#collapse-f1d4df469f344e6d9f01\" class=\"ekit-accordion--toggler elementskit-btn-link collapsed\" data-ekit-toggle=\"collapse\" data-target=\"#Collapse-f1d4df469f344e6d9f01\" aria-expanded=\"false\" aria-controls=\"Collapse-f1d4df469f344e6d9f01\">\n                            \n                            <span class=\"ekit-accordion-title\">Farm\u00e1cia<\/span>\n\n                            \n                                <div class=\"ekit_accordion_icon_group\">\n                                    <div class=\"ekit_accordion_normal_icon\">\n                                        <!-- Normal Icon -->\n\t\t\t\t\t\t\t\t\t\t<i class=\"icon icon-down-arrow1\"><\/i>                                    <\/div>\n\n                                    <div class=\"ekit_accordion_active_icon\">\n                                        <!-- Active Icon -->\n\t\t\t\t\t\t\t\t\t\t<i class=\"icon icon-up-arrow\"><\/i>                                    <\/div>\n                                <\/div>\n\n                            \n                                                    <\/a>\n                    <\/div>\n\n                    <div id=\"Collapse-f1d4df469f344e6d9f01\" class=\" collapse\" aria-labelledby=\"primaryHeading-10-a323569\" data-parent=\"#accordion-69f344e6d9f01\">\n\n                        <div class=\"elementskit-card-body ekit-accordion--content\">\n                            <ul class=\"wp-block-list\"><li><strong><a href=\"http:\/\/www.sbfgnosia.org.br\/revista\/\" target=\"_blank\" rel=\"noreferrer noopener\">REVISTA BRASILEIRA DE FARMACOGNOSIA<\/a><\/strong><\/li><li><strong><a href=\"http:\/\/www.scielo.br\/scielo.php?script=sci_issuetoc&amp;pid=1981-774620140002&amp;lng=pt&amp;nrm=isso\" target=\"_blank\" rel=\"noreferrer noopener\">TRABALHO EDUCA\u00c7\u00c3O E SA\u00daDE<\/a><\/strong><\/li><li><strong><a href=\"http:\/\/www.scielo.br\/scielo.php?script=sci_issues&amp;pid=0103-1104&amp;lng=pt&amp;nrm=isso\" target=\"_blank\" rel=\"noreferrer noopener\">SA\u00daDE EM DEBATE<\/a><\/strong><\/li><li><strong><a href=\"http:\/\/www.scielo.br\/scielo.php?script=sci_issues&amp;pid=0104-1290&amp;lng=pt&amp;nrm=isso\" target=\"_blank\" rel=\"noreferrer noopener\">SA\u00daDE E SOCIEDADE<\/a><\/strong><\/li><li><strong><a href=\"http:\/\/www.scielo.br\/scielo.php?script=sci_issues&amp;pid=0034-8910&amp;lng=pt&amp;nrm=isso\" target=\"_blank\" rel=\"noreferrer noopener\">REVISTA DE SA\u00daDE P\u00daBLICA<\/a><\/strong><\/li><li><strong><a href=\"http:\/\/www.scielo.br\/scielo.php?script=sci_issues&amp;pid=0303-7657&amp;lng=pt&amp;nrm=isso\" target=\"_blank\" rel=\"noreferrer noopener\">REVISTA BRASILEIRA DE SA\u00daDE OCUPACIONAL<\/a><\/strong><\/li><li><strong><a href=\"http:\/\/www.scielo.br\/scielo.php?script=sci_issues&amp;pid=0100-5502&amp;lng=pt&amp;nrm=isso\" target=\"_blank\" rel=\"noreferrer noopener\">REVISTA BRASILEIRA DE EDUCA\u00c7\u00c3O M\u00c9DICA<\/a><\/strong><\/li><li><strong><a href=\"http:\/\/www.scielo.br\/scielo.php?script=sci_issues&amp;pid=0103-7331&amp;lng=pt&amp;nrm=isso\" target=\"_blank\" rel=\"noreferrer noopener\">PHYSIS: REVISTA DE SA\u00daDE COLETIVA<\/a><\/strong><\/li><li><strong><a href=\"http:\/\/www.scielo.br\/scielo.php?script=sci_issues&amp;pid=1414-3283&amp;lng=pt&amp;nrm=isso\" target=\"_blank\" rel=\"noreferrer noopener\">INTERFACE \u2013 COMUNICA\u00c7\u00c3O, SA\u00daDE, EDUCA\u00c7\u00c3O<\/a><\/strong><\/li><li><strong><a href=\"https:\/\/www.scielo.br\/j\/hcsm\/\" target=\"_blank\" rel=\"noreferrer noopener\">HIST\u00d3RIA, CI\u00caNCIAS, SA\u00daDE-MANGUINHOS<\/a><\/strong><\/li><li><strong><a href=\"http:\/\/www.scielo.br\/scielo.php?script=sci_issues&amp;pid=1413-8123&amp;lng=pt&amp;nrm=isso\" target=\"_blank\" rel=\"noreferrer noopener\">CI\u00caNCIA &amp; SA\u00daDE COLETIVA<\/a><\/strong><\/li><li><strong><a href=\"http:\/\/www.scielo.br\/scielo.php?script=sci_issues&amp;pid=0102-311X&amp;lng=pt&amp;nrm=isso\" target=\"_blank\" rel=\"noreferrer noopener\">CADERNOS DE SA\u00daDE P\u00daBLICA<\/a><\/strong><\/li><li><strong><a href=\"http:\/\/www.scielo.br\/scielo.php?script=sci_issues&amp;pid=1414-462X&amp;lng=pt&amp;nrm=isso\" target=\"_blank\" rel=\"noreferrer noopener\">CADERNOS SA\u00daDE COLETIVA<\/a><\/strong><\/li><li><strong><a href=\"http:\/\/www.scielo.cl\/scielo.php?script=sci_issues&amp;pid=0716-9868&amp;lng=pt&amp;nrm=isso\" target=\"_blank\" rel=\"noreferrer noopener\">REVISTA CHILENA DE ANATOM\u00cdA<\/a><\/strong><\/li><li><strong><a href=\"http:\/\/www.scielo.br\/scielo.php?script=sci_issues&amp;pid=0100-4158&amp;lng=pt&amp;nrm=isso\" target=\"_blank\" rel=\"noreferrer noopener\">FITOPATOLOGIA BRASILEIRA<\/a><\/strong><\/li><li><strong><a href=\"http:\/\/www.scielo.br\/scielo.php?script=sci_issues&amp;pid=1676-2444&amp;lng=pt&amp;nrm=isso\" target=\"_blank\" rel=\"noreferrer noopener\">JORNAL BRASILEIRO DE PATOLOGIA E MEDICINA LABORATORIAL<\/a><\/strong><\/li><li><strong><a href=\"http:\/\/www.scielo.br\/scielo.php?script=sci_issues&amp;pid=1415-4714&amp;lng=pt&amp;nrm=isso\" target=\"_blank\" rel=\"noreferrer noopener\">REVISTA LATINOAMERICANA DE PSICOPATOLOGIA FUNDAMENTAL<\/a><\/strong><\/li><li><strong><a href=\"http:\/\/www.scielo.org.co\/scielo.php?script=sci_issues&amp;pid=0123-3475&amp;lng=pt&amp;nrm=isso\" target=\"_blank\" rel=\"noreferrer noopener\">REVISTA COLOMBIANA DE BIOTECNOLOG\u00cdA<\/a><\/strong><\/li><li><strong><a href=\"http:\/\/www.scielo.br\/scielo.php?script=sci_issues&amp;pid=0102-695X&amp;lng=pt&amp;nrm=isso\" target=\"_blank\" rel=\"noreferrer noopener\">REVISTA BRASILEIRA DE FARMACOGNOSIA<\/a><\/strong><\/li><li><strong><a href=\"http:\/\/www.scielo.br\/scielo.php?script=sci_issues&amp;pid=1516-9332&amp;lng=pt&amp;nrm=isso\" target=\"_blank\" rel=\"noreferrer noopener\">REVISTA BRASILEIRA DE CI\u00caNCIAS FARMAC\u00caUTICAS<\/a><\/strong><\/li><li><strong>BRAZILIAN JOURNAL OF PHARMACEUTICAL SCIENCES<\/strong><\/li><li><strong><a href=\"http:\/\/www.scielo.br\/scielo.php?script=sci_issues&amp;pid=0100-4042&amp;lng=pt&amp;nrm=isso\" target=\"_blank\" rel=\"noreferrer noopener\">QU\u00cdMICA NOVA<\/a><\/strong><\/li><li><strong><a href=\"http:\/\/www.scielo.br\/scielo.php?script=sci_issues&amp;pid=0074-0276&amp;lng=pt&amp;nrm=isso\" target=\"_blank\" rel=\"noreferrer noopener\">MEM\u00d3RIAS DO INSTITUTO OSWALDO CRUZ<\/a><\/strong><\/li><li><strong><a href=\"http:\/\/www.scielo.br\/scielo.php?script=sci_issues&amp;pid=0103-5053&amp;lng=pt&amp;nrm=isso\" target=\"_blank\" rel=\"noreferrer noopener\">JOURNAL OF THE BRAZILIAN CHEMICAL SOCIETY<\/a><\/strong><\/li><li><strong><a href=\"http:\/\/www.scielo.br\/scielo.php?script=sci_issues&amp;pid=0100-4670&amp;lng=pt&amp;nrm=isso\" target=\"_blank\" rel=\"noreferrer noopener\">ECL\u00c9TICA QU\u00cdMICA<\/a><\/strong><\/li><li><strong><a href=\"http:\/\/www.scielo.br\/scielo.php?script=sci_issues&amp;pid=0104-6632&amp;lng=pt&amp;nrm=isso\" target=\"_blank\" rel=\"noreferrer noopener\">BRAZILIAN JOURNAL OF CHEMICAL ENGINEERING<\/a><\/strong><\/li><li><strong><a href=\"https:\/\/farma.t4h.com.br\/educacao\/periodicos\/revista-brasileira-de-farmacia\/\" target=\"_blank\" rel=\"noreferrer noopener\">REVISTA BRASILEIRA DE FARM\u00c1CIA<\/a><\/strong><\/li><li><strong><a href=\"http:\/\/revistas.ufg.br\/index.php\/REF\/issue\/archive\" target=\"_blank\" rel=\"noreferrer noopener\">REVISTA ELETR\u00d4NICA DE FARM\u00c1CIA<\/a><\/strong><\/li><li><strong><a href=\"http:\/\/www.cff.org.br\/revista.php?menu=0\" target=\"_blank\" rel=\"noreferrer noopener\">REVISTA PHARMACIA BRASILEIRA<\/a><\/strong><\/li><li><strong><a href=\"https:\/\/guiadafarmacia.com.br\/revista\/o-futuro-do-varejo-farmaceutico\/\" target=\"_blank\" rel=\"noreferrer noopener\">GUIA DA FARM\u00c1CIA<\/a><\/strong><\/li><li><strong><a href=\"http:\/\/www.sbrafh.org.br\/rbfhss\/index\/edicoes\/\" target=\"_blank\" rel=\"noreferrer noopener\">REVISTA BRASILEIRA DE FARM\u00c1CIA HOSPITALAR E SERVI\u00c7OS DE SA\u00daDE<\/a><\/strong><\/li><\/ul>                        <\/div>\n\n                    <\/div>\n\n                <\/div><!-- .elementskit-card END -->\n\n                \n                <div class=\"elementskit-card \">\n                    <div class=\"elementskit-card-header\" id=\"primaryHeading-11-a323569\">\n                        <a href=\"#collapse-31a4b2969f344e6d9f01\" class=\"ekit-accordion--toggler elementskit-btn-link collapsed\" data-ekit-toggle=\"collapse\" data-target=\"#Collapse-31a4b2969f344e6d9f01\" aria-expanded=\"false\" aria-controls=\"Collapse-31a4b2969f344e6d9f01\">\n                            \n                            <span class=\"ekit-accordion-title\">Fisioterapia<\/span>\n\n                            \n                                <div class=\"ekit_accordion_icon_group\">\n                                    <div class=\"ekit_accordion_normal_icon\">\n                                        <!-- Normal Icon -->\n\t\t\t\t\t\t\t\t\t\t<i class=\"icon icon-down-arrow1\"><\/i>                                    <\/div>\n\n                                    <div class=\"ekit_accordion_active_icon\">\n                                        <!-- Active Icon -->\n\t\t\t\t\t\t\t\t\t\t<i class=\"icon icon-up-arrow\"><\/i>                                    <\/div>\n                                <\/div>\n\n                            \n                                                    <\/a>\n                    <\/div>\n\n                    <div id=\"Collapse-31a4b2969f344e6d9f01\" class=\" collapse\" aria-labelledby=\"primaryHeading-11-a323569\" data-parent=\"#accordion-69f344e6d9f01\">\n\n                        <div class=\"elementskit-card-body ekit-accordion--content\">\n                            <ul class=\"wp-block-list\"><li><strong><a href=\"https:\/\/www.google.com\/url?q=http:\/\/www.actafisiatrica.org.br\/default.asp&amp;sa=D&amp;source=editors&amp;ust=1620743175419000&amp;usg=AFQjCNH1Ulx-U5lBp6mvW9Z_mqjOA4teIA\" target=\"_blank\" rel=\"noreferrer noopener\">ACTA FISI\u00c1TRICA \u2013 ISSN-E 2317-0190 \u2013 B2<\/a><\/strong><\/li><li><strong><a href=\"https:\/\/www.google.com\/url?q=http:\/\/www.scielo.br\/scielo.php?script%3Dsci_serial%26pid%3D0004-282X%26lng%3Den%26nrm%3Disso&amp;sa=D&amp;source=editors&amp;ust=1620743175419000&amp;usg=AFQjCNGHzL6yA_ToltZ6Z-8dVaNEbNBSXA\" target=\"_blank\" rel=\"noreferrer noopener\">ARQUIVOS DE NEURO-PSIQUIATRIA \u2013 ISSN 0004-282X \u2013 B1<\/a><\/strong><\/li><li><strong><a href=\"https:\/\/www.google.com\/url?q=http:\/\/www.scielo.br\/scielo.php?pid%3D0100-879X%26script%3Dsci_issues&amp;sa=D&amp;source=editors&amp;ust=1620743175419000&amp;usg=AFQjCNFOmybycvpbns2HmF9soJ2L7waX0A\" target=\"_blank\" rel=\"noreferrer noopener\">BRAZILIAN JOURNAL OF MEDICAL AND BIOLOGICAL RESEARCH \u2013 ISSN-E 1414-431X \u2013 B1<\/a><\/strong><\/li><li><strong><a href=\"https:\/\/www.google.com\/url?q=http:\/\/www.scielo.br\/scielo.php?script%3Dsci_serial%26pid%3D1413-3555%26lng%3Den%26nrm%3Disso&amp;sa=D&amp;source=editors&amp;ust=1620743175419000&amp;usg=AFQjCNFTlW8JZWzOjxyx8YLaDGtP5As0rg\" target=\"_blank\" rel=\"noreferrer noopener\">BRAZILIAN JOURNAL OF PHYSICAL THERAPY \u2013 ISSN-E 1809-9246 \u2013 A2<\/a><\/strong><\/li><li><strong><a href=\"https:\/\/www.google.com\/url?q=http:\/\/www.scielo.br\/scielo.php?script%3Dsci_serial%26pid%3D0102-311X%26lng%3Dpt%26nrm%3Disso&amp;sa=D&amp;source=editors&amp;ust=1620743175420000&amp;usg=AFQjCNHVMzU4sP8k2EtCeJ48w7vLtS6yxw\" target=\"_blank\" rel=\"noreferrer noopener\">CADERNOS DE SA\u00daDE P\u00daBLICA \u2013 ISSN-E 1678-4464 \u2013 A2<\/a><\/strong><\/li><li><strong><a href=\"https:\/\/www.google.com\/url?q=http:\/\/www.scielo.br\/scielo.php?script%3Dsci_serial%26pid%3D1413-8123%26lng%3Dpt%26nrm%3Disso&amp;sa=D&amp;source=editors&amp;ust=1620743175420000&amp;usg=AFQjCNGNGfAfAStrh6_AjhV2PBNcuGrQ_Q\" target=\"_blank\" rel=\"noreferrer noopener\">CI\u00caNCIA E SA\u00daDE COLETIVA \u2013 ISSN-E 1678-4561 \u2013 B1<\/a><\/strong><\/li><li><strong><a href=\"https:\/\/www.google.com\/url?q=http:\/\/www.scielo.br\/scielo.php?script%3Dsci_serial%26pid%3D0103-5150%26lng%3Dpt%26nrm%3Disso&amp;sa=D&amp;source=editors&amp;ust=1620743175420000&amp;usg=AFQjCNH85BOB3Va0PYRh3XT4mz70E_oMew\" target=\"_blank\" rel=\"noreferrer noopener\">FISIOTERAPIA EM MOVIMENTO \u2013 ISSN 0103-5150 \u2013 B1<\/a><\/strong><\/li><li><strong><a href=\"https:\/\/www.google.com\/url?q=http:\/\/www.scielo.br\/scielo.php?script%3Dsci_serial%26pid%3D1809-4864%26lng%3Den%26nrm%3Disso&amp;sa=D&amp;source=editors&amp;ust=1620743175420000&amp;usg=AFQjCNGWpXydAUtPPNgUr4QAcyoTAa5ipA\" target=\"_blank\" rel=\"noreferrer noopener\">INTERNATIONAL ARCHIVES OF OTORHINOLARYNGOLOGY \u2013 ISSN-E 1809-4864 \u2013 B2<\/a><\/strong><\/li><li><strong><a href=\"https:\/\/www.google.com\/url?q=https:\/\/periodicos.ufsc.br\/index.php\/motrivivencia&amp;sa=D&amp;source=editors&amp;ust=1620743175420000&amp;usg=AFQjCNHQUFAJGGiKUeHPUMzfY_44vszrnw\" target=\"_blank\" rel=\"noreferrer noopener\">MOTRIVIVENCIA(UFS) \u2013 ISSN-E 2175-8042 \u2013 B2<\/a><\/strong><\/li><li><strong><a href=\"https:\/\/www.google.com\/url?q=http:\/\/www.seer.ufrgs.br\/movimento&amp;sa=D&amp;source=editors&amp;ust=1620743175420000&amp;usg=AFQjCNFFVsuiwPyCvaWx7qmGy3uq8uxn6A\" target=\"_blank\" rel=\"noreferrer noopener\">MOVIMENTO (PORTO ALEGRE) \u2013 ISSN-E 1982-8918 \u2013 A2<\/a><\/strong><\/li><li><strong><a href=\"https:\/\/www.google.com\/url?q=http:\/\/www.scielo.br\/scielo.php?script%3Dsci_serial%26pid%3D0100-3984%26lng%3Den%26nrm%3Disso&amp;sa=D&amp;source=editors&amp;ust=1620743175420000&amp;usg=AFQjCNH4Or7Ig8isGdhQOeGfM_d3zFOHJw\" target=\"_blank\" rel=\"noreferrer noopener\">RB \u2013 RADIOLOGIA BRASILEIRA \u2013 ISSN-E 1678-7099 \u2013 B2<\/a><\/strong><\/li><li><strong><a href=\"https:\/\/www.google.com\/url?q=http:\/\/revistabioetica.cfm.org.br\/index.php\/revista_bioetica\/issue\/archive&amp;sa=D&amp;source=editors&amp;ust=1620743175420000&amp;usg=AFQjCNFN4UMzAqOS6B4zPvzDK5gBxaoHaQ\" target=\"_blank\" rel=\"noreferrer noopener\">REVISTA BIO\u00c9TICA \u2013 ISSN-E 1983-8034 \u2013 B3<\/a><\/strong><\/li><li><strong><a href=\"https:\/\/www.google.com\/url?q=http:\/\/portalrevistas.ucb.br\/index.php\/RBCM\/Index&amp;sa=D&amp;source=editors&amp;ust=1620743175420000&amp;usg=AFQjCNFb_rQFETQrP-J7NipDzhtu2xjpuQ\" target=\"_blank\" rel=\"noreferrer noopener\">REVISTA BRASILEIRA DE CI\u00caNCIA E MOVIMENTO \u2013 ISSN 0103-1716 \u2013 B2<\/a><\/strong><\/li><li><strong><a href=\"https:\/\/www.google.com\/url?q=http:\/\/www.scielo.br\/scielo.php?script%3Dsci_serial%26pid%3D0101-3289%26lng%3Den%26nrm%3Disso&amp;sa=D&amp;source=editors&amp;ust=1620743175420000&amp;usg=AFQjCNE-IULmEGhajFRPxbkpHvO0AMxNRg\" target=\"_blank\" rel=\"noreferrer noopener\">REVISTA BRASILEIRA DE CI\u00caNCIAS DO ESPORTE \u2013 ISSN-E 2179-3255 \u2013 B1<\/a><\/strong><\/li><li><strong><a href=\"https:\/\/www.google.com\/url?q=http:\/\/www.scielo.br\/scielo.php?script%3Dsci_serial%26pid%3D1980-0037%26lng%3Den%26nrm%3Disso&amp;sa=D&amp;source=editors&amp;ust=1620743175421000&amp;usg=AFQjCNGtqjAo3qJyA-dHBZY8AWZ_3prT1Q\" target=\"_blank\" rel=\"noreferrer noopener\">REVISTA BRASILEIRA DE CINEANTROPOMETRIA E DESEMPENHO HUMANO \u2013 ISSN-E 1415-8426 \u2013 B1<\/a><\/strong><\/li><li><strong><a href=\"https:\/\/www.google.com\/url?q=http:\/\/www.scielo.br\/scielo.php?script%3Dsci_serial%26lng%3Dpt%26pid%3D0102-7638%26nrm%3Disso&amp;sa=D&amp;source=editors&amp;ust=1620743175421000&amp;usg=AFQjCNELKVnyh-W-SQDXAdu8zC4I493ybQ\" target=\"_blank\" rel=\"noreferrer noopener\">REVISTA BRASILEIRA DE CIRURGIA CARDIOVASCULAR \u2013 ISSN 0102-7638 \u2013 B2<\/a><\/strong><\/li><li><strong><a href=\"https:\/\/www.google.com\/url?q=http:\/\/www.scielo.br\/scielo.php?script%3Dsci_serial%26pid%3D0100-7203%26lng%3Den%26nrm%3Disso&amp;sa=D&amp;source=editors&amp;ust=1620743175421000&amp;usg=AFQjCNGcdeG9HdXOIiDXOSRCJxcSUwRQVQ\" target=\"_blank\" rel=\"noreferrer noopener\">REVISTA BRASILEIRA DE GINECOLOGIA E OBSTETR\u00cdCIA \u2013 ISSN 0100-7203 \u2013 B2<\/a><\/strong><\/li><li><strong><a href=\"https:\/\/www.google.com\/url?q=http:\/\/www.scielo.br\/scielo.php\/script_sci_serial\/pid_1517-8692\/lng_pt\/nrm_iso&amp;sa=D&amp;source=editors&amp;ust=1620743175421000&amp;usg=AFQjCNGntwiC4yG3JwAAvfDLSmaVSLjGhQ\" target=\"_blank\" rel=\"noreferrer noopener\">REVISTA BRASILEIRA DE MEDICINA DO ESPORTE \u2013 ISSN 1517-8692 \u2013 A2<\/a><\/strong><\/li><li><strong><a href=\"https:\/\/www.google.com\/url?q=http:\/\/www.scielo.br\/scielo.php\/script_sci_serial\/lng_pt\/pid_0482-5004\/nrm_iso&amp;sa=D&amp;source=editors&amp;ust=1620743175421000&amp;usg=AFQjCNFRXuYv6yt-kR3_FpU_F73_JeFGgQ\" target=\"_blank\" rel=\"noreferrer noopener\">REVISTA BRASILEIRA DE REUMATOLOGIA \u2013 ISSN 0482-5004 \u2013 B1<\/a><\/strong><\/li><li><strong><a href=\"https:\/\/www.google.com\/url?q=http:\/\/www.scielo.br\/scielo.php?script%3Dsci_serial%26pid%3D0103-507X%26lng%3Dpt%26nrm%3Disso&amp;sa=D&amp;source=editors&amp;ust=1620743175421000&amp;usg=AFQjCNG0njU3aGIfMza0AyUX7sWAgDC5iw\" target=\"_blank\" rel=\"noreferrer noopener\">REVISTA BRASILEIRA DE TERAPIA INTENSIVA \u2013 ISSN-E 1982-4335 \u2013 B2<\/a><\/strong><\/li><li><strong><a href=\"https:\/\/www.google.com\/url?q=http:\/\/revistaseletronicas.pucrs.br\/ojs\/index.php\/faced\/index&amp;sa=D&amp;source=editors&amp;ust=1620743175421000&amp;usg=AFQjCNGS9hcHpsrmz_-zfbniYu6xw3BzaA\" target=\"_blank\" rel=\"noreferrer noopener\">REVISTA EDUCA\u00c7\u00c3O (PUCRS) \u2013 ISSN-E 1981-2582 \u2013 B3<\/a><\/strong><\/li><li><strong><a href=\"https:\/\/www.google.com\/url?q=http:\/\/www.scielo.br\/scielo.php?script%3Dsci_serial%26pid%3D1809-2950%26lng%3Dpt%26nrm%3Disso&amp;sa=D&amp;source=editors&amp;ust=1620743175421000&amp;usg=AFQjCNE0-SQYoRArmY98brfgiDvHlj7Wog\" target=\"_blank\" rel=\"noreferrer noopener\">REVISTA FISIOTERAPIA E PESQUISA \u2013 ISSN 1809-2950 \u2013 B1<\/a><\/strong><\/li><li><strong><a href=\"https:\/\/www.google.com\/url?q=http:\/\/editorarevistas.mackenzie.br\/index.php\/remef&amp;sa=D&amp;source=editors&amp;ust=1620743175421000&amp;usg=AFQjCNEyLX3em4RqVhRf6XHND9pb_ws9Zw\" target=\"_blank\" rel=\"noreferrer noopener\">REVISTA MACKENZIE DE EDUCA\u00c7\u00c3O F\u00cdSICA E ESPORTES \u2013 ISSNE 1980-6892 \u2013 B3<\/a><\/strong><\/li><li><strong><a href=\"https:\/\/www.google.com\/url?q=http:\/\/www.scielo.mec.pt\/scielo.php?script%3Dsci_serial%26pid%3D1645-0523%26lng%3Dem&amp;sa=D&amp;source=editors&amp;ust=1620743175421000&amp;usg=AFQjCNEV5jNitcCerRV7sQv7FsBjJadiog\" target=\"_blank\" rel=\"noreferrer noopener\">REVISTA PORTUGUESA DE CI\u00caNCIAS DO DESPORTO \u2013 ISSN 1645-0523 \u2013 B1<\/a><\/strong><\/li><li><strong><a href=\"https:\/\/www.google.com\/url?q=http:\/\/www.scielo.br\/scielo.php?script%3Dsci_serial%26pid%3D1981-7746%26lng%3Dpt%26nrm%3Disso&amp;sa=D&amp;source=editors&amp;ust=1620743175422000&amp;usg=AFQjCNFJ8wmUgkmqCAy8rYdXkaB6V4d3gQ\" target=\"_blank\" rel=\"noreferrer noopener\">TRABALHO, EDUCA\u00c7\u00c3O E SA\u00daDE \u2013 ISSN-E 1981-7746 \u2013 B1<\/a><\/strong><\/li><li><strong>BRASIL.\u00a0Lei n\u00ba 8.080, de 19 de setembro de 1990. Disp\u00f5e sobre as condi\u00e7\u00f5es para a promo\u00e7\u00e3o, prote\u00e7\u00e3o e recupera\u00e7\u00e3o da sa\u00fade, a organiza\u00e7\u00e3o e o funcionamento dos servi\u00e7os correspondentes e d\u00e1 outras provid\u00eancias. Di\u00e1rio Oficial [da] Rep\u00fablica Federativa do Brasil, Bras\u00edlia, DF, 20 set. 1990. Dispon\u00edvel em:\u00a0<\/strong><a href=\"http:\/\/www.planalto.gov.br\/ccivil_03\/Leis\/L8080.htm\" target=\"_blank\" rel=\"noopener\">http:\/\/www.planalto.gov.br\/ccivil_03\/Leis\/L8080.htm<\/a><\/li><li><strong>GRANGEIRO A. et al. Diagn\u00f3stico situacional dos Centros de Testagem e Aconselhamento. S\u00e3o Paulo, Instituto de Sa\u00fade, 2007. (Relat\u00f3rio de Pesquisa). Dispon\u00edvel em:\u00a0<\/strong><a href=\"https:\/\/issuu.com\/institutodesaude\/docs\/ctadiagnostico\" target=\"_blank\" rel=\"noopener\">https:\/\/issuu.com\/institutodesaude\/docs\/ctadiagnostico<\/a><\/li><li><strong>BRASIL. Lei 8.142, de 28 de dezembro de 1990. Disp\u00f5e sobre a participa\u00e7\u00e3o da comunidade na gest\u00e3o do Sistema \u00danico de Sa\u00fade (SUS} e sobre as transfer\u00eancias intergovernamentais de recursos financeiros na \u00e1rea da sa\u00fade e d\u00e1 outras provid\u00eancias. Dispon\u00edvel em:\u00a0<\/strong><a href=\"http:\/\/www.planalto.gov.br\/ccivil_03\/Leis\/L8142.htm\" target=\"_blank\" rel=\"noopener\">http:\/\/www.planalto.gov.br\/ccivil_03\/Leis\/L8142.htm<\/a><\/li><li><strong>ESCUDER, Maria Mercedes Loureiro et al. (Org.) Aprimoramento em sa\u00fade coletiva: reflex\u00f5es. S\u00e3o Paulo: Instituto de Sa\u00fade: 2000. Dispon\u00edvel em:<\/strong>\u00a0<a href=\"https:\/\/issuu.com\/institutodesaude\/docs\/temas_sc1\" target=\"_blank\" rel=\"noopener\">https:\/\/issuu.com\/institutodesaude\/docs\/temas_sc1<\/a><\/li><li><strong>BRASIL. Minist\u00e9rio da Sa\u00fade. Pol\u00edtica Nacional de Sa\u00fade Integral Sa\u00fade do Negro. Dispon\u00edvel em:<\/strong>\u00a0<a href=\"http:\/\/bvsms.saude.gov.br\/bvs\/publicacoes\/politica_nacional_saude_populacao_negra\" target=\"_blank\" rel=\"noopener\">http:\/\/bvsms.saude.gov.br\/bvs\/publicacoes\/politica_nacional_saude_populacao_negra<\/a><\/li><li><strong>CONSELHO REGIONAL DE FISIOTERAPIA E TO DA 3\u00aa REGI\u00c3O. RESOLU\u00c7\u00c3O N\u00ba424, DE 08 DE JULHO DE 2013 referente ao C\u00f3digo de \u00c9tica e Deontologia da Fisioterapia, Dispon\u00edvel em:\u00a0<\/strong><a href=\"https:\/\/www.coffito.gov.br\/nsite\/?p=3187\" target=\"_blank\" rel=\"noopener\">https:\/\/www.coffito.gov.br\/nsite\/?p=3187<\/a><\/li><li><strong>PORTARIA 818\/GM \u2013 Minist\u00e9rio da Sa\u00fade. Dispensa\u00e7\u00e3o de pr\u00f3teses e \u00f3rteses para deficientes f\u00edsicos. Dispon\u00edvel em:\u00a0<\/strong><a href=\"http:\/\/bvsms.saude.gov.br\/bvs\/saudelegis\/gm\/2001\/prt0818_05_06_2001.html\" target=\"_blank\" rel=\"noopener\">http:\/\/bvsms.saude.gov.br\/bvs\/saudelegis\/gm\/2001\/prt0818_05_06_2001.html<\/a><\/li><li><strong>NAHUR, Marcius Tadeu Maciel. O respeito pela vida e a quest\u00e3o da responsabilidade: um desafio \u00e0 bio\u00e9tica. Dispon\u00edvel em:\u00a0<\/strong><a href=\"http:\/\/www.lo.unisal.br\/sistemas\/bioetica\/arquivos\/artigob.doc\" target=\"_blank\" rel=\"noopener\">http:\/\/www.lo.unisal.br\/sistemas\/bioetica\/arquivos\/artigob.doc<\/a><\/li><li><strong>NORMA REGULAMENTADORA NR 32. Seguran\u00e7a e sa\u00fade no trabalho em servi\u00e7os da sa\u00fade. Dispon\u00edvel em:\u00a0<\/strong><a href=\"http:\/\/www.guiatrabalhista.com.br\/legislacao\/nr\/nr32.htm\" target=\"_blank\" rel=\"noopener\">http:\/\/www.guiatrabalhista.com.br\/legislacao\/nr\/nr32.htm<\/a><\/li><\/ul>                        <\/div>\n\n                    <\/div>\n\n                <\/div><!-- .elementskit-card END -->\n\n                \n                <div class=\"elementskit-card \">\n                    <div class=\"elementskit-card-header\" id=\"primaryHeading-12-a323569\">\n                        <a href=\"#collapse-36900de69f344e6d9f01\" class=\"ekit-accordion--toggler elementskit-btn-link collapsed\" data-ekit-toggle=\"collapse\" data-target=\"#Collapse-36900de69f344e6d9f01\" aria-expanded=\"false\" aria-controls=\"Collapse-36900de69f344e6d9f01\">\n                            \n                            <span class=\"ekit-accordion-title\">Gest\u00e3o da Qualidade<\/span>\n\n                            \n                                <div class=\"ekit_accordion_icon_group\">\n                                    <div class=\"ekit_accordion_normal_icon\">\n                                        <!-- Normal Icon -->\n\t\t\t\t\t\t\t\t\t\t<i class=\"icon icon-down-arrow1\"><\/i>                                    <\/div>\n\n                                    <div class=\"ekit_accordion_active_icon\">\n                                        <!-- Active Icon -->\n\t\t\t\t\t\t\t\t\t\t<i class=\"icon icon-up-arrow\"><\/i>                                    <\/div>\n                                <\/div>\n\n                            \n                                                    <\/a>\n                    <\/div>\n\n                    <div id=\"Collapse-36900de69f344e6d9f01\" class=\" collapse\" aria-labelledby=\"primaryHeading-12-a323569\" data-parent=\"#accordion-69f344e6d9f01\">\n\n                        <div class=\"elementskit-card-body ekit-accordion--content\">\n                            <ul class=\"wp-block-list\"><li><strong><a href=\"http:\/\/www.emeraldgrouppublishing.com\/products\/journals\/journals.htm?id=arla\" target=\"_blank\" rel=\"noopener\">ACADEMIA, REVISTA LATINOAMERICANA DE ADMINISTRACI\u00d3N<\/a><\/strong><\/li><li><strong><a href=\"http:\/\/www.sciencedirect.com\/science\/journal\/01559982\" target=\"_blank\" rel=\"noopener\">ACCOUNTING FORUM<\/a><\/strong><\/li><li><strong><a href=\"http:\/\/www.academicjournals.org\/ajbm\/index.htm\" target=\"_blank\" rel=\"noopener\">AFRICAN JOURNAL OF BUSINESS MANAGEMENT<\/a><\/strong><\/li><li><strong><a href=\"http:\/\/thescipub.com\/archive_ajebasp\" target=\"_blank\" rel=\"noopener\">AMERICAN JOURNAL OF ECONOMICS AND BUSINESS ADMINISTRATION<\/a><\/strong><\/li><li><strong><a href=\"http:\/\/web.usm.my\/aamj\/articles.html\" target=\"_blank\" rel=\"noopener\">ASIAN ACADEMY OF MANAGEMENT JOURNAL (AAMJ)<\/a><\/strong><\/li><li><strong><a href=\"https:\/\/www.adb.org\/publications\/series\/asian-development-review\" target=\"_blank\" rel=\"noopener\">ASIAN DEVELOPMENT REVIEW<\/a><\/strong><\/li><li><strong><a href=\"http:\/\/aum.sagepub.com\/content\/by\/year\" target=\"_blank\" rel=\"noopener\">AUSTRALIAN JOURNAL OF MANAGEMENT<\/a><\/strong><\/li><li><strong><a href=\"http:\/\/anpad.org.br\/periodicos\/content\/frame_base.php?revista=2\" target=\"_blank\" rel=\"noopener\">BAR \u2013 BRAZILIAN ADMINISTRATION REVIEW<\/a><\/strong><\/li><li><strong><a href=\"http:\/\/revistas.unisinos.br\/index.php\/base\/index\" target=\"_blank\" rel=\"noopener\">BASE \u2013 REVISTA DE ADMINISTRA\u00c7\u00c3O E CONTABILIDADE DA UNISINOS<\/a><\/strong><\/li><li><strong><a href=\"https:\/\/www.bbronline.com.br\/index.php\/bbr\" target=\"_blank\" rel=\"noopener\">BRAZILIAN BUSINESS REVIEW \u2013 BBR<\/a><\/strong><\/li><li><strong><a href=\"http:\/\/www.rep.org.br\/\" target=\"_blank\" rel=\"noopener\">BRAZILIAN JOURNAL OF POLITICAL ECONOMY = REVISTA DE ECONOMIA<\/a><\/strong><strong>\u00a0<\/strong><strong><a href=\"http:\/\/www.rep.org.br\/\" target=\"_blank\" rel=\"noopener\">POL\u00cdTICA<\/a><\/strong><\/li><li><strong><a href=\"http:\/\/academicpublishingplatforms.com\/journal.php?journal=BEH\" target=\"_blank\" rel=\"noopener\">BUSINESS AND ECONOMIC HORIZONS<\/a><\/strong><\/li><li><strong><a href=\"http:\/\/fucamp.edu.br\/editora\/index.php\/cadernos\" target=\"_blank\" rel=\"noopener\">CADERNOS DA FUCAMP<\/a><\/strong><\/li><li><strong><a href=\"http:\/\/bibliotecadigital.fgv.br\/ojs\/index.php\/cadernosebape\/index\" target=\"_blank\" rel=\"noopener\">CADERNOS EBAPE<\/a><\/strong><\/li><li><strong><a href=\"http:\/\/www.cato.org\/pubs\/journal\/pastissues.html\" target=\"_blank\" rel=\"noopener\">CATO JOURNAL<\/a><\/strong><\/li><li><strong><a href=\"http:\/\/www.cmr-journal.org\/issue\/archive\" target=\"_blank\" rel=\"noopener\">CONTEMPORARY MANAGEMENT RESEARCH<\/a><\/strong><\/li><li><strong><a href=\"http:\/\/www.scielo.org.co\/scielo.php?script=sci_serial&amp;pid=0120-3592&amp;lng=es&amp;nrm=iso\" target=\"_blank\" rel=\"noopener\">CUADERNOS DE ADMINISTRACI\u00d3N<\/a><\/strong><\/li><li><strong><a href=\"http:\/\/ojs.library.dal.ca\/index.php\/djim\/index\" target=\"_blank\" rel=\"noopener\">DALHOUSIE JOURNAL OF INTERDICIPLINARY MANAGEMENT (DJIM)<\/a><\/strong><\/li><li><strong><a href=\"http:\/\/ejbo.jyu.fi\/archives.html\" target=\"_blank\" rel=\"noopener\">ELECTRONIC JOURNAL OF BUSINESS ETHICS AND ORGANIZATION STUDIES<\/a><\/strong><strong>\u00a0<\/strong><strong><a href=\"http:\/\/ejbo.jyu.fi\/archives.html\" target=\"_blank\" rel=\"noopener\">(EJBO)<\/a><\/strong><\/li><li><strong><a href=\"http:\/\/www.revistaespacios.com\/\" target=\"_blank\" rel=\"noopener\">ESPACIOS: REVISTA VENEZOLANA DE GESTI\u00d3N TECNOL\u00d3GICA<\/a><\/strong><\/li><li><strong><a href=\"http:\/\/www.scielo.org.co\/scielo.php?script=sci_issues&amp;pid=0123-5923&amp;lng=pt&amp;nrm=iso\" target=\"_blank\" rel=\"noopener\">ESTUDIOS GERENCIALES<\/a><\/strong><\/li><li><strong><a href=\"http:\/\/casopisi.junis.ni.ac.rs\/index.php\/FUEconOrg\" target=\"_blank\" rel=\"noopener\">FACTA UNIVERSITATIS: SERIES ECONOMICS AND ORGANIZATION<\/a><\/strong><\/li><li><strong><a href=\"http:\/\/seer.uscs.edu.br\/index.php\/revista_gestao\/issue\/archive\" target=\"_blank\" rel=\"noopener\">GEST\u00c3O &amp; REGIONALIDADE<\/a><\/strong><\/li><li><strong><a href=\"http:\/\/www.gestaoesociedade.org\/gestaoesociedade\" target=\"_blank\" rel=\"noopener\">GEST\u00c3O E SOCIEDADE<\/a><\/strong><\/li><li><strong><a href=\"http:\/\/www.scielo.org.co\/scielo.php?script=sci_serial&amp;pid=0121-5051&amp;lng=pt&amp;nrm=iso\" target=\"_blank\" rel=\"noopener\">INNOVAR: Revista de Ci\u00eancias Administrativas y Sociales<\/a><\/strong><\/li><li><strong><a href=\"http:\/\/www.management-aims.com\/\" target=\"_blank\" rel=\"noopener\">M@N@GEMENT<\/a><\/strong><\/li><li><strong><a href=\"http:\/\/www.scielo.br\/scielo.php?script=sci_serial&amp;pid=1984-9230&amp;lng=pt&amp;nrm=iso\" target=\"_blank\" rel=\"noopener\">ORGANIZA\u00c7\u00d5ES &amp; SOCIEDADE<\/a><\/strong><\/li><li><strong><a href=\"https:\/\/www.metodista.br\/revistas\/revistas-metodista\/index.php\/OC\/index\" target=\"_blank\" rel=\"noopener\">ORGANIZA\u00c7\u00d5ES EM CONTEXTO<\/a><\/strong><\/li><li><strong><a href=\"http:\/\/www.fumec.br\/revistas\/index.php\/pretexto\/issue\/archive\" target=\"_blank\" rel=\"noopener\">PRETEXTO<\/a><\/strong><\/li><li><strong><a href=\"http:\/\/revistas.una.br\/index.php\/reuna\/index\" target=\"_blank\" rel=\"noopener\">REUNA<\/a><\/strong><\/li><li><strong><a href=\"http:\/\/seer.ufrgs.br\/index.php\/read\/index\" target=\"_blank\" rel=\"noopener\">READ \u2013 REVISTA ELETR\u00d4NICA DE ADMINISTRA\u00c7\u00c3O<\/a><\/strong><\/li><li><strong><a href=\"http:\/\/revistas.pucsp.br\/index.php\/rad\/issue\/archive\" target=\"_blank\" rel=\"noopener\">REVISTA ADMINISTRA\u00c7\u00c3O EM DI\u00c1LOGO: RAD<\/a><\/strong><\/li><li><strong><a href=\"http:\/\/siaiap32.univali.br\/seer\/index.php\/ra\" target=\"_blank\" rel=\"noopener\">REVISTA ALCANCE<\/a><\/strong><\/li><li><strong><a href=\"http:\/\/rbgn.fecap.br\/RBGN\" target=\"_blank\" rel=\"noopener\">REVISTA BRASILEIRA DE GEST\u00c3O DE NEG\u00d3CIOS \u2013 RBGN<\/a><\/strong><\/li><li><strong><a href=\"http:\/\/www.rbgdr.net\/revista\/index.php\/rbgdr\/issue\/archive\" target=\"_blank\" rel=\"noopener\">REVISTA BRASILEIRA DE GEST\u00c3O E DESENVOLVIMENTO REGIONAL<\/a><\/strong><\/li><li><strong><a href=\"http:\/\/editorarevistas.mackenzie.br\/index.php\/cade\/index\" target=\"_blank\" rel=\"noopener\">REVISTA CADE<\/a><\/strong><\/li><li><strong><a href=\"https:\/\/revistafae.fae.edu\/revistafae\/issue\/archive\" target=\"_blank\" rel=\"noopener\">REVISTA DA FAE<\/a><\/strong><\/li><li><strong><a href=\"http:\/\/www.scielo.br\/scielo.php?script=sci_serial&amp;pid=1415-6555&amp;lng=pt&amp;nrm=iso\" target=\"_blank\" rel=\"noopener\">REVISTA DE ADMINISTRA\u00c7\u00c3O CONTEMPOR\u00c2NEA: RAC<\/a><\/strong><\/li><li><strong><a href=\"http:\/\/publicacoes.fatea.br\/index.php\/raf\/index\" target=\"_blank\" rel=\"noopener\">REVISTA DE ADMINISTRA\u00c7\u00c3O DA FATEA<\/a><\/strong><\/li><li><strong><a href=\"http:\/\/cascavel.ufsm.br\/revistas\/ojs-2.2.2\/index.php\/reaufsm\/index\" target=\"_blank\" rel=\"noopener\">REVISTA DE ADMINISTRA\u00c7\u00c3O DA UFSM<\/a><\/strong><\/li><li><strong><a href=\"http:\/\/www.raunimep.com.br\/ojs\/index.php\/regen\/index\" target=\"_blank\" rel=\"noopener\">REVISTA DE ADMINISTRA\u00c7\u00c3O DA UNIMEP (RAU)<\/a><\/strong><\/li><li><strong><a href=\"http:\/\/www.spell.org.br\/periodicos\/ver\/51\/revista-de-administracao-e-inovacao\" target=\"_blank\" rel=\"noopener\">REVISTA DE ADMINISTRA\u00c7\u00c3O E INOVA\u00c7\u00c3O<\/a><\/strong><\/li><li><strong><a href=\"http:\/\/www.fumec.br\/revistas\/facesp\/index\" target=\"_blank\" rel=\"noopener\">REVISTA DE ADMINISTRA\u00c7\u00c3O FACES JOURNAL<\/a><\/strong><\/li><li><strong><a href=\"http:\/\/www.scielo.br\/scielo.php?script=sci_serial&amp;pid=1678-6971&amp;lng=en&amp;nrm=iso\" target=\"_blank\" rel=\"noopener\">REVISTA DE ADMINISTRA\u00c7\u00c3O MACKENZIE<\/a><\/strong><\/li><li><strong><a href=\"http:\/\/www.scielo.br\/scielo.php?script=sci_serial&amp;pid=0034-7612&amp;lng=pt&amp;nrm=iso\" target=\"_blank\" rel=\"noopener\">REVISTA DE ADMINISTRA\u00c7\u00c3O P\u00daBLICA<\/a><\/strong><\/li><li><strong><a href=\"https:\/\/periodicos.unifor.br\/rca\" target=\"_blank\" rel=\"noopener\">REVISTA DE CI\u00caNCIAS ADMINISTRATIVAS = ADMINISTRATIVE SCIENCES<\/a><\/strong><strong>\u00a0<\/strong><strong><a href=\"https:\/\/periodicos.unifor.br\/rca\" target=\"_blank\" rel=\"noopener\">JOURNAL<\/a><\/strong><\/li><li><strong><a href=\"https:\/\/periodicos.ufsc.br\/index.php\/adm\/index\" target=\"_blank\" rel=\"noopener\">REVISTA DE CI\u00caNCIAS DA ADMINISTRA\u00c7\u00c3O (RCA)<\/a><\/strong><\/li><li><strong><a href=\"http:\/\/revista.pgsskroton.com.br\/index.php\/rcger\/index\" target=\"_blank\" rel=\"noopener\">REVISTA DE CI\u00caNCIAS GERENCIAIS<\/a><\/strong><\/li><li><strong><a href=\"https:\/\/ebape.fgv.br\/publicacoes\/rgplp\" target=\"_blank\" rel=\"noopener\">REVISTA DE GEST\u00c3O DOS PA\u00cdSES DE L\u00cdNGUA PORTUGUESA\u00a0<\/a><\/strong><strong>=\u00a0<\/strong><strong><a href=\"http:\/\/www.scielo.gpeari.mctes.pt\/scielo.php?script=sci_serial&amp;pid=1645-4464&amp;lng=pt&amp;nrm=iso\" target=\"_blank\" rel=\"noopener\">REVISTA<\/a><\/strong><strong>\u00a0<\/strong><strong><a href=\"http:\/\/www.scielo.gpeari.mctes.pt\/scielo.php?script=sci_serial&amp;pid=1645-4464&amp;lng=pt&amp;nrm=iso\" target=\"_blank\" rel=\"noopener\">PORTUGUESA E BRASILEIRA DE GEST\u00c3<\/a>O (t\u00edtulo anterior)<\/strong><\/li><li><strong><a href=\"http:\/\/www.periodicosibepes.org.br\/index.php\/recadm\" target=\"_blank\" rel=\"noopener\">REVISTA ELETR\u00d4NICA DE CI\u00caNCIA ADMINISTRATIVA (RECADM)<\/a><\/strong><\/li><li><strong><a href=\"http:\/\/www.spell.org.br\/periodicos\/ver\/120\/revista-eletronica-de-estrategia---negocios\" target=\"_blank\" rel=\"noopener\">REVISTA ELETR\u00d4NICA DE ESTRAT\u00c9GIA E NEG\u00d3CIOS (REEN)<\/a><\/strong><\/li><li><strong><a href=\"http:\/\/bell.unochapeco.edu.br\/revistas\/index.php\/rgo\/index\" target=\"_blank\" rel=\"noopener\">REVISTA GEST\u00c3O ORGANIZACIONAL (RGO)<\/a><\/strong><\/li><li><strong><a href=\"http:\/\/producaoonline.org.br\/rpo\/index\" target=\"_blank\" rel=\"noopener\">REVISTA PRODU\u00c7\u00c3O ONLINE<\/a><\/strong><\/li><li><strong><a href=\"http:\/\/www.sciencedirect.com\/science\/journal\/00076813\" target=\"_blank\" rel=\"noopener\">BUSINESS HORIZONS<\/a><\/strong><\/li><li><strong><a href=\"http:\/\/www.sciencedirect.com\/science\/journal\/15674223\" target=\"_blank\" rel=\"noopener\">ELECTRONIC COMMERCE RESEARCH AND APPLICATIONS<\/a><\/strong><\/li><li><strong><a href=\"http:\/\/www.sciencedirect.com\/science\/journal\/02632373\" target=\"_blank\" rel=\"noopener\">EUROPEAN MANAGEMENT JOURNAL<\/a><\/strong><\/li><li><strong><a href=\"http:\/\/www.sciencedirect.com\/science\/journal\/01497189\" target=\"_blank\" rel=\"noopener\">EVALUATION AND PROGRAM PLANNING<\/a><\/strong><\/li><li><strong><a href=\"http:\/\/www.sciencedirect.com\/science\/journal\/09574174\" target=\"_blank\" rel=\"noopener\">EXPERT SYSTEMS WITH APPLICATIONS<\/a><\/strong><\/li><li><strong><a href=\"http:\/\/www.sciencedirect.com\/science\/journal\/00163287\" target=\"_blank\" rel=\"noopener\">FUTURES<\/a><\/strong><\/li><li><strong><a href=\"http:\/\/www.sciencedirect.com\/science\/journal\/10534822\" target=\"_blank\" rel=\"noopener\">HUMAN RESOURCE MANAGEMENT REVIEW<\/a><\/strong><\/li><li><strong><a href=\"http:\/\/www.sciencedirect.com\/science\/journal\/09703896\" target=\"_blank\" rel=\"noopener\">IIMB MANAGEMENT REVIEW<\/a><\/strong><\/li><li><strong><a href=\"http:\/\/www.sciencedirect.com\/science\/journal\/00198501\" target=\"_blank\" rel=\"noopener\">INDUSTRIAL MARKETING MANAGEMENT<\/a><\/strong><\/li><li><strong><a href=\"http:\/\/www.sciencedirect.com\/science\/journal\/14717727\" target=\"_blank\" rel=\"noopener\">INFORMATION AND ORGANIZATION<\/a><\/strong><\/li><li><strong><a href=\"http:\/\/www.sciencedirect.com\/science\/journal\/09695931\" target=\"_blank\" rel=\"noopener\">INTERNATIONAL BUSINESS REVIEW<\/a><\/strong><\/li><li><strong><a href=\"http:\/\/www.sciencedirect.com\/science\/journal\/01471767\" target=\"_blank\" rel=\"noopener\">INTERNATIONAL JOURNAL OF INTERCULTURAL RELATIONS<\/a><\/strong><\/li><li><strong><a href=\"http:\/\/www.sciencedirect.com\/science\/journal\/02637863\" target=\"_blank\" rel=\"noopener\">INTERNATIONAL JOURNAL OF PROJECT MANAGEMENT<\/a><\/strong><\/li><li><strong><a href=\"http:\/\/www.sciencedirect.com\/science\/journal\/01678116\" target=\"_blank\" rel=\"noopener\">INTERNATIONAL JOURNAL OF RESEARCH IN MARKETING<\/a><\/strong><\/li><li><strong><a href=\"http:\/\/www.sciencedirect.com\/science\/journal\/01482963\" target=\"_blank\" rel=\"noopener\">JOURNAL OF BUSINESS RESEARCH<\/a><\/strong><\/li><li><strong><a href=\"http:\/\/www.sciencedirect.com\/science\/journal\/08839026\" target=\"_blank\" rel=\"noopener\">JOURNAL OF BUSINESS VENTURING<\/a><\/strong><\/li><li><strong><a href=\"https:\/\/onlinelibrary.wiley.com\/journal\/15327663\" target=\"_blank\" rel=\"noopener\">JOURNAL OF CONSUMER PSYCHOLOGY<\/a><\/strong><\/li><li><strong><a href=\"http:\/\/www.sciencedirect.com\/science\/journal\/09291199\" target=\"_blank\" rel=\"noopener\">JOURNAL OF CORPORATE FINANCE<\/a><\/strong><\/li><li><strong><a href=\"http:\/\/www.sciencedirect.com\/science\/journal\/01672681\" target=\"_blank\" rel=\"noopener\">JOURNAL OF ECONOMIC BEHAVIOR &amp; ORGANIZATION<\/a><\/strong><\/li><li><strong><a href=\"http:\/\/www.sciencedirect.com\/science\/journal\/01674870\" target=\"_blank\" rel=\"noopener\">JOURNAL OF ECONOMIC PSYCHOLOGY<\/a><\/strong><\/li><li><strong><a href=\"http:\/\/www.sciencedirect.com\/science\/journal\/18778585\" target=\"_blank\" rel=\"noopener\">JOURNAL OF FAMILY BUSINESS STRATEGY<\/a><\/strong><\/li><li><strong><a href=\"http:\/\/www.sciencedirect.com\/science\/journal\/10949968\" target=\"_blank\" rel=\"noopener\">JOURNAL OF INTERACTIVE MARKETING<\/a><\/strong><\/li><li><strong><a href=\"http:\/\/www.sciencedirect.com\/science\/journal\/10754253\" target=\"_blank\" rel=\"noopener\">JOURNAL OF INTERNATIONAL MANAGEMENT<\/a><\/strong><\/li><li><strong><a href=\"http:\/\/www.sciencedirect.com\/science\/journal\/02726963\" target=\"_blank\" rel=\"noopener\">JOURNAL OF OPERATIONS MANAGEMENT<\/a><\/strong><\/li><li><strong><a href=\"http:\/\/www.sciencedirect.com\/science\/journal\/14784092\" target=\"_blank\" rel=\"noopener\">JOURNAL OF PURCHASING AND SUPPLY MANAGEMENT<\/a><\/strong><\/li><li><strong><a href=\"http:\/\/www.sciencedirect.com\/science\/journal\/00224359\" target=\"_blank\" rel=\"noopener\">JOURNAL OF RETAILING<\/a><\/strong><\/li><li><strong><a href=\"http:\/\/www.sciencedirect.com\/science\/journal\/09696989\" target=\"_blank\" rel=\"noopener\">JOURNAL OF RETAILING AND CONSUMER SERVICES<\/a><\/strong><\/li><li><strong><a href=\"http:\/\/www.sciencedirect.com\/science\/journal\/00018791\" target=\"_blank\" rel=\"noopener\">JOURNAL OF VOCATIONAL BEHAVIOR<\/a><\/strong><\/li><li><strong><a href=\"http:\/\/www.sciencedirect.com\/science\/journal\/10909516\" target=\"_blank\" rel=\"noopener\">JOURNAL OF WORLD BUSINESS<\/a><\/strong><\/li><li><strong><a href=\"http:\/\/www.sciencedirect.com\/science\/journal\/00246301\" target=\"_blank\" rel=\"noopener\">LONG RANGE PLANNING<\/a><\/strong><\/li><li><strong><a href=\"http:\/\/www.inmetro.gov.br\/imprensa\/naMedida.asp\" target=\"_blank\" rel=\"noopener\">NA MEDIDA: Jornal Interno do Inmetro e da Rede Brasileira de Metrologia Legal e<\/a><\/strong><strong>\u00a0<\/strong><strong><a href=\"http:\/\/www.inmetro.gov.br\/imprensa\/naMedida.asp\" target=\"_blank\" rel=\"noopener\">Qualidade<\/a><\/strong><\/li><li><strong><a href=\"http:\/\/www.sciencedirect.com\/science\/journal\/03050483\" target=\"_blank\" rel=\"noopener\">OMEGA<\/a><\/strong><\/li><li><strong><a href=\"http:\/\/www.sciencedirect.com\/science\/journal\/07495978\" target=\"_blank\" rel=\"noopener\">ORGANIZATIONAL BEHAVIOR AND HUMAN DECISION PROCESSES<\/a><\/strong><\/li><li><strong><a href=\"http:\/\/www.sciencedirect.com\/science\/journal\/00902616\" target=\"_blank\" rel=\"noopener\">ORGANIZATIONAL DYNAMICS<\/a><\/strong><\/li><li><strong><a href=\"http:\/\/www.ufrgs.br\/read\/\" target=\"_blank\" rel=\"noopener\">READ: REVISTA ELETR\u00d4NICA DE ADMINISTRA\u00c7\u00c3O<\/a><\/strong><\/li><li><strong><a href=\"http:\/\/www.regeusp.com.br\/default.asp?idpagina=1\" target=\"_blank\" rel=\"noopener\">REGE: REVISTA DE GEST\u00c3O<\/a><\/strong><\/li><li><strong><a href=\"http:\/\/www.sciencedirect.com\/science\/journal\/02755319\" target=\"_blank\" rel=\"noopener\">RESEARCH IN INTERNATIONAL BUSINESS AND FINANCE<\/a><\/strong><\/li><li><strong><a href=\"http:\/\/www.sciencedirect.com\/science\/journal\/01913085\" target=\"_blank\" rel=\"noopener\">RESEARCH IN ORGANIZATIONAL BEHAVIOR<\/a><\/strong><\/li><li><strong><a href=\"http:\/\/www.sciencedirect.com\/science\/journal\/00487333\" target=\"_blank\" rel=\"noopener\">RESEARCH POLICY<\/a><\/strong><\/li><li><strong><a href=\"http:\/\/revistaadmmade.estacio.br\/index.php\/admmade\/issue\/archive\" target=\"_blank\" rel=\"noopener\">REVISTA ADM.MADE<\/a><\/strong><\/li><li><strong><a href=\"http:\/\/www.sciencedirect.com\/science\/journal\/09565221\" target=\"_blank\" rel=\"noopener\">SCANDINAVIAN JOURNAL OF MANAGEMENT<\/a><\/strong><\/li><li><strong><a href=\"http:\/\/www.sciencedirect.com\/science\/journal\/01664972\" target=\"_blank\" rel=\"noopener\">TECHNOVATION<\/a><\/strong><\/li><li><strong><a href=\"http:\/\/www.sciencedirect.com\/science\/journal\/10478310\" target=\"_blank\" rel=\"noopener\">THE JOURNAL OF HIGH TECHNOLOGY MANAGEMENT RESEARCH<\/a><\/strong><\/li><li><strong><a href=\"http:\/\/www.sciencedirect.com\/science\/journal\/09638687\" target=\"_blank\" rel=\"noopener\">THE JOURNAL OF STRATEGIC INFORMATION SYSTEMS<\/a><\/strong><\/li><li><strong><a href=\"http:\/\/www.sciencedirect.com\/science\/journal\/10489843\" target=\"_blank\" rel=\"noopener\">THE LEADERSHIP QUARTERLY<\/a><\/strong><\/li><\/ul>                        <\/div>\n\n                    <\/div>\n\n                <\/div><!-- .elementskit-card END -->\n\n                \n                <div class=\"elementskit-card \">\n                    <div class=\"elementskit-card-header\" id=\"primaryHeading-13-a323569\">\n                        <a href=\"#collapse-d38f33169f344e6d9f01\" class=\"ekit-accordion--toggler elementskit-btn-link collapsed\" data-ekit-toggle=\"collapse\" data-target=\"#Collapse-d38f33169f344e6d9f01\" aria-expanded=\"false\" aria-controls=\"Collapse-d38f33169f344e6d9f01\">\n                            \n                            <span class=\"ekit-accordion-title\">Gest\u00e3o Ambiental<\/span>\n\n                            \n                                <div class=\"ekit_accordion_icon_group\">\n                                    <div class=\"ekit_accordion_normal_icon\">\n                                        <!-- Normal Icon -->\n\t\t\t\t\t\t\t\t\t\t<i class=\"icon icon-down-arrow1\"><\/i>                                    <\/div>\n\n                                    <div class=\"ekit_accordion_active_icon\">\n                                        <!-- Active Icon -->\n\t\t\t\t\t\t\t\t\t\t<i class=\"icon icon-up-arrow\"><\/i>                                    <\/div>\n                                <\/div>\n\n                            \n                                                    <\/a>\n                    <\/div>\n\n                    <div id=\"Collapse-d38f33169f344e6d9f01\" class=\" collapse\" aria-labelledby=\"primaryHeading-13-a323569\" data-parent=\"#accordion-69f344e6d9f01\">\n\n                        <div class=\"elementskit-card-body ekit-accordion--content\">\n                            <ul class=\"wp-block-list\"><li><strong><a href=\"https:\/\/www.abrhidro.org.br\/SGCv3\/publicacao.php?PUB=1\" target=\"_blank\" rel=\"noopener\">REVISTA RBRH \u2013 REVISTA BRASILEIRA DE RECURSOS H\u00cdDRICOS:\u00a0\u00a0<\/a><\/strong><a href=\"https:\/\/www.abrhidro.org.br\/SGCv3\/publicacao.php?PUB=1\" target=\"_blank\" rel=\"noopener\">https:\/\/www.abrhidro.org.br\/SGCv3\/publicacao.php?PUB=1<\/a><\/li><li><strong><a href=\"https:\/\/www.abrhidro.org.br\/SGCv3\/publicacao.php?PUB=2\" target=\"_blank\" rel=\"noopener\">REGA \u2013 REVISTA DE GEST\u00c3O DE \u00c1GUA DA AM\u00c9RICA LATINA:\u00a0\u00a0<\/a><\/strong><a href=\"https:\/\/www.abrhidro.org.br\/SGCv3\/publicacao.php?PUB=2\" target=\"_blank\" rel=\"noopener\">https:\/\/www.abrhidro.org.br\/SGCv3\/publicacao.php?PUB=2<\/a><\/li><li><strong><a href=\"https:\/\/www.rbcsjournal.org\/available-issues\/\" target=\"_blank\" rel=\"noopener\">REVISTA BRASILEIRA DE CI\u00caNCIA E SOLO\u00a0\u2013\u00a0<\/a><\/strong><a href=\"https:\/\/www.rbcsjournal.org\/available-issues\/\" target=\"_blank\" rel=\"noopener\">https:\/\/www.rbcsjournal.org\/available-issues\/<\/a><\/li><li><strong><a href=\"http:\/\/www.agriambi.com.br\/\" target=\"_blank\" rel=\"noopener\">REVISTA BRASILEIRA DE ENGENHARIA AGR\u00cdCOLA E AMBIENTAL\u00a0\u2013\u00a0<\/a><\/strong><a href=\"http:\/\/www.agriambi.com.br\/\" target=\"_blank\" rel=\"noopener\">http:\/\/www.agriambi.com.br<\/a><\/li><li><strong><a href=\"http:\/\/www.abc.org.br\/rubrique.php3?id_rubrique=52\" target=\"_blank\" rel=\"noopener\">REVISTA ANAIS DA ACAD\u00caMIA BRASILEIRA DE CI\u00caNCIA\u00a0\u2013\u00a0<\/a><\/strong><a href=\"http:\/\/www.abc.org.br\/rubrique.php3?id_rubrique=52\" target=\"_blank\" rel=\"noopener\">http:\/\/www.abc.org.br\/rubrique.php3?id_rubrique=52<\/a><\/li><li><strong><a href=\"http:\/\/revistaarvore.org.br\/\" target=\"_blank\" rel=\"noopener\">REVISTA \u00c1RVORE\u00a0\u2013\u00a0<\/a><\/strong><a href=\"http:\/\/revistaarvore.org.br\/\" target=\"_blank\" rel=\"noopener\">http:\/\/revistaarvore.org.br\/<\/a><\/li><li><strong><a href=\"http:\/\/www.abs-dn.org.br\/revistaresa.php\" target=\"_blank\" rel=\"noopener\">REVISTA ENGENHARIA SANIT\u00c1RIA E AMBIENTAL\u00a0\u2013\u00a0<\/a><\/strong><a href=\"http:\/\/abes-dn.org.br\/?page_id=1025\" target=\"_blank\" rel=\"noopener\">http:\/\/abes-dn.org.br\/?page_id=1025<\/a><\/li><\/ul>                        <\/div>\n\n                    <\/div>\n\n                <\/div><!-- .elementskit-card END -->\n\n                \n                <div class=\"elementskit-card \">\n                    <div class=\"elementskit-card-header\" id=\"primaryHeading-14-a323569\">\n                        <a href=\"#collapse-14106ec69f344e6d9f01\" class=\"ekit-accordion--toggler elementskit-btn-link collapsed\" data-ekit-toggle=\"collapse\" data-target=\"#Collapse-14106ec69f344e6d9f01\" aria-expanded=\"false\" aria-controls=\"Collapse-14106ec69f344e6d9f01\">\n                            \n                            <span class=\"ekit-accordion-title\">Gest\u00e3o Financeira<\/span>\n\n                            \n                                <div class=\"ekit_accordion_icon_group\">\n                                    <div class=\"ekit_accordion_normal_icon\">\n                                        <!-- Normal Icon -->\n\t\t\t\t\t\t\t\t\t\t<i class=\"icon icon-down-arrow1\"><\/i>                                    <\/div>\n\n                                    <div class=\"ekit_accordion_active_icon\">\n                                        <!-- Active Icon -->\n\t\t\t\t\t\t\t\t\t\t<i class=\"icon icon-up-arrow\"><\/i>                                    <\/div>\n                                <\/div>\n\n                            \n                                                    <\/a>\n                    <\/div>\n\n                    <div id=\"Collapse-14106ec69f344e6d9f01\" class=\" collapse\" aria-labelledby=\"primaryHeading-14-a323569\" data-parent=\"#accordion-69f344e6d9f01\">\n\n                        <div class=\"elementskit-card-body ekit-accordion--content\">\n                            <ul><li><a href=\"http:\/\/revistas.unisinos.br\/index.php\/base\/index\" target=\"_blank\" rel=\"noopener\"><b>BASE (UNISINOS)<\/b><\/a><\/li><li><a href=\"https:\/\/ebape.fgv.br\/publicacoes\/cadernos-ebapebr\" target=\"_blank\" rel=\"noopener\"><b>CADERNOS EBAPE - FGV<\/b><\/a><\/li><li><a href=\"https:\/\/revista.fumec.br\/index.php\/facesp\/\" target=\"_blank\" rel=\"noopener\"><b>FACES (FUMEC)<\/b><\/a><\/li><li><a href=\"https:\/\/www.gestaoeproducao.com\/\" target=\"_blank\" rel=\"noopener\"><b>GEST\u00c3O &amp; PRODU\u00c7\u00c3O<\/b><\/a><\/li><li><a href=\"http:\/\/seer.uscs.edu.br\/index.php\/revista_gestao\/\" target=\"_blank\" rel=\"noopener\"><b>GEST\u00c3O E REGIONALIDADE<\/b><\/a><\/li><li><a href=\"https:\/\/ojs.ccsa.ufrn.br\/\" target=\"_blank\" rel=\"noopener\"><b>INTERFACE<\/b><\/a><\/li><li><a href=\"https:\/\/periodicos.ufba.br\/index.php\/revistaoes\" target=\"_blank\" rel=\"noopener\"><b>ORGANIZA\u00c7\u00d5ES &amp; SOCIEDADE<\/b><\/a><\/li><li><a href=\"http:\/\/anpad.org.br\/periodicos\/content\/frame_base.php?revista=3\" target=\"_blank\" rel=\"noopener\"><b>RAC<\/b><\/a><\/li><li><a href=\"https:\/\/periodicos.fgv.br\/rae\/\" target=\"_blank\" rel=\"noopener\"><b>RAE<\/b><\/a><\/li><li><a href=\"https:\/\/raep.emnuvens.com.br\/raep\" target=\"_blank\" rel=\"noopener\"><b>RAEP (REVISTA DE ADMINISTRA\u00c7\u00c3O, ENSINO E PESQUISA)<\/b><\/a><\/li><li><a href=\"http:\/\/www.spell.org.br\/periodicos\/ver\/51\/revista-de-administracao-e-inovacao\" target=\"_blank\" rel=\"noopener\"><b>RAI \u2013 REVISTA DE ADMINISTRA\u00c7\u00c3O E INOVA\u00c7\u00c3O<\/b><\/a><\/li><li><a href=\"http:\/\/www.scielo.br\/scielo.php?script=sci_serial&amp;pid=1678-6971&amp;lng=en&amp;nrm=iso\" target=\"_blank\" rel=\"noopener\"><b>RAM - REVISTA DE ADMINISTRA\u00c7\u00c3O MACKENZIE<\/b><\/a><\/li><li><a href=\"https:\/\/unp.aure.com.br\/edunp\/revistas-cientificas.php\" target=\"_blank\" rel=\"noopener\"><b>RAUNP<\/b><\/a><\/li><li><a href=\"http:\/\/www.rausp.usp.br\/\" target=\"_blank\" rel=\"noopener\"><b>RAUSP-E<\/b><\/a><\/li><li><a href=\"http:\/\/seer.ufrgs.br\/read\" target=\"_blank\" rel=\"noopener\"><b>READ - REVISTA ELETR\u00d4NICA DE ADMINISTRA\u00c7\u00c3O<\/b><\/a><\/li><li><a href=\"http:\/\/revistas.ufcg.edu.br\/reunir\/index.php\/uacc\" target=\"_blank\" rel=\"noopener\"><b>REUNIR \u2013 REVISTA DE ADMINISTRA\u00c7\u00c3O, CI\u00caNCIAS CONT\u00c1BEIS E SUSTENTABILIDADE<\/b><\/a><\/li><li><a href=\"https:\/\/periodicos.uninove.br\/remark\" target=\"_blank\" rel=\"noopener\"><b>REVISTA BRASILEIRA DE MARKETING - REMARK<\/b><\/a><\/li><li><a href=\"http:\/\/www.periodicos.unir.br\/index.php\/rara\" target=\"_blank\" rel=\"noopener\"><b>REVISTA DE ADMINISTRA\u00c7\u00c3O E NEG\u00d3CIOS DA AMAZ\u00d4NIA - RARA<\/b><\/a><\/li><li><a href=\"http:\/\/www.spell.org.br\/periodicos\/ver\/60\/revista-hospitalidade\" target=\"_blank\" rel=\"noopener\"><b>REVISTA HOSPITALIDADE<\/b><\/a><\/li><li><a href=\"http:\/\/www.bbronline.com.br\/\" target=\"_blank\" rel=\"noopener\"><b>BBR - BRAZILIAN BUSINESS REVIEW<\/b><\/a><\/li><li><a href=\"https:\/\/revistacgg.org\/index.php\/contabil\" target=\"_blank\" rel=\"noopener\"><b>CONTABILIDADE, GEST\u00c3O E GOVERNAN\u00c7A<\/b><\/a><\/li><li><a href=\"http:\/\/www.spell.org.br\/periodicos\/ver\/34\/contextus---revista-contemporanea-de-economia-e-gestao\" target=\"_blank\" rel=\"noopener\"><b>CONTEXTUS<\/b><\/a><\/li><li><a href=\"http:\/\/revistas.face.ufmg.br\/index.php\/contabilidadevistaerevista\" target=\"_blank\" rel=\"noopener\"><b>REVISTA CONTABILIDADE VISTA E REVISTA<\/b><\/a><\/li><li><a href=\"http:\/\/www.spell.org.br\/periodicos\/ver\/25\/revista-brasileira-de-gestao-de-negocios\" target=\"_blank\" rel=\"noopener\"><b>REVISTA BRASILEIRA DE GEST\u00c3O DE NEG\u00d3CIOS<\/b><\/a><\/li><li><a href=\"https:\/\/periodicos.unifor.br\/rca\" target=\"_blank\" rel=\"noopener\"><b>REVISTA CI\u00caNCIAS ADMINISTRATIVAS (UNIFOR)<\/b><\/a><\/li><li><a href=\"https:\/\/reacfat.com.br\/reac\" target=\"_blank\" rel=\"noopener\"><b>REVISTA DE ADMINISTRA\u00c7\u00c3O E CONTABILIDADE DA FAT<\/b><\/a><\/li><li><a href=\"https:\/\/revistas.ufpr.br\/rcc\" target=\"_blank\" rel=\"noopener\"><b>RC &amp; C \u2013 REVISTA DE CONTABILIDADE E CONTROLADORIA<\/b><\/a><\/li><li><a href=\"https:\/\/www.revistas.usp.br\/rco\" target=\"_blank\" rel=\"noopener\"><b>REVISTA DE CONTABILIDADE E ORGANIZA\u00c7\u00d5ES<\/b><\/a><\/li><li><a href=\"http:\/\/www.portalseer.ufba.br\/index.php\/rcontabilidade\" target=\"_blank\" rel=\"noopener\"><b>REVISTA DE CONTABILIDADE DA UFBA<\/b><\/a><\/li><li><a href=\"http:\/\/www.atena.org.br\/revista\/ojs-2.2.3-08\/index.php\/uerj\" target=\"_blank\" rel=\"noopener\"><b>REVISTA DE CONTABILIDADE DO MESTRADO EM CI\u00caNCIAS CONT\u00c1BEIS DA UERJ<\/b><\/a><\/li><li><a href=\"http:\/\/www.periodicos.ufsc.br\/index.php\/contabilidade\" target=\"_blank\" rel=\"noopener\"><b>REVISTA CONTEMPOR\u00c2NEA DE CONTABILIDADE<\/b><\/a><\/li><li><a href=\"https:\/\/www.fundace.org.br\/revistaracef\/index.php\/racef\/index\" target=\"_blank\" rel=\"noopener\"><b>RACEF \u2013 REVISTA DE ADMINISTRA\u00c7\u00c3O, CONTABILIDADE E ECONOMIA DA FUNDACE<\/b><\/a><\/li><li><a href=\"http:\/\/www.repec.org.br\/index.php\/repec\" target=\"_blank\" rel=\"noopener\"><b>REVISTA DE EDUCA\u00c7\u00c3O E PESQUISA EM CONTABILIDADE<\/b><\/a><\/li><li><a href=\"http:\/\/www.financasaplicadas.fia.com.br\/index.php\/financasaplicadas\" target=\"_blank\" rel=\"noopener\"><b>REVISTA DE FINAN\u00c7AS APLICADAS<\/b><\/a><\/li><li><a href=\"http:\/\/www.atena.org.br\/revista\/ojs-2.2.3-06\/index.php\/ufrj\" target=\"_blank\" rel=\"noopener\"><b>SOCIEDADE, CONTABILIDADE E GEST\u00c3O<\/b><\/a><\/li><li><a href=\"http:\/\/editora.unoesc.edu.br\/index.php\/race\" target=\"_blank\" rel=\"noopener\"><b>RACE \u2013 REVISTA DE ADMINISTRA\u00c7\u00c3O, CONTABILIDADE E ECONOMIA<\/b><\/a><a href=\"https:\/\/www.unieuro.edu.br\/sitenovo\/revistas\/revista_ruc.asp\" target=\"_blank\" rel=\"noopener\"><b>\u00a0<\/b><\/a><\/li><li><a href=\"https:\/\/www.unieuro.edu.br\/sitenovo\/revistas\/revista_ruc.asp\" target=\"_blank\" rel=\"noopener\"><b>RUC - REVISTA UNIEURO DE CONTABILIDADE<\/b><\/a><\/li><\/ul>                        <\/div>\n\n                    <\/div>\n\n                <\/div><!-- .elementskit-card END -->\n\n                \n                <div class=\"elementskit-card \">\n                    <div class=\"elementskit-card-header\" id=\"primaryHeading-15-a323569\">\n                        <a href=\"#collapse-3a1a6ad69f344e6d9f01\" class=\"ekit-accordion--toggler elementskit-btn-link collapsed\" data-ekit-toggle=\"collapse\" data-target=\"#Collapse-3a1a6ad69f344e6d9f01\" aria-expanded=\"false\" aria-controls=\"Collapse-3a1a6ad69f344e6d9f01\">\n                            \n                            <span class=\"ekit-accordion-title\">Pedagogia<\/span>\n\n                            \n                                <div class=\"ekit_accordion_icon_group\">\n                                    <div class=\"ekit_accordion_normal_icon\">\n                                        <!-- Normal Icon -->\n\t\t\t\t\t\t\t\t\t\t<i class=\"icon icon-down-arrow1\"><\/i>                                    <\/div>\n\n                                    <div class=\"ekit_accordion_active_icon\">\n                                        <!-- Active Icon -->\n\t\t\t\t\t\t\t\t\t\t<i class=\"icon icon-up-arrow\"><\/i>                                    <\/div>\n                                <\/div>\n\n                            \n                                                    <\/a>\n                    <\/div>\n\n                    <div id=\"Collapse-3a1a6ad69f344e6d9f01\" class=\" collapse\" aria-labelledby=\"primaryHeading-15-a323569\" data-parent=\"#accordion-69f344e6d9f01\">\n\n                        <div class=\"elementskit-card-body ekit-accordion--content\">\n                            <ul class=\"wp-block-list\"><li>\u00a0<a href=\"https:\/\/www.gov.br\/inep\/pt-br\" target=\"_blank\" rel=\"noopener\"><strong>INEP<\/strong><\/a>\u2013 Instituto Nacional de Estudos e Pesquisas Educacionais An\u00edsio Teixeira<\/li><li><strong><a href=\"https:\/\/www.fe.unicamp.br\/a-fe\/publicacoes\/periodicos\/pro-posicoes\" target=\"_blank\" rel=\"noreferrer noopener\">REVISTA PRO-POSI\u00c7\u00d5ES<\/a><\/strong><strong>\u00a0<\/strong>\u2013\u00a0A Revista Pro-Posi\u00e7\u00f5es \u00e9 uma publica\u00e7\u00e3o da Faculdade de Educa\u00e7\u00e3o (FE) da Universidade Estadual de Campinas (Unicamp), fundada em 1990, e tem como objetivo divulgar a produ\u00e7\u00e3o acad\u00eamica na \u00e1rea da Educa\u00e7\u00e3o. Publica artigos in\u00e9ditos e\/ou traduzidos, ensaios, resenhas, documentos e textos oriundos de publica\u00e7\u00f5es fora de cat\u00e1logo.<\/li><li><strong><a href=\"http:\/\/www.scielo.br\/scielo.php?script=sci_serial&amp;lng=pt&amp;pid=0101-3262&amp;nrm=iso\" target=\"_blank\" rel=\"noreferrer noopener\">CADERNOS CEDES<\/a><\/strong><\/li><li>Publica\u00e7\u00e3o de car\u00e1ter tem\u00e1tico dirigida a profissionais e pesquisadores da \u00e1rea educacional com o prop\u00f3sito de abordar quest\u00f5es que se colocam como atuais e significativas nesse campo de atua\u00e7\u00e3o.<\/li><li><strong><a href=\"http:\/\/www.cadernosdapedagogia.ufscar.br\/index.php\/cp\" target=\"_blank\" rel=\"noreferrer noopener\">CADERNOS DA PEDAGOGIA<\/a><\/strong><\/li><li>Os Cadernos da Pedagogia, publica\u00e7\u00e3o semestral da coordena\u00e7\u00e3o do curso de Pedagogia da Universidade Federal de S\u00e3o Carlos, objetiva difundir os trabalhos produzidos por docentes e discentes do curso de Pedagogia dessa institui\u00e7\u00e3o e demais institui\u00e7\u00f5es da regi\u00e3o e do Brasil, e tamb\u00e9m de pesquisadores da \u00e1rea educacional.<\/li><li><strong><a href=\"http:\/\/www.scielo.br\/scielo.php\/script_sci_serial\/pid_0100-1574\/lng_pt\/nrm_iso\" target=\"_blank\" rel=\"noreferrer noopener\">CADERNOS DE PESQUISA<\/a><\/strong><\/li><li>Revista de estudos e pesquisas em educa\u00e7\u00e3o, tem como objetivo divulgar a produ\u00e7\u00e3o acad\u00eamica sobre educa\u00e7\u00e3o, g\u00eanero e ra\u00e7a, propiciando a troca de informa\u00e7\u00f5es e o debate sobre as principias quest\u00f5es e temas emergentes da \u00e1rea. Privilegia a dissemina\u00e7\u00e3o das pesquisas realizadas no pa\u00eds, embora publique tamb\u00e9m estudos provenientes do exterior.<\/li><li><strong><a href=\"http:\/\/www.scielo.br\/scielo.php?script=sci_serial&amp;pid=1516-7313&amp;nrm=iso&amp;rep=&amp;lng=pt\" target=\"_blank\" rel=\"noreferrer noopener\">CI\u00caNCIA &amp; EDUCA\u00c7\u00c3O<\/a><\/strong><\/li><li>Tem a miss\u00e3o de publicar artigos cient\u00edficos sobre resultados de pesquisas emp\u00edricas ou te\u00f3ricas e ensaios originais sobre temas relacionados \u00e0 educa\u00e7\u00e3o em ci\u00eancias, educa\u00e7\u00e3o matem\u00e1tica e \u00e1reas afins.<\/li><li><strong><a href=\"http:\/\/www.scielo.br\/scielo.php?script=sci_serial&amp;pid=0102-4698&amp;lng=pt\" target=\"_blank\" rel=\"noreferrer noopener\">EDUCA\u00c7\u00c3O EM REVISTA<\/a><\/strong><\/li><li>Tem a miss\u00e3o de contribuir para a divulga\u00e7\u00e3o de conhecimentos cient\u00edficos no campo da educa\u00e7\u00e3o, procurando, em seu projeto, torn\u00e1-los p\u00fablicos para todos interessados nessa \u00e1rea.<\/li><li><strong><a href=\"http:\/\/revistaseletronicas.pucrs.br\/ojs\/index.php\/porescrito\" target=\"_blank\" rel=\"noreferrer noopener\">EDUCA\u00c7\u00c3O POR ESCRITO<\/a><\/strong><\/li><li>Tem como objetivo a divulga\u00e7\u00e3o de investiga\u00e7\u00f5es de Programas de P\u00f3s-Gradua\u00e7\u00e3o em Educa\u00e7\u00e3o. Nessa perspectiva, a revista assume uma vertente editorial que se prop\u00f5e a publicar, divulgar e fomentar a produ\u00e7\u00e3o de conhecimentos, criando e incentivando publica\u00e7\u00f5es peri\u00f3dicas pr\u00f3prias, e tamb\u00e9m atrav\u00e9s de publica\u00e7\u00f5es em parcerias com outros Centros de Investiga\u00e7\u00e3o e Institui\u00e7\u00f5es, nacionais e estrangeiros.<\/li><li><strong><a href=\"http:\/\/eft.educom.pt\/index.php\/eft\" target=\"_blank\" rel=\"noreferrer noopener\">EDUCA\u00c7\u00c3O, FORMA\u00c7\u00c3O &amp; TECNOLOGIAS<\/a><\/strong><\/li><li>A revista Educa\u00e7\u00e3o, Forma\u00e7\u00e3o &amp; Tecnologias \u00e9 um projeto editorial de natureza cient\u00edfica, criado no seio da\u00a0<em>EDUCOM \u2013 APTE<\/em>\u00a0[Associa\u00e7\u00e3o Portuguesa de Telem\u00e1tica Educativa], que visa a divulga\u00e7\u00e3o de trabalhos de investiga\u00e7\u00e3o e de reflex\u00e3o relacionados com a utiliza\u00e7\u00e3o e integra\u00e7\u00e3o das Tecnologias da Informa\u00e7\u00e3o e Comunica\u00e7\u00e3o na Educa\u00e7\u00e3o e na Forma\u00e7\u00e3o.<\/li><li><strong><a href=\"http:\/\/www.periodicos.rc.biblioteca.unesp.br\/index.php\/educacao\" target=\"_blank\" rel=\"noreferrer noopener\">EDUCA\u00c7\u00c3O, TEORIA E PR\u00c1TICA<\/a><\/strong><\/li><li>A Revista Educa\u00e7\u00e3o: Teoria e Pr\u00e1tica \u00e9 uma publica\u00e7\u00e3o quadrimestral do Departamento de Educa\u00e7\u00e3o\/IB e do Programa de P\u00f3s-Gradua\u00e7\u00e3o em Educa\u00e7\u00e3o, da Universidade Estadual Paulista \u201cJ\u00falio de Mesquita Filho\u201d \u2013 UNESP\/C\u00e2mpus de Rio Claro. Constitui-se em importante instrumento para o di\u00e1logo cr\u00edtico e discuss\u00e3o entre professores, pesquisadores, especialistas em educa\u00e7\u00e3o e alunos que, ao longo de sua exist\u00eancia, foi fortalecendo sua voca\u00e7\u00e3o acad\u00eamica no que concerne \u00e0 produ\u00e7\u00e3o de conhecimentos de cunho interdisciplinar, deslocando-se da inser\u00e7\u00e3o local, para regional, nacional, com vistas \u00e0 inser\u00e7\u00e3o internacional.<\/li><li><strong><a href=\"http:\/\/emaberto.inep.gov.br\/index.php\/emaberto\/index\" target=\"_blank\" rel=\"noreferrer noopener\">EM ABERTO<\/a><\/strong><\/li><li>Criada em 1981, a revista\u00a0<em>Em Aberto<\/em>\u00a0\u00e9 uma publica\u00e7\u00e3o monotem\u00e1tica, com periodicidade quadrimestral, cuja finalidade \u00e9 estimular e promover a discuss\u00e3o de quest\u00f5es atuais e relevantes da educa\u00e7\u00e3o brasileira, trazendo opini\u00f5es divergentes ou confrontos de pontos de vista. Publica artigos, resenhas e bibliografias comentadas.<\/li><li><strong><a href=\"http:\/\/www.jpe.ufpr.br\/edicoes.htm\" target=\"_blank\" rel=\"noreferrer noopener\">JORNAL DE POL\u00cdTICAS EDUCACIONAIS<\/a><\/strong><\/li><li>Este peri\u00f3dico \u00e9 mais um passo na trajet\u00f3ria do N\u00facleo de Pol\u00edticas Educacionais \u2013\u00a0NuPE, do Setor de Educa\u00e7\u00e3o da UFPR. Em atividade desde 2002, articulando preocupa\u00e7\u00f5es entre o aprofundamento das discuss\u00f5es da \u00e1rea de pol\u00edticas educacionais e o acompanhamento da conjuntura regional e nacional dessas pol\u00edticas, os pesquisadores do n\u00facleo entendem que uma das formas de se ampliar o debate \u00e9 por meio dos peri\u00f3dicos dedicados ao tema.<\/li><li><strong><a href=\"https:\/\/www.seer.furg.br\/momento\/about\/editorialPolicies#focusAndScope\/\" target=\"_blank\" rel=\"noreferrer noopener\">MOMENTOS: DI\u00c1LOGOS EM EDUCA\u00c7\u00c3O<\/a><\/strong><\/li><li>A Revista MOMENTO \u2013 Di\u00e1logos em Educa\u00e7\u00e3o, sediada no Programa de P\u00f3s-gradua\u00e7\u00e3o em Educa\u00e7\u00e3o do Instituto de Educa\u00e7\u00e3o da Universidade Federal do Rio Grande- FURG, tem como principal foco promover a discuss\u00e3o de tem\u00e1ticas relativas \u00e0 forma\u00e7\u00e3o de professoras\/es e ao cotidiano escolar no contexto de diferentes n\u00edveis de ensino, contribuindo para que o debate educacional nestes espec\u00edficos campos seja ampliado. Direciona-se \u00e0 publica\u00e7\u00e3o de artigos cient\u00edficos in\u00e9ditos e de entrevistas, escritas em L\u00edngua Portuguesa ou em L\u00edngua Espanhola, que tratem de experi\u00eancias docentes, pr\u00e1ticas pedag\u00f3gicas e pesquisas conclu\u00eddas que atendam ao escopo da revista.<\/li><li><strong><a href=\"http:\/\/periodicos.pucminas.br\/index.php\/pedagogiacao\" target=\"_blank\" rel=\"noreferrer noopener\">PEDAGOGIA EM A\u00c7\u00c3O<\/a><\/strong><\/li><li>\u00c9 uma revista do Curso de Pedagogia da PUC Minas. Foi criada em 2009, como resposta ao anseio dos professores do curso em criar um espa\u00e7o em que, al\u00e9m dos professores, fosse poss\u00edvel aos alunos a publica\u00e7\u00e3o das suas produ\u00e7\u00f5es. Ela \u00e9 apresentada na modalidade eletr\u00f4nica, no Portal de Peri\u00f3dicos Eletr\u00f4nicos da PUC Minas. A revista visa \u00e0 publica\u00e7\u00e3o de artigos, comunica\u00e7\u00f5es, resenhas e resumos, s\u00e3o textos que expressam o trabalho de pesquisa do corpo docente e discente do Curso, com \u00eanfase neste \u00faltimo, por carecer de espa\u00e7o que acolha as suas produ\u00e7\u00f5es.<\/li><li><strong><a href=\"http:\/\/seer.ufrgs.br\/index.php\/renote\/index\" target=\"_blank\" rel=\"noreferrer noopener\">RENOTE<\/a><\/strong><\/li><li>A Revista Novas Tecnologias na Educa\u00e7\u00e3o tem por objetivo publicar trabalhos desenvolvidos na \u00e1rea da Inform\u00e1tica na Educa\u00e7\u00e3o. \u00c9 um peri\u00f3dico cient\u00edfico editado pelo Centro Interdisciplinar de Novas Tecnologias na Educa\u00e7\u00e3o-CINTED, da Universidade Federal do Rio Grande do Sul. Publicado desde 2003, privilegia perspectivas interdisciplinares de natureza regional, nacional e internacional.<\/li><li><strong><a href=\"http:\/\/www.scielo.br\/scielo.php?script=sci_serial&amp;pid=1413-2478&amp;lng=pt&amp;nrm=iso\" target=\"_blank\" rel=\"noreferrer noopener\">REVISTA BRASILEIRA DE EDUCA\u00c7\u00c3O<\/a><\/strong><\/li><li>Publica\u00e7\u00e3o de artigos acad\u00eamico- cient\u00edficos, fomentando e facilitando o interc\u00e2mbio acad\u00eamico no \u00e2mbito nacional e internacional.<\/li><li><strong><a href=\"http:\/\/rbep.inep.gov.br\/index.php\/rbep\" target=\"_blank\" rel=\"noreferrer noopener\">REVISTA BRASILEIRA DE ESTUDOS PEDAG\u00d3GICOS<\/a><\/strong><\/li><li>A Revista Brasileira de Estudos Pedag\u00f3gicos (RBEP), criada em 1944,\u00a0\u00e9 um peri\u00f3dico quadrimestral, publicado em formato impresso e eletr\u00f4nico. A RBEP publica artigos in\u00e9ditos, resultantes de pesquisas que apresentem consist\u00eancia, rigor e originalidade na abordagem do tema e contribuam para a constru\u00e7\u00e3o do conhecimento na \u00e1rea de Educa\u00e7\u00e3o. A RBEP tamb\u00e9m publica relatos de experi\u00eancia e resenhas.<\/li><li><strong><a href=\"http:\/\/www2.uned.es\/revistaestilosdeaprendizaje\/portugues\/index.htm\" target=\"_blank\" rel=\"noreferrer noopener\">REVISTA DE ESTILOS DE APRENDIZAGEM<\/a><\/strong><\/li><li>A Revista de Estilos de Aprendizagem, Estudo de Estudo de Aprendizagem, durante os \u00faltimos seis anos, foi consolidado como um importante f\u00f3rum cient\u00edfico de investiga\u00e7\u00e3o e estudo sobre os Estilos de Aprendizagem. A mais larga de mais de 2.000 p\u00e1ginas publicadas de trabalhos e investiga\u00e7\u00f5es sobre a ilumina\u00e7\u00e3o e concretiza\u00e7\u00e3o de m\u00faltiplas facetas e consequ\u00eancias educativas sobre o enfoque pedag\u00f3gico Estilos de Aprendizagem, com trabalhos centrados em todos os n\u00edveis de ensino e em muitos pa\u00edses diferentes.<\/li><li><strong><a href=\"http:\/\/www.seer.ufu.br\/index.php\/EducacaoFilosofia\/index\" target=\"_blank\" rel=\"noreferrer noopener\">REVISTA EDUCA\u00c7\u00c3O E FILOSOFIA<\/a><\/strong><\/li><li>A Revista Educa\u00e7\u00e3o e Filosofia tem como prop\u00f3sito o incentivo \u00e0 investiga\u00e7\u00e3o e ao debate acad\u00eamico acerca da educa\u00e7\u00e3o e da filosofia em seus diversos aspectos, prestando-se como um instrumento de divulga\u00e7\u00e3o do conhecimento especialmente dessas duas \u00e1reas. Est\u00e1 indexada em 12 repert\u00f3rios nacionais e internacionais e atualmente est\u00e1 avaliada no Qualis da CAPES com estrato A2 em Educa\u00e7\u00e3o, e A2 em Filosofia.<\/li><li><strong><a href=\"https:\/\/periodicos.ufsm.br\/index.php\/educacaoespecial\" target=\"_blank\" rel=\"noreferrer noopener\">REVISTA EDUCA\u00c7\u00c3O ESPECIAL<\/a><\/strong><\/li><li>A Revista Educa\u00e7\u00e3o Especial, editada pela Universidade Federal de Santa Maria, objetiva veicular somente artigos in\u00e9ditos na \u00e1rea da Educa\u00e7\u00e3o Especial. A revista \u00e9 quadrimestral, sendo que os dois primeiros n\u00fameros do ano atendem a demanda do fluxo cont\u00ednuo e o terceiro n\u00famero do ano \u00e9 organizado na forma de Dossi\u00ea Tem\u00e1tico. A comiss\u00e3o editorial reserva-se o direito de n\u00e3o publicar artigos de mesma autoria em interst\u00edcios inferiores a duas edi\u00e7\u00f5es. Al\u00e9m disso, recusa estudos que foram tamb\u00e9m submetidos a outros peri\u00f3dicos nacionais ou internacionais, bem como aqueles encaminhados para livros ou cap\u00edtulos de livros. A revista tem o Portugu\u00eas (Brasil) como idioma principal e o Espanhol como idioma secund\u00e1rio.<\/li><li><strong><a href=\"http:\/\/formacaodocente.autenticaeditora.com.br\/\" target=\"_blank\" rel=\"noreferrer noopener\">REVISTA FORMA\u00c7\u00c3O DOCENTE<\/a><\/strong><\/li><li>A Revista Forma\u00e7\u00e3o Docente \u2013 Revista Brasileira de Pesquisa sobre Forma\u00e7\u00e3o de Professores (RBPFP) \u2013 \u00e9 uma publica\u00e7\u00e3o do Grupo de Trabalho Forma\u00e7\u00e3o de Professores (GT8), integrante da Associa\u00e7\u00e3o Nacional de P\u00f3s-Gradua\u00e7\u00e3o e Pesquisa em Educa\u00e7\u00e3o (Anped) e conta com a parceria da Aut\u00eantica Editora.<\/li><li><strong><a href=\"http:\/\/revistaseletronicas.pucrs.br\/ojs\/index.php\/revistapsico\" target=\"_blank\" rel=\"noreferrer noopener\">REVISTA PSICO<\/a><\/strong><\/li><li>A revista PSICO \u00e9\u00a0um peri\u00f3dico trimestral que\u00a0visa publicar resultados de pesquisas emp\u00edricas ou revis\u00f5es sistem\u00e1ticas na \u00e1rea da Ci\u00eancia Psicol\u00f3gica, em especial estudos e experimentos englobando psicologia cognitiva, avalia\u00e7\u00e3o psicol\u00f3gica, psicologia social, psicologia do desenvolvimento, psicologia da sa\u00fade, psicologia cl\u00ednica, neuropsicologia e psicobiologia. A revista publica artigos que claramente empreguem m\u00e9todos de investiga\u00e7\u00e3o na \u00e1rea da Psicologia e cujos resultados contribuam para o avan\u00e7o da Ci\u00eancia Psicol\u00f3gica.<\/li><li><strong><a href=\"http:\/\/publicacoes.fcc.org.br\/index.php\/cp\/issue\/view\/369\" target=\"_blank\" rel=\"noopener\">CADERNO DE PESQUISA DA FUNDA\u00c7\u00c3O CARLOS CHAGAS<\/a><\/strong><\/li><\/ul>                        <\/div>\n\n                    <\/div>\n\n                <\/div><!-- .elementskit-card END -->\n\n                \n                <div class=\"elementskit-card \">\n                    <div class=\"elementskit-card-header\" id=\"primaryHeading-16-a323569\">\n                        <a href=\"#collapse-a67e72a69f344e6d9f01\" class=\"ekit-accordion--toggler elementskit-btn-link collapsed\" data-ekit-toggle=\"collapse\" data-target=\"#Collapse-a67e72a69f344e6d9f01\" aria-expanded=\"false\" aria-controls=\"Collapse-a67e72a69f344e6d9f01\">\n                            \n                            <span class=\"ekit-accordion-title\">Petr\u00f3leo e G\u00e1s<\/span>\n\n                            \n                                <div class=\"ekit_accordion_icon_group\">\n                                    <div class=\"ekit_accordion_normal_icon\">\n                                        <!-- Normal Icon -->\n\t\t\t\t\t\t\t\t\t\t<i class=\"icon icon-down-arrow1\"><\/i>                                    <\/div>\n\n                                    <div class=\"ekit_accordion_active_icon\">\n                                        <!-- Active Icon -->\n\t\t\t\t\t\t\t\t\t\t<i class=\"icon icon-up-arrow\"><\/i>                                    <\/div>\n                                <\/div>\n\n                            \n                                                    <\/a>\n                    <\/div>\n\n                    <div id=\"Collapse-a67e72a69f344e6d9f01\" class=\" collapse\" aria-labelledby=\"primaryHeading-16-a323569\" data-parent=\"#accordion-69f344e6d9f01\">\n\n                        <div class=\"elementskit-card-body ekit-accordion--content\">\n                            <ul class=\"wp-block-list\"><li><strong><a href=\"http:\/\/www.petroleoenergia.com.br\/petroleo\/\" target=\"_blank\" rel=\"noreferrer noopener\">PORTAL PETR\u00d3LEO E ENERGIA<\/a><\/strong>\u00a0\u2013\u00a0Ter a principal fonte de informa\u00e7\u00e3o especializada sobre a atividade qu\u00edmica, petrol\u00edfera e da cadeia produtiva do pl\u00e1stico, englobando a produ\u00e7\u00e3o e comercializa\u00e7\u00e3o de insumos qu\u00edmicos e petroqu\u00edmicos, bem como as ind\u00fastrias de processos qu\u00edmicos, desde a obten\u00e7\u00e3o de suas mat\u00e9rias-primas, como o petr\u00f3leo, g\u00e1s natural, produtos agropecu\u00e1rios e minerais diversos, gera\u00e7\u00e3o e distribui\u00e7\u00e3o de energia, al\u00e9m das atividades de pesquisa e forma\u00e7\u00e3o profissional, atuando de forma eficiente, convergente, imparcial e precisa em todos os meios de comunica\u00e7\u00e3o social dispon\u00edveis para, dessa forma, contribuir para o desenvolvimento nacional sustent\u00e1vel.<\/li><li><strong><a href=\"https:\/\/issuu.com\/petrobrasmagazine\" target=\"_blank\" rel=\"noreferrer noopener\">PETROBR\u00c1S MAGAZINE<\/a><\/strong>\u00a0\u2013\u00a0Somos uma empresa movida pelo desafio de prover a energia capaz de impulsionar o desenvolvimento e garantir o futuro da sociedade com compet\u00eancia, \u00e9tica, cordialidade e respeito \u00e0 diversidade.\u00a0Conhe\u00e7a mais lendo a \u201cPetrobras Magazine\u201d.<\/li><\/ul>                        <\/div>\n\n                    <\/div>\n\n                <\/div><!-- .elementskit-card END -->\n\n                \n                <div class=\"elementskit-card \">\n                    <div class=\"elementskit-card-header\" id=\"primaryHeading-17-a323569\">\n                        <a href=\"#collapse-43b191b69f344e6d9f01\" class=\"ekit-accordion--toggler elementskit-btn-link collapsed\" data-ekit-toggle=\"collapse\" data-target=\"#Collapse-43b191b69f344e6d9f01\" aria-expanded=\"false\" aria-controls=\"Collapse-43b191b69f344e6d9f01\">\n                            \n                            <span class=\"ekit-accordion-title\">Qu\u00edmica<\/span>\n\n                            \n                                <div class=\"ekit_accordion_icon_group\">\n                                    <div class=\"ekit_accordion_normal_icon\">\n                                        <!-- Normal Icon -->\n\t\t\t\t\t\t\t\t\t\t<i class=\"icon icon-down-arrow1\"><\/i>                                    <\/div>\n\n                                    <div class=\"ekit_accordion_active_icon\">\n                                        <!-- Active Icon -->\n\t\t\t\t\t\t\t\t\t\t<i class=\"icon icon-up-arrow\"><\/i>                                    <\/div>\n                                <\/div>\n\n                            \n                                                    <\/a>\n                    <\/div>\n\n                    <div id=\"Collapse-43b191b69f344e6d9f01\" class=\" collapse\" aria-labelledby=\"primaryHeading-17-a323569\" data-parent=\"#accordion-69f344e6d9f01\">\n\n                        <div class=\"elementskit-card-body ekit-accordion--content\">\n                            <ul class=\"wp-block-list\"><li><strong><a href=\"https:\/\/www.aiche.org\/publications\/journals\/aiche-journal\" target=\"_blank\" rel=\"noopener\">AICHE JOURNAL (AMERICAN INSTITUTE OF CHEMICAL ENGINEERS)<\/a><\/strong><strong>\u00a0\u2013\u00a0<\/strong>A revista AIChE Journal (American Institute of Chemical Engineers) \u00e9 publicada e organizada pela AIChE que \u00e9 uma organiza\u00e7\u00e3o l\u00edder mundial em engenharia qu\u00edmica, com mais de 50 mil membros de mais de 100 pa\u00edses. O conte\u00fado da AIChE est\u00e1 voltado para engenheiros qu\u00edmicos.<\/li><li><strong><a href=\"http:\/\/www.deboni.he.com.br\/Revista_solo\/consulta.php\" target=\"_blank\" rel=\"noopener\">PERI\u00d3DICO TCH\u00ca QU\u00cdMICA<\/a><\/strong>\u00a0\u2013 O Peri\u00f3dico Tch\u00ea Qu\u00edmica publica artigos de pesquisa originais, artigos de revis\u00e3o, notas curtas (publica\u00e7\u00f5es cient\u00edficas), revis\u00f5es de livros, artigos de f\u00f3rum, relat\u00f3rios t\u00e9cnicos, artigos de educa\u00e7\u00e3o, editoriais e entrevistas. Artigos aptos para publica\u00e7\u00e3o no Peri\u00f3dico Tch\u00ea Qu\u00edmica s\u00e3o aqueles relacionados \u00e0s tradicionais \u00e1reas da Qu\u00edmica, F\u00edsica, Matem\u00e1tica, Biologia, Engenharia, Farm\u00e1cia, Medicina ou Agricultura.<\/li><li><strong><a href=\"http:\/\/quimicanova.sbq.org.br\/default.asp\" target=\"_blank\" rel=\"noopener\">QUIMICA NOVA<\/a><\/strong>\u00a0\u2013 Qu\u00edmica Nova publica artigos com resultados originais de pesquisa, trabalhos de revis\u00e3o, divulga\u00e7\u00e3o de novos m\u00e9todos ou t\u00e9cnicas, educa\u00e7\u00e3o e assuntos gerais em portugu\u00eas, espanhol e ingl\u00eas. Os artigos submetidos \u00e0 revista s\u00e3o avaliados por consultores ad hoc (do Brasil e exterior) especialistas na \u00e1rea envolvida e que eventualmente podem pertencer ao Conselho Editorial. A edi\u00e7\u00e3o de Qu\u00edmica Nova est\u00e1 a cargo de um corpo editorial e suas linhas gerais e planejamento de longo prazo est\u00e3o sob responsabilidade dos Editores e do Conselho Editorial.<\/li><li><strong><a href=\"http:\/\/qnesc.sbq.org.br\/\" target=\"_blank\" rel=\"noopener\">QUIMICA NOVA NA ESCOLA<\/a><\/strong>\u00a0\u2013 A Revista Qu\u00edmica Nova na Escola (QNEsc), com uma periodicidade trimestral, prop\u00f5e-se a subsidiar o trabalho, a forma\u00e7\u00e3o e a atualiza\u00e7\u00e3o da comunidade do Ensino de Qu\u00edmica brasileiro.<\/li><li><strong><a href=\"http:\/\/pubs.rsc.org\/en\/journals\/journalissues\/gc#!recentarticles\" target=\"_blank\" rel=\"noopener\">GREEN CHEMISTRY: ROYAL SOCIETY OF CHEMISTRY<\/a><\/strong>\u00a0\u2013 A Green Chemistry fornece um f\u00f3rum \u00fanico para a publica\u00e7\u00e3o de pesquisas inovadoras sobre o desenvolvimento de tecnologias alternativas sustent\u00e1veis.<\/li><li><strong><a href=\"http:\/\/jbcs.sbq.org.br\/home\" target=\"_blank\" rel=\"noopener\">JOURNAL OF THE BRAZILIAN CHEMICAL SOCIETY<\/a><\/strong>\u00a0\u2013 Engloba todos os aspectos da qu\u00edmica, exceto educa\u00e7\u00e3o, filosofia e hist\u00f3ria da qu\u00edmica.<\/li><li><strong><a href=\"http:\/\/pubs.rsc.org\/en\/journals\/journalissues\/cc#!recentarticles\" target=\"_blank\" rel=\"noopener\">CHEMICAL COMMUNICATIONS<\/a><\/strong>\u00a0\u2013 A ChemComm ( Chemical Communications ) \u00e9 reconhecida como a editora mais r\u00e1pida de artigos que fornecem informa\u00e7\u00f5es sobre novas vias de pesquisa, tiradas de todas as principais \u00e1reas de pesquisas qu\u00edmicas do mundo. Publicando 100 n\u00fameros por ano, \u00e9 a primeira revista de qu\u00edmica para fazer isso, resultando em tempos ainda mais r\u00e1pidos para publica\u00e7\u00e3o e maior visibilidade. A revista publica uma s\u00e9rie de quest\u00f5es tem\u00e1ticas na Internet sobre \u00e1reas de ponta da pesquisa qu\u00edmica.<\/li><li><strong><a href=\"http:\/\/www.eurjchem.com\/index.php\/eurjchem\/index\" target=\"_blank\" rel=\"noopener\">EUROPEAN JOURNAL OF CHEMISTRY<\/a><\/strong>\u00a0\u2013 O European Journal of Chemistry \u00e9 um peri\u00f3dico revisado por pares que publica artigos de pesquisa e revis\u00e3o originais, bem como cartas em todas as \u00e1reas da qu\u00edmica (Qu\u00edmica Anal\u00edtica, Qu\u00edmica Inorg\u00e2nica, Qu\u00edmica Org\u00e2nica e Bioorg\u00e2nica, Bioqu\u00edmica, Qu\u00edmica F\u00edsica Te\u00f3rica e Aplicada, Qu\u00edmica Farmac\u00eautica, Aplicada E Qu\u00edmica de Materiais, Tecnologia Qu\u00edmica, Tecnologia Agro Qu\u00edmica, Tecnologia Farmac\u00eautica, Qu\u00edmica Coloidal, Qu\u00edmica Interfacial, Qu\u00edmica de Superf\u00edcie, Engenharia Qu\u00edmica, Qu\u00edmica Verde, etc.). European Journal of Chemistry est\u00e1 dispon\u00edvel gratuitamente como um peri\u00f3dico de acesso aberto na Internet.<\/li><li><strong><a href=\"https:\/\/periodicos.ufsc.br\/index.php\/alexandria\" target=\"_blank\" rel=\"noopener\">REVISTA DE EDUCA\u00c7\u00c3O EM CI\u00caNCIA E TECNOLOGIA<\/a><\/strong>\u00a0\u2013 ALEXANDRIA \u00e9 uma publica\u00e7\u00e3o do Programa de P\u00f3s-Gradua\u00e7\u00e3o em Educa\u00e7\u00e3o Cient\u00edfica e Tecnol\u00f3gica da UFSC. Seu objetivo principal \u00e9 a divulga\u00e7\u00e3o de trabalhos de pesquisa na \u00e1rea de ensino de ci\u00eancias e matem\u00e1tica.<\/li><li><strong><a href=\"http:\/\/periodicos.uern.br\/index.php\/qcts\" target=\"_blank\" rel=\"noopener\">REVISTA QU\u00cdMICA: CI\u00caNCIA, TECNOLOGIA E SOCIEDADE<\/a><\/strong>\u00a0\u2013 Revista do Departamento de Qu\u00edmica, da Universidade do Estado do Rio Grande do Norte \u2013 UERN.<\/li><li><strong><a href=\"http:\/\/www.scielo.br\/scielo.php?script=sci_serial&amp;pid=1516-7313&amp;lng=en&amp;nrm=iso\" target=\"_blank\" rel=\"noopener\">CI\u00caNCIA E EDUCA\u00c7\u00c3O<\/a><\/strong>\u00a0\u2013 Ci\u00eancia &amp; Educa\u00e7\u00e3o \u00e9 um peri\u00f3dico trimestral, com edi\u00e7\u00f5es nos meses de mar\u00e7o, junho, setembro e dezembro e destina-se \u00e0 publica\u00e7\u00e3o de trabalhos cient\u00edficos originais nas \u00e1reas de educa\u00e7\u00e3o em ci\u00eancias, educa\u00e7\u00e3o matem\u00e1tica e \u00e1reas afins. Seu t\u00edtulo abreviado \u00e9 Ci\u00eanc. educ. (Bauru).<\/li><li><strong><a href=\"https:\/\/www.if.ufrgs.br\/cref\/ojs\/index.php\/ienci\/index\" target=\"_blank\" rel=\"noopener\">INVESTIGA\u00c7\u00d5ES EM ENSINO DE CI\u00caNCIAS<\/a><\/strong>\u00a0\u2013 A Investiga\u00e7\u00f5es em Ensino de Ci\u00eancias (IENCI) \u00e9 uma revista internacional de publica\u00e7\u00e3o quadrimestral, indexada, voltada exclusivamente para a pesquisa na \u00e1rea de ensino\/aprendizagem de ci\u00eancias (F\u00edsica, Qu\u00edmica, Biologia ou Ci\u00eancias Naturais, quando enfocadas de maneira integrada). Este peri\u00f3dico tem como objetivo principal a divulga\u00e7\u00e3o aberta de trabalhos relevantes e originais em pesquisa em ensino de Ci\u00eancias para a comunidade internacional de pesquisadores, em especial, da Am\u00e9rica Latina e pen\u00ednsula Ib\u00e9rica.<\/li><li><strong><a href=\"https:\/\/periodicos.ufmg.br\/index.php\/ensaio\" target=\"_blank\" rel=\"noopener\">ENSAIO PESQUISA EM EDUCA\u00c7\u00c3O EM CI\u00caNCIAS<\/a><\/strong><strong>\u00a0<\/strong>\u2013 Ensaio Pesquisa em Educa\u00e7\u00e3o em Ci\u00eancias \u00e9 publica\u00e7\u00e3o do CECIMIG \u2013 Centro de Ensino de Ci\u00eancias e Matem\u00e1tica \u2013 \u00f3rg\u00e3o de pesquisa e extens\u00e3o no ensino de ci\u00eancias da Faculdade de Educa\u00e7\u00e3o da UFMG e do Programa de P\u00f3s-Gradua\u00e7\u00e3o em Educa\u00e7\u00e3o da UFMG. Miss\u00e3o: Ensaio Pesquisa em Educa\u00e7\u00e3o em Ci\u00eancias publica artigos de pesquisa in\u00e9ditos (relatos de pesquisa emp\u00edrica ou ensaios te\u00f3ricos) de interesse ao campo da Educa\u00e7\u00e3o em Ci\u00eancias atendendo a um p\u00fablico de pesquisadores e estudantes de p\u00f3s-gradua\u00e7\u00e3o das \u00e1reas de Educa\u00e7\u00e3o Cient\u00edfica, Ensino das Ci\u00eancias da Natureza (Biologia, F\u00edsica, Qu\u00edmica, Geoci\u00eancias e Astronomia), da Educa\u00e7\u00e3o em Sa\u00fade e Ambiental e, ainda, a um p\u00fablico de forma\u00e7\u00e3o inicial e continuada das Licenciaturas no campo das Ci\u00eancias Naturais, de \u00e1reas afins e outros profissionais da Educa\u00e7\u00e3o B\u00e1sica envolvidos com a educa\u00e7\u00e3o em ci\u00eancias.<\/li><li><strong><a href=\"https:\/\/revistas.unal.edu.co\/index.php\/rcolquim\" target=\"_blank\" rel=\"noopener\">REVISTA COLOMBIANA DE QU\u00cdMICA<\/a><\/strong>\u00a0\u2013 A Revista Colombiana de Qu\u00edmica tem como objetivo a divulga\u00e7\u00e3o de resultados originais de investiga\u00e7\u00f5es b\u00e1sicas e aplicadas na \u00e1rea de qu\u00edmica, tais como qu\u00edmica anal\u00edtica, bioqu\u00edmica, org\u00e2nica, f\u00edsico-qu\u00edmica, alimentos, inorg\u00e2nica, ci\u00eancias de materiais, organomet\u00e1lica, ensino da qu\u00edmica, entre outras.<\/li><li><strong><a href=\"http:\/\/www.scielo.br\/scielo.php?script=sci_serial&amp;pid=0104-1428&amp;lng=pt&amp;nrm=iso\" target=\"_blank\" rel=\"noopener\">POL\u00cdMEROS: CI\u00caNCIA E TECNOLOGIA<\/a><\/strong>\u00a0\u2013 A Pol\u00edmeros \u00e9 uma publica\u00e7\u00e3o trimestral da Associa\u00e7\u00e3o Brasileira de Pol\u00edmeros \u2013 ABPol (Associa\u00e7\u00e3o Brasileira de Pol\u00edmeros), que publica Artigos de Revis\u00e3o, Artigos Originais e Comunica\u00e7\u00f5es Curtas, divulgando avan\u00e7os no conhecimento de Pol\u00edmeros de Ci\u00eancia e Tecnologia.<\/li><li><strong><a href=\"http:\/\/www.scielo.br\/scielo.php?script=sci_serial&amp;pid=0100-4670&amp;lng=en&amp;nrm=iso\" target=\"_blank\" rel=\"noopener\">ECL\u00c9TICA QU\u00cdMICA<\/a><\/strong>\u00a0\u2013 Publicada desde 1976, a revista Ecl\u00e9tica Qu\u00edmica destina-se \u00e0 publica\u00e7\u00e3o de artigos originais relativos a todas as \u00e1reas da qu\u00edmica. Com periodicidade trimestral, a revista \u00e9 uma publica\u00e7\u00e3o da Universidade Estadual Paulista J\u00falio de Mesquita Filho.<\/li><li><strong><a href=\"http:\/\/www.scielo.br\/scielo.php?script=sci_serial&amp;pid=0366-6913&amp;lng=en&amp;nrm=iso\" target=\"_blank\" rel=\"noopener\">UNESP. CER\u00c2MICA<\/a><\/strong>\u00a0\u2013 ABCeram publica contribui\u00e7\u00f5es originais (e artigos revis\u00e3o) de interesse na \u00e1rea de cer\u00e2mica, compreendendo abrasivos, biocer\u00e2micas, cer\u00e2micas avan\u00e7adas, cer\u00e2mica branca, cer\u00e2mica de mesa, cer\u00e2mica eletroeletr\u00f4nica, cer\u00e2mica estrutural, cer\u00e2mica magn\u00e9tica, cer\u00e2mica nuclear, cer\u00e2mica \u00f3ptica, cer\u00e2mica qu\u00edmica, cer\u00e2mica termomec\u00e2nica, cer\u00e2mica vermelha, cimento, comp\u00f3sitos de matriz cer\u00e2mica, materiais refrat\u00e1rios, materiais de revestimento, mat\u00e9rias primas, vidrados, vidros e vitrocer\u00e2micas, an\u00e1lise microestrutural, ci\u00eancia b\u00e1sica, arte cer\u00e2mica, instrumenta\u00e7\u00e3o, processos de fabrica\u00e7\u00e3o, s\u00edntese de p\u00f3s, t\u00e9cnicas de caracteriza\u00e7\u00e3o etc.<\/li><li><strong><a href=\"https:\/\/revistascientificas.ifrj.edu.br\/revista\/index.php\/revistapct\" target=\"_blank\" rel=\"noopener\">PERSPECTIVAS DA CI\u00caNCIA E TECNOLOGIA<\/a><\/strong><strong>\u00a0<\/strong>\u2013A Revista Eletr\u00f4nica Perspectivas da Ci\u00eancia e Tecnologia (ISSN 1984-5693) \u00e9 um peri\u00f3dico t\u00e9cnico-cient\u00edfico do Instituto Federal de Educa\u00e7\u00e3o, Ci\u00eancia e Tecnologia do Rio de Janeiro (IFRJ), de car\u00e1ter interdisciplinar, que possui a finalidade de divulgar a produ\u00e7\u00e3o de conhecimento em v\u00e1rias \u00e1reas do conhecimento.<\/li><li><strong><a href=\"http:\/\/www.scielo.br\/scielo.php?script=sci_serial&amp;pid=1517-7076&amp;lng=pt&amp;nrm=iso\" target=\"_blank\" rel=\"noopener\">REVISTA MAT\u00c9RIA<\/a><\/strong>\u00a0\u2013 Destina-se a publica\u00e7\u00e3o de trabalhos cient\u00edficos originais nas \u00e1reas de engenharia metal\u00fargica, engenharia de materiais, f\u00edsica da mat\u00e9ria condensada, qu\u00edmica e \u00e1reas afins.<\/li><li><strong><a href=\"http:\/\/online.unisc.br\/seer\/index.php\/tecnologica\" target=\"_blank\" rel=\"noopener\">TECNO-L\u00d3GICA<\/a><\/strong><strong>\u00a0<\/strong>\u2013 Revista do Departamento de Qu\u00edmica e F\u00edsica, Departamento de Engenharias, Arquitetura e Ci\u00eancias Agr\u00e1rias, do Mestrado e Doutorado em Tecnologia Ambiental e Mestrado em Sistemas e Processos Industriais da Universidade de Santa Cruz do Sul.<\/li><li><strong><a href=\"https:\/\/revista.pgsskroton.com\/index.php\/exatas\/index\" target=\"_blank\" rel=\"noopener\">UNOPAR CIENT\u00cdFICA CI\u00caNCIAS EXATAS E TECNOL\u00d3GICAS<\/a><\/strong>\u00a0\u2013 A Revista Cient\u00edfica da UNOPAR tem o objetivo de publicar artigos cient\u00edficos e artigos de revis\u00e3o (revis\u00f5es bibliogr\u00e1ficas) de autores, nacionais ou estrangeiras. Os trabalhos devem ser in\u00e9ditos.<\/li><li><strong><a href=\"http:\/\/www.arandanet.com.br\/revista\/pi\" target=\"_blank\" rel=\"noopener\">PL\u00c1STICO INDUSTRIAL<\/a><\/strong>\u00a0\u2013 Revista mensal publicada pela Aranda Editora, especializada no processamento de materiais polim\u00e9ricos, abordando aspectos relacionados ao desenvolvimento e \u00e0s aplica\u00e7\u00f5es desses materiais.<\/li><li><strong><a href=\"http:\/\/rvq.sbq.org.br\/default.asp\" target=\"_blank\" rel=\"noopener\">REVISTA VIRTUAL DE QU\u00cdMICA<\/a><\/strong>\u00a0\u2013 A Revista Virtual de Qu\u00edmica \u00e9 uma publica\u00e7\u00e3o eletr\u00f4nica, sem fins lucrativos, com difus\u00e3o gratuita na Internet via a World-Wide Web da Sociedade Brasileira de Qu\u00edmica e visa, principalmente, ser uma fonte de consulta e de divulga\u00e7\u00e3o em l\u00edngua portuguesa ou inglesa para alunos e professores da gradua\u00e7\u00e3o e p\u00f3s-gradua\u00e7\u00e3o de temas referentes a v\u00e1rios dom\u00ednios da Qu\u00edmica.<\/li><li><strong><a href=\"http:\/\/www.abeq.org.br\/?p=&amp;p=texto.php&amp;c=publicacoes_rebeq\" target=\"_blank\" rel=\"noopener\">REVISTA BRASILEIRA DE ENGENHARIA QU\u00cdMICA<\/a><\/strong>\u00a0\u2013 A REBEQ \u2013 Revista Brasileira de Engenharia Qu\u00edmica \u00e9 uma publica\u00e7\u00e3o que promove o debate sobre quest\u00f5es relacionadas \u00e0 engenharia qu\u00edmica e suas rela\u00e7\u00f5es com a sociedade. Traz ainda cr\u00f4nicas, artigos t\u00e9cnicos, e informa\u00e7\u00f5es sobre eventos, cursos e empregos. O p\u00fablico-alvo da revista \u00e9 a comunidade de engenharia qu\u00edmica e \u00e1reas correlatas, compreendendo profissionais que atuam na ind\u00fastria, no setor de servi\u00e7os e academia, bem como estudantes de gradua\u00e7\u00e3o.<\/li><li><strong><a href=\"http:\/\/rebeq.revistascientificas.com.br\/index.php\" target=\"_blank\" rel=\"noopener\">REVISTA BRASILEIRA DE ENSINO DA QU\u00cdMICA<\/a><\/strong>\u00a0\u2013 Revista Brasileira de Ensino de Qu\u00edmica (ReBEQ) \u00e9 uma publica\u00e7\u00e3o semestral da Editora \u00c1tomo e colaboradores. Dentro do esp\u00edrito maior da editora, que \u00e9 a difus\u00e3o do conhecimento por meio da democratiza\u00e7\u00e3o das valiosas pesquisas e avan\u00e7os cient\u00edfico educacionais, quase sempre em lat\u00eancia nas boas universidades, e pelo interc\u00e2mbio de ideias e experi\u00eancias daqueles que participam do processo ensino\/aprendizagem, a ReBEQ consolida-se como importante espa\u00e7o, abrindo suas p\u00e1ginas para pesquisadores, docentes (ensino m\u00e9dio e superior), alunos de gradua\u00e7\u00e3o e p\u00f3s-gradua\u00e7\u00e3o, com a vis\u00e3o de que o conhecimento deva ser constru\u00eddo e compartilhado coletivamente. O conhecimento contempor\u00e2neo deve ser apresentado de forma inter\/transdisciplinar trazendo preocupa\u00e7\u00f5es como a \u00e9tica, o meio ambiente e a humaniza\u00e7\u00e3o dos processos e servi\u00e7os. Centrada nas quest\u00f5es de ensino\/aprendizagem, visa contribuir para a atualiza\u00e7\u00e3o e otimiza\u00e7\u00e3o do Ensino de Qu\u00edmica. Atualmente, a ReBEQ \u00e9 avaliada como Qualis B1 na \u00e1rea Ensino.<\/li><li><strong><a href=\"https:\/\/www.seer.furg.br\/vetor\" target=\"_blank\" rel=\"noopener\">VETOR \u2013 REVISTA DE CI\u00caNCIAS EXATAS E ENGENHARIAS<\/a><\/strong>\u00a0\u2013 A VETOR \u2013 Revista de Ci\u00eancias Exatas e Engenharias (ISSN 0102-7352, ISSN Eletr\u00f4nico 358-3452) \u00e9 uma publica\u00e7\u00e3o semestral de trabalhos in\u00e9ditos relacionados com as \u00e1reas de Engenharias e Ci\u00eancias Exatas, sob os mais variados enfoques. Trabalhos com abordagens interdisciplinares s\u00e3o particularmente bem-vindos. A VETOR aceita trabalhos das \u00e1reas acima relacionadas e\/ou afins. Trabalhos apresentados previamente em congressos, confer\u00eancias e similares podem ser submetidos desde que: (i) os autores tenham autoriza\u00e7\u00e3o dos propriet\u00e1rios dos direitos autorais e (ii) com a condi\u00e7\u00e3o de que sejam vers\u00f5es substancialmente estendidas, melhoradas e revisadas daqueles apresentados nos eventos.<\/li><li><strong><a href=\"http:\/\/www.scielo.br\/scielo.php?script=sci_issues&amp;pid=0001-3765&amp;lng=en&amp;nrm=iso#_blank\" target=\"_blank\" rel=\"noopener\">ANAIS DA ACADEMIA BRASILEIRA DE CI\u00caNCIAS<\/a><\/strong>\u00a0\u2013 Publica os resultados da pesquisa original nas amplas \u00e1reas cient\u00edficas representadas na Academia Brasileira de Ci\u00eancias.<\/li><li><strong><a href=\"http:\/\/www.scielo.br\/scielo.php?script=sci_issues&amp;pid=0366-6913&amp;lng=pt&amp;nrm=iso#_blank\" target=\"_blank\" rel=\"noopener\">CER\u00c2MICA<\/a><\/strong>\u00a0\u2013 A Revista Cer\u00e2mica, \u00f3rg\u00e3o oficial da Associa\u00e7\u00e3o Brasileira de Cer\u00e2mica (ABCERAM) publica contribui\u00e7\u00f5es originais de interesse na \u00e1rea de cer\u00e2mica, compreendendo arte cer\u00e2mica, abrasivos, biocer\u00e2micas, cer\u00e2micas avan\u00e7adas, etc.<\/li><li><strong><a href=\"http:\/\/www1.fisica.org.br\/fne\/#_blank\" target=\"_blank\" rel=\"noopener\">A F\u00cdSICA NA ESCOLA (FNE)<\/a><\/strong>\u00a0\u2013 \u00e9 uma revista de forma\u00e7\u00e3o e divulga\u00e7\u00e3o de informa\u00e7\u00e3o sobre a F\u00edsica e o seu ensino, com \u00eanfase na sala de aula.<\/li><li><strong><a href=\"https:\/\/www.quimica.com.br\/category\/revista\/#_blank\" target=\"_blank\" rel=\"noopener\">QU\u00cdMICA E DERIVADOS<\/a><\/strong>\u00a0\u2013 L\u00edder em informa\u00e7\u00f5es para o mercado qu\u00edmico, saneamento, processos qu\u00edmicos, petr\u00f3leo, energ\u00e9tico, laboratorial e pl\u00e1stico.<\/li><\/ul>                        <\/div>\n\n                    <\/div>\n\n                <\/div><!-- .elementskit-card END -->\n\n                \n                <div class=\"elementskit-card \">\n                    <div class=\"elementskit-card-header\" id=\"primaryHeading-18-a323569\">\n                        <a href=\"#collapse-133783e69f344e6d9f01\" class=\"ekit-accordion--toggler elementskit-btn-link collapsed\" data-ekit-toggle=\"collapse\" data-target=\"#Collapse-133783e69f344e6d9f01\" aria-expanded=\"false\" aria-controls=\"Collapse-133783e69f344e6d9f01\">\n                            \n                            <span class=\"ekit-accordion-title\">Revista Online Curso de Log\u00edstica<\/span>\n\n                            \n                                <div class=\"ekit_accordion_icon_group\">\n                                    <div class=\"ekit_accordion_normal_icon\">\n                                        <!-- Normal Icon -->\n\t\t\t\t\t\t\t\t\t\t<i class=\"icon icon-down-arrow1\"><\/i>                                    <\/div>\n\n                                    <div class=\"ekit_accordion_active_icon\">\n                                        <!-- Active Icon -->\n\t\t\t\t\t\t\t\t\t\t<i class=\"icon icon-up-arrow\"><\/i>                                    <\/div>\n                                <\/div>\n\n                            \n                                                    <\/a>\n                    <\/div>\n\n                    <div id=\"Collapse-133783e69f344e6d9f01\" class=\" collapse\" aria-labelledby=\"primaryHeading-18-a323569\" data-parent=\"#accordion-69f344e6d9f01\">\n\n                        <div class=\"elementskit-card-body ekit-accordion--content\">\n                            <ul class=\"wp-block-list\"><li><a href=\"http:\/\/www.transportesemrevista.com\/\" target=\"_blank\" rel=\"noopener\">www.transportesemrevista.com<\/a><\/li><li><a href=\"http:\/\/www.transportemodernoonline.com.br\/\" target=\"_blank\" rel=\"noopener\">www.transportemodernoonline.com.br<\/a><\/li><li><a href=\"http:\/\/www.cartadelogistica.com.br\/\" target=\"_blank\" rel=\"noopener\">www.cartadelogistica.com.br<\/a><\/li><li><a href=\"http:\/\/www.frotacia.com.br\/\" target=\"_blank\" rel=\"noopener\">www.frotacia.com.br<\/a><\/li><li><a href=\"http:\/\/www.guiademidia.com.br\/\" target=\"_blank\" rel=\"noopener\">www.guiademidia.com.br<\/a><\/li><\/ul>                        <\/div>\n\n                    <\/div>\n\n                <\/div><!-- .elementskit-card END -->\n\n                \n                <div class=\"elementskit-card \">\n                    <div class=\"elementskit-card-header\" id=\"primaryHeading-19-a323569\">\n                        <a href=\"#collapse-3b599ad69f344e6d9f01\" class=\"ekit-accordion--toggler elementskit-btn-link collapsed\" data-ekit-toggle=\"collapse\" data-target=\"#Collapse-3b599ad69f344e6d9f01\" aria-expanded=\"false\" aria-controls=\"Collapse-3b599ad69f344e6d9f01\">\n                            \n                            <span class=\"ekit-accordion-title\">Revista Online de Farm\u00e1cia<\/span>\n\n                            \n                                <div class=\"ekit_accordion_icon_group\">\n                                    <div class=\"ekit_accordion_normal_icon\">\n                                        <!-- Normal Icon -->\n\t\t\t\t\t\t\t\t\t\t<i class=\"icon icon-down-arrow1\"><\/i>                                    <\/div>\n\n                                    <div class=\"ekit_accordion_active_icon\">\n                                        <!-- Active Icon -->\n\t\t\t\t\t\t\t\t\t\t<i class=\"icon icon-up-arrow\"><\/i>                                    <\/div>\n                                <\/div>\n\n                            \n                                                    <\/a>\n                    <\/div>\n\n                    <div id=\"Collapse-3b599ad69f344e6d9f01\" class=\" collapse\" aria-labelledby=\"primaryHeading-19-a323569\" data-parent=\"#accordion-69f344e6d9f01\">\n\n                        <div class=\"elementskit-card-body ekit-accordion--content\">\n                            <ul class=\"wp-block-list\"><li><strong>REVISTA ELETR\u00d4NICA DE FARM\u00c1CIA:<\/strong>\u00a0<a href=\"https:\/\/revistas.ufg.br\/index.php\/REF\" target=\"_blank\" rel=\"noopener\">https:\/\/revistas.ufg.br\/index.php\/REF<\/a><\/li><li><strong>REVISTA AMBIENTE E \u00c1GUA:<\/strong>\u00a0<a href=\"http:\/\/www.ambi-agua.net\/splash-seer\/\" target=\"_blank\" rel=\"noopener\">http:\/\/www.ambi-agua.net\/splash-seer\/<\/a><\/li><li><strong>REVISTA DE ENSINO DE BIOQU\u00cdMICA:\u00a0<\/strong><a href=\"http:\/\/bioquimica.org.br\/revista\/ojs\/index.php\/REB\/issue\/archive\" target=\"_blank\" rel=\"noopener\">http:\/\/bioquimica.org.br\/revista\/ojs\/index.php\/REB\/issue\/archive<\/a><\/li><\/ul>                        <\/div>\n\n                    <\/div>\n\n                <\/div><!-- .elementskit-card END -->\n\n                                        <\/div>\n    <\/div>\t\t\t\t<\/div>\n\t\t\t\t<\/div>\n\t\t\t\t<\/div>\n\t\t\t\t<\/div>\n\t\t\t\t\t<\/div>\n\t\t\t\t<\/div>\n\t\t\t\t<\/div>\n\t\t","protected":false},"excerpt":{"rendered":"<p>Sobre a biblioteca A Biblioteca do Centro Universit\u00e1rio Paul\u00ednia \u2013 UNIFACP tem na sua raz\u00e3o de exist\u00eancia atender a todos os alunos e consulentes dos cursos de gradua\u00e7\u00e3o, assim tamb\u00e9m no atendimento ao seu corpo docente, discente e t\u00e9cnico-administrativo. A biblioteca conta com uma \u00e1rea de 105 m\u00b2 e um acervo que se adequa as [&hellip;]<\/p>\n","protected":false},"author":1,"featured_media":0,"parent":0,"menu_order":0,"comment_status":"closed","ping_status":"closed","template":"","meta":{"footnotes":""},"class_list":["post-414","page","type-page","status-publish","hentry"],"_links":{"self":[{"href":"https:\/\/unifacp.edu.br\/Home-page\/wp-json\/wp\/v2\/pages\/414","targetHints":{"allow":["GET"]}}],"collection":[{"href":"https:\/\/unifacp.edu.br\/Home-page\/wp-json\/wp\/v2\/pages"}],"about":[{"href":"https:\/\/unifacp.edu.br\/Home-page\/wp-json\/wp\/v2\/types\/page"}],"author":[{"embeddable":true,"href":"https:\/\/unifacp.edu.br\/Home-page\/wp-json\/wp\/v2\/users\/1"}],"replies":[{"embeddable":true,"href":"https:\/\/unifacp.edu.br\/Home-page\/wp-json\/wp\/v2\/comments?post=414"}],"version-history":[{"count":0,"href":"https:\/\/unifacp.edu.br\/Home-page\/wp-json\/wp\/v2\/pages\/414\/revisions"}],"wp:attachment":[{"href":"https:\/\/unifacp.edu.br\/Home-page\/wp-json\/wp\/v2\/media?parent=414"}],"curies":[{"name":"wp","href":"https:\/\/api.w.org\/{rel}","templated":true}]}}