{"id":538,"date":"2025-03-13T15:38:40","date_gmt":"2025-03-13T15:38:40","guid":{"rendered":"https:\/\/unifacp.edu.br\/?page_id=538"},"modified":"2025-09-18T14:49:28","modified_gmt":"2025-09-18T14:49:28","slug":"coordenacao","status":"publish","type":"page","link":"https:\/\/unifacp.edu.br\/Home-page\/coordenacao\/","title":{"rendered":"Coordena\u00e7\u00e3o"},"content":{"rendered":"\t\t<div data-elementor-type=\"wp-page\" data-elementor-id=\"538\" class=\"elementor elementor-538\" data-elementor-post-type=\"page\">\n\t\t\t\t<div class=\"elementor-element elementor-element-1bbf080 e-flex e-con-boxed e-con e-parent\" data-id=\"1bbf080\" data-element_type=\"container\" data-e-type=\"container\">\n\t\t\t\t\t<div class=\"e-con-inner\">\n\t\t<div class=\"elementor-element elementor-element-e3629f8 e-con-full e-flex e-con e-child\" data-id=\"e3629f8\" data-element_type=\"container\" data-e-type=\"container\">\n\t\t\t\t<div class=\"elementor-element elementor-element-061737f elementor-widget elementor-widget-image\" data-id=\"061737f\" data-element_type=\"widget\" data-e-type=\"widget\" data-widget_type=\"image.default\">\n\t\t\t\t<div class=\"elementor-widget-container\">\n\t\t\t\t\t\t\t\t\t\t\t\t\t\t\t<img fetchpriority=\"high\" decoding=\"async\" width=\"1280\" height=\"450\" src=\"https:\/\/unifacp.edu.br\/wp-content\/uploads\/2025\/03\/13.png\" class=\"attachment-full size-full wp-image-426\" alt=\"ATENDIMENTO COORDENA\u00c7\u00c3O\" srcset=\"https:\/\/unifacp.edu.br\/wp-content\/uploads\/2025\/03\/13.png 1280w, https:\/\/unifacp.edu.br\/wp-content\/uploads\/2025\/03\/13-300x105.png 300w, https:\/\/unifacp.edu.br\/wp-content\/uploads\/2025\/03\/13-1024x360.png 1024w, https:\/\/unifacp.edu.br\/wp-content\/uploads\/2025\/03\/13-768x270.png 768w\" sizes=\"(max-width: 1280px) 100vw, 1280px\" \/>\t\t\t\t\t\t\t\t\t\t\t\t\t\t\t<\/div>\n\t\t\t\t<\/div>\n\t\t\t\t<\/div>\n\t\t<div class=\"elementor-element elementor-element-e28c6c0 e-con-full e-flex e-con e-child\" data-id=\"e28c6c0\" data-element_type=\"container\" data-e-type=\"container\">\n\t\t<div class=\"elementor-element elementor-element-7d372f3 e-con-full e-flex e-con e-child\" data-id=\"7d372f3\" data-element_type=\"container\" data-e-type=\"container\" data-settings=\"{&quot;background_background&quot;:&quot;classic&quot;}\">\n\t\t\t\t<div class=\"elementor-element elementor-element-e18fe6f elementor-widget elementor-widget-heading\" data-id=\"e18fe6f\" data-element_type=\"widget\" data-e-type=\"widget\" data-widget_type=\"heading.default\">\n\t\t\t\t<div class=\"elementor-widget-container\">\n\t\t\t\t\t<h2 class=\"elementor-heading-title elementor-size-default\">ATENDIMENTO DAS COORDENA\u00c7\u00d5ES DOS CURSOS<\/h2>\t\t\t\t<\/div>\n\t\t\t\t<\/div>\n\t\t\t\t<\/div>\n\t\t\t\t<div class=\"elementor-element elementor-element-05f17c0 elementor-widget elementor-widget-text-editor\" data-id=\"05f17c0\" data-element_type=\"widget\" data-e-type=\"widget\" data-widget_type=\"text-editor.default\">\n\t\t\t\t<div class=\"elementor-widget-container\">\n\t\t\t\t\t\t\t\t\t<table dir=\"ltr\" border=\"1\" cellspacing=\"0\" cellpadding=\"0\" data-sheets-root=\"1\" data-sheets-baot=\"1\"><colgroup><col width=\"267\" \/><col width=\"375\" \/><col width=\"318\" \/><\/colgroup><tbody><tr><td>CURSO (S)<\/td><td>PROFESSOR(A) COORDENADOR(A)<\/td><td>AGENDA DE ATENDIMENTO<\/td><\/tr><tr><td>Administra\u00e7\u00e3o<\/td><td>Maur\u00edcio Lopes de Souza<\/td><td>A combinar<\/td><\/tr><tr><td>Ci\u00eancias Cont\u00e1beis<\/td><td>Maur\u00edcio Lopes de Souza<\/td><td>A combinar<\/td><\/tr><tr><td>Direito<\/td><td>Krislaine Costa de Souza<br \/>Roberto Jos\u00e9 Daher<\/td><td>Matutino: Quarta-feira<br \/>Das 07:30 \u00e0s 07:50<br \/><br \/>Noturno: quinta-feira<br \/>Das: 18:30 \u00e0s 18:50<\/td><\/tr><tr><td>Educa\u00e7\u00e3o F\u00edsica<\/td><td>Nestor Bertini Junior<\/td><td>Segunda-feira<br \/>Das 18:00 \u00e0s 18:30<br \/>Ter\u00e7a-feira<br \/>Das 18:00 \u00e0s 18:30<\/td><\/tr><tr><td>Enfermagem<\/td><td>Cristiano Jos\u00e9 Mendes Pinto<\/td><td>A combinar<\/td><\/tr><tr><td>Engenharia Civil<\/td><td>Alexandre Abdalla Correa<\/td><td>A combinar<\/td><\/tr><tr><td>Engenharia de Produ\u00e7\u00e3o<\/td><td>Min\u00e1s Djehizian<\/td><td>Segunda-feira<br \/>Das 18:30 \u00e0s 18:45<\/td><\/tr><tr><td>Engenharia Mec\u00e2nica<\/td><td>Strauss Sydio de Souza<\/td><td>Segunda-feira<br \/>Das 18:00 \u00e0s 18:30<\/td><\/tr><tr><td>Engenharia Qu\u00edmica<\/td><td>Elisangela Orlandi de Sousa Gon\u00e7alves<\/td><td>Segunda-feira<br \/>Das 18:00 \u00e0s 18:30<\/td><\/tr><tr><td>Gest\u00e3o de Recursos Humanos<\/td><td>Jo\u00e3o Gilberto Vedovello<\/td><td>Quarta-feira<br \/>Das 18:30 \u00e0s 20:30<\/td><\/tr><tr><td>Gest\u00e3o Financeira<\/td><td>Maur\u00edcio Lopes de Souza<\/td><td>A combinar<\/td><\/tr><tr><td>Gest\u00e3o da Qualidade<\/td><td>Paulo C\u00e9sar Peres Pontara<\/td><td>A combinar<\/td><\/tr><tr><td>Farm\u00e1cia<\/td><td>Ruberval Farias da Silva<\/td><td>Segunda-feira<br \/>Das 19:00 \u00e0s 19:40<\/td><\/tr><tr><td>Fisioterapia<\/td><td>Hildebrando de Barros Ribeiro<\/td><td>Quarta-feira<br \/>Das 17:15 \u00e0s 18:15<\/td><\/tr><tr><td>Log\u00edstica<\/td><td>Marcelo Jacober de Moraes<\/td><td>A combinar<\/td><\/tr><tr><td>Medicina Veterin\u00e1ria<\/td><td>Daniel Malagoli<\/td><td>A combinar<\/td><\/tr><tr><td>Nutri\u00e7\u00e3o<\/td><td>Ana L\u00facia Alves Caram<\/td><td>Segunda-feira<br \/>Das 18:00 \u00e0s 18:40<\/td><\/tr><tr><td>Pedagogia<\/td><td>Neyde Lopes de Souza<\/td><td>Quarta-feira<br \/>Das 18:35 \u00e0s 20:30<\/td><\/tr><tr><td>Psicologia<\/td><td>Gustavo Renan de Almeida da Silva<\/td><td>Quinta-feira<br \/>Das 18:30 \u00e0s 20:30<\/td><\/tr><tr><td>Qu\u00edmica<\/td><td>Elisangela Orlandi de Sousa Gon\u00e7 alves<\/td><td>Segunda-feira<br \/>Das 18:00 \u00e0s 18:30<\/td><\/tr><\/tbody><\/table><p><!-- \/wp:table --><\/p>\t\t\t\t\t\t\t\t<\/div>\n\t\t\t\t<\/div>\n\t\t\t\t<\/div>\n\t\t\t\t\t<\/div>\n\t\t\t\t<\/div>\n\t\t\t\t<\/div>\n\t\t","protected":false},"excerpt":{"rendered":"<p>ATENDIMENTO DAS COORDENA\u00c7\u00d5ES DOS CURSOS CURSO (S) PROFESSOR(A) COORDENADOR(A) AGENDA DE ATENDIMENTO Administra\u00e7\u00e3o Maur\u00edcio Lopes de Souza A combinar Ci\u00eancias Cont\u00e1beis Maur\u00edcio Lopes de Souza A combinar Direito Krislaine Costa de SouzaRoberto Jos\u00e9 Daher Matutino: Quarta-feiraDas 07:30 \u00e0s 07:50 Noturno: quinta-feiraDas: 18:30 \u00e0s 18:50 Educa\u00e7\u00e3o F\u00edsica Nestor Bertini Junior Segunda-feiraDas 18:00 \u00e0s 18:30Ter\u00e7a-feiraDas 18:00 \u00e0s [&hellip;]<\/p>\n","protected":false},"author":1,"featured_media":0,"parent":0,"menu_order":0,"comment_status":"closed","ping_status":"closed","template":"","meta":{"footnotes":""},"class_list":["post-538","page","type-page","status-publish","hentry"],"_links":{"self":[{"href":"https:\/\/unifacp.edu.br\/Home-page\/wp-json\/wp\/v2\/pages\/538","targetHints":{"allow":["GET"]}}],"collection":[{"href":"https:\/\/unifacp.edu.br\/Home-page\/wp-json\/wp\/v2\/pages"}],"about":[{"href":"https:\/\/unifacp.edu.br\/Home-page\/wp-json\/wp\/v2\/types\/page"}],"author":[{"embeddable":true,"href":"https:\/\/unifacp.edu.br\/Home-page\/wp-json\/wp\/v2\/users\/1"}],"replies":[{"embeddable":true,"href":"https:\/\/unifacp.edu.br\/Home-page\/wp-json\/wp\/v2\/comments?post=538"}],"version-history":[{"count":0,"href":"https:\/\/unifacp.edu.br\/Home-page\/wp-json\/wp\/v2\/pages\/538\/revisions"}],"wp:attachment":[{"href":"https:\/\/unifacp.edu.br\/Home-page\/wp-json\/wp\/v2\/media?parent=538"}],"curies":[{"name":"wp","href":"https:\/\/api.w.org\/{rel}","templated":true}]}}