{"id":551,"date":"2025-03-13T15:59:04","date_gmt":"2025-03-13T15:59:04","guid":{"rendered":"https:\/\/unifacp.edu.br\/?page_id=551"},"modified":"2025-11-05T19:13:56","modified_gmt":"2025-11-05T19:13:56","slug":"cpa","status":"publish","type":"page","link":"https:\/\/unifacp.edu.br\/Home-page\/cpa\/","title":{"rendered":"CPA"},"content":{"rendered":"\t\t<div data-elementor-type=\"wp-page\" data-elementor-id=\"551\" class=\"elementor elementor-551\" data-elementor-post-type=\"page\">\n\t\t\t\t<div class=\"elementor-element elementor-element-90184c9 e-flex e-con-boxed e-con e-parent\" data-id=\"90184c9\" data-element_type=\"container\" data-e-type=\"container\">\n\t\t\t\t\t<div class=\"e-con-inner\">\n\t\t<div class=\"elementor-element elementor-element-9333415 e-con-full e-flex e-con e-child\" data-id=\"9333415\" data-element_type=\"container\" data-e-type=\"container\">\n\t\t\t\t<div class=\"elementor-element elementor-element-ec5a35d elementor-widget elementor-widget-image\" data-id=\"ec5a35d\" data-element_type=\"widget\" data-e-type=\"widget\" data-widget_type=\"image.default\">\n\t\t\t\t<div class=\"elementor-widget-container\">\n\t\t\t\t\t\t\t\t\t\t\t\t\t\t\t<img fetchpriority=\"high\" decoding=\"async\" width=\"1280\" height=\"450\" src=\"https:\/\/unifacp.edu.br\/wp-content\/uploads\/2025\/03\/18.png\" class=\"attachment-full size-full wp-image-431\" alt=\"CPA\" srcset=\"https:\/\/unifacp.edu.br\/wp-content\/uploads\/2025\/03\/18.png 1280w, https:\/\/unifacp.edu.br\/wp-content\/uploads\/2025\/03\/18-300x105.png 300w, https:\/\/unifacp.edu.br\/wp-content\/uploads\/2025\/03\/18-1024x360.png 1024w, https:\/\/unifacp.edu.br\/wp-content\/uploads\/2025\/03\/18-768x270.png 768w\" sizes=\"(max-width: 1280px) 100vw, 1280px\" \/>\t\t\t\t\t\t\t\t\t\t\t\t\t\t\t<\/div>\n\t\t\t\t<\/div>\n\t\t\t\t<\/div>\n\t\t<div class=\"elementor-element elementor-element-38208c8 e-con-full e-flex e-con e-child\" data-id=\"38208c8\" data-element_type=\"container\" data-e-type=\"container\">\n\t\t<div class=\"elementor-element elementor-element-db0f641 e-con-full e-flex e-con e-child\" data-id=\"db0f641\" data-element_type=\"container\" data-e-type=\"container\" data-settings=\"{&quot;background_background&quot;:&quot;classic&quot;}\">\n\t\t\t\t<div class=\"elementor-element elementor-element-6849c91 elementor-widget elementor-widget-heading\" data-id=\"6849c91\" data-element_type=\"widget\" data-e-type=\"widget\" data-widget_type=\"heading.default\">\n\t\t\t\t<div class=\"elementor-widget-container\">\n\t\t\t\t\t<h2 class=\"elementor-heading-title elementor-size-default\">A Comiss\u00e3o Pr\u00f3pria de Avalia\u00e7\u00e3o (CPA)<\/h2>\t\t\t\t<\/div>\n\t\t\t\t<\/div>\n\t\t\t\t<\/div>\n\t\t<div class=\"elementor-element elementor-element-fe51469 e-con-full e-flex e-con e-child\" data-id=\"fe51469\" data-element_type=\"container\" data-e-type=\"container\">\n\t\t\t\t<div class=\"elementor-element elementor-element-44e461a elementor-widget elementor-widget-elementskit-simple-tab\" data-id=\"44e461a\" data-element_type=\"widget\" data-e-type=\"widget\" data-widget_type=\"elementskit-simple-tab.default\">\n\t\t\t\t<div class=\"elementor-widget-container\">\n\t\t\t\t\t<div class=\"ekit-wid-con\" >        <div class=\"elementkit-tab-wraper vertical  elementskit-fitcontent-tab \">\n            <ul class=\"nav nav-tabs elementkit-tab-nav \">\n                                    <li class=\"elementkit-nav-item elementor-repeater-item-08b6856\">\n                        <a class=\"elementkit-nav-link  active show left-pos\" id=\"content-08b685669f3c2c3f1f9e-tab\" data-ekit-handler-id=\"apresenta-o\" data-ekit-toggle=\"tab\" data-target=\"#content-08b685669f3c2c3f1f9e\" href=\"#Content-08b685669f3c2c3f1f9e\"\n                            data-ekit-toggle-trigger=\"click\"\n                            aria-describedby=\"Content-08b685669f3c2c3f1f9e\">\n                                                        <span class=\"elementskit-tab-title\">APRESENTA\u00c7\u00c3O<\/span>\n                        <\/a>\n                    <\/li>\n                                        <li class=\"elementkit-nav-item elementor-repeater-item-6451664\">\n                        <a class=\"elementkit-nav-link  left-pos\" id=\"content-645166469f3c2c3f1f9e-tab\" data-ekit-handler-id=\"miss-o-e-objetivos\" data-ekit-toggle=\"tab\" data-target=\"#content-645166469f3c2c3f1f9e\" href=\"#Content-645166469f3c2c3f1f9e\"\n                            data-ekit-toggle-trigger=\"click\"\n                            aria-describedby=\"Content-645166469f3c2c3f1f9e\">\n                                                        <span class=\"elementskit-tab-title\">MISS\u00c3O E OBJETIVOS<\/span>\n                        <\/a>\n                    <\/li>\n                                        <li class=\"elementkit-nav-item elementor-repeater-item-176b308\">\n                        <a class=\"elementkit-nav-link  left-pos\" id=\"content-176b30869f3c2c3f1f9e-tab\" data-ekit-handler-id=\"composi-o\" data-ekit-toggle=\"tab\" data-target=\"#content-176b30869f3c2c3f1f9e\" href=\"#Content-176b30869f3c2c3f1f9e\"\n                            data-ekit-toggle-trigger=\"click\"\n                            aria-describedby=\"Content-176b30869f3c2c3f1f9e\">\n                                                        <span class=\"elementskit-tab-title\">COMPOSI\u00c7\u00c3O<\/span>\n                        <\/a>\n                    <\/li>\n                                        <li class=\"elementkit-nav-item elementor-repeater-item-52758b1\">\n                        <a class=\"elementkit-nav-link  left-pos\" id=\"content-52758b169f3c2c3f1f9e-tab\" data-ekit-handler-id=\"sinaes\" data-ekit-toggle=\"tab\" data-target=\"#content-52758b169f3c2c3f1f9e\" href=\"#Content-52758b169f3c2c3f1f9e\"\n                            data-ekit-toggle-trigger=\"click\"\n                            aria-describedby=\"Content-52758b169f3c2c3f1f9e\">\n                                                        <span class=\"elementskit-tab-title\">SINAES<\/span>\n                        <\/a>\n                    <\/li>\n                                        <li class=\"elementkit-nav-item elementor-repeater-item-0257ba0\">\n                        <a class=\"elementkit-nav-link  left-pos\" id=\"content-0257ba069f3c2c3f1f9e-tab\" data-ekit-handler-id=\"avalia-o\" data-ekit-toggle=\"tab\" data-target=\"#content-0257ba069f3c2c3f1f9e\" href=\"#Content-0257ba069f3c2c3f1f9e\"\n                            data-ekit-toggle-trigger=\"click\"\n                            aria-describedby=\"Content-0257ba069f3c2c3f1f9e\">\n                                                        <span class=\"elementskit-tab-title\">AVALIA\u00c7\u00c3O<\/span>\n                        <\/a>\n                    <\/li>\n                                        <li class=\"elementkit-nav-item elementor-repeater-item-8281959\">\n                        <a class=\"elementkit-nav-link  left-pos\" id=\"content-828195969f3c2c3f1f9e-tab\" data-ekit-handler-id=\"links\" data-ekit-toggle=\"tab\" data-target=\"#content-828195969f3c2c3f1f9e\" href=\"#Content-828195969f3c2c3f1f9e\"\n                            data-ekit-toggle-trigger=\"click\"\n                            aria-describedby=\"Content-828195969f3c2c3f1f9e\">\n                                                        <span class=\"elementskit-tab-title\">LINKS<\/span>\n                        <\/a>\n                    <\/li>\n                                        <li class=\"elementkit-nav-item elementor-repeater-item-6774977\">\n                        <a class=\"elementkit-nav-link  left-pos\" id=\"content-677497769f3c2c3f1f9e-tab\" data-ekit-handler-id=\"legisla-o\" data-ekit-toggle=\"tab\" data-target=\"#content-677497769f3c2c3f1f9e\" href=\"#Content-677497769f3c2c3f1f9e\"\n                            data-ekit-toggle-trigger=\"click\"\n                            aria-describedby=\"Content-677497769f3c2c3f1f9e\">\n                                                        <span class=\"elementskit-tab-title\">LEGISLA\u00c7\u00c3O<\/span>\n                        <\/a>\n                    <\/li>\n                                        <li class=\"elementkit-nav-item elementor-repeater-item-fd3ac37\">\n                        <a class=\"elementkit-nav-link  left-pos\" id=\"content-fd3ac3769f3c2c3f1f9e-tab\" data-ekit-handler-id=\"contato\" data-ekit-toggle=\"tab\" data-target=\"#content-fd3ac3769f3c2c3f1f9e\" href=\"#Content-fd3ac3769f3c2c3f1f9e\"\n                            data-ekit-toggle-trigger=\"click\"\n                            aria-describedby=\"Content-fd3ac3769f3c2c3f1f9e\">\n                                                        <span class=\"elementskit-tab-title\">CONTATO<\/span>\n                        <\/a>\n                    <\/li>\n                                        <li class=\"elementkit-nav-item elementor-repeater-item-096a33d\">\n                        <a class=\"elementkit-nav-link  left-pos\" id=\"content-096a33d69f3c2c3f1f9e-tab\" data-ekit-handler-id=\"documentos\" data-ekit-toggle=\"tab\" data-target=\"#content-096a33d69f3c2c3f1f9e\" href=\"#Content-096a33d69f3c2c3f1f9e\"\n                            data-ekit-toggle-trigger=\"click\"\n                            aria-describedby=\"Content-096a33d69f3c2c3f1f9e\">\n                                                        <span class=\"elementskit-tab-title\">DOCUMENTOS<\/span>\n                        <\/a>\n                    <\/li>\n                                <\/ul>\n\n            <div class=\"tab-content elementkit-tab-content\">\n                                    <div class=\"tab-pane elementkit-tab-pane elementor-repeater-item-08b6856  active show\" id=\"content-08b685669f3c2c3f1f9e\" role=\"tabpanel\"\n                         aria-labelledby=\"content-08b685669f3c2c3f1f9e-tab\">\n                        <div class=\"animated fadeIn\">\n                            <p><span style=\"color: #000000;\">Esta p\u00e1gina tem por finalidade divulgar e esclarecer quais s\u00e3o as a\u00e7\u00f5es da Faculdade de Paul\u00ednia no que se refere \u00e0 autoavalia\u00e7\u00e3o institucional.<\/span><\/p><p><span style=\"color: #000000;\">Toda institui\u00e7\u00e3o de ensino superior no Brasil est\u00e1 obrigada a disponibilizar na internet informa\u00e7\u00f5es da sua Comiss\u00e3o Pr\u00f3pria de Avalia\u00e7\u00e3o (CPA), que \u00e9 o \u00f3rg\u00e3o interno com a responsabilidade de coordenar as a\u00e7\u00f5es de autoavalia\u00e7\u00e3o nos termos da legisla\u00e7\u00e3o vigente.<\/span><\/p><p><span style=\"color: #000000;\">A autoavalia\u00e7\u00e3o institucional tem como finalidade o levantamento de dados que possibilitem conhecer as diversas dimens\u00f5es de uma institui\u00e7\u00e3o de ensino superior.<\/span><\/p><p><span style=\"color: #000000;\">As dimens\u00f5es a serem analisadas s\u00e3o a organiza\u00e7\u00e3o did\u00e1tico-pedag\u00f3gica, o corpo docente e as instala\u00e7\u00f5es f\u00edsicas. A organiza\u00e7\u00e3o did\u00e1tico-pedag\u00f3gica inclui desde o Projeto Pedag\u00f3gico do curso bem como todas as a\u00e7\u00f5es que envolvam o ensino e as atividades acad\u00eamicas previstas para cada curso e para a institui\u00e7\u00e3o como um todo. A dimens\u00e3o denominada corpo docente diz respeito \u00e0 avalia\u00e7\u00e3o desde a titula\u00e7\u00e3o acad\u00eamica, a experi\u00eancia e a atua\u00e7\u00e3o dos professores em suas fun\u00e7\u00f5es na institui\u00e7\u00e3o. Por fim, as instala\u00e7\u00f5es f\u00edsicas revelam a dimens\u00e3o com rela\u00e7\u00e3o \u00e0s salas de aula, os recursos tecnol\u00f3gicos, o acervo dispon\u00edvel na biblioteca, os laborat\u00f3rios de inform\u00e1tica e\/ou de ensino e demais espa\u00e7os dispon\u00edveis.<\/span><br \/><span style=\"color: #000000;\">Os dados levantados na institui\u00e7\u00e3o s\u00e3o objeto de an\u00e1lise e discuss\u00e3o interna, bem como s\u00e3o fornecidos para os \u00f3rg\u00e3os p\u00fablicos encarregados do acompanhamento das atividades das institui\u00e7\u00f5es de ensino.<\/span><\/p><p><span style=\"color: #000000;\">Todos os sujeitos, internos e externos, envolvidos com a institui\u00e7\u00e3o de ensino participam da autoavalia\u00e7\u00e3o, seja no planejamento seja na execu\u00e7\u00e3o das a\u00e7\u00f5es. S\u00e3o sujeitos da autoavalia\u00e7\u00e3o os professores, os alunos, o corpo t\u00e9cnico administrativo e membros da comunidade externa.<\/span><\/p><p><span style=\"color: #000000;\">Pretende-se com a autoavalia\u00e7\u00e3o identificar as fragilidades e as potencialidades da institui\u00e7\u00e3o de ensino, de maneira que com esse processo as fragilidades sejam superadas e as potencialidades direcionadas para a melhoria do ensino.<\/span><\/p>                        <\/div>\n                    <\/div>\n                                    <div class=\"tab-pane elementkit-tab-pane elementor-repeater-item-6451664 \" id=\"content-645166469f3c2c3f1f9e\" role=\"tabpanel\"\n                         aria-labelledby=\"content-645166469f3c2c3f1f9e-tab\">\n                        <div class=\"animated fadeIn\">\n                            <p><span style=\"color: #000000;\">A Comiss\u00e3o Pr\u00f3pria de Avalia\u00e7\u00e3o (CPA) prevista na Lei n\u00ba 10.861\/2004 tem como atribui\u00e7\u00f5es a\u00a0 \u201ccondu\u00e7\u00e3o dos processos de avalia\u00e7\u00e3o internos da institui\u00e7\u00e3o, de sistematiza\u00e7\u00e3o e de presta\u00e7\u00e3o das informa\u00e7\u00f5es solicitadas pelo INEP\u201d<\/span><\/p><p><span style=\"color: #000000;\">A CPA deve ser composta de representantes de todos os segmentos da comunidade acad\u00eamica, incluindo membro da sociedade civil na qual esteja inserida a institui\u00e7\u00e3o de ensino superior.<\/span><\/p><p><span style=\"color: #000000;\">A atua\u00e7\u00e3o da CPA ser\u00e1 aut\u00f4noma em rela\u00e7\u00e3o aos demais \u00f3rg\u00e3os existentes na institui\u00e7\u00e3o de educa\u00e7\u00e3o superior.<\/span><\/p><p><span style=\"color: #000000;\">\u00c9 miss\u00e3o da CPA, pela a\u00e7\u00e3o de autoavalia\u00e7\u00e3o, conhecer a realidade da institui\u00e7\u00e3o na qual atua, com a finalidade de propor melhorias para o aperfei\u00e7oamento do ensino ofertado \u00e0 comunidade estudantil.\u00a0<\/span><\/p>                        <\/div>\n                    <\/div>\n                                    <div class=\"tab-pane elementkit-tab-pane elementor-repeater-item-176b308 \" id=\"content-176b30869f3c2c3f1f9e\" role=\"tabpanel\"\n                         aria-labelledby=\"content-176b30869f3c2c3f1f9e-tab\">\n                        <div class=\"animated fadeIn\">\n                            <p><span style=\"color: #000000;\"><strong>Membros titulares: <\/strong><\/span><\/p><p><span style=\"color: #000000;\">\u00b7 Marcos Abilio Domingues \u2013 representante docente <\/span><\/p><p><span style=\"color: #000000;\">\u00b7 Marina Car\u00e3o Cintra da Silva \u2013 representante discente <\/span><\/p><p><span style=\"color: #000000;\">\u00b7 Solange Gon\u00e7alves Galhardo \u2013 representante t\u00e9cnico-administrativo <\/span><\/p><p><span style=\"color: #000000;\">\u00b7 Heliton Fernandes C. de Carvalho \u2013 representante da sociedade <\/span><\/p><p><span style=\"color: #000000;\"><strong>Membros suplentes: <\/strong><\/span><\/p><p><span style=\"color: #000000;\">\u00b7 Jo\u00e3o Gilberto Vedovello \u2013 representante docente <\/span><\/p><p><span style=\"color: #000000;\">\u00b7 Roberta Maria de S\u00e1 Borges \u2013 representante discente <\/span><\/p><p><span style=\"color: #000000;\">\u00b7 Natale Gabriele Lanza \u2013 representante t\u00e9cnico-administrativo<\/span><\/p>                        <\/div>\n                    <\/div>\n                                    <div class=\"tab-pane elementkit-tab-pane elementor-repeater-item-52758b1 \" id=\"content-52758b169f3c2c3f1f9e\" role=\"tabpanel\"\n                         aria-labelledby=\"content-52758b169f3c2c3f1f9e-tab\">\n                        <div class=\"animated fadeIn\">\n                            <p><span style=\"color: #000000;\">O SINAES, Sistema Nacional de Avalia\u00e7\u00e3o da Educa\u00e7\u00e3o Superior, foi institu\u00eddo pela Lei n\u00ba 10.861, de 14 de abril de 2004, tem como caracter\u00edsticas principais: a avalia\u00e7\u00e3o institucional como o centro do processo avaliativo; a integra\u00e7\u00e3o de diversos instrumentos de avalia\u00e7\u00e3o, tais como a avalia\u00e7\u00e3o institucional interna, a avalia\u00e7\u00e3o institucional externa, a avalia\u00e7\u00e3o dos cursos de gradua\u00e7\u00e3o, o censo da educa\u00e7\u00e3o, pensados de maneira global; o respeito \u00e0 identidade e \u00e0 diversidade das institui\u00e7\u00f5es de ensino superior.\u00a0<\/span><\/p><p><span style=\"color: #000000;\">O SINAES \u00e9 supervisionado e coordenado pela CONAES, Comiss\u00e3o Nacional de Avalia\u00e7\u00e3o da Educa\u00e7\u00e3o Superior, que \u00e9 um \u00f3rg\u00e3o colegiado formado por representantes do INEP (Instituto Nacional de Estudos e Pesquisas Educacionais An\u00edsio Teixeira), da CAPES (Coordena\u00e7\u00e3o de Aperfei\u00e7oamento de Pessoal de N\u00edvel Superior), dos estudantes do ensino superior, dos professores, do pessoal t\u00e9cnico administrativo das institui\u00e7\u00f5es de ensino superior e de membros indicados pelo Ministro da Educa\u00e7\u00e3o.\u00a0<\/span><\/p><p><span style=\"color: #000000;\">Como pol\u00edtica de Estado o SINAES deve ser considerado como um mecanismo que pretende a constru\u00e7\u00e3o por todos os envolvidos de um projeto acad\u00eamico consciente da responsabilidade social e sustentado por princ\u00edpios de gest\u00e3o democr\u00e1tica e de autonomia.<\/span><\/p><p><span style=\"color: #000000;\">Os resultados das avalia\u00e7\u00f5es promovidas pelo SINAES devem servir de base para determina\u00e7\u00e3o das pol\u00edticas reguladoras da educa\u00e7\u00e3o superior, as pol\u00edticas p\u00fablicas de expans\u00e3o e fiscaliza\u00e7\u00e3o da educa\u00e7\u00e3o superior bem como instrumento de aprimoramento das a\u00e7\u00f5es das institui\u00e7\u00f5es de ensino superior. \u00a0<\/span><\/p><p><span style=\"color: #000000;\">Comp\u00f5e ainda o SINAES o ENADE, Exame Nacional de Desempenho dos Estudantes, que tem a finalidade de\u00a0 aferir o desempenho dos estudantes em rela\u00e7\u00e3o aos conte\u00fados program\u00e1ticos previstos nas diretrizes curriculares de cada curso de gradua\u00e7\u00e3o, bem como suas habilidades e suas compet\u00eancias para compreender a realidade e temas de outras \u00e1reas do conhecimento humano.<\/span><\/p>                        <\/div>\n                    <\/div>\n                                    <div class=\"tab-pane elementkit-tab-pane elementor-repeater-item-0257ba0 \" id=\"content-0257ba069f3c2c3f1f9e\" role=\"tabpanel\"\n                         aria-labelledby=\"content-0257ba069f3c2c3f1f9e-tab\">\n                        <div class=\"animated fadeIn\">\n                            <p><span style=\"color: #000000;\">A avalia\u00e7\u00e3o das institui\u00e7\u00f5es de ensino superior, que incluem a avalia\u00e7\u00e3o interna e a externa, deve contemplar as seguintes dimens\u00f5es:<\/span><\/p><ol><li><span style=\"color: #000000;\">a miss\u00e3o da institui\u00e7\u00e3o de ensino e o respectivo plano de desenvolvimento institucional;<\/span><\/li><li><span style=\"color: #000000;\">as pol\u00edticas de ensino, pesquisa, p\u00f3s-gradua\u00e7\u00e3o e extens\u00e3o da institui\u00e7\u00e3o de ensino superior, como tamb\u00e9m os procedimentos para o est\u00edmulo \u00e0 produ\u00e7\u00e3o acad\u00eamica, as bolsas de pesquisa, de monitoria e outras modalidades de incentivo;<\/span><\/li><li><span style=\"color: #000000;\">a responsabilidade social da institui\u00e7\u00e3o perante a comunidade que pretende atender, em especial no que diz respeito \u00e0 inclus\u00e3o social, ao desenvolvimento econ\u00f4mico e social, \u00e0 defesa do meio ambiente, da mem\u00f3ria cultural, da produ\u00e7\u00e3o art\u00edstica e do patrim\u00f4nio cultural;<\/span><\/li><li><span style=\"color: #000000;\">a comunica\u00e7\u00e3o e a intera\u00e7\u00e3o da institui\u00e7\u00e3o de ensino superior com a sociedade;<\/span><\/li><li><span style=\"color: #000000;\">as pol\u00edticas da institui\u00e7\u00e3o de ensino superior e as condi\u00e7\u00f5es de trabalho relativamente ao pessoal docente e t\u00e9cnico-administrativo;<\/span><\/li><li><span style=\"color: #000000;\">a organiza\u00e7\u00e3o e a gest\u00e3o da institui\u00e7\u00e3o de ensino superior, no que se refere ao funcionamento e representatividade dos \u00f3rg\u00e3os colegiados internos, que inclua a autonomia interna desses \u00f3rg\u00e3os e a participa\u00e7\u00e3o dos segmentos da comunidade universit\u00e1ria nos processos decis\u00f3rios;<\/span><\/li><li><span style=\"color: #000000;\">a infra-estrutura f\u00edsica da institui\u00e7\u00e3o de ensino superior, que inclui a avalia\u00e7\u00e3o das instala\u00e7\u00f5es, dos laborat\u00f3rios, da biblioteca, dos recursos de informa\u00e7\u00e3o e da comunica\u00e7\u00e3o;<\/span><\/li><li><span style=\"color: #000000;\">o planejamento e a avalia\u00e7\u00e3o dos processos e dos resultados da autoavalia\u00e7\u00e3o institucional;<\/span><\/li><li><span style=\"color: #000000;\">as pol\u00edticas de atendimento aos estudantes;<\/span><\/li><li><span style=\"color: #000000;\">a sustentabilidade financeira.\u00a0<\/span><\/li><\/ol><p><span style=\"color: #000000;\">A avalia\u00e7\u00e3o externa \u00e9 conduzida pelo Minist\u00e9rio da Educa\u00e7\u00e3o, seja pela an\u00e1lise de informa\u00e7\u00f5es fornecidas pela Institui\u00e7\u00e3o de Ensino, seja pela visita in loco de comiss\u00e3o designada para esta finalidade.<\/span><\/p>                        <\/div>\n                    <\/div>\n                                    <div class=\"tab-pane elementkit-tab-pane elementor-repeater-item-8281959 \" id=\"content-828195969f3c2c3f1f9e\" role=\"tabpanel\"\n                         aria-labelledby=\"content-828195969f3c2c3f1f9e-tab\">\n                        <div class=\"animated fadeIn\">\n                            <table class=\" aligncenter\" style=\"height: 854px;\" width=\"1909\"><tbody><tr><td><p><a href=\"http:\/\/www.facp.com.br\/site\/institucional\/cpa-comissao-propria-de-avaliacao\/links-importantes?task=weblink.go&amp;id=10\" rel=\"nofollow noopener\" target=\"_blank\">Minist\u00e9rio da Educa\u00e7\u00e3o<\/a><\/p><\/td><\/tr><tr><td><p><a href=\"http:\/\/www.facp.com.br\/site\/institucional\/cpa-comissao-propria-de-avaliacao\/links-importantes?task=weblink.go&amp;id=11\" rel=\"nofollow noopener\" target=\"_blank\">CAPES<\/a><\/p><\/td><\/tr><tr><td><p><a href=\"http:\/\/www.facp.com.br\/site\/institucional\/cpa-comissao-propria-de-avaliacao\/links-importantes?task=weblink.go&amp;id=12\" rel=\"nofollow noopener\" target=\"_blank\">INEP<\/a><\/p><\/td><\/tr><tr><td><p><a href=\"http:\/\/www.facp.com.br\/site\/institucional\/cpa-comissao-propria-de-avaliacao\/links-importantes?task=weblink.go&amp;id=13\" rel=\"nofollow noopener\" target=\"_blank\">Cadastro das Institui\u00e7\u00f5es de Ensino Superior<\/a><\/p><\/td><\/tr><tr><td><p><a href=\"http:\/\/www.facp.com.br\/site\/institucional\/cpa-comissao-propria-de-avaliacao\/links-importantes?task=weblink.go&amp;id=14\" rel=\"nofollow noopener\" target=\"_blank\">ENADE<\/a><\/p><\/td><\/tr><tr><td><p><a href=\"http:\/\/www.facp.com.br\/site\/institucional\/cpa-comissao-propria-de-avaliacao\/links-importantes?task=weblink.go&amp;id=15\" rel=\"nofollow noopener\" target=\"_blank\">SINAES<\/a><\/p><\/td><\/tr><tr><td><p><a href=\"http:\/\/www.facp.com.br\/site\/institucional\/cpa-comissao-propria-de-avaliacao\/links-importantes?task=weblink.go&amp;id=16\" rel=\"nofollow noopener\" target=\"_blank\">Avalia\u00e7\u00e3o Institucional<\/a><\/p><\/td><\/tr><tr><td><p><a href=\"http:\/\/www.facp.com.br\/site\/institucional\/cpa-comissao-propria-de-avaliacao\/links-importantes?task=weblink.go&amp;id=17\" rel=\"nofollow noopener\" target=\"_blank\">Censo da Educa\u00e7\u00e3o Superior<\/a><\/p><\/td><\/tr><tr><td><p><a href=\"http:\/\/www.facp.com.br\/site\/institucional\/cpa-comissao-propria-de-avaliacao\/links-importantes?task=weblink.go&amp;id=18\" rel=\"nofollow noopener\" target=\"_blank\">SETEC \u2013 Secretaria de Educa\u00e7\u00e3o Profissional e Tecnol\u00f3gica<\/a><\/p><\/td><\/tr><tr><td><p><a href=\"http:\/\/www.facp.com.br\/site\/institucional\/cpa-comissao-propria-de-avaliacao\/links-importantes?task=weblink.go&amp;id=19\" rel=\"nofollow noopener\" target=\"_blank\">SESU \u2013 Secretaria de Educa\u00e7\u00e3o Superior<\/a><\/p><\/td><\/tr><tr><td><p><a href=\"http:\/\/www.facp.com.br\/site\/institucional\/cpa-comissao-propria-de-avaliacao\/links-importantes?task=weblink.go&amp;id=20\" rel=\"nofollow noopener\" target=\"_blank\">CONAES<\/a><\/p><\/td><\/tr><tr><td><p style=\"text-align: left;\"><a href=\"http:\/\/www.facp.com.br\/site\/institucional\/cpa-comissao-propria-de-avaliacao\/links-importantes?task=weblink.go&amp;id=21\" rel=\"nofollow noopener\" target=\"_blank\">CNE \u2013 Conselho Nacional de Educa\u00e7\u00e3o<\/a><\/p><p>\u00a0<\/p><p>\u00a0<\/p><a href=\"https:\/\/drive.google.com\/file\/d\/1FOYrldRnLOexcmn80jyFsiwi0XXPggHb\/view?usp=sharing\" target=\"_blank\" rel=\"noopener\">Video CPA<\/a><br \/><p>\u00a0<\/p><\/td><\/tr><\/tbody><\/table>                        <\/div>\n                    <\/div>\n                                    <div class=\"tab-pane elementkit-tab-pane elementor-repeater-item-6774977 \" id=\"content-677497769f3c2c3f1f9e\" role=\"tabpanel\"\n                         aria-labelledby=\"content-677497769f3c2c3f1f9e-tab\">\n                        <div class=\"animated fadeIn\">\n                            <p><span style=\"color: #000000;\">Acesse os arquivos para download em PDF da legisla\u00e7\u00e3o.\u00a0<span style=\"color: #000080;\"><a style=\"color: #000080;\" href=\"https:\/\/drive.google.com\/drive\/folders\/1Aa6s4z7QMYXW6YpaKqh89OP3ufmQsWIv?usp=sharing\" target=\"_blank\" rel=\"noopener\">CLIQUE AQUI<\/a>.<\/span><\/span><\/p>                        <\/div>\n                    <\/div>\n                                    <div class=\"tab-pane elementkit-tab-pane elementor-repeater-item-fd3ac37 \" id=\"content-fd3ac3769f3c2c3f1f9e\" role=\"tabpanel\"\n                         aria-labelledby=\"content-fd3ac3769f3c2c3f1f9e-tab\">\n                        <div class=\"animated fadeIn\">\n                            <div><span id=\"cloak92092\"><a href=\"mailto:mardomingues@uol.com.br\">mardomingues@uol.com.br<\/a><\/span><br \/><span id=\"cloak55413\"><a href=\"mailto:secretaria@facp.com.br\">secretaria@facp.com.br<\/a><\/span><\/div><div>\u00a0<\/div><div><span id=\"cloak18720\"><\/span><span style=\"color: #000000;\">Rua Nelson Prod\u00f3cimo, 495<\/span><br \/><span style=\"color: #000000;\">Jardim Bela vista<\/span><br \/><span style=\"color: #000000;\">Paul\u00ednia \u2013 SP (Brasil)<\/span><\/div><div>\u00a0<\/div><div><span style=\"color: #000000;\">Tel.: (19) 3874-4035<\/span><\/div>                        <\/div>\n                    <\/div>\n                                    <div class=\"tab-pane elementkit-tab-pane elementor-repeater-item-096a33d \" id=\"content-096a33d69f3c2c3f1f9e\" role=\"tabpanel\"\n                         aria-labelledby=\"content-096a33d69f3c2c3f1f9e-tab\">\n                        <div class=\"animated fadeIn\">\n                            <p><a href=\"https:\/\/drive.google.com\/drive\/folders\/1J8whvvJ-7e1pl1oiQOj3yVoQ5_wD-Ymt\" target=\"_blank\" rel=\"noopener\">Clique aqui<\/a> <span style=\"color: #000000;\">para visualizar os documentos.<\/span><\/p>                        <\/div>\n                    <\/div>\n                                \n            <\/div>\n                    <\/div>\n    <\/div>\t\t\t\t<\/div>\n\t\t\t\t<\/div>\n\t\t\t\t<\/div>\n\t\t\t\t<\/div>\n\t\t\t\t\t<\/div>\n\t\t\t\t<\/div>\n\t\t\t\t<\/div>\n\t\t","protected":false},"excerpt":{"rendered":"<p>A Comiss\u00e3o Pr\u00f3pria de Avalia\u00e7\u00e3o (CPA) APRESENTA\u00c7\u00c3O MISS\u00c3O E OBJETIVOS COMPOSI\u00c7\u00c3O SINAES AVALIA\u00c7\u00c3O LINKS LEGISLA\u00c7\u00c3O CONTATO DOCUMENTOS Esta p\u00e1gina tem por finalidade divulgar e esclarecer quais s\u00e3o as a\u00e7\u00f5es da Faculdade de Paul\u00ednia no que se refere \u00e0 autoavalia\u00e7\u00e3o institucional. Toda institui\u00e7\u00e3o de ensino superior no Brasil est\u00e1 obrigada a disponibilizar na internet informa\u00e7\u00f5es da [&hellip;]<\/p>\n","protected":false},"author":1,"featured_media":0,"parent":0,"menu_order":0,"comment_status":"closed","ping_status":"closed","template":"","meta":{"footnotes":""},"class_list":["post-551","page","type-page","status-publish","hentry"],"_links":{"self":[{"href":"https:\/\/unifacp.edu.br\/Home-page\/wp-json\/wp\/v2\/pages\/551","targetHints":{"allow":["GET"]}}],"collection":[{"href":"https:\/\/unifacp.edu.br\/Home-page\/wp-json\/wp\/v2\/pages"}],"about":[{"href":"https:\/\/unifacp.edu.br\/Home-page\/wp-json\/wp\/v2\/types\/page"}],"author":[{"embeddable":true,"href":"https:\/\/unifacp.edu.br\/Home-page\/wp-json\/wp\/v2\/users\/1"}],"replies":[{"embeddable":true,"href":"https:\/\/unifacp.edu.br\/Home-page\/wp-json\/wp\/v2\/comments?post=551"}],"version-history":[{"count":0,"href":"https:\/\/unifacp.edu.br\/Home-page\/wp-json\/wp\/v2\/pages\/551\/revisions"}],"wp:attachment":[{"href":"https:\/\/unifacp.edu.br\/Home-page\/wp-json\/wp\/v2\/media?parent=551"}],"curies":[{"name":"wp","href":"https:\/\/api.w.org\/{rel}","templated":true}]}}